{"id":6,"date":"2019-11-25T19:31:54","date_gmt":"2019-11-25T19:31:54","guid":{"rendered":"https:\/\/demos.kadencewp.com\/blocks-agency\/?page_id=4"},"modified":"2026-02-26T00:25:53","modified_gmt":"2026-02-26T00:25:53","slug":"home","status":"publish","type":"page","link":"https:\/\/zeroaesquerda.com.br\/","title":{"rendered":"In\u00edcio"},"content":{"rendered":"<div class=\"n2-section-smartslider fitvidsignore  n2_clear\" data-ssid=\"2\" tabindex=\"0\" role=\"region\" aria-label=\"Slider\"><div id=\"n2-ss-2-align\" class=\"n2-ss-align\"><div class=\"n2-padding\"><div id=\"n2-ss-2\" data-creator=\"Smart Slider 3\" data-responsive=\"auto\" class=\"n2-ss-slider n2-ow n2-has-hover n2notransition  \">\n\n\n\n\n\n\n\n\n\n<div class=\"n2-ss-slider-wrapper-inside\">\n        <div class=\"n2-ss-slider-1 n2_ss__touch_element n2-ow\">\n            <div class=\"n2-ss-slider-2 n2-ow\">\n                                                <div class=\"n2-ss-slider-3 n2-ow\">\n\n                    <div class=\"n2-ss-slide-backgrounds n2-ow-all\"><div class=\"n2-ss-slide-background\" data-public-id=\"1\" data-mode=\"fill\"><div class=\"n2-ss-slide-background-image\" data-blur=\"0\" data-opacity=\"100\" data-x=\"74\" data-y=\"96\" data-alt=\"\" data-title=\"\" style=\"--ss-o-pos-x:74%;--ss-o-pos-y:96%\"><picture class=\"skip-lazy\" data-skip-lazy=\"1\"><img decoding=\"async\" src=\"\/\/zeroaesquerda.com.br\/wp-content\/uploads\/2026\/04\/092-095_memoria_florestan_293-7-e1776093676242.avif\" alt=\"\" title=\"\" loading=\"lazy\" class=\"skip-lazy\" data-skip-lazy=\"1\"><\/picture><\/div><div data-color=\"RGBA(255,255,255,0)\" style=\"background-color: RGBA(255,255,255,0);\" class=\"n2-ss-slide-background-color\"><\/div><\/div><div class=\"n2-ss-slide-background\" data-public-id=\"2\" data-mode=\"fill\" aria-hidden=\"true\"><div class=\"n2-ss-slide-background-image\" data-blur=\"0\" data-opacity=\"100\" data-x=\"96\" data-y=\"48\" data-alt=\"\" data-title=\"\" style=\"--ss-o-pos-x:96%;--ss-o-pos-y:48%\"><picture class=\"skip-lazy\" data-skip-lazy=\"1\"><img decoding=\"async\" src=\"\/\/zeroaesquerda.com.br\/wp-content\/uploads\/2026\/04\/WhatsApp-Image-2026-04-08-at-14.13.48.avif\" alt=\"\" title=\"\" loading=\"lazy\" class=\"skip-lazy\" data-skip-lazy=\"1\"><\/picture><\/div><div data-color=\"RGBA(255,255,255,0)\" style=\"background-color: RGBA(255,255,255,0);\" class=\"n2-ss-slide-background-color\"><\/div><\/div><div class=\"n2-ss-slide-background\" data-public-id=\"3\" data-mode=\"fill\" aria-hidden=\"true\"><div class=\"n2-ss-slide-background-image\" data-blur=\"0\" data-opacity=\"100\" data-x=\"57\" data-y=\"0\" data-alt=\"\" data-title=\"\" style=\"--ss-o-pos-x:57%;--ss-o-pos-y:0%\"><picture class=\"skip-lazy\" data-skip-lazy=\"1\"><img decoding=\"async\" src=\"\/\/zeroaesquerda.com.br\/wp-content\/uploads\/2026\/03\/f8e37840-f2ea-4c89-a153-4669afe5eb1d.avif\" alt=\"\" title=\"\" loading=\"lazy\" class=\"skip-lazy\" data-skip-lazy=\"1\"><\/picture><\/div><div data-color=\"RGBA(255,255,255,0)\" style=\"background-color: RGBA(255,255,255,0);\" class=\"n2-ss-slide-background-color\"><\/div><\/div><div class=\"n2-ss-slide-background\" data-public-id=\"4\" data-mode=\"fill\" aria-hidden=\"true\"><div class=\"n2-ss-slide-background-image\" data-blur=\"0\" data-opacity=\"100\" data-x=\"57\" data-y=\"0\" data-alt=\"\" data-title=\"\" style=\"--ss-o-pos-x:57%;--ss-o-pos-y:0%\"><picture class=\"skip-lazy\" data-skip-lazy=\"1\"><img decoding=\"async\" src=\"\/\/zeroaesquerda.com.br\/wp-content\/uploads\/2025\/10\/Design-sem-nome.avif\" alt=\"\" title=\"\" loading=\"lazy\" class=\"skip-lazy\" data-skip-lazy=\"1\"><\/picture><\/div><div data-color=\"RGBA(255,255,255,0)\" style=\"background-color: RGBA(255,255,255,0);\" class=\"n2-ss-slide-background-color\"><\/div><\/div><div class=\"n2-ss-slide-background\" data-public-id=\"5\" data-mode=\"fill\" aria-hidden=\"true\"><div class=\"n2-ss-slide-background-image\" data-blur=\"0\" data-opacity=\"100\" data-x=\"58\" data-y=\"21\" data-alt=\"\" data-title=\"\" style=\"--ss-o-pos-x:58%;--ss-o-pos-y:21%\"><picture class=\"skip-lazy\" data-skip-lazy=\"1\"><img decoding=\"async\" src=\"\/\/zeroaesquerda.com.br\/wp-content\/uploads\/2025\/10\/WhatsApp-Image-2025-10-07-at-19.33.24.avif\" alt=\"\" title=\"\" loading=\"lazy\" class=\"skip-lazy\" data-skip-lazy=\"1\"><\/picture><\/div><div data-color=\"RGBA(255,255,255,0)\" style=\"background-color: RGBA(255,255,255,0);\" class=\"n2-ss-slide-background-color\"><\/div><\/div><div class=\"n2-ss-slide-background\" data-public-id=\"6\" data-mode=\"fill\" aria-hidden=\"true\"><div class=\"n2-ss-slide-background-image\" data-blur=\"0\" data-opacity=\"100\" data-x=\"25\" data-y=\"31\" data-alt=\"\" data-title=\"\" style=\"--ss-o-pos-x:25%;--ss-o-pos-y:31%\"><picture class=\"skip-lazy\" data-skip-lazy=\"1\"><img decoding=\"async\" src=\"\/\/zeroaesquerda.com.br\/wp-content\/uploads\/2025\/04\/d623781fde389dc6c87b0715f94b3267.jpg\" alt=\"\" title=\"\" loading=\"lazy\" class=\"skip-lazy\" data-skip-lazy=\"1\"><\/picture><\/div><div data-color=\"RGBA(255,255,255,0)\" style=\"background-color: RGBA(255,255,255,0);\" class=\"n2-ss-slide-background-color\"><\/div><\/div><div class=\"n2-ss-slide-background\" data-public-id=\"7\" data-mode=\"fill\" aria-hidden=\"true\"><div class=\"n2-ss-slide-background-image\" data-blur=\"0\" data-opacity=\"100\" data-x=\"25\" data-y=\"31\" data-alt=\"\" data-title=\"\" style=\"--ss-o-pos-x:25%;--ss-o-pos-y:31%\"><picture class=\"skip-lazy\" data-skip-lazy=\"1\"><img decoding=\"async\" src=\"\/\/zeroaesquerda.com.br\/wp-content\/uploads\/2025\/05\/dossie_abre-ineditos_Bento-Prado-Junior-1993-e1723133212904.jpg\" alt=\"\" title=\"\" loading=\"lazy\" class=\"skip-lazy\" data-skip-lazy=\"1\"><\/picture><\/div><div data-color=\"RGBA(255,255,255,0)\" style=\"background-color: RGBA(255,255,255,0);\" class=\"n2-ss-slide-background-color\"><\/div><\/div><div class=\"n2-ss-slide-background\" data-public-id=\"8\" data-mode=\"fill\" aria-hidden=\"true\"><div class=\"n2-ss-slide-background-image\" data-blur=\"0\" data-opacity=\"100\" data-x=\"100\" data-y=\"91\" data-alt=\"\" data-title=\"\" style=\"--ss-o-pos-x:100%;--ss-o-pos-y:91%\"><picture class=\"skip-lazy\" data-skip-lazy=\"1\"><img decoding=\"async\" src=\"\/\/zeroaesquerda.com.br\/wp-content\/uploads\/2025\/06\/protest-scaled.avif\" alt=\"\" title=\"\" loading=\"lazy\" class=\"skip-lazy\" data-skip-lazy=\"1\"><\/picture><\/div><div data-color=\"RGBA(255,255,255,0)\" style=\"background-color: RGBA(255,255,255,0);\" class=\"n2-ss-slide-background-color\"><\/div><\/div><\/div>                    <div class=\"n2-ss-slider-4 n2-ow\">\n                        <svg xmlns=\"http:\/\/www.w3.org\/2000\/svg\" viewBox=\"0 0 1400 600\" data-related-device=\"desktopPortrait\" class=\"n2-ow n2-ss-preserve-size n2-ss-preserve-size--slider n2-ss-slide-limiter\"><\/svg><div data-first=\"1\" data-slide-duration=\"0.9\" data-id=\"76\" data-slide-public-id=\"1\" data-title=\".\" data-haslink=\"1\" data-href=\"https:\/\/zeroaesquerda.com.br\/index.php\/2026\/04\/13\/florestan-e-o-mst-antonio-candido\/\" tabindex=\"0\" role=\"button\" data-n2click=\"url\" data-force-pointer=\"\" class=\"n2-ss-slide n2-ow  n2-ss-slide-76\"><div role=\"note\" class=\"n2-ss-slide--focus\">.<\/div><div class=\"n2-ss-layers-container n2-ss-slide-limiter n2-ow\"><div class=\"n2-ss-layer n2-ow n-uc-ajTIYuS2WA73\" data-sstype=\"slide\" data-pm=\"default\"><div class=\"n2-ss-layer n2-ow n-uc-yIFG6pnhuQ9H\" data-pm=\"default\" data-sstype=\"content\" data-hasbackground=\"0\"><div class=\"n2-ss-section-main-content n2-ss-layer-with-background n2-ss-layer-content n2-ow n-uc-yIFG6pnhuQ9H-inner\"><div class=\"n2-ss-layer n2-ow n2-ss-layer--block n2-ss-has-self-align n-uc-C5DT39WudRni\" data-pm=\"normal\" data-sstype=\"row\"><div class=\"n2-ss-layer-row n2-ss-layer-with-background n-uc-C5DT39WudRni-inner\"><div class=\"n2-ss-layer-row-inner \"><div class=\"n2-ss-layer n2-ow n-uc-CkRuJDs5k8wS\" data-pm=\"default\" data-href=\"https:\/\/zeroaesquerda.com.br\/index.php\/2026\/04\/13\/florestan-e-o-mst-antonio-candido\/\" tabindex=\"0\" role=\"button\" data-n2click=\"url\" data-force-pointer=\"\" data-sstype=\"col\"><div class=\"n2-ss-layer-col n2-ss-layer-with-background n2-ss-layer-content n-uc-CkRuJDs5k8wS-inner\"><div class=\"n2-ss-layer n2-ow n-uc-LMtzoJYk5z2q\" data-pm=\"normal\" data-sstype=\"layer\"><div class=\"n2-ss-item-content n2-ss-text n2-ow-all\"><div class=\"\"><p class=\"n2-font-1b5cd10400a0ef1b27dbc1697b970a09-paragraph   \">abril 13, 2026<\/p>\n<\/div><\/div><\/div><div class=\"n2-ss-layer n2-ow n-uc-0XELPoWCiDPf\" data-pm=\"normal\" data-sstype=\"layer\"><div id=\"n2-ss-2item2\" class=\"  n2-ss-item-content n2-ss-text n2-ow\" style=\"display:block;\"><a class=\"n2-ow n2-font-5d8f70d4aa222faa08be3596c223a9a1-hover \" style=\"display:block;\" href=\"https:\/\/zeroaesquerda.com.br\/index.php\/2026\/04\/13\/florestan-e-o-mst-antonio-candido\/\">Florestan e o MST \u2013 Antonio Candido<br><\/a><\/div><\/div><div class=\"n2-ss-layer n2-ow n-uc-bZ7Z3blRrWrZ\" data-pm=\"normal\" data-sstype=\"layer\"><div class=\"n2-ss-item-content n2-ss-text n2-ow-all\"><div class=\"\"><p class=\"n2-font-5a64a2db172b80e0d1eaa46ad913c655-paragraph   \">Florestan construiu a sua personalidade, a sua carreira, a sua obra, a sua milit\u00e2ncia gra\u00e7as a uma tenacidade e a uma coragem raras, aliadas \u00e0 lucidez com que soube desde cedo analisar a realidade que o cercava, escolhendo as posi\u00e7\u00f5es de radicalidade e inconformismo.<\/p>\n<\/div><\/div><\/div><div class=\"n2-ss-layer n2-ow n-uc-SVwJLqV9jPSH n2-ss-layer--auto\" data-pm=\"normal\" data-sstype=\"layer\"><div class=\"n2-ss-button-container n2-ss-item-content n2-ow n2-font-88680cab18fdd23ddcc642f9070de447-link  n2-ss-nowrap n2-ss-button-container--non-full-width\"><a class=\"n2-style-f6c90901f328d0589986f30badcabc0f-heading  n2-ow \" href=\"https:\/\/zeroaesquerda.com.br\/index.php\/2026\/04\/13\/florestan-e-o-mst-antonio-candido\/\"><div><div>LEIA MAIS<\/div><\/div><\/a><\/div><\/div><\/div><\/div><\/div><\/div><\/div><\/div><\/div><\/div><\/div><\/div><div data-slide-duration=\"0.9\" data-id=\"97\" data-slide-public-id=\"2\" aria-hidden=\"true\" data-title=\".\" data-haslink=\"1\" data-href=\"https:\/\/zeroaesquerda.com.br\/index.php\/2026\/04\/09\/os-estados-unidos-e-o-capitalismo-fascista-maurizio-lazzarato\/\" tabindex=\"0\" role=\"button\" data-n2click=\"url\" data-force-pointer=\"\" class=\"n2-ss-slide n2-ow  n2-ss-slide-97\"><div role=\"note\" class=\"n2-ss-slide--focus\">.<\/div><div class=\"n2-ss-layers-container n2-ss-slide-limiter n2-ow\"><div class=\"n2-ss-layer n2-ow n-uc-nIey6wJIlHO2\" data-sstype=\"slide\" data-pm=\"default\"><div class=\"n2-ss-layer n2-ow n-uc-Ea6dFGtyecdc\" data-pm=\"default\" data-sstype=\"content\" data-hasbackground=\"0\"><div class=\"n2-ss-section-main-content n2-ss-layer-with-background n2-ss-layer-content n2-ow n-uc-Ea6dFGtyecdc-inner\"><div class=\"n2-ss-layer n2-ow n2-ss-layer--block n2-ss-has-self-align n-uc-8ulaYS97FDyp\" data-pm=\"normal\" data-sstype=\"row\"><div class=\"n2-ss-layer-row n2-ss-layer-with-background n-uc-8ulaYS97FDyp-inner\"><div class=\"n2-ss-layer-row-inner \"><div class=\"n2-ss-layer n2-ow n-uc-q20GOHGuuoga\" data-pm=\"default\" data-href=\"https:\/\/zeroaesquerda.com.br\/index.php\/2026\/04\/09\/os-estados-unidos-e-o-capitalismo-fascista-maurizio-lazzarato\/\" tabindex=\"0\" role=\"button\" data-n2click=\"url\" data-force-pointer=\"\" data-sstype=\"col\"><div class=\"n2-ss-layer-col n2-ss-layer-with-background n2-ss-layer-content n-uc-q20GOHGuuoga-inner\"><div class=\"n2-ss-layer n2-ow n-uc-atQzoV3hp8BB\" data-pm=\"normal\" data-sstype=\"layer\"><div class=\"n2-ss-item-content n2-ss-text n2-ow-all\"><div class=\"\"><p class=\"n2-font-1b5cd10400a0ef1b27dbc1697b970a09-paragraph   \">abril 9, 2026<\/p>\n<\/div><\/div><\/div><div class=\"n2-ss-layer n2-ow n-uc-hXbPoFD00YYL\" data-pm=\"normal\" data-sstype=\"layer\"><div id=\"n2-ss-2item6\" class=\"  n2-ss-item-content n2-ss-text n2-ow\" style=\"display:block;\"><a class=\"n2-ow n2-font-5d8f70d4aa222faa08be3596c223a9a1-hover \" style=\"display:block;\" href=\"https:\/\/zeroaesquerda.com.br\/index.php\/2026\/04\/09\/os-estados-unidos-e-o-capitalismo-fascista-maurizio-lazzarato\/\">Os Estados Unidos e o \u201ccapitalismo fascista\u201d \u2014 Maurizio Lazzarato<br><\/a><\/div><\/div><div class=\"n2-ss-layer n2-ow n-uc-GbeB2me2q5Wl\" data-pm=\"normal\" data-sstype=\"layer\"><div class=\"n2-ss-item-content n2-ss-text n2-ow-all\"><div class=\"\"><p class=\"n2-font-5a64a2db172b80e0d1eaa46ad913c655-paragraph   \">emos a \u201coportunidade\u201d de poder observar em primeira m\u00e3o o desenrolar desse ciclo primitivo de acumula\u00e7\u00e3o e desse ciclo estrat\u00e9gico. Trump desencadeou um \u201cestado de exce\u00e7\u00e3o\u201d. Mas esse estado \u00e9 muito diferente daquele canonicamente definido por Carl Schmitt ou abordado por Giorgio Agamben. Em vez de se referir ao \u201cdireito p\u00fablico\u201d e \u00e0 constitui\u00e7\u00e3o formal do Estado-Na\u00e7\u00e3o, ele visa principalmente as regras que governam a constitui\u00e7\u00e3o material do mercado global e as normas jur\u00eddicas internacionais da ordem mundial. Com o estado de exce\u00e7\u00e3o global, o espa\u00e7o em que se tra\u00e7a o nomos da Terra, com suas linhas de amizade e hostilidade, \u00e9 a guerra civil mundial. Ao inv\u00e9s de se concentrar no direito, o estado de exce\u00e7\u00e3o global integra profundamente a economia, a pol\u00edtica, as for\u00e7as armadas e o sistema jur\u00eddico.<\/p>\n<\/div><\/div><\/div><div class=\"n2-ss-layer n2-ow n-uc-mR5Eix0vQobA n2-ss-layer--auto\" data-pm=\"normal\" data-sstype=\"layer\"><div class=\"n2-ss-button-container n2-ss-item-content n2-ow n2-font-88680cab18fdd23ddcc642f9070de447-link  n2-ss-nowrap n2-ss-button-container--non-full-width\"><a class=\"n2-style-f6c90901f328d0589986f30badcabc0f-heading  n2-ow \" href=\"https:\/\/zeroaesquerda.com.br\/index.php\/2026\/04\/09\/os-estados-unidos-e-o-capitalismo-fascista-maurizio-lazzarato\/\"><div><div>LEIA MAIS<\/div><\/div><\/a><\/div><\/div><\/div><\/div><\/div><\/div><\/div><\/div><\/div><\/div><\/div><\/div><div data-slide-duration=\"0.9\" data-id=\"98\" data-slide-public-id=\"3\" aria-hidden=\"true\" data-title=\".\" data-haslink=\"1\" data-href=\"https:\/\/zeroaesquerda.com.br\/index.php\/2026\/03\/08\/podemos-ler-com-hegel-catherine-malabou\/\" tabindex=\"0\" role=\"button\" data-n2click=\"url\" data-force-pointer=\"\" class=\"n2-ss-slide n2-ow  n2-ss-slide-98\"><div role=\"note\" class=\"n2-ss-slide--focus\">.<\/div><div class=\"n2-ss-layers-container n2-ss-slide-limiter n2-ow\"><div class=\"n2-ss-layer n2-ow n-uc-T2H0fKUX1F2Q\" data-sstype=\"slide\" data-pm=\"default\"><div class=\"n2-ss-layer n2-ow n-uc-ocSDXajWlKXK\" data-pm=\"default\" data-sstype=\"content\" data-hasbackground=\"0\"><div class=\"n2-ss-section-main-content n2-ss-layer-with-background n2-ss-layer-content n2-ow n-uc-ocSDXajWlKXK-inner\"><div class=\"n2-ss-layer n2-ow n2-ss-layer--block n2-ss-has-self-align n-uc-i678i0RHPT4d\" data-pm=\"normal\" data-sstype=\"row\"><div class=\"n2-ss-layer-row n2-ss-layer-with-background n-uc-i678i0RHPT4d-inner\"><div class=\"n2-ss-layer-row-inner \"><div class=\"n2-ss-layer n2-ow n-uc-rQevJV4fRr4F\" data-pm=\"default\" data-href=\"https:\/\/zeroaesquerda.com.br\/index.php\/2026\/03\/08\/podemos-ler-com-hegel-catherine-malabou\/\" tabindex=\"0\" role=\"button\" data-n2click=\"url\" data-force-pointer=\"\" data-sstype=\"col\"><div class=\"n2-ss-layer-col n2-ss-layer-with-background n2-ss-layer-content n-uc-rQevJV4fRr4F-inner\"><div class=\"n2-ss-layer n2-ow n-uc-oR5hx6ZZyaTL\" data-pm=\"normal\" data-sstype=\"layer\"><div class=\"n2-ss-item-content n2-ss-text n2-ow-all\"><div class=\"\"><p class=\"n2-font-1b5cd10400a0ef1b27dbc1697b970a09-paragraph   \">mar\u00e7o 8, 2026<\/p>\n<\/div><\/div><\/div><div class=\"n2-ss-layer n2-ow n-uc-PaU9neatmLDk\" data-pm=\"normal\" data-sstype=\"layer\"><div id=\"n2-ss-2item10\" class=\"  n2-ss-item-content n2-ss-text n2-ow\" style=\"display:block;\"><a class=\"n2-ow n2-font-5d8f70d4aa222faa08be3596c223a9a1-hover \" style=\"display:block;\" href=\"https:\/\/zeroaesquerda.com.br\/index.php\/2026\/03\/08\/podemos-ler-com-hegel-catherine-malabou\/\">Da hermen\u00eautica especulativa hegeliana \u2014 Catherine Malabou<br><br><\/a><\/div><\/div><div class=\"n2-ss-layer n2-ow n-uc-IpxHOWOWlRaa\" data-pm=\"normal\" data-sstype=\"layer\"><div class=\"n2-ss-item-content n2-ss-text n2-ow-all\"><div class=\"\"><p class=\"n2-font-5a64a2db172b80e0d1eaa46ad913c655-paragraph   \">\u00c0 luz das conclus\u00f5es precedentes, o \u201colhar para tr\u00e1s\u201d que a filosofia \u201cfaz\u201d sobre \u201cseu [pr\u00f3prio] conhecimento\u201d n\u00e3o se apresenta como uma contempla\u00e7\u00e3o passiva, mas como um ato de leitura. Por n\u00e3o ter autor, o Sistema necessariamente tem int\u00e9rpretes. O saber absoluto engaja o pensamento no movimento de uma hermen\u00eautica especulativa com modalidades in\u00e9ditas. Segundo Hegel, n\u00e3o h\u00e1 apreens\u00e3o imediata do absoluto nem, consequentemente, transpar\u00eancia imediata do significado para si. O advento do saber absoluto pressup\u00f5e que as condi\u00e7\u00f5es discursivas tanto para seu an\u00fancio quanto para sua recep\u00e7\u00e3o sejam produzidas.<\/p>\n<\/div><\/div><\/div><div class=\"n2-ss-layer n2-ow n-uc-HyTMKTilbUPT n2-ss-layer--auto\" data-pm=\"normal\" data-sstype=\"layer\"><div class=\"n2-ss-button-container n2-ss-item-content n2-ow n2-font-88680cab18fdd23ddcc642f9070de447-link  n2-ss-nowrap n2-ss-button-container--non-full-width\"><a class=\"n2-style-f6c90901f328d0589986f30badcabc0f-heading  n2-ow \" href=\"https:\/\/zeroaesquerda.com.br\/index.php\/2026\/03\/08\/podemos-ler-com-hegel-catherine-malabou\/\"><div><div>LEIA MAIS<\/div><\/div><\/a><\/div><\/div><\/div><\/div><\/div><\/div><\/div><\/div><\/div><\/div><\/div><\/div><div data-slide-duration=\"0.9\" data-id=\"99\" data-slide-public-id=\"4\" aria-hidden=\"true\" data-title=\".\" data-haslink=\"1\" data-href=\"https:\/\/zeroaesquerda.com.br\/index.php\/2025\/10\/28\/uma-sociedade-capaz-de-tais-acoes-esta-doente-declaracao-de-recusa-de-daniel-schultz-ao-exercito-israelense\/\" tabindex=\"0\" role=\"button\" data-n2click=\"url\" data-force-pointer=\"\" class=\"n2-ss-slide n2-ow  n2-ss-slide-99\"><div role=\"note\" class=\"n2-ss-slide--focus\">.<\/div><div class=\"n2-ss-layers-container n2-ss-slide-limiter n2-ow\"><div class=\"n2-ss-layer n2-ow n-uc-Cw3GXcBS8c4C\" data-sstype=\"slide\" data-pm=\"default\"><div class=\"n2-ss-layer n2-ow n-uc-JKQL6UwOXzZz\" data-pm=\"default\" data-sstype=\"content\" data-hasbackground=\"0\"><div class=\"n2-ss-section-main-content n2-ss-layer-with-background n2-ss-layer-content n2-ow n-uc-JKQL6UwOXzZz-inner\"><div class=\"n2-ss-layer n2-ow n2-ss-layer--block n2-ss-has-self-align n-uc-7KmQXZTchWv4\" data-pm=\"normal\" data-sstype=\"row\"><div class=\"n2-ss-layer-row n2-ss-layer-with-background n-uc-7KmQXZTchWv4-inner\"><div class=\"n2-ss-layer-row-inner \"><div class=\"n2-ss-layer n2-ow n-uc-gXJPQGYfunur\" data-pm=\"default\" data-href=\"https:\/\/zeroaesquerda.com.br\/index.php\/2025\/10\/28\/uma-sociedade-capaz-de-tais-acoes-esta-doente-declaracao-de-recusa-de-daniel-schultz-ao-exercito-israelense\/\" tabindex=\"0\" role=\"button\" data-n2click=\"url\" data-force-pointer=\"\" data-sstype=\"col\"><div class=\"n2-ss-layer-col n2-ss-layer-with-background n2-ss-layer-content n-uc-gXJPQGYfunur-inner\"><div class=\"n2-ss-layer n2-ow n-uc-8z3lTvoGlDi7\" data-pm=\"normal\" data-sstype=\"layer\"><div class=\"n2-ss-item-content n2-ss-text n2-ow-all\"><div class=\"\"><p class=\"n2-font-1b5cd10400a0ef1b27dbc1697b970a09-paragraph   \">outubro 28, 2025<\/p>\n<\/div><\/div><\/div><div class=\"n2-ss-layer n2-ow n-uc-vkkX0ZVRFZYp\" data-pm=\"normal\" data-sstype=\"layer\"><div id=\"n2-ss-2item14\" class=\"  n2-ss-item-content n2-ss-text n2-ow\" style=\"display:block;\"><a class=\"n2-ow n2-font-5d8f70d4aa222faa08be3596c223a9a1-hover \" style=\"display:block;\" href=\"https:\/\/zeroaesquerda.com.br\/index.php\/2025\/10\/28\/uma-sociedade-capaz-de-tais-acoes-esta-doente-declaracao-de-recusa-de-daniel-schultz-ao-exercito-israelense\/\">\u201cUma sociedade capaz de tais a\u00e7\u00f5es est\u00e1 doente\u201d \u2013 Declara\u00e7\u00e3o de recusa de Daniel Schultz ao ex\u00e9rcito israelense<br><\/a><\/div><\/div><div class=\"n2-ss-layer n2-ow n-uc-EUihCduoliTP\" data-pm=\"normal\" data-sstype=\"layer\"><div class=\"n2-ss-item-content n2-ss-text n2-ow-all\"><div class=\"\"><p class=\"n2-font-5a64a2db172b80e0d1eaa46ad913c655-paragraph   \">Meu nome \u00e9 Daniel Schultz, tenho dezenove anos e cresci em uma fam\u00edlia liberal em Tel-Aviv. Durante a maior parte de minha adolesc\u00eancia, minha atividade pol\u00edtica se desenvolveu na juventude Yesh Atid, onde adotei a cren\u00e7a central de que as For\u00e7as de Defesa de Israel eram o ex\u00e9rcito mais moral do mundo, e todas as suas a\u00e7\u00f5es eram justificadas.<\/p>\n<\/div><\/div><\/div><div class=\"n2-ss-layer n2-ow n-uc-ZBBHUBhyIm4r n2-ss-layer--auto\" data-pm=\"normal\" data-sstype=\"layer\"><div class=\"n2-ss-button-container n2-ss-item-content n2-ow n2-font-88680cab18fdd23ddcc642f9070de447-link  n2-ss-nowrap n2-ss-button-container--non-full-width\"><a class=\"n2-style-f6c90901f328d0589986f30badcabc0f-heading  n2-ow \" href=\"https:\/\/zeroaesquerda.com.br\/index.php\/2025\/10\/28\/uma-sociedade-capaz-de-tais-acoes-esta-doente-declaracao-de-recusa-de-daniel-schultz-ao-exercito-israelense\/\"><div><div>LEIA MAIS<\/div><\/div><\/a><\/div><\/div><\/div><\/div><\/div><\/div><\/div><\/div><\/div><\/div><\/div><\/div><div data-slide-duration=\"0.9\" data-id=\"96\" data-slide-public-id=\"5\" aria-hidden=\"true\" data-title=\".\" data-haslink=\"1\" data-href=\"https:\/\/zeroaesquerda.com.br\/index.php\/2025\/10\/09\/lembrar-gaza-dois-anos-no-tempo-suspenso-da-catastrofe-ariane-velasco-e-gabriel-teles\/\" tabindex=\"0\" role=\"button\" data-n2click=\"url\" data-force-pointer=\"\" class=\"n2-ss-slide n2-ow  n2-ss-slide-96\"><div role=\"note\" class=\"n2-ss-slide--focus\">.<\/div><div class=\"n2-ss-layers-container n2-ss-slide-limiter n2-ow\"><div class=\"n2-ss-layer n2-ow n-uc-y0h688Re6QEH\" data-sstype=\"slide\" data-pm=\"default\"><div class=\"n2-ss-layer n2-ow n-uc-lBuIacFySLOt\" data-pm=\"default\" data-sstype=\"content\" data-hasbackground=\"0\"><div class=\"n2-ss-section-main-content n2-ss-layer-with-background n2-ss-layer-content n2-ow n-uc-lBuIacFySLOt-inner\"><div class=\"n2-ss-layer n2-ow n2-ss-layer--block n2-ss-has-self-align n-uc-j96vCtHREwcR\" data-pm=\"normal\" data-sstype=\"row\"><div class=\"n2-ss-layer-row n2-ss-layer-with-background n-uc-j96vCtHREwcR-inner\"><div class=\"n2-ss-layer-row-inner \"><div class=\"n2-ss-layer n2-ow n-uc-uqAwe5NnHKWh\" data-pm=\"default\" data-href=\"https:\/\/zeroaesquerda.com.br\/index.php\/2025\/07\/15\/destinos-criticos-de-walter-benjamin-groupe-volodia\/\" tabindex=\"0\" role=\"button\" data-n2click=\"url\" data-force-pointer=\"\" data-sstype=\"col\"><div class=\"n2-ss-layer-col n2-ss-layer-with-background n2-ss-layer-content n-uc-uqAwe5NnHKWh-inner\"><div class=\"n2-ss-layer n2-ow n-uc-ztE74NwO7Rf1\" data-pm=\"normal\" data-sstype=\"layer\"><div class=\"n2-ss-item-content n2-ss-text n2-ow-all\"><div class=\"\"><p class=\"n2-font-1b5cd10400a0ef1b27dbc1697b970a09-paragraph   \">outubro 9, 2025<\/p>\n<\/div><\/div><\/div><div class=\"n2-ss-layer n2-ow n-uc-t0PADOTtV0XH\" data-pm=\"normal\" data-sstype=\"layer\"><div id=\"n2-ss-2item18\" class=\"  n2-ss-item-content n2-ss-text n2-ow\" style=\"display:block;\"><a class=\"n2-ow n2-font-5d8f70d4aa222faa08be3596c223a9a1-hover \" style=\"display:block;\" href=\"https:\/\/zeroaesquerda.com.br\/index.php\/2025\/10\/09\/lembrar-gaza-dois-anos-no-tempo-suspenso-da-catastrofe-ariane-velasco-e-gabriel-teles\/\">Lembrar Gaza: dois anos no tempo suspenso da cat\u00e1strofe \u2014 Ariane Velasco e Gabriel Teles<br><\/a><\/div><\/div><div class=\"n2-ss-layer n2-ow n-uc-kjEQbZ6qed6q\" data-pm=\"normal\" data-sstype=\"layer\"><div class=\"n2-ss-item-content n2-ss-text n2-ow-all\"><div class=\"\"><p class=\"n2-font-5a64a2db172b80e0d1eaa46ad913c655-paragraph   \">H\u00e1 datas que se imp\u00f5em ao tempo como feridas. O 7 de outubro \u00e9 uma delas. N\u00e3o apenas por inaugurar mais um ciclo de destrui\u00e7\u00e3o em Gaza, mas por revelar, com clareza insuport\u00e1vel, aquilo que h\u00e1 muito j\u00e1 se desenhava: o colapso moral e pol\u00edtico de uma era que ainda ousa chamar-se civiliza\u00e7\u00e3o. A hist\u00f3ria recente parece condensar-se nesse ponto \u2014 o instante em que a promessa de humanidade se desfez em poeira, sob o ru\u00eddo das bombas e o sil\u00eancio c\u00famplice do mundo.<\/p>\n<\/div><\/div><\/div><div class=\"n2-ss-layer n2-ow n-uc-bl9Fl8fzluJV n2-ss-layer--auto\" data-pm=\"normal\" data-sstype=\"layer\"><div class=\"n2-ss-button-container n2-ss-item-content n2-ow n2-font-88680cab18fdd23ddcc642f9070de447-link  n2-ss-nowrap n2-ss-button-container--non-full-width\"><a class=\"n2-style-f6c90901f328d0589986f30badcabc0f-heading  n2-ow \" href=\"https:\/\/zeroaesquerda.com.br\/index.php\/2025\/10\/09\/lembrar-gaza-dois-anos-no-tempo-suspenso-da-catastrofe-ariane-velasco-e-gabriel-teles\/\"><div><div>LEIA MAIS<\/div><\/div><\/a><\/div><\/div><\/div><\/div><\/div><\/div><\/div><\/div><\/div><\/div><\/div><\/div><div data-slide-duration=\"0.9\" data-id=\"79\" data-slide-public-id=\"6\" aria-hidden=\"true\" data-title=\".\" data-haslink=\"1\" data-href=\"https:\/\/zeroaesquerda.com.br\/index.php\/2025\/04\/02\/afinal-o-que-e-identitarismo-resenha-do-livro-de-douglas-barros\/\" tabindex=\"0\" role=\"button\" data-n2click=\"url\" data-force-pointer=\"\" class=\"n2-ss-slide n2-ow  n2-ss-slide-79\"><div role=\"note\" class=\"n2-ss-slide--focus\">.<\/div><div class=\"n2-ss-layers-container n2-ss-slide-limiter n2-ow\"><div class=\"n2-ss-layer n2-ow n-uc-rOZGCDoOiDs1\" data-sstype=\"slide\" data-pm=\"default\"><div class=\"n2-ss-layer n2-ow n-uc-JzYu6X9JUB2N\" data-pm=\"default\" data-sstype=\"content\" data-hasbackground=\"0\"><div class=\"n2-ss-section-main-content n2-ss-layer-with-background n2-ss-layer-content n2-ow n-uc-JzYu6X9JUB2N-inner\"><div class=\"n2-ss-layer n2-ow n2-ss-layer--block n2-ss-has-self-align n-uc-9zJqwA6SpeDD\" data-pm=\"normal\" data-sstype=\"row\"><div class=\"n2-ss-layer-row n2-ss-layer-with-background n-uc-9zJqwA6SpeDD-inner\"><div class=\"n2-ss-layer-row-inner \"><div class=\"n2-ss-layer n2-ow n-uc-Ut8RzaOdguhM\" data-pm=\"default\" data-href=\"https:\/\/zeroaesquerda.com.br\/index.php\/2025\/04\/02\/afinal-o-que-e-identitarismo-resenha-do-livro-de-douglas-barros\/\" tabindex=\"0\" role=\"button\" data-n2click=\"url\" data-force-pointer=\"\" data-sstype=\"col\"><div class=\"n2-ss-layer-col n2-ss-layer-with-background n2-ss-layer-content n-uc-Ut8RzaOdguhM-inner\"><div class=\"n2-ss-layer n2-ow n-uc-7NfwMDnDuwph\" data-pm=\"normal\" data-sstype=\"layer\"><div class=\"n2-ss-item-content n2-ss-text n2-ow-all\"><div class=\"\"><p class=\"n2-font-1b5cd10400a0ef1b27dbc1697b970a09-paragraph   \">abril 2, 2025<\/p>\n<\/div><\/div><\/div><div class=\"n2-ss-layer n2-ow n-uc-vprnATtkeTM8\" data-pm=\"normal\" data-sstype=\"layer\"><div id=\"n2-ss-2item22\" class=\"  n2-ss-item-content n2-ss-text n2-ow\" style=\"display:block;\"><a class=\"n2-ow n2-font-5d8f70d4aa222faa08be3596c223a9a1-hover \" style=\"display:block;\" href=\"https:\/\/zeroaesquerda.com.br\/index.php\/2025\/04\/02\/afinal-o-que-e-identitarismo-resenha-do-livro-de-douglas-barros\/\">Afinal, o que \u00e9 identitarismo? \u2013 resenha do livro de Douglas Barros<\/a><\/div><\/div><div class=\"n2-ss-layer n2-ow n-uc-ylxyjNXi2d0m\" data-pm=\"normal\" data-sstype=\"layer\"><div class=\"n2-ss-item-content n2-ss-text n2-ow-all\"><div class=\"\"><p class=\"n2-font-5a64a2db172b80e0d1eaa46ad913c655-paragraph   \">Publicado em novembro de 2024 pela editora Boitempo, O que \u00e9 identitarismo?, de Douglas Barros, apresenta uma leitura conceitual daquilo que \u00e9 chamado de \u201cidentitarismo\u201d. Atrav\u00e9s do prisma da \u201cidentidade\u201d e suas express\u00f5es na experi\u00eancia hist\u00f3rica do modo de produ\u00e7\u00e3o capitalista, h\u00e1 o enfoque em sua figura atual do neoliberalismo. O livro prop\u00f5e uma revis\u00e3o conceitual que enriquece a gram\u00e1tica de uma esquerda minorit\u00e1ria que visa suspender os lugares-comuns aos quais se habituou o termo e a discuss\u00e3o. O autor oferece meios de realizar uma autocr\u00edtica \u00e0queles que queiram superar as posi\u00e7\u00f5es sedimentadas de uma certa esquerda institucionalizada que h\u00e1 algum tempo j\u00e1 n\u00e3o consegue provocar e organizar suas posi\u00e7\u00f5es e acaba por ceder \u00e0s press\u00f5es perform\u00e1ticas dos moldes da democracia burguesa.  <\/p>\n<\/div><\/div><\/div><div class=\"n2-ss-layer n2-ow n-uc-gr2G3kC8Y552 n2-ss-layer--auto\" data-pm=\"normal\" data-sstype=\"layer\"><div class=\"n2-ss-button-container n2-ss-item-content n2-ow n2-font-88680cab18fdd23ddcc642f9070de447-link  n2-ss-nowrap n2-ss-button-container--non-full-width\"><a class=\"n2-style-f6c90901f328d0589986f30badcabc0f-heading  n2-ow \" href=\"https:\/\/zeroaesquerda.com.br\/index.php\/2025\/04\/02\/afinal-o-que-e-identitarismo-resenha-do-livro-de-douglas-barros\/\"><div><div>LEIA MAIS<\/div><\/div><\/a><\/div><\/div><\/div><\/div><\/div><\/div><\/div><\/div><\/div><\/div><\/div><\/div><div data-slide-duration=\"0.9\" data-id=\"80\" data-slide-public-id=\"7\" aria-hidden=\"true\" data-title=\".\" data-haslink=\"1\" data-href=\"https:\/\/zeroaesquerda.com.br\/index.php\/2025\/05\/07\/o-problema-da-filosofia-no-brasil\/\" tabindex=\"0\" role=\"button\" data-n2click=\"url\" data-force-pointer=\"\" class=\"n2-ss-slide n2-ow  n2-ss-slide-80\"><div role=\"note\" class=\"n2-ss-slide--focus\">.<\/div><div class=\"n2-ss-layers-container n2-ss-slide-limiter n2-ow\"><div class=\"n2-ss-layer n2-ow n-uc-kHwKxfrElLhP\" data-sstype=\"slide\" data-pm=\"default\"><div class=\"n2-ss-layer n2-ow n-uc-dQu0UneSUEA6\" data-pm=\"default\" data-sstype=\"content\" data-hasbackground=\"0\"><div class=\"n2-ss-section-main-content n2-ss-layer-with-background n2-ss-layer-content n2-ow n-uc-dQu0UneSUEA6-inner\"><div class=\"n2-ss-layer n2-ow n2-ss-layer--block n2-ss-has-self-align n-uc-wRQ4x8EciD6E\" data-pm=\"normal\" data-sstype=\"row\"><div class=\"n2-ss-layer-row n2-ss-layer-with-background n-uc-wRQ4x8EciD6E-inner\"><div class=\"n2-ss-layer-row-inner \"><div class=\"n2-ss-layer n2-ow n-uc-RjUj8gGlbJp7\" data-pm=\"default\" data-href=\"https:\/\/zeroaesquerda.com.br\/index.php\/2025\/05\/07\/o-problema-da-filosofia-no-brasil\/\" tabindex=\"0\" role=\"button\" data-n2click=\"url\" data-force-pointer=\"\" data-sstype=\"col\"><div class=\"n2-ss-layer-col n2-ss-layer-with-background n2-ss-layer-content n-uc-RjUj8gGlbJp7-inner\"><div class=\"n2-ss-layer n2-ow n-uc-qkLhflop5tpI\" data-pm=\"normal\" data-sstype=\"layer\"><div class=\"n2-ss-item-content n2-ss-text n2-ow-all\"><div class=\"\"><p class=\"n2-font-1b5cd10400a0ef1b27dbc1697b970a09-paragraph   \">maio 7, 2025<\/p>\n<\/div><\/div><\/div><div class=\"n2-ss-layer n2-ow n-uc-O95IfHzrCMHc\" data-pm=\"normal\" data-sstype=\"layer\"><div id=\"n2-ss-2item26\" class=\"  n2-ss-item-content n2-ss-text n2-ow\" style=\"display:block;\"><a class=\"n2-ow n2-font-5d8f70d4aa222faa08be3596c223a9a1-hover \" style=\"display:block;\" href=\"https:\/\/zeroaesquerda.com.br\/index.php\/2025\/05\/07\/o-problema-da-filosofia-no-brasil\/\">O PROBLEMA DA FILOSOFIA NO BRASIL \u2013 Bento Prado Jr.<br><\/a><\/div><\/div><div class=\"n2-ss-layer n2-ow n-uc-Q5GY8HPReTNL\" data-pm=\"normal\" data-sstype=\"layer\"><div class=\"n2-ss-item-content n2-ss-text n2-ow-all\"><div class=\"\"><p class=\"n2-font-5a64a2db172b80e0d1eaa46ad913c655-paragraph   \">Falar sobre a filosofia no Brasil \u00e9 tarefa particularmente embara\u00e7osa. Poder\u00edamos definir esta dificuldade em termos aristot\u00e9licos: como saber o que \u00e9 uma coisa, se n\u00e3o sabermos ao certo se ela \u00e9? <\/p>\n<\/div><\/div><\/div><div class=\"n2-ss-layer n2-ow n-uc-CeJbruA5f9Di n2-ss-layer--auto\" data-pm=\"normal\" data-sstype=\"layer\"><div class=\"n2-ss-button-container n2-ss-item-content n2-ow n2-font-88680cab18fdd23ddcc642f9070de447-link  n2-ss-nowrap n2-ss-button-container--non-full-width\"><a class=\"n2-style-f6c90901f328d0589986f30badcabc0f-heading  n2-ow \" href=\"https:\/\/zeroaesquerda.com.br\/index.php\/2025\/05\/07\/o-problema-da-filosofia-no-brasil\/\"><div><div>LEIA MAIS<\/div><\/div><\/a><\/div><\/div><\/div><\/div><\/div><\/div><\/div><\/div><\/div><\/div><\/div><\/div><div data-slide-duration=\"0.9\" data-id=\"93\" data-slide-public-id=\"8\" aria-hidden=\"true\" data-title=\".\" data-haslink=\"1\" data-href=\"https:\/\/zeroaesquerda.com.br\/index.php\/2025\/06\/24\/fogo-e-gelo-licoes-da-batalha-de-los-angeles\/\" tabindex=\"0\" role=\"button\" data-n2click=\"url\" data-force-pointer=\"\" class=\"n2-ss-slide n2-ow  n2-ss-slide-93\"><div role=\"note\" class=\"n2-ss-slide--focus\">.<\/div><div class=\"n2-ss-layers-container n2-ss-slide-limiter n2-ow\"><div class=\"n2-ss-layer n2-ow n-uc-ORHMczMHMz1T\" data-sstype=\"slide\" data-pm=\"default\"><div class=\"n2-ss-layer n2-ow n-uc-9cF8desNIl0M\" data-pm=\"default\" data-sstype=\"content\" data-hasbackground=\"0\"><div class=\"n2-ss-section-main-content n2-ss-layer-with-background n2-ss-layer-content n2-ow n-uc-9cF8desNIl0M-inner\"><div class=\"n2-ss-layer n2-ow n2-ss-layer--block n2-ss-has-self-align n-uc-c9DlIFkWOlGz\" data-pm=\"normal\" data-sstype=\"row\"><div class=\"n2-ss-layer-row n2-ss-layer-with-background n-uc-c9DlIFkWOlGz-inner\"><div class=\"n2-ss-layer-row-inner \"><div class=\"n2-ss-layer n2-ow n-uc-TNLwX46QSLbn\" data-pm=\"default\" data-href=\"https:\/\/zeroaesquerda.com.br\/index.php\/2025\/06\/24\/fogo-e-gelo-licoes-da-batalha-de-los-angeles\/\" tabindex=\"0\" role=\"button\" data-n2click=\"url\" data-force-pointer=\"\" data-sstype=\"col\"><div class=\"n2-ss-layer-col n2-ss-layer-with-background n2-ss-layer-content n-uc-TNLwX46QSLbn-inner\"><div class=\"n2-ss-layer n2-ow n-uc-ullQgPH1na32\" data-pm=\"normal\" data-sstype=\"layer\"><div class=\"n2-ss-item-content n2-ss-text n2-ow-all\"><div class=\"\"><p class=\"n2-font-1b5cd10400a0ef1b27dbc1697b970a09-paragraph   \">junho 24, 2025<\/p>\n<\/div><\/div><\/div><div class=\"n2-ss-layer n2-ow n-uc-iQ3VDbAhGW6H\" data-pm=\"normal\" data-sstype=\"layer\"><div id=\"n2-ss-2item30\" class=\"  n2-ss-item-content n2-ss-text n2-ow\" style=\"display:block;\"><a class=\"n2-ow n2-font-5d8f70d4aa222faa08be3596c223a9a1-hover \" style=\"display:block;\" href=\"https:\/\/zeroaesquerda.com.br\/index.php\/2025\/06\/24\/fogo-e-gelo-licoes-da-batalha-de-los-angeles\/\">Fogo e Gelo \u2013 Li\u00e7\u00f5es da Batalha de Los Angeles<br><\/a><\/div><\/div><div class=\"n2-ss-layer n2-ow n-uc-qWHRLYGq02gr\" data-pm=\"normal\" data-sstype=\"layer\"><div class=\"n2-ss-item-content n2-ss-text n2-ow-all\"><div class=\"\"><p class=\"n2-font-5a64a2db172b80e0d1eaa46ad913c655-paragraph   \">O que se segue s\u00e3o algumas li\u00e7\u00f5es da batalha de Los Angeles que podem ser \u00fateis hoje, \u00e0<br \/>\nmedida que o movimento para deter a m\u00e1quina de deporta\u00e7\u00e3o se espalha e aprofunda.<\/p>\n<\/div><\/div><\/div><div class=\"n2-ss-layer n2-ow n-uc-kmKSTN7xj4Rv n2-ss-layer--auto\" data-pm=\"normal\" data-sstype=\"layer\"><div class=\"n2-ss-button-container n2-ss-item-content n2-ow n2-font-88680cab18fdd23ddcc642f9070de447-link  n2-ss-nowrap n2-ss-button-container--non-full-width\"><a class=\"n2-style-f6c90901f328d0589986f30badcabc0f-heading  n2-ow \" href=\"https:\/\/zeroaesquerda.com.br\/index.php\/2025\/06\/24\/fogo-e-gelo-licoes-da-batalha-de-los-angeles\/\"><div><div>LEIA MAIS<\/div><\/div><\/a><\/div><\/div><\/div><\/div><\/div><\/div><\/div><\/div><\/div><\/div><\/div><\/div>                    <\/div>\n\n                                    <\/div>\n            <\/div>\n        <\/div>\n        <div class=\"n2-ss-slider-controls n2-ss-slider-controls-absolute-left-center\"><div style=\"--widget-offset:15px;\" class=\"n2-ss-widget n2-style-107cb0e4b96e295f0c4852cfc0854d07-heading nextend-arrow n2-ow-all nextend-arrow-previous  nextend-arrow-animated-fade\" data-hide-mobileportrait=\"1\" id=\"n2-ss-2-arrow-previous\" role=\"button\" aria-label=\"previous arrow\" tabindex=\"0\"><img loading=\"lazy\" decoding=\"async\" width=\"32\" height=\"32\" class=\"n2-arrow-normal-img skip-lazy\" data-skip-lazy=\"1\" src=\"data:image\/svg+xml;base64,PHN2ZyB4bWxucz0iaHR0cDovL3d3dy53My5vcmcvMjAwMC9zdmciIHdpZHRoPSIzMiIgaGVpZ2h0PSIzMiIgdmlld0JveD0iMCAwIDMyIDMyIj4KICAgIDxwYXRoIGZpbGw9IiNiYjRhMjgiIGZpbGwtcnVsZT0iZXZlbm9kZCIKICAgICAgICAgIGQ9Ik0yMC42NTQgOS40M2wtNi4zMjYgNi41MjUgNi4zMjYgNi42Yy4yNDIuMjUzLjM2LjU0NS4zNi44OCAwIC4zMzMtLjExOC42MjUtLjM2Ljg3N2wtMS4yNDQgMS4zYy0uMjQuMjUtLjUyMy4zNzUtLjg0LjM3NS0uMzIgMC0uNi0uMTI0LS44NC0uMzc2bC04LjM2Ny04LjcyYy0uMjQtLjI1LS4zNjMtLjU0LS4zNjMtLjg4IDAtLjMzNC4xMjItLjYzLjM2My0uODhsOC4zNjctOC43NWMuMjMtLjI1Mi41MS0uMzc3LjgzLS4zNzcuMzI1IDAgLjYwNy4xMjYuODUuMzc4bDEuMjQyIDEuMzI2Yy4yNDIuMjUyLjM2LjU0LjM2Ljg2NCAwIC4zMi0uMTE4LjYxLS4zNi44NnoiCiAgICAgICAgICBvcGFjaXR5PSIxIi8+Cjwvc3ZnPgo=\" alt=\"previous arrow\"><img loading=\"lazy\" decoding=\"async\" width=\"32\" height=\"32\" class=\"n2-arrow-hover-img skip-lazy\" data-skip-lazy=\"1\" src=\"data:image\/svg+xml;base64,PHN2ZyB4bWxucz0iaHR0cDovL3d3dy53My5vcmcvMjAwMC9zdmciIHdpZHRoPSIzMiIgaGVpZ2h0PSIzMiIgdmlld0JveD0iMCAwIDMyIDMyIj4KICAgIDxwYXRoIGZpbGw9IiNmZmZmZmYiIGZpbGwtcnVsZT0iZXZlbm9kZCIKICAgICAgICAgIGQ9Ik0yMC42NTQgOS40M2wtNi4zMjYgNi41MjUgNi4zMjYgNi42Yy4yNDIuMjUzLjM2LjU0NS4zNi44OCAwIC4zMzMtLjExOC42MjUtLjM2Ljg3N2wtMS4yNDQgMS4zYy0uMjQuMjUtLjUyMy4zNzUtLjg0LjM3NS0uMzIgMC0uNi0uMTI0LS44NC0uMzc2bC04LjM2Ny04LjcyYy0uMjQtLjI1LS4zNjMtLjU0LS4zNjMtLjg4IDAtLjMzNC4xMjItLjYzLjM2My0uODhsOC4zNjctOC43NWMuMjMtLjI1Mi41MS0uMzc3LjgzLS4zNzcuMzI1IDAgLjYwNy4xMjYuODUuMzc4bDEuMjQyIDEuMzI2Yy4yNDIuMjUyLjM2LjU0LjM2Ljg2NCAwIC4zMi0uMTE4LjYxLS4zNi44NnoiCiAgICAgICAgICBvcGFjaXR5PSIxIi8+Cjwvc3ZnPgo=\" alt=\"previous arrow\"><\/div><\/div><div class=\"n2-ss-slider-controls n2-ss-slider-controls-absolute-right-center\"><div style=\"--widget-offset:15px;\" class=\"n2-ss-widget n2-style-107cb0e4b96e295f0c4852cfc0854d07-heading nextend-arrow n2-ow-all nextend-arrow-next  nextend-arrow-animated-fade\" data-hide-mobileportrait=\"1\" id=\"n2-ss-2-arrow-next\" role=\"button\" aria-label=\"next arrow\" tabindex=\"0\"><img loading=\"lazy\" decoding=\"async\" width=\"32\" height=\"32\" class=\"n2-arrow-normal-img skip-lazy\" data-skip-lazy=\"1\" src=\"data:image\/svg+xml;base64,PHN2ZyB3aWR0aD0iMzIiIGhlaWdodD0iMzIiIHZpZXdCb3g9IjAgMCAzMiAzMiIgeG1sbnM9Imh0dHA6Ly93d3cudzMub3JnLzIwMDAvc3ZnIj4KICAgIDxwYXRoIGQ9Ik0xMy4yODYgMjUuNjFjLS4yNC4yNTMtLjUyLjM3Ny0uODQuMzc3LS4zMTggMC0uNi0uMTI0LS44NC0uMzc2bC0xLjI0NS0xLjI5N2MtLjI0LS4yNTItLjM2LS41NDQtLjM2LS44NzggMC0uMzM0LjEyLS42MjYuMzYtLjg3OGw2LjMyOC02LjZMMTAuMzYgOS40M2MtLjI0LS4yNS0uMzYtLjU0LS4zNi0uODY0IDAtLjMyMy4xMi0uNjEyLjM2LS44NjRsMS4yNDUtMS4zMjVjLjI0LS4yNTIuNTIzLS4zNzcuODQ4LS4zNzcuMzIzIDAgLjYwMi4xMjUuODMzLjM3N2w4LjM2NiA4Ljc0NmMuMjQuMjUuMzYzLjU0Ni4zNjMuODgyIDAgLjM0LS4xMjIuNjM0LS4zNjMuODg2bC04LjM2NiA4LjcyeiIKICAgICAgICAgIGZpbGw9IiNiYjRhMjgiIG9wYWNpdHk9IjEiIGZpbGwtcnVsZT0iZXZlbm9kZCIvPgo8L3N2Zz4=\" alt=\"next arrow\"><img loading=\"lazy\" decoding=\"async\" width=\"32\" height=\"32\" class=\"n2-arrow-hover-img skip-lazy\" data-skip-lazy=\"1\" src=\"data:image\/svg+xml;base64,PHN2ZyB3aWR0aD0iMzIiIGhlaWdodD0iMzIiIHZpZXdCb3g9IjAgMCAzMiAzMiIgeG1sbnM9Imh0dHA6Ly93d3cudzMub3JnLzIwMDAvc3ZnIj4KICAgIDxwYXRoIGQ9Ik0xMy4yODYgMjUuNjFjLS4yNC4yNTMtLjUyLjM3Ny0uODQuMzc3LS4zMTggMC0uNi0uMTI0LS44NC0uMzc2bC0xLjI0NS0xLjI5N2MtLjI0LS4yNTItLjM2LS41NDQtLjM2LS44NzggMC0uMzM0LjEyLS42MjYuMzYtLjg3OGw2LjMyOC02LjZMMTAuMzYgOS40M2MtLjI0LS4yNS0uMzYtLjU0LS4zNi0uODY0IDAtLjMyMy4xMi0uNjEyLjM2LS44NjRsMS4yNDUtMS4zMjVjLjI0LS4yNTIuNTIzLS4zNzcuODQ4LS4zNzcuMzIzIDAgLjYwMi4xMjUuODMzLjM3N2w4LjM2NiA4Ljc0NmMuMjQuMjUuMzYzLjU0Ni4zNjMuODgyIDAgLjM0LS4xMjIuNjM0LS4zNjMuODg2bC04LjM2NiA4LjcyeiIKICAgICAgICAgIGZpbGw9IiNmZmZmZmYiIG9wYWNpdHk9IjEiIGZpbGwtcnVsZT0iZXZlbm9kZCIvPgo8L3N2Zz4=\" alt=\"next arrow\"><\/div><\/div><div class=\"n2-ss-slider-controls n2-ss-slider-controls-absolute-center-bottom\"><div style=\"--widget-offset:10px;\" class=\"n2-ss-widget n2-ss-control-bullet n2-ow-all n2-ss-control-bullet-horizontal\"><div class=\"n2-style-0dee32bde71c33ee388d9213bd25c8f3-simple  nextend-bullet-bar n2-bar-justify-content-center\" role=\"group\" aria-label=\"Choose slide to display.\"><div class=\"n2-bullet n2-style-89011cdabbd169282fef1ea9b43abc57-dot \" style=\"visibility:hidden;\"><\/div><\/div><\/div><\/div><\/div><\/div><ss3-loader><\/ss3-loader><\/div><\/div><div class=\"n2_clear\"><\/div><\/div>\n\n<style>.kb-row-layout-id6_76f0b8-c1 > .kt-row-column-wrap{align-content:start;}:where(.kb-row-layout-id6_76f0b8-c1 > .kt-row-column-wrap) > .wp-block-kadence-column{justify-content:start;}.kb-row-layout-id6_76f0b8-c1 > .kt-row-column-wrap{column-gap:var(--global-kb-gap-md, 2rem);row-gap:var(--global-kb-gap-md, 2rem);padding-top:50px;grid-template-columns:minmax(0, 1fr) minmax(0, 2fr);}.kb-row-layout-id6_76f0b8-c1 > .kt-row-layout-overlay{opacity:0.30;}.kb-row-layout-id6_76f0b8-c1 .kt-row-layout-bottom-sep{height:100px;}.kb-row-layout-id6_76f0b8-c1 .kt-row-layout-bottom-sep svg{width:100%;}.kb-row-layout-id6_76f0b8-c1 .kt-row-layout-bottom-sep svg{fill:#ffffff!important;}@media all and (max-width: 1024px){.kb-row-layout-id6_76f0b8-c1 > .kt-row-column-wrap{grid-template-columns:minmax(0, 1fr);}}@media all and (max-width: 1024px){.kb-row-layout-id6_76f0b8-c1 .kt-row-layout-bottom-sep{height:px;}}@media all and (max-width: 1024px){.kb-row-layout-id6_76f0b8-c1 .kt-row-layout-bottom-sep svg{width:%;}}@media all and (max-width: 767px){.kb-row-layout-id6_76f0b8-c1 > .kt-row-column-wrap{grid-template-columns:minmax(0, 1fr);}.kb-row-layout-id6_76f0b8-c1 .kt-row-layout-bottom-sep{height:px;}.kb-row-layout-id6_76f0b8-c1 .kt-row-layout-bottom-sep svg{width:%;}}<\/style><div class=\"kb-row-layout-wrap kb-row-layout-id6_76f0b8-c1 alignnone has-theme-palette9-background-color kt-row-has-bg wp-block-kadence-rowlayout\"><div class=\"kt-row-column-wrap kt-has-2-columns kt-row-layout-right-golden kt-tab-layout-row kt-mobile-layout-row kt-row-valign-top\">\n<style>.kadence-column6_52e5a6-5f > .kt-inside-inner-col{display:flex;}.kadence-column6_52e5a6-5f > .kt-inside-inner-col{border-top:100px solid transparent;border-right:25px solid transparent;border-bottom:100px solid transparent;border-left:25px solid transparent;}.kadence-column6_52e5a6-5f > .kt-inside-inner-col,.kadence-column6_52e5a6-5f > .kt-inside-inner-col:before{border-top-left-radius:0px;border-top-right-radius:0px;border-bottom-right-radius:0px;border-bottom-left-radius:0px;}.kadence-column6_52e5a6-5f > .kt-inside-inner-col{row-gap:0px;column-gap:0px;}.kadence-column6_52e5a6-5f > .kt-inside-inner-col{flex-direction:row;flex-wrap:wrap;align-items:flex-start;justify-content:center;}.kadence-column6_52e5a6-5f > .kt-inside-inner-col > *, .kadence-column6_52e5a6-5f > .kt-inside-inner-col > figure.wp-block-image, .kadence-column6_52e5a6-5f > .kt-inside-inner-col > figure.wp-block-kadence-image{margin-top:0px;margin-bottom:0px;}.kadence-column6_52e5a6-5f > .kt-inside-inner-col > .kb-image-is-ratio-size{flex-grow:1;}.kt-row-column-wrap > .kadence-column6_52e5a6-5f{align-self:flex-start;}.kt-inner-column-height-full:not(.kt-has-1-columns) > .wp-block-kadence-column.kadence-column6_52e5a6-5f{align-self:auto;}.kt-inner-column-height-full:not(.kt-has-1-columns) > .wp-block-kadence-column.kadence-column6_52e5a6-5f > .kt-inside-inner-col{align-items:flex-start;}.kadence-column6_52e5a6-5f > .kt-inside-inner-col{background-color:var(--global-palette1, #3182CE);}.kadence-column6_52e5a6-5f > .kt-inside-inner-col:before{opacity:0.3;}.kadence-column6_52e5a6-5f{text-align:center;}.kadence-column6_52e5a6-5f, .kadence-column6_52e5a6-5f h1, .kadence-column6_52e5a6-5f h2, .kadence-column6_52e5a6-5f h3, .kadence-column6_52e5a6-5f h4, .kadence-column6_52e5a6-5f h5, .kadence-column6_52e5a6-5f h6{color:var(--global-palette9, #ffffff);}.kadence-column6_52e5a6-5f a{color:#a36075;}.kadence-column6_52e5a6-5f a:hover{color:#862744;}.kadence-column6_52e5a6-5f{position:relative;}@media all and (max-width: 1024px){.kadence-column6_52e5a6-5f > .kt-inside-inner-col{border-top:10px solid transparent;border-right:25px solid transparent;border-bottom:25px solid transparent;border-left:25px solid transparent;flex-direction:row;flex-wrap:wrap;align-items:flex-start;justify-content:center;}}@media all and (max-width: 1024px){.kt-row-column-wrap > .kadence-column6_52e5a6-5f{align-self:flex-start;}}@media all and (max-width: 1024px){.kt-inner-column-height-full:not(.kt-has-1-columns) > .wp-block-kadence-column.kadence-column6_52e5a6-5f{align-self:auto;}}@media all and (max-width: 1024px){.kt-inner-column-height-full:not(.kt-has-1-columns) > .wp-block-kadence-column.kadence-column6_52e5a6-5f > .kt-inside-inner-col{align-items:flex-start;}}@media all and (max-width: 1024px){.kadence-column6_52e5a6-5f{text-align:center;}}@media all and (min-width: 768px) and (max-width: 1024px){.kadence-column6_52e5a6-5f > .kt-inside-inner-col > *, .kadence-column6_52e5a6-5f > .kt-inside-inner-col > figure.wp-block-image, .kadence-column6_52e5a6-5f > .kt-inside-inner-col > figure.wp-block-kadence-image{margin-top:0px;margin-bottom:0px;}.kadence-column6_52e5a6-5f > .kt-inside-inner-col > .kb-image-is-ratio-size{flex-grow:1;}}@media all and (max-width: 767px){.kadence-column6_52e5a6-5f > .kt-inside-inner-col{border-top:10px solid transparent;border-right:25px solid transparent;border-bottom:25px solid transparent;border-left:25px solid transparent;flex-direction:row;flex-wrap:wrap;justify-content:flex-start;justify-content:center;}.kt-row-column-wrap > .kadence-column6_52e5a6-5f{align-self:flex-start;}.kt-inner-column-height-full:not(.kt-has-1-columns) > .wp-block-kadence-column.kadence-column6_52e5a6-5f{align-self:auto;}.kt-inner-column-height-full:not(.kt-has-1-columns) > .wp-block-kadence-column.kadence-column6_52e5a6-5f > .kt-inside-inner-col{align-items:flex-start;}.kadence-column6_52e5a6-5f > .kt-inside-inner-col > *, .kadence-column6_52e5a6-5f > .kt-inside-inner-col > figure.wp-block-image, .kadence-column6_52e5a6-5f > .kt-inside-inner-col > figure.wp-block-kadence-image{margin-top:0px;margin-bottom:0px;}.kadence-column6_52e5a6-5f > .kt-inside-inner-col > .kb-image-is-ratio-size{flex-grow:1;}}<\/style>\n<div class=\"wp-block-kadence-column kadence-column6_52e5a6-5f kb-section-dir-horizontal\"><div class=\"kt-inside-inner-col\">\n<h2 class=\"wp-block-heading has-text-align-center has-theme-palette-9-color has-text-color\" style=\"padding-top:0;padding-bottom:0\">O n\u00famero mais significativo<\/h2>\n\n\n\n<p class=\"has-text-align-center\">Zero \u00e0 Esquerda \u00e9 um ve\u00edculo para conte\u00fado pol\u00edtico radical que ainda n\u00e3o tem seu lugar.<\/p>\n\n\n\n<p><strong>contato@zeroaesquerda.com.br<\/strong><\/p>\n\n\n<div class=\"wp-block-coblocks-social wp-block-coblocks-social-profiles is-style-mask has-text-align-center has-background has-theme-palette1-background-color\"><ul><li><a href=\"https:\/\/www.facebook.com\/revistazeroaesquerda\/\" title=\"Conta do Facebook\" class=\"wp-block-button__link wp-block-coblocks-social__button wp-block-coblocks-social__button--facebook has-theme-palette9-color has-padding\" style=\"border-radius:40px\"><span class=\"wp-block-coblocks-social__icon\" style=\"height:24px;width:24px\"><\/span><span class=\"wp-block-coblocks-social__text\">Conta do Facebook<\/span><\/a><\/li><li><a href=\"https:\/\/twitter.com\/z3roaesquerda\" title=\"Twitter\" class=\"wp-block-button__link wp-block-coblocks-social__button wp-block-coblocks-social__button--twitter has-theme-palette9-color has-padding\" style=\"border-radius:40px\"><span class=\"wp-block-coblocks-social__icon\" style=\"height:24px;width:24px\"><\/span><span class=\"wp-block-coblocks-social__text\">Twitter<\/span><\/a><\/li><li><a href=\"https:\/\/www.instagram.com\/revistazeroaesquerda\/\" title=\"Instagram\" class=\"wp-block-button__link wp-block-coblocks-social__button wp-block-coblocks-social__button--instagram has-theme-palette9-color has-padding\" style=\"border-radius:40px\"><span class=\"wp-block-coblocks-social__icon\" style=\"height:24px;width:24px\"><\/span><span class=\"wp-block-coblocks-social__text\">Instagram<\/span><\/a><\/li><li><a href=\"https:\/\/www.youtube.com\/Zero%C3%A0EsquerdaRevista\" title=\"YouTube\" class=\"wp-block-button__link wp-block-coblocks-social__button wp-block-coblocks-social__button--youtube has-theme-palette9-color has-padding\" style=\"border-radius:40px\"><span class=\"wp-block-coblocks-social__icon\" style=\"height:24px;width:24px\"><\/span><span class=\"wp-block-coblocks-social__text\">YouTube<\/span><\/a><\/li><\/ul><\/div>\n\n\n<h2 class=\"wp-block-heading has-text-align-center has-theme-palette-9-color has-text-color\">Como colaborar<\/h2>\n\n\n\n<p class=\"has-text-align-center\" style=\"padding-top:var(--wp--preset--spacing--30);padding-bottom:var(--wp--preset--spacing--30)\">H\u00e1 v\u00e1rias formas de contribuir com este projeto, seja enviando produ\u00e7\u00f5es e tradu\u00e7\u00f5es suas, seja financeiramente.<br><\/p>\n\n\n\n<p class=\"is-style-default has-theme-palette-3-color has-theme-palette-9-background-color has-text-color has-background has-custom-lineheight\" style=\"padding-top:var(--wp--preset--spacing--50);padding-bottom:var(--wp--preset--spacing--50);font-size:22px;line-height:1.52\"><a href=\"https:\/\/apoia.se\/revistazeroaesquerda\"><strong>Saiba mais!<\/strong><\/a><\/p>\n\n\n\n<p><\/p>\n<\/div><\/div>\n\n\n<style>.kadence-column6_7182a5-90 > .kt-inside-inner-col{padding-top:40px;padding-right:25px;padding-bottom:40px;padding-left:25px;}.kadence-column6_7182a5-90 > .kt-inside-inner-col,.kadence-column6_7182a5-90 > .kt-inside-inner-col:before{border-top-left-radius:0px;border-top-right-radius:0px;border-bottom-right-radius:0px;border-bottom-left-radius:0px;}.kadence-column6_7182a5-90 > .kt-inside-inner-col{column-gap:var(--global-kb-gap-sm, 1rem);}.kadence-column6_7182a5-90 > .kt-inside-inner-col{flex-direction:column;}.kadence-column6_7182a5-90 > .kt-inside-inner-col > .aligncenter{width:100%;}.kadence-column6_7182a5-90 > .kt-inside-inner-col{background-color:var(--global-palette9, #ffffff);}.kadence-column6_7182a5-90 > .kt-inside-inner-col:before{opacity:0.3;}.kadence-column6_7182a5-90{text-align:left;}.kadence-column6_7182a5-90, .kadence-column6_7182a5-90 h1, .kadence-column6_7182a5-90 h2, .kadence-column6_7182a5-90 h3, .kadence-column6_7182a5-90 h4, .kadence-column6_7182a5-90 h5, .kadence-column6_7182a5-90 h6{color:var(--global-palette9, #ffffff);}.kadence-column6_7182a5-90 a{color:#a36075;}.kadence-column6_7182a5-90 a:hover{color:#862744;}.kadence-column6_7182a5-90{position:relative;}@media all and (max-width: 1024px){.kadence-column6_7182a5-90 > .kt-inside-inner-col{flex-direction:column;justify-content:center;}}@media all and (max-width: 767px){.kadence-column6_7182a5-90 > .kt-inside-inner-col{flex-direction:column;justify-content:center;}}<\/style>\n<div class=\"wp-block-kadence-column kadence-column6_7182a5-90\"><div class=\"kt-inside-inner-col\"><ul class=\"wp-block-latest-posts__list is-grid columns-2 has-dates ticss-dc8778b8 wp-block-latest-posts\"><li><div class=\"wp-block-latest-posts__featured-image\"><img loading=\"lazy\" decoding=\"async\" width=\"1024\" height=\"546\" src=\"https:\/\/zeroaesquerda.com.br\/wp-content\/uploads\/2026\/04\/eluard2_blog1-1-1-1024x546.avif\" class=\"attachment-large size-large not-transparent wp-post-image\" alt=\"\" style=\"--dominant-color: #6b6b6b;\" srcset=\"https:\/\/zeroaesquerda.com.br\/wp-content\/uploads\/2026\/04\/eluard2_blog1-1-1-1024x546.avif 1024w, https:\/\/zeroaesquerda.com.br\/wp-content\/uploads\/2026\/04\/eluard2_blog1-1-1-300x160.avif 300w, https:\/\/zeroaesquerda.com.br\/wp-content\/uploads\/2026\/04\/eluard2_blog1-1-1-768x410.avif 768w, https:\/\/zeroaesquerda.com.br\/wp-content\/uploads\/2026\/04\/eluard2_blog1-1-1.avif 1500w\" sizes=\"auto, (max-width: 1024px) 100vw, 1024px\" data-has-transparency=\"false\" data-dominant-color=\"6b6b6b\" \/><\/div><a class=\"wp-block-latest-posts__post-title\" href=\"https:\/\/zeroaesquerda.com.br\/index.php\/2026\/04\/30\/dois-poemas-de-paul-eluard-1895-1952-trad-lucas-bertolo\/\">Dois poemas de Paul \u00c9luard  (1895-1952) \u2014 [Trad. Lucas Bertolo]<\/a><time datetime=\"2026-04-30T03:12:45+00:00\" class=\"wp-block-latest-posts__post-date\">abril 30, 2026<\/time><\/li>\n<li><div class=\"wp-block-latest-posts__featured-image\"><img loading=\"lazy\" decoding=\"async\" width=\"1024\" height=\"733\" src=\"https:\/\/zeroaesquerda.com.br\/wp-content\/uploads\/2026\/04\/092-095_memoria_florestan_293-7-e1776093676242-1024x733.avif\" class=\"attachment-large size-large not-transparent wp-post-image\" alt=\"\" style=\"--dominant-color: #99928f;\" srcset=\"https:\/\/zeroaesquerda.com.br\/wp-content\/uploads\/2026\/04\/092-095_memoria_florestan_293-7-e1776093676242-1024x733.avif 1024w, https:\/\/zeroaesquerda.com.br\/wp-content\/uploads\/2026\/04\/092-095_memoria_florestan_293-7-e1776093676242-300x215.avif 300w, https:\/\/zeroaesquerda.com.br\/wp-content\/uploads\/2026\/04\/092-095_memoria_florestan_293-7-e1776093676242-768x550.avif 768w, https:\/\/zeroaesquerda.com.br\/wp-content\/uploads\/2026\/04\/092-095_memoria_florestan_293-7-e1776093676242.avif 1090w\" sizes=\"auto, (max-width: 1024px) 100vw, 1024px\" data-has-transparency=\"false\" data-dominant-color=\"99928f\" \/><\/div><a class=\"wp-block-latest-posts__post-title\" href=\"https:\/\/zeroaesquerda.com.br\/index.php\/2026\/04\/13\/florestan-e-o-mst-antonio-candido\/\">Florestan e o MST &#8211; Antonio Candido<\/a><time datetime=\"2026-04-13T15:33:05+00:00\" class=\"wp-block-latest-posts__post-date\">abril 13, 2026<\/time><\/li>\n<li><div class=\"wp-block-latest-posts__featured-image\"><img loading=\"lazy\" decoding=\"async\" width=\"1024\" height=\"731\" src=\"https:\/\/zeroaesquerda.com.br\/wp-content\/uploads\/2026\/04\/WhatsApp-Image-2026-04-08-at-14.13.48-1024x731.avif\" class=\"attachment-large size-large not-transparent wp-post-image\" alt=\"\" style=\"--dominant-color: #6f574f;\" srcset=\"https:\/\/zeroaesquerda.com.br\/wp-content\/uploads\/2026\/04\/WhatsApp-Image-2026-04-08-at-14.13.48-1024x731.avif 1024w, https:\/\/zeroaesquerda.com.br\/wp-content\/uploads\/2026\/04\/WhatsApp-Image-2026-04-08-at-14.13.48-300x214.avif 300w, https:\/\/zeroaesquerda.com.br\/wp-content\/uploads\/2026\/04\/WhatsApp-Image-2026-04-08-at-14.13.48-768x548.avif 768w, https:\/\/zeroaesquerda.com.br\/wp-content\/uploads\/2026\/04\/WhatsApp-Image-2026-04-08-at-14.13.48.avif 1400w\" sizes=\"auto, (max-width: 1024px) 100vw, 1024px\" data-has-transparency=\"false\" data-dominant-color=\"6f574f\" \/><\/div><a class=\"wp-block-latest-posts__post-title\" href=\"https:\/\/zeroaesquerda.com.br\/index.php\/2026\/04\/09\/os-estados-unidos-e-o-capitalismo-fascista-maurizio-lazzarato\/\">Os Estados Unidos e o &#8220;capitalismo fascista&#8221; \u2014 Maurizio Lazzarato<\/a><time datetime=\"2026-04-09T00:08:04+00:00\" class=\"wp-block-latest-posts__post-date\">abril 9, 2026<\/time><\/li>\n<li><div class=\"wp-block-latest-posts__featured-image\"><img loading=\"lazy\" decoding=\"async\" width=\"1024\" height=\"972\" src=\"https:\/\/zeroaesquerda.com.br\/wp-content\/uploads\/2026\/03\/f8e37840-f2ea-4c89-a153-4669afe5eb1d-1024x972.avif\" class=\"attachment-large size-large not-transparent wp-post-image\" alt=\"\" style=\"--dominant-color: #e8e8e8;\" srcset=\"https:\/\/zeroaesquerda.com.br\/wp-content\/uploads\/2026\/03\/f8e37840-f2ea-4c89-a153-4669afe5eb1d-1024x972.avif 1024w, https:\/\/zeroaesquerda.com.br\/wp-content\/uploads\/2026\/03\/f8e37840-f2ea-4c89-a153-4669afe5eb1d-300x285.avif 300w, https:\/\/zeroaesquerda.com.br\/wp-content\/uploads\/2026\/03\/f8e37840-f2ea-4c89-a153-4669afe5eb1d-768x729.avif 768w, https:\/\/zeroaesquerda.com.br\/wp-content\/uploads\/2026\/03\/f8e37840-f2ea-4c89-a153-4669afe5eb1d-1536x1457.avif 1536w, https:\/\/zeroaesquerda.com.br\/wp-content\/uploads\/2026\/03\/f8e37840-f2ea-4c89-a153-4669afe5eb1d.avif 1600w\" sizes=\"auto, (max-width: 1024px) 100vw, 1024px\" data-has-transparency=\"false\" data-dominant-color=\"e8e8e8\" \/><\/div><a class=\"wp-block-latest-posts__post-title\" href=\"https:\/\/zeroaesquerda.com.br\/index.php\/2026\/03\/08\/podemos-ler-com-hegel-catherine-malabou\/\">Da hermen\u00eautica especulativa hegeliana \u2014 Catherine Malabou<\/a><time datetime=\"2026-03-08T20:10:58+00:00\" class=\"wp-block-latest-posts__post-date\">mar\u00e7o 8, 2026<\/time><\/li>\n<li><div class=\"wp-block-latest-posts__featured-image\"><img loading=\"lazy\" decoding=\"async\" width=\"690\" height=\"1024\" src=\"https:\/\/zeroaesquerda.com.br\/wp-content\/uploads\/2026\/02\/dossier-livro_apresentacao_page-0001-690x1024.avif\" class=\"attachment-large size-large not-transparent wp-post-image\" alt=\"\" style=\"--dominant-color: #8b3921;\" data-has-transparency=\"false\" data-dominant-color=\"8b3921\" \/><\/div><a class=\"wp-block-latest-posts__post-title\" href=\"https:\/\/zeroaesquerda.com.br\/index.php\/2026\/02\/12\/apresentacao-dossie-64-felipe-aiello-e-wesley-sousa\/\">Apresenta\u00e7\u00e3o Dossi\u00ea #64 &#8211; Felipe Aiello e Wesley Sousa<\/a><time datetime=\"2026-02-12T11:00:00+00:00\" class=\"wp-block-latest-posts__post-date\">fevereiro 12, 2026<\/time><\/li>\n<li><div class=\"wp-block-latest-posts__featured-image\"><img loading=\"lazy\" decoding=\"async\" width=\"800\" height=\"598\" src=\"https:\/\/zeroaesquerda.com.br\/wp-content\/uploads\/2026\/02\/Usurario-Com-Uma-Mulher-Chorosa-Por-Gabriel-Metsu-Museu-De-Belas-Artes-Massachusetts-EUA-Foto_-Gustavo-Kralj-Editado.avif\" class=\"attachment-large size-large not-transparent wp-post-image\" alt=\"\" style=\"--dominant-color: #53322a;\" srcset=\"https:\/\/zeroaesquerda.com.br\/wp-content\/uploads\/2026\/02\/Usurario-Com-Uma-Mulher-Chorosa-Por-Gabriel-Metsu-Museu-De-Belas-Artes-Massachusetts-EUA-Foto_-Gustavo-Kralj-Editado.avif 800w, https:\/\/zeroaesquerda.com.br\/wp-content\/uploads\/2026\/02\/Usurario-Com-Uma-Mulher-Chorosa-Por-Gabriel-Metsu-Museu-De-Belas-Artes-Massachusetts-EUA-Foto_-Gustavo-Kralj-Editado-300x224.avif 300w, https:\/\/zeroaesquerda.com.br\/wp-content\/uploads\/2026\/02\/Usurario-Com-Uma-Mulher-Chorosa-Por-Gabriel-Metsu-Museu-De-Belas-Artes-Massachusetts-EUA-Foto_-Gustavo-Kralj-Editado-768x574.avif 768w\" sizes=\"auto, (max-width: 800px) 100vw, 800px\" data-has-transparency=\"false\" data-dominant-color=\"53322a\" \/><\/div><a class=\"wp-block-latest-posts__post-title\" href=\"https:\/\/zeroaesquerda.com.br\/index.php\/2026\/02\/11\/uma-conversa-sobre-o-discurso-filosofico-da-acumulacao-primitiva-de-pedro-rocha-de-oliveira-natalia-rodrigues\/\">Uma conversa sobre o &#8220;Discurso filos\u00f3fico da acumula\u00e7\u00e3o primitiva&#8221;, de Pedro Rocha de Oliveira \u2014 Natalia Rodrigues<\/a><time datetime=\"2026-02-11T00:53:54+00:00\" class=\"wp-block-latest-posts__post-date\">fevereiro 11, 2026<\/time><\/li>\n<\/ul>\n\n\n<div class=\"wp-block-buttons is-layout-flex wp-block-buttons-is-layout-flex\">\n<div class=\"wp-block-button\"><a class=\"wp-block-button__link wp-element-button\" href=\"https:\/\/zeroaesquerda.com.br\/index.php\/blog\/\" style=\"padding-top:0;padding-bottom:0\">Ver todos<\/a><\/div>\n<\/div>\n\n\n<style>.kadence-column6_50609f-ac > .kt-inside-inner-col,.kadence-column6_50609f-ac > .kt-inside-inner-col:before{border-top-left-radius:0px;border-top-right-radius:0px;border-bottom-right-radius:0px;border-bottom-left-radius:0px;}.kadence-column6_50609f-ac > .kt-inside-inner-col{column-gap:var(--global-kb-gap-sm, 1rem);}.kadence-column6_50609f-ac > .kt-inside-inner-col{flex-direction:column;}.kadence-column6_50609f-ac > .kt-inside-inner-col > .aligncenter{width:100%;}.kadence-column6_50609f-ac > .kt-inside-inner-col{background-color:var(--global-palette9, #ffffff);}.kadence-column6_50609f-ac > .kt-inside-inner-col:before{opacity:0.3;}.kadence-column6_50609f-ac, .kadence-column6_50609f-ac h1, .kadence-column6_50609f-ac h2, .kadence-column6_50609f-ac h3, .kadence-column6_50609f-ac h4, .kadence-column6_50609f-ac h5, .kadence-column6_50609f-ac h6{color:var(--global-palette9, #ffffff);}.kadence-column6_50609f-ac a{color:#a36075;}.kadence-column6_50609f-ac a:hover{color:#862744;}.kadence-column6_50609f-ac{position:relative;}@media all and (max-width: 1024px){.kadence-column6_50609f-ac > .kt-inside-inner-col{flex-direction:column;justify-content:center;}}@media all and (max-width: 767px){.kadence-column6_50609f-ac > .kt-inside-inner-col{flex-direction:column;justify-content:center;}}<\/style>\n<div class=\"wp-block-kadence-column kadence-column6_50609f-ac\"><div class=\"kt-inside-inner-col\">\n<p>.<br>.<\/p>\n<\/div><\/div>\n\n\n<style>.wp-block-kadence-spacer.kt-block-spacer-6_37834a-f9 .kt-block-spacer{height:6px;}.wp-block-kadence-spacer.kt-block-spacer-6_37834a-f9 .kt-divider{border-top-width:18px;border-top-color:var(--global-palette1, #3182CE);width:100%;border-top-style:solid;}<\/style>\n<div class=\"wp-block-kadence-spacer aligncenter kt-block-spacer-6_37834a-f9\"><div class=\"kt-block-spacer kt-block-spacer-halign-center\"><hr class=\"kt-divider\"\/><\/div><\/div>\n<\/div><\/div>\n\n<\/div><\/div>\n\n<style>.wp-block-kadence-spacer.kt-block-spacer-6_75eb9c-b6 .kt-block-spacer{height:44px;}.wp-block-kadence-spacer.kt-block-spacer-6_75eb9c-b6 .kt-divider{border-top-width:13px;height:1px;border-top-color:var(--global-palette4, #2D3748);width:100%;border-top-style:solid;}<\/style>\n<div class=\"wp-block-kadence-spacer aligncenter kt-block-spacer-6_75eb9c-b6\"><div class=\"kt-block-spacer kt-block-spacer-halign-center\"><hr class=\"kt-divider\"\/><\/div><\/div>\n","protected":false},"excerpt":{"rendered":"<p>O n\u00famero mais significativo Zero \u00e0 Esquerda \u00e9 um ve\u00edculo para conte\u00fado pol\u00edtico radical que ainda n\u00e3o tem seu lugar. contato@zeroaesquerda.com.br Como colaborar H\u00e1 v\u00e1rias formas de contribuir com este projeto, seja enviando produ\u00e7\u00f5es e tradu\u00e7\u00f5es suas, seja financeiramente. Saiba mais! ..<\/p>\n","protected":false},"author":1,"featured_media":940,"parent":0,"menu_order":0,"comment_status":"closed","ping_status":"closed","template":"redux-templates_contained","meta":{"_coblocks_attr":"","_coblocks_dimensions":"{\"coblocks-hero-01045317174\":{\"padding\":{\"paddingTop\":\"25px\",\"paddingRight\":\"25px\",\"paddingBottom\":\"25px\",\"paddingLeft\":\"25px\",\"paddingTopTablet\":null,\"paddingRightTablet\":null,\"paddingBottomTablet\":null,\"paddingLeftTablet\":null,\"paddingTopMobile\":null,\"paddingRightMobile\":null,\"paddingBottomMobile\":null,\"paddingLeftMobile\":null}}}","_coblocks_responsive_height":"{\"coblocks-hero-01045317174\":{\"height\":{\"height\":250}}}","_coblocks_accordion_ie_support":"","om_disable_all_campaigns":false,"_monsterinsights_skip_tracking":false,"_monsterinsights_sitenote_active":false,"_monsterinsights_sitenote_note":"","_monsterinsights_sitenote_category":0,"_uf_show_specific_survey":0,"_uf_disable_surveys":false,"_kadence_starter_templates_imported_post":true,"_kad_post_transparent":"","_kad_post_title":"","_kad_post_layout":"","_kad_post_sidebar_id":"","_kad_post_content_style":"","_kad_post_vertical_padding":"","_kad_post_feature":"","_kad_post_feature_position":"","_kad_post_header":false,"_kad_post_footer":false,"_kad_post_classname":"","footnotes":""},"class_list":["post-6","page","type-page","status-publish","has-post-thumbnail","hentry"],"yoast_head":"<!-- This site is optimized with the Yoast SEO plugin v27.4 - https:\/\/yoast.com\/product\/yoast-seo-wordpress\/ -->\n<title>In\u00edcio - Zero \u00e0 Esquerda<\/title>\n<meta name=\"robots\" content=\"index, follow, max-snippet:-1, max-image-preview:large, max-video-preview:-1\" \/>\n<link rel=\"canonical\" href=\"https:\/\/zeroaesquerda.com.br\/\" \/>\n<meta property=\"og:locale\" content=\"pt_BR\" \/>\n<meta property=\"og:type\" content=\"article\" \/>\n<meta property=\"og:title\" content=\"In\u00edcio - Zero \u00e0 Esquerda\" \/>\n<meta property=\"og:description\" content=\"O n\u00famero mais significativo Zero \u00e0 Esquerda \u00e9 um ve\u00edculo para conte\u00fado pol\u00edtico radical que ainda n\u00e3o tem seu lugar. contato@zeroaesquerda.com.br Como colaborar H\u00e1 v\u00e1rias formas de contribuir com este projeto, seja enviando produ\u00e7\u00f5es e tradu\u00e7\u00f5es suas, seja financeiramente. Saiba mais! ..\" \/>\n<meta property=\"og:url\" content=\"https:\/\/zeroaesquerda.com.br\/\" \/>\n<meta property=\"og:site_name\" content=\"Zero \u00e0 Esquerda\" \/>\n<meta property=\"article:publisher\" content=\"https:\/\/www.facebook.com\/revistazeroaesquerda\" \/>\n<meta property=\"article:modified_time\" content=\"2026-02-26T00:25:53+00:00\" \/>\n<meta property=\"og:image\" content=\"https:\/\/zeroaesquerda.com.br\/wp-content\/uploads\/2021\/01\/capa-versao-principal-1024x341.png\" \/>\n\t<meta property=\"og:image:width\" content=\"1024\" \/>\n\t<meta property=\"og:image:height\" content=\"341\" \/>\n\t<meta property=\"og:image:type\" content=\"image\/png\" \/>\n<meta name=\"twitter:card\" content=\"summary_large_image\" \/>\n<meta name=\"twitter:site\" content=\"@z3roaesquerda\" \/>\n<meta name=\"twitter:label1\" content=\"Est. tempo de leitura\" \/>\n\t<meta name=\"twitter:data1\" content=\"1 minuto\" \/>\n<script type=\"application\/ld+json\" class=\"yoast-schema-graph\">{\"@context\":\"https:\\\/\\\/schema.org\",\"@graph\":[{\"@type\":\"WebPage\",\"@id\":\"https:\\\/\\\/zeroaesquerda.com.br\\\/\",\"url\":\"https:\\\/\\\/zeroaesquerda.com.br\\\/\",\"name\":\"In\u00edcio - Zero \u00e0 Esquerda\",\"isPartOf\":{\"@id\":\"https:\\\/\\\/zeroaesquerda.com.br\\\/#website\"},\"primaryImageOfPage\":{\"@id\":\"https:\\\/\\\/zeroaesquerda.com.br\\\/#primaryimage\"},\"image\":{\"@id\":\"https:\\\/\\\/zeroaesquerda.com.br\\\/#primaryimage\"},\"thumbnailUrl\":\"https:\\\/\\\/zeroaesquerda.com.br\\\/wp-content\\\/uploads\\\/2021\\\/01\\\/capa-versao-principal.png\",\"datePublished\":\"2019-11-25T19:31:54+00:00\",\"dateModified\":\"2026-02-26T00:25:53+00:00\",\"breadcrumb\":{\"@id\":\"https:\\\/\\\/zeroaesquerda.com.br\\\/#breadcrumb\"},\"inLanguage\":\"pt-BR\",\"potentialAction\":[{\"@type\":\"ReadAction\",\"target\":[\"https:\\\/\\\/zeroaesquerda.com.br\\\/\"]}]},{\"@type\":\"ImageObject\",\"inLanguage\":\"pt-BR\",\"@id\":\"https:\\\/\\\/zeroaesquerda.com.br\\\/#primaryimage\",\"url\":\"https:\\\/\\\/zeroaesquerda.com.br\\\/wp-content\\\/uploads\\\/2021\\\/01\\\/capa-versao-principal.png\",\"contentUrl\":\"https:\\\/\\\/zeroaesquerda.com.br\\\/wp-content\\\/uploads\\\/2021\\\/01\\\/capa-versao-principal.png\",\"width\":6000,\"height\":2000},{\"@type\":\"BreadcrumbList\",\"@id\":\"https:\\\/\\\/zeroaesquerda.com.br\\\/#breadcrumb\",\"itemListElement\":[{\"@type\":\"ListItem\",\"position\":1,\"name\":\"In\u00edcio\",\"item\":\"https:\\\/\\\/zeroaesquerda.com.br\\\/\"},{\"@type\":\"ListItem\",\"position\":2,\"name\":\"In\u00edcio\"}]},{\"@type\":\"WebSite\",\"@id\":\"https:\\\/\\\/zeroaesquerda.com.br\\\/#website\",\"url\":\"https:\\\/\\\/zeroaesquerda.com.br\\\/\",\"name\":\"Zero \u00e0 Esquerda\",\"description\":\"Tra\u00e7ando tend\u00eancias para al\u00e9m do capitalismo.\",\"publisher\":{\"@id\":\"https:\\\/\\\/zeroaesquerda.com.br\\\/#organization\"},\"potentialAction\":[{\"@type\":\"SearchAction\",\"target\":{\"@type\":\"EntryPoint\",\"urlTemplate\":\"https:\\\/\\\/zeroaesquerda.com.br\\\/?s={search_term_string}\"},\"query-input\":{\"@type\":\"PropertyValueSpecification\",\"valueRequired\":true,\"valueName\":\"search_term_string\"}}],\"inLanguage\":\"pt-BR\"},{\"@type\":\"Organization\",\"@id\":\"https:\\\/\\\/zeroaesquerda.com.br\\\/#organization\",\"name\":\"Zero \u00e0 Esquerda\",\"url\":\"https:\\\/\\\/zeroaesquerda.com.br\\\/\",\"logo\":{\"@type\":\"ImageObject\",\"inLanguage\":\"pt-BR\",\"@id\":\"https:\\\/\\\/zeroaesquerda.com.br\\\/#\\\/schema\\\/logo\\\/image\\\/\",\"url\":\"https:\\\/\\\/zeroaesquerda.com.br\\\/wp-content\\\/uploads\\\/2021\\\/01\\\/4-simbolo-zero-a-esquerda-favicon-alt.png\",\"contentUrl\":\"https:\\\/\\\/zeroaesquerda.com.br\\\/wp-content\\\/uploads\\\/2021\\\/01\\\/4-simbolo-zero-a-esquerda-favicon-alt.png\",\"width\":1271,\"height\":1069,\"caption\":\"Zero \u00e0 Esquerda\"},\"image\":{\"@id\":\"https:\\\/\\\/zeroaesquerda.com.br\\\/#\\\/schema\\\/logo\\\/image\\\/\"},\"sameAs\":[\"https:\\\/\\\/www.facebook.com\\\/revistazeroaesquerda\",\"https:\\\/\\\/x.com\\\/z3roaesquerda\",\"https:\\\/\\\/www.instagram.com\\\/revistazeroaesquerda\\\/\",\"https:\\\/\\\/www.youtube.com\\\/channel\\\/UCIaGx271Qw6D1QwqYBojrLw\"]}]}<\/script>\n<!-- \/ Yoast SEO plugin. -->","yoast_head_json":{"title":"In\u00edcio - Zero \u00e0 Esquerda","robots":{"index":"index","follow":"follow","max-snippet":"max-snippet:-1","max-image-preview":"max-image-preview:large","max-video-preview":"max-video-preview:-1"},"canonical":"https:\/\/zeroaesquerda.com.br\/","og_locale":"pt_BR","og_type":"article","og_title":"In\u00edcio - Zero \u00e0 Esquerda","og_description":"O n\u00famero mais significativo Zero \u00e0 Esquerda \u00e9 um ve\u00edculo para conte\u00fado pol\u00edtico radical que ainda n\u00e3o tem seu lugar. contato@zeroaesquerda.com.br Como colaborar H\u00e1 v\u00e1rias formas de contribuir com este projeto, seja enviando produ\u00e7\u00f5es e tradu\u00e7\u00f5es suas, seja financeiramente. Saiba mais! ..","og_url":"https:\/\/zeroaesquerda.com.br\/","og_site_name":"Zero \u00e0 Esquerda","article_publisher":"https:\/\/www.facebook.com\/revistazeroaesquerda","article_modified_time":"2026-02-26T00:25:53+00:00","og_image":[{"width":1024,"height":341,"url":"https:\/\/zeroaesquerda.com.br\/wp-content\/uploads\/2021\/01\/capa-versao-principal-1024x341.png","type":"image\/png"}],"twitter_card":"summary_large_image","twitter_site":"@z3roaesquerda","twitter_misc":{"Est. tempo de leitura":"1 minuto"},"schema":{"@context":"https:\/\/schema.org","@graph":[{"@type":"WebPage","@id":"https:\/\/zeroaesquerda.com.br\/","url":"https:\/\/zeroaesquerda.com.br\/","name":"In\u00edcio - Zero \u00e0 Esquerda","isPartOf":{"@id":"https:\/\/zeroaesquerda.com.br\/#website"},"primaryImageOfPage":{"@id":"https:\/\/zeroaesquerda.com.br\/#primaryimage"},"image":{"@id":"https:\/\/zeroaesquerda.com.br\/#primaryimage"},"thumbnailUrl":"https:\/\/zeroaesquerda.com.br\/wp-content\/uploads\/2021\/01\/capa-versao-principal.png","datePublished":"2019-11-25T19:31:54+00:00","dateModified":"2026-02-26T00:25:53+00:00","breadcrumb":{"@id":"https:\/\/zeroaesquerda.com.br\/#breadcrumb"},"inLanguage":"pt-BR","potentialAction":[{"@type":"ReadAction","target":["https:\/\/zeroaesquerda.com.br\/"]}]},{"@type":"ImageObject","inLanguage":"pt-BR","@id":"https:\/\/zeroaesquerda.com.br\/#primaryimage","url":"https:\/\/zeroaesquerda.com.br\/wp-content\/uploads\/2021\/01\/capa-versao-principal.png","contentUrl":"https:\/\/zeroaesquerda.com.br\/wp-content\/uploads\/2021\/01\/capa-versao-principal.png","width":6000,"height":2000},{"@type":"BreadcrumbList","@id":"https:\/\/zeroaesquerda.com.br\/#breadcrumb","itemListElement":[{"@type":"ListItem","position":1,"name":"In\u00edcio","item":"https:\/\/zeroaesquerda.com.br\/"},{"@type":"ListItem","position":2,"name":"In\u00edcio"}]},{"@type":"WebSite","@id":"https:\/\/zeroaesquerda.com.br\/#website","url":"https:\/\/zeroaesquerda.com.br\/","name":"Zero \u00e0 Esquerda","description":"Tra\u00e7ando tend\u00eancias para al\u00e9m do capitalismo.","publisher":{"@id":"https:\/\/zeroaesquerda.com.br\/#organization"},"potentialAction":[{"@type":"SearchAction","target":{"@type":"EntryPoint","urlTemplate":"https:\/\/zeroaesquerda.com.br\/?s={search_term_string}"},"query-input":{"@type":"PropertyValueSpecification","valueRequired":true,"valueName":"search_term_string"}}],"inLanguage":"pt-BR"},{"@type":"Organization","@id":"https:\/\/zeroaesquerda.com.br\/#organization","name":"Zero \u00e0 Esquerda","url":"https:\/\/zeroaesquerda.com.br\/","logo":{"@type":"ImageObject","inLanguage":"pt-BR","@id":"https:\/\/zeroaesquerda.com.br\/#\/schema\/logo\/image\/","url":"https:\/\/zeroaesquerda.com.br\/wp-content\/uploads\/2021\/01\/4-simbolo-zero-a-esquerda-favicon-alt.png","contentUrl":"https:\/\/zeroaesquerda.com.br\/wp-content\/uploads\/2021\/01\/4-simbolo-zero-a-esquerda-favicon-alt.png","width":1271,"height":1069,"caption":"Zero \u00e0 Esquerda"},"image":{"@id":"https:\/\/zeroaesquerda.com.br\/#\/schema\/logo\/image\/"},"sameAs":["https:\/\/www.facebook.com\/revistazeroaesquerda","https:\/\/x.com\/z3roaesquerda","https:\/\/www.instagram.com\/revistazeroaesquerda\/","https:\/\/www.youtube.com\/channel\/UCIaGx271Qw6D1QwqYBojrLw"]}]}},"_links":{"self":[{"href":"https:\/\/zeroaesquerda.com.br\/index.php\/wp-json\/wp\/v2\/pages\/6","targetHints":{"allow":["GET"]}}],"collection":[{"href":"https:\/\/zeroaesquerda.com.br\/index.php\/wp-json\/wp\/v2\/pages"}],"about":[{"href":"https:\/\/zeroaesquerda.com.br\/index.php\/wp-json\/wp\/v2\/types\/page"}],"author":[{"embeddable":true,"href":"https:\/\/zeroaesquerda.com.br\/index.php\/wp-json\/wp\/v2\/users\/1"}],"replies":[{"embeddable":true,"href":"https:\/\/zeroaesquerda.com.br\/index.php\/wp-json\/wp\/v2\/comments?post=6"}],"version-history":[{"count":59,"href":"https:\/\/zeroaesquerda.com.br\/index.php\/wp-json\/wp\/v2\/pages\/6\/revisions"}],"predecessor-version":[{"id":4541,"href":"https:\/\/zeroaesquerda.com.br\/index.php\/wp-json\/wp\/v2\/pages\/6\/revisions\/4541"}],"wp:featuredmedia":[{"embeddable":true,"href":"https:\/\/zeroaesquerda.com.br\/index.php\/wp-json\/wp\/v2\/media\/940"}],"wp:attachment":[{"href":"https:\/\/zeroaesquerda.com.br\/index.php\/wp-json\/wp\/v2\/media?parent=6"}],"curies":[{"name":"wp","href":"https:\/\/api.w.org\/{rel}","templated":true}]}}