{"id":1268,"date":"2021-02-02T03:55:06","date_gmt":"2021-02-02T03:55:06","guid":{"rendered":"http:\/\/zeroaesquerda.com.br\/?page_id=1268"},"modified":"2021-11-03T15:29:59","modified_gmt":"2021-11-03T15:29:59","slug":"traducoes","status":"publish","type":"page","link":"https:\/\/zeroaesquerda.com.br\/index.php\/traducoes\/","title":{"rendered":"Tradu\u00e7\u00f5es"},"content":{"rendered":"\n<p style=\"font-size:41px\"><strong>Tradu\u00e7\u00f5es<\/strong><\/p>\n\n\n<form role=\"search\" method=\"get\" action=\"https:\/\/zeroaesquerda.com.br\/\" class=\"wp-block-search__button-outside wp-block-search__text-button wp-block-search\"    ><label class=\"wp-block-search__label\" for=\"wp-block-search__input-1\" >Pesquisar<\/label><div class=\"wp-block-search__inside-wrapper\" ><input class=\"wp-block-search__input\" id=\"wp-block-search__input-1\" placeholder=\"\" value=\"\" type=\"search\" name=\"s\" required \/><button aria-label=\"Pesquisar\" class=\"wp-block-search__button wp-element-button\" type=\"submit\" >Pesquisar<\/button><\/div><\/form>\n\n<div\n\t\tclass=\"free alignwide alignwide wp-block-ap-block-posts\"\tid='apbAdvancedPosts-2'\n\tdata-nonce='&quot;aa6f7c95c4&quot;'\n\tdata-attributes='{&quot;cId&quot;:&quot;bdda77c9-afe4-48d1-9bdc-96a96982bb05&quot;,&quot;layout&quot;:&quot;slider&quot;,&quot;subLayout&quot;:&quot;left-image&quot;,&quot;columns&quot;:{&quot;desktop&quot;:2,&quot;tablet&quot;:2,&quot;mobile&quot;:1},&quot;selectedCategories&quot;:[346],&quot;isPostsPerPageAll&quot;:true,&quot;postsPerPage&quot;:23,&quot;contentBG&quot;:{&quot;color&quot;:&quot;#f4f2fc&quot;,&quot;type&quot;:&quot;solid&quot;,&quot;gradient&quot;:&quot;linear-gradient(135deg, #4527a4, #8344c5)&quot;,&quot;image&quot;:[],&quot;position&quot;:&quot;center center&quot;,&quot;attachment&quot;:&quot;initial&quot;,&quot;repeat&quot;:&quot;no-repeat&quot;,&quot;size&quot;:&quot;cover&quot;,&quot;overlayColor&quot;:&quot;#000000b3&quot;,&quot;styles&quot;:&quot;background-color: #f4f2fc;&quot;},&quot;contentPadding&quot;:{&quot;vertical&quot;:&quot;20px&quot;,&quot;horizontal&quot;:&quot;25px&quot;,&quot;side&quot;:2,&quot;top&quot;:&quot;0px&quot;,&quot;right&quot;:&quot;0px&quot;,&quot;bottom&quot;:&quot;0px&quot;,&quot;left&quot;:&quot;0px&quot;,&quot;styles&quot;:&quot;20px 25px&quot;},&quot;border&quot;:{&quot;radius&quot;:&quot;5px&quot;,&quot;width&quot;:&quot;0px&quot;,&quot;style&quot;:&quot;solid&quot;,&quot;color&quot;:&quot;#0000&quot;,&quot;side&quot;:&quot;all&quot;,&quot;styles&quot;:&quot;border-radius: 5px;&quot;},&quot;sliderPageColor&quot;:&quot;rgba(55, 15, 76, 1)&quot;,&quot;sliderPageBorder&quot;:{&quot;radius&quot;:&quot;50%&quot;,&quot;width&quot;:&quot;0px&quot;,&quot;style&quot;:&quot;solid&quot;,&quot;color&quot;:&quot;#0000&quot;,&quot;side&quot;:&quot;all&quot;,&quot;styles&quot;:&quot;border-radius: 50%;&quot;},&quot;sliderPrevNextColor&quot;:&quot;rgba(67, 16, 51, 1)&quot;,&quot;titleTypo&quot;:{&quot;fontFamily&quot;:&quot;Roboto&quot;,&quot;fontSize&quot;:25,&quot;googleFontLink&quot;:&quot;https:\\\/\\\/fonts.googleapis.com\\\/css2?family=Roboto&amp;display=swap&quot;,&quot;styles&quot;:&quot;font-family: &#039;Roboto&#039;, sans-serif; font-size: 25px; line-height: 135%;&quot;},&quot;titleColor&quot;:&quot;rgba(28, 17, 65, 1)&quot;,&quot;titleMargin&quot;:{&quot;bottom&quot;:&quot;15px&quot;,&quot;side&quot;:4,&quot;vertical&quot;:&quot;0px&quot;,&quot;horizontal&quot;:&quot;0px&quot;,&quot;top&quot;:&quot;0px&quot;,&quot;right&quot;:&quot;0px&quot;,&quot;left&quot;:&quot;0px&quot;,&quot;styles&quot;:&quot;0px 0px 15px 0px&quot;},&quot;isMetaAuthor&quot;:false,&quot;isMetaComment&quot;:true,&quot;metaTypo&quot;:{&quot;fontSize&quot;:13,&quot;textTransform&quot;:&quot;uppercase&quot;,&quot;styles&quot;:&quot;font-size: 13px; text-transform: uppercase; line-height: 135%;&quot;,&quot;googleFontLink&quot;:&quot;https:\\\/\\\/fonts.googleapis.com\\\/css2?family=Open+Sans&amp;display=swap&quot;},&quot;metaLinkColor&quot;:&quot;rgba(183, 22, 103, 1)&quot;,&quot;metaIconColor&quot;:&quot;rgba(230, 16, 48, 1)&quot;,&quot;metaMargin&quot;:{&quot;bottom&quot;:&quot;15px&quot;,&quot;side&quot;:4,&quot;vertical&quot;:&quot;0px&quot;,&quot;horizontal&quot;:&quot;0px&quot;,&quot;top&quot;:&quot;0px&quot;,&quot;right&quot;:&quot;0px&quot;,&quot;left&quot;:&quot;0px&quot;,&quot;styles&quot;:&quot;0px 0px 15px 0px&quot;},&quot;excerptTypo&quot;:{&quot;fontSize&quot;:15,&quot;styles&quot;:&quot;font-size: 15px; line-height: 135%;&quot;,&quot;googleFontLink&quot;:&quot;https:\\\/\\\/fonts.googleapis.com\\\/css2?family=Open+Sans&amp;display=swap&quot;},&quot;excerptMargin&quot;:{&quot;bottom&quot;:&quot;10px&quot;,&quot;side&quot;:4,&quot;vertical&quot;:&quot;0px&quot;,&quot;horizontal&quot;:&quot;0px&quot;,&quot;top&quot;:&quot;0px&quot;,&quot;right&quot;:&quot;0px&quot;,&quot;left&quot;:&quot;0px&quot;,&quot;styles&quot;:&quot;0px 0px 10px 0px&quot;},&quot;readMoreLabel&quot;:&quot;Leia mais&quot;,&quot;readMoreTypo&quot;:{&quot;fontSize&quot;:14,&quot;textTransform&quot;:&quot;uppercase&quot;,&quot;fontWeight&quot;:600,&quot;styles&quot;:&quot;font-weight: 600; font-size: 14px; text-transform: uppercase; line-height: 135%;&quot;,&quot;googleFontLink&quot;:&quot;https:\\\/\\\/fonts.googleapis.com\\\/css2?family=Open+Sans&amp;display=swap&quot;},&quot;readMoreColors&quot;:{&quot;color&quot;:&quot;#fff&quot;,&quot;bg&quot;:&quot;rgba(230, 29, 66, 1)&quot;,&quot;bgType&quot;:&quot;solid&quot;,&quot;gradient&quot;:&quot;linear-gradient(135deg, #ff7db8, #ee2a7b)&quot;,&quot;styles&quot;:&quot;color: #fff; background: rgba(230, 29, 66, 1);&quot;},&quot;readMoreHovColors&quot;:{&quot;color&quot;:&quot;#fff&quot;,&quot;bg&quot;:&quot;rgba(247, 4, 69, 1)&quot;,&quot;bgType&quot;:&quot;solid&quot;,&quot;gradient&quot;:&quot;linear-gradient(135deg, #4527a4, #8344c5)&quot;,&quot;styles&quot;:&quot;color: #fff; background: rgba(247, 4, 69, 1);&quot;},&quot;readMorePadding&quot;:{&quot;vertical&quot;:&quot;12px&quot;,&quot;horizontal&quot;:&quot;35px&quot;,&quot;side&quot;:2,&quot;top&quot;:&quot;0px&quot;,&quot;right&quot;:&quot;0px&quot;,&quot;bottom&quot;:&quot;0px&quot;,&quot;left&quot;:&quot;0px&quot;,&quot;styles&quot;:&quot;12px 35px&quot;},&quot;readMoreBorder&quot;:{&quot;radius&quot;:&quot;3px&quot;,&quot;width&quot;:&quot;0px&quot;,&quot;style&quot;:&quot;solid&quot;,&quot;color&quot;:&quot;#0000&quot;,&quot;side&quot;:&quot;all&quot;,&quot;styles&quot;:&quot;border-radius: 3px;&quot;},&quot;align&quot;:&quot;wide&quot;,&quot;columnGap&quot;:15,&quot;rowGap&quot;:15,&quot;isContentEqualHight&quot;:true,&quot;sliderHeight&quot;:&quot;350px&quot;,&quot;content&quot;:{&quot;height&quot;:&quot;auto&quot;},&quot;postType&quot;:&quot;post&quot;,&quot;selectedTaxonomies&quot;:[],&quot;selectedTags&quot;:[],&quot;postsOrderBy&quot;:&quot;date&quot;,&quot;postsOrder&quot;:&quot;desc&quot;,&quot;postsOffset&quot;:0,&quot;postsInclude&quot;:[],&quot;postsExclude&quot;:[],&quot;isExcludeCurrent&quot;:false,&quot;isPagination&quot;:false,&quot;paginationPrevLabel&quot;:&quot;Prev&quot;,&quot;paginationNextLabel&quot;:&quot;Next&quot;,&quot;paginationColors&quot;:{&quot;color&quot;:&quot;#fff&quot;,&quot;bg&quot;:&quot;#146EF5&quot;},&quot;paginationHovColors&quot;:{&quot;color&quot;:&quot;#fff&quot;,&quot;bg&quot;:&quot;#070127&quot;},&quot;paginationPadding&quot;:{&quot;vertical&quot;:&quot;8px&quot;,&quot;horizontal&quot;:&quot;15px&quot;},&quot;paginationSpacing&quot;:&quot;15px&quot;,&quot;contentAlign&quot;:&quot;left&quot;,&quot;sliderIsLoop&quot;:true,&quot;sliderIsTouchMove&quot;:false,&quot;sliderIsAutoplay&quot;:true,&quot;sliderAutoplayOptions&quot;:{&quot;delay&quot;:1.5},&quot;sliderSpeed&quot;:1.5,&quot;sliderEffect&quot;:&quot;slide&quot;,&quot;sliderIsPage&quot;:true,&quot;sliderIsPageClickable&quot;:true,&quot;sliderIsPageDynamic&quot;:true,&quot;sliderPageWidth&quot;:&quot;15px&quot;,&quot;sliderPageHeight&quot;:&quot;15px&quot;,&quot;sliderIsPrevNext&quot;:true,&quot;tickerDirection&quot;:&quot;up&quot;,&quot;tickerSpeed&quot;:&quot;slow&quot;,&quot;tickerInterval&quot;:2000,&quot;tickerHeight&quot;:&quot;0px&quot;,&quot;tickerVisible&quot;:3,&quot;tickerIsMousePause&quot;:true,&quot;elementsSort&quot;:[&quot;title&quot;,&quot;meta&quot;],&quot;isFImg&quot;:true,&quot;fImgSize&quot;:&quot;full&quot;,&quot;fImgFitting&quot;:&quot;cover&quot;,&quot;isFImgLink&quot;:false,&quot;isTitle&quot;:true,&quot;isTitleLink&quot;:true,&quot;isMeta&quot;:true,&quot;isMetaAuthorLink&quot;:true,&quot;metaAuthorIcon&quot;:&quot;&quot;,&quot;isMetaDate&quot;:true,&quot;metaDateFormat&quot;:&quot;M j, Y&quot;,&quot;metaDateIcon&quot;:&quot;&quot;,&quot;isMetaCategory&quot;:true,&quot;metaCategoryIn&quot;:&quot;content&quot;,&quot;metaCategoryIcon&quot;:&quot;&quot;,&quot;metaTaxonomies&quot;:{&quot;selected&quot;:[]},&quot;isMetaReadTime&quot;:false,&quot;metaReadTimeIcon&quot;:&quot;&quot;,&quot;isMetaReadTimeSec&quot;:false,&quot;metaReadTimeLabel&quot;:&quot;Min read&quot;,&quot;metaCommentIcon&quot;:&quot;&quot;,&quot;metaTextColor&quot;:&quot;&quot;,&quot;metaColorsOnImage&quot;:{&quot;color&quot;:&quot;#fff&quot;,&quot;bg&quot;:&quot;#146EF5&quot;},&quot;isExcerpt&quot;:true,&quot;isExcerptFromContent&quot;:false,&quot;isEllipsisOnExcerpt&quot;:false,&quot;excerptLength&quot;:25,&quot;excerptAlign&quot;:&quot;justify&quot;,&quot;excerptColor&quot;:&quot;&quot;,&quot;isReadMore&quot;:true,&quot;readMorePosition&quot;:&quot;auto&quot;,&quot;isLinkNewTab&quot;:false,&quot;readMoreAlign&quot;:&quot;left&quot;}'\n\tdata-extra='{&quot;totalPosts&quot;:70}'\n\tdata-pipecheck=''\n>\n\t<pre id='firstPosts'>\n\t\t[{&quot;id&quot;:4596,&quot;link&quot;:&quot;https:\\\/\\\/zeroaesquerda.com.br\\\/index.php\\\/2026\\\/04\\\/09\\\/os-estados-unidos-e-o-capitalismo-fascista-maurizio-lazzarato\\\/&quot;,&quot;name&quot;:&quot;os-estados-unidos-e-o-capitalismo-fascista-maurizio-lazzarato&quot;,&quot;thumbnail&quot;:{&quot;url&quot;:&quot;https:\\\/\\\/zeroaesquerda.com.br\\\/wp-content\\\/uploads\\\/2026\\\/04\\\/WhatsApp-Image-2026-04-08-at-14.13.48.avif&quot;,&quot;alt&quot;:&quot;&quot;},&quot;title&quot;:&quot;Os Estados Unidos e o \\&quot;capitalismo fascista\\&quot; \\u2014 Maurizio Lazzarato&quot;,&quot;postMeta&quot;:[],&quot;author&quot;:{&quot;name&quot;:&quot;Zero \\u00e0 Esquerda&quot;,&quot;link&quot;:&quot;https:\\\/\\\/zeroaesquerda.com.br\\\/index.php\\\/author\\\/revistazeroaesquerdagmail-com\\\/&quot;},&quot;date&quot;:&quot;abr 9, 2026&quot;,&quot;dateGMT&quot;:&quot;2026-04-09 00:08:04&quot;,&quot;modifiedDate&quot;:&quot;2026-04-09 00:09:03&quot;,&quot;modifiedDateGMT&quot;:&quot;2026-04-09 00:09:03&quot;,&quot;commentCount&quot;:&quot;0&quot;,&quot;commentStatus&quot;:&quot;open&quot;,&quot;categories&quot;:{&quot;coma&quot;:&quot;&lt;a href=\\&quot;https:\\\/\\\/zeroaesquerda.com.br\\\/index.php\\\/category\\\/traducoes\\\/maurizio-lazzarato\\\/\\&quot; rel=\\&quot;category tag\\&quot;&gt;Maurizio Lazzarato&lt;\\\/a&gt;, &lt;a href=\\&quot;https:\\\/\\\/zeroaesquerda.com.br\\\/index.php\\\/category\\\/traducoes\\\/\\&quot; rel=\\&quot;category tag\\&quot;&gt;Tradu\\u00e7\\u00f5es&lt;\\\/a&gt;&quot;,&quot;space&quot;:&quot;&lt;a href=\\&quot;https:\\\/\\\/zeroaesquerda.com.br\\\/index.php\\\/category\\\/traducoes\\\/maurizio-lazzarato\\\/\\&quot; rel=\\&quot;category tag\\&quot;&gt;Maurizio Lazzarato&lt;\\\/a&gt; &lt;a href=\\&quot;https:\\\/\\\/zeroaesquerda.com.br\\\/index.php\\\/category\\\/traducoes\\\/\\&quot; rel=\\&quot;category tag\\&quot;&gt;Tradu\\u00e7\\u00f5es&lt;\\\/a&gt;&quot;},&quot;taxonomies&quot;:{&quot;post_tag&quot;:&quot;&lt;a href=&#039;https:\\\/\\\/zeroaesquerda.com.br\\\/index.php\\\/tag\\\/filosofia\\\/&#039; rel=&#039;post_tag&#039;&gt;Filosofia&lt;\\\/a&gt;&lt;a href=&#039;https:\\\/\\\/zeroaesquerda.com.br\\\/index.php\\\/tag\\\/maurizio-lazzarato-capitalismo\\\/&#039; rel=&#039;post_tag&#039;&gt;Maurizio Lazzarato capitalismo&lt;\\\/a&gt;&lt;a href=&#039;https:\\\/\\\/zeroaesquerda.com.br\\\/index.php\\\/tag\\\/politica\\\/&#039; rel=&#039;post_tag&#039;&gt;Pol\\u00edtica&lt;\\\/a&gt;&lt;a href=&#039;https:\\\/\\\/zeroaesquerda.com.br\\\/index.php\\\/tag\\\/sociologia\\\/&#039; rel=&#039;post_tag&#039;&gt;Sociologia&lt;\\\/a&gt;&quot;},&quot;readTime&quot;:{&quot;min&quot;:25,&quot;sec&quot;:30},&quot;status&quot;:&quot;publish&quot;,&quot;excerpt&quot;:&quot;&quot;},{&quot;id&quot;:4550,&quot;link&quot;:&quot;https:\\\/\\\/zeroaesquerda.com.br\\\/index.php\\\/2026\\\/03\\\/08\\\/podemos-ler-com-hegel-catherine-malabou\\\/&quot;,&quot;name&quot;:&quot;podemos-ler-com-hegel-catherine-malabou&quot;,&quot;thumbnail&quot;:{&quot;url&quot;:&quot;https:\\\/\\\/zeroaesquerda.com.br\\\/wp-content\\\/uploads\\\/2026\\\/03\\\/f8e37840-f2ea-4c89-a153-4669afe5eb1d.avif&quot;,&quot;alt&quot;:&quot;&quot;},&quot;title&quot;:&quot;Da hermen\\u00eautica especulativa hegeliana \\u2014 Catherine Malabou&quot;,&quot;postMeta&quot;:[],&quot;author&quot;:{&quot;name&quot;:&quot;Thomas&quot;,&quot;link&quot;:&quot;https:\\\/\\\/zeroaesquerda.com.br\\\/index.php\\\/author\\\/thomas\\\/&quot;},&quot;date&quot;:&quot;mar 8, 2026&quot;,&quot;dateGMT&quot;:&quot;2026-03-08 20:10:58&quot;,&quot;modifiedDate&quot;:&quot;2026-03-10 18:29:02&quot;,&quot;modifiedDateGMT&quot;:&quot;2026-03-10 18:29:02&quot;,&quot;commentCount&quot;:&quot;0&quot;,&quot;commentStatus&quot;:&quot;open&quot;,&quot;categories&quot;:{&quot;coma&quot;:&quot;&lt;a href=\\&quot;https:\\\/\\\/zeroaesquerda.com.br\\\/index.php\\\/category\\\/autores\\\/\\&quot; rel=\\&quot;category tag\\&quot;&gt;Autores&lt;\\\/a&gt;, &lt;a href=\\&quot;https:\\\/\\\/zeroaesquerda.com.br\\\/index.php\\\/category\\\/traducoes\\\/\\&quot; rel=\\&quot;category tag\\&quot;&gt;Tradu\\u00e7\\u00f5es&lt;\\\/a&gt;&quot;,&quot;space&quot;:&quot;&lt;a href=\\&quot;https:\\\/\\\/zeroaesquerda.com.br\\\/index.php\\\/category\\\/autores\\\/\\&quot; rel=\\&quot;category tag\\&quot;&gt;Autores&lt;\\\/a&gt; &lt;a href=\\&quot;https:\\\/\\\/zeroaesquerda.com.br\\\/index.php\\\/category\\\/traducoes\\\/\\&quot; rel=\\&quot;category tag\\&quot;&gt;Tradu\\u00e7\\u00f5es&lt;\\\/a&gt;&quot;},&quot;taxonomies&quot;:{&quot;post_tag&quot;:&quot;&lt;a href=&#039;https:\\\/\\\/zeroaesquerda.com.br\\\/index.php\\\/tag\\\/catharine-malabou\\\/&#039; rel=&#039;post_tag&#039;&gt;Catharine Malabou&lt;\\\/a&gt;&lt;a href=&#039;https:\\\/\\\/zeroaesquerda.com.br\\\/index.php\\\/tag\\\/dialetica\\\/&#039; rel=&#039;post_tag&#039;&gt;Dial\\u00e9tica&lt;\\\/a&gt;&lt;a href=&#039;https:\\\/\\\/zeroaesquerda.com.br\\\/index.php\\\/tag\\\/eduardo-galeno\\\/&#039; rel=&#039;post_tag&#039;&gt;Eduardo Galeno&lt;\\\/a&gt;&lt;a href=&#039;https:\\\/\\\/zeroaesquerda.com.br\\\/index.php\\\/tag\\\/hegel\\\/&#039; rel=&#039;post_tag&#039;&gt;Hegel&lt;\\\/a&gt;&lt;a href=&#039;https:\\\/\\\/zeroaesquerda.com.br\\\/index.php\\\/tag\\\/hermeneutica-especulativa\\\/&#039; rel=&#039;post_tag&#039;&gt;Hermen\\u00eautica especulativa&lt;\\\/a&gt;&lt;a href=&#039;https:\\\/\\\/zeroaesquerda.com.br\\\/index.php\\\/tag\\\/plasticidade\\\/&#039; rel=&#039;post_tag&#039;&gt;Plasticidade&lt;\\\/a&gt;&quot;},&quot;readTime&quot;:{&quot;min&quot;:4,&quot;sec&quot;:48},&quot;status&quot;:&quot;publish&quot;,&quot;excerpt&quot;:&quot;&quot;},{&quot;id&quot;:4301,&quot;link&quot;:&quot;https:\\\/\\\/zeroaesquerda.com.br\\\/index.php\\\/2025\\\/12\\\/12\\\/que-assim-seja-1951-anna-akhmatova\\\/&quot;,&quot;name&quot;:&quot;que-assim-seja-1951-anna-akhmatova&quot;,&quot;thumbnail&quot;:{&quot;url&quot;:&quot;https:\\\/\\\/zeroaesquerda.com.br\\\/wp-content\\\/uploads\\\/2025\\\/12\\\/Anna-Akhmatova-por-Natan-Altman-1914-e1765541924486.avif&quot;,&quot;alt&quot;:&quot;&quot;},&quot;title&quot;:&quot;Que assim seja! (1951) - Anna Akhm\\u00e1tova&quot;,&quot;postMeta&quot;:[],&quot;author&quot;:{&quot;name&quot;:&quot;Zero \\u00e0 Esquerda&quot;,&quot;link&quot;:&quot;https:\\\/\\\/zeroaesquerda.com.br\\\/index.php\\\/author\\\/revistazeroaesquerdagmail-com\\\/&quot;},&quot;date&quot;:&quot;dez 12, 2025&quot;,&quot;dateGMT&quot;:&quot;2025-12-12 12:34:46&quot;,&quot;modifiedDate&quot;:&quot;2025-12-12 13:59:16&quot;,&quot;modifiedDateGMT&quot;:&quot;2025-12-12 13:59:16&quot;,&quot;commentCount&quot;:&quot;0&quot;,&quot;commentStatus&quot;:&quot;open&quot;,&quot;categories&quot;:{&quot;coma&quot;:&quot;&lt;a href=\\&quot;https:\\\/\\\/zeroaesquerda.com.br\\\/index.php\\\/category\\\/producoes\\\/\\&quot; rel=\\&quot;category tag\\&quot;&gt;Produ\\u00e7\\u00f5es&lt;\\\/a&gt;, &lt;a href=\\&quot;https:\\\/\\\/zeroaesquerda.com.br\\\/index.php\\\/category\\\/traducoes\\\/\\&quot; rel=\\&quot;category tag\\&quot;&gt;Tradu\\u00e7\\u00f5es&lt;\\\/a&gt;&quot;,&quot;space&quot;:&quot;&lt;a href=\\&quot;https:\\\/\\\/zeroaesquerda.com.br\\\/index.php\\\/category\\\/producoes\\\/\\&quot; rel=\\&quot;category tag\\&quot;&gt;Produ\\u00e7\\u00f5es&lt;\\\/a&gt; &lt;a href=\\&quot;https:\\\/\\\/zeroaesquerda.com.br\\\/index.php\\\/category\\\/traducoes\\\/\\&quot; rel=\\&quot;category tag\\&quot;&gt;Tradu\\u00e7\\u00f5es&lt;\\\/a&gt;&quot;},&quot;taxonomies&quot;:{&quot;post_tag&quot;:&quot;&lt;a href=&#039;https:\\\/\\\/zeroaesquerda.com.br\\\/index.php\\\/tag\\\/anna-akhatova\\\/&#039; rel=&#039;post_tag&#039;&gt;anna akh\\u00e1tova&lt;\\\/a&gt;&lt;a href=&#039;https:\\\/\\\/zeroaesquerda.com.br\\\/index.php\\\/tag\\\/anna-akhmatova\\\/&#039; rel=&#039;post_tag&#039;&gt;Anna Akhm\\u00e1tova&lt;\\\/a&gt;&lt;a href=&#039;https:\\\/\\\/zeroaesquerda.com.br\\\/index.php\\\/tag\\\/politica\\\/&#039; rel=&#039;post_tag&#039;&gt;Pol\\u00edtica&lt;\\\/a&gt;&lt;a href=&#039;https:\\\/\\\/zeroaesquerda.com.br\\\/index.php\\\/tag\\\/traducao\\\/&#039; rel=&#039;post_tag&#039;&gt;Tradu\\u00e7\\u00e3o&lt;\\\/a&gt;&lt;a href=&#039;https:\\\/\\\/zeroaesquerda.com.br\\\/index.php\\\/tag\\\/urss\\\/&#039; rel=&#039;post_tag&#039;&gt;URSS&lt;\\\/a&gt;&quot;},&quot;readTime&quot;:{&quot;min&quot;:4,&quot;sec&quot;:29},&quot;status&quot;:&quot;publish&quot;,&quot;excerpt&quot;:&quot;&quot;},{&quot;id&quot;:4145,&quot;link&quot;:&quot;https:\\\/\\\/zeroaesquerda.com.br\\\/index.php\\\/2025\\\/10\\\/28\\\/uma-sociedade-capaz-de-tais-acoes-esta-doente-declaracao-de-recusa-de-daniel-schultz-ao-exercito-israelense\\\/&quot;,&quot;name&quot;:&quot;uma-sociedade-capaz-de-tais-acoes-esta-doente-declaracao-de-recusa-de-daniel-schultz-ao-exercito-israelense&quot;,&quot;thumbnail&quot;:{&quot;url&quot;:&quot;https:\\\/\\\/zeroaesquerda.com.br\\\/wp-content\\\/uploads\\\/2025\\\/10\\\/Design-sem-nome.avif&quot;,&quot;alt&quot;:&quot;&quot;},&quot;title&quot;:&quot;\\&quot;Uma sociedade capaz de tais a\\u00e7\\u00f5es est\\u00e1 doente\\&quot; - Declara\\u00e7\\u00e3o de recusa de Daniel Schultz ao ex\\u00e9rcito israelense&quot;,&quot;postMeta&quot;:[],&quot;author&quot;:{&quot;name&quot;:&quot;Zero \\u00e0 Esquerda&quot;,&quot;link&quot;:&quot;https:\\\/\\\/zeroaesquerda.com.br\\\/index.php\\\/author\\\/revistazeroaesquerdagmail-com\\\/&quot;},&quot;date&quot;:&quot;out 28, 2025&quot;,&quot;dateGMT&quot;:&quot;2025-10-28 21:46:16&quot;,&quot;modifiedDate&quot;:&quot;2025-10-28 22:35:08&quot;,&quot;modifiedDateGMT&quot;:&quot;2025-10-28 22:35:08&quot;,&quot;commentCount&quot;:&quot;0&quot;,&quot;commentStatus&quot;:&quot;open&quot;,&quot;categories&quot;:{&quot;coma&quot;:&quot;&lt;a href=\\&quot;https:\\\/\\\/zeroaesquerda.com.br\\\/index.php\\\/category\\\/producoes\\\/\\&quot; rel=\\&quot;category tag\\&quot;&gt;Produ\\u00e7\\u00f5es&lt;\\\/a&gt;, &lt;a href=\\&quot;https:\\\/\\\/zeroaesquerda.com.br\\\/index.php\\\/category\\\/traducoes\\\/\\&quot; rel=\\&quot;category tag\\&quot;&gt;Tradu\\u00e7\\u00f5es&lt;\\\/a&gt;&quot;,&quot;space&quot;:&quot;&lt;a href=\\&quot;https:\\\/\\\/zeroaesquerda.com.br\\\/index.php\\\/category\\\/producoes\\\/\\&quot; rel=\\&quot;category tag\\&quot;&gt;Produ\\u00e7\\u00f5es&lt;\\\/a&gt; &lt;a href=\\&quot;https:\\\/\\\/zeroaesquerda.com.br\\\/index.php\\\/category\\\/traducoes\\\/\\&quot; rel=\\&quot;category tag\\&quot;&gt;Tradu\\u00e7\\u00f5es&lt;\\\/a&gt;&quot;},&quot;taxonomies&quot;:{&quot;post_tag&quot;:&quot;&quot;},&quot;readTime&quot;:{&quot;min&quot;:5,&quot;sec&quot;:7},&quot;status&quot;:&quot;publish&quot;,&quot;excerpt&quot;:&quot;&quot;},{&quot;id&quot;:3930,&quot;link&quot;:&quot;https:\\\/\\\/zeroaesquerda.com.br\\\/index.php\\\/2025\\\/07\\\/29\\\/guy-debord-por-giorgio-agamben\\\/&quot;,&quot;name&quot;:&quot;guy-debord-por-giorgio-agamben&quot;,&quot;thumbnail&quot;:{&quot;url&quot;:&quot;https:\\\/\\\/zeroaesquerda.com.br\\\/wp-content\\\/uploads\\\/2025\\\/07\\\/Debord-Agamben-1.avif&quot;,&quot;alt&quot;:&quot;&quot;},&quot;title&quot;:&quot;Guy Debord \\u2013 por Giorgio Agamben&quot;,&quot;postMeta&quot;:[],&quot;author&quot;:{&quot;name&quot;:&quot;Zero \\u00e0 Esquerda&quot;,&quot;link&quot;:&quot;https:\\\/\\\/zeroaesquerda.com.br\\\/index.php\\\/author\\\/revistazeroaesquerdagmail-com\\\/&quot;},&quot;date&quot;:&quot;jul 29, 2025&quot;,&quot;dateGMT&quot;:&quot;2025-07-29 13:23:23&quot;,&quot;modifiedDate&quot;:&quot;2025-07-29 13:34:52&quot;,&quot;modifiedDateGMT&quot;:&quot;2025-07-29 13:34:52&quot;,&quot;commentCount&quot;:&quot;0&quot;,&quot;commentStatus&quot;:&quot;open&quot;,&quot;categories&quot;:{&quot;coma&quot;:&quot;&lt;a href=\\&quot;https:\\\/\\\/zeroaesquerda.com.br\\\/index.php\\\/category\\\/producoes\\\/\\&quot; rel=\\&quot;category tag\\&quot;&gt;Produ\\u00e7\\u00f5es&lt;\\\/a&gt;, &lt;a href=\\&quot;https:\\\/\\\/zeroaesquerda.com.br\\\/index.php\\\/category\\\/traducoes\\\/\\&quot; rel=\\&quot;category tag\\&quot;&gt;Tradu\\u00e7\\u00f5es&lt;\\\/a&gt;&quot;,&quot;space&quot;:&quot;&lt;a href=\\&quot;https:\\\/\\\/zeroaesquerda.com.br\\\/index.php\\\/category\\\/producoes\\\/\\&quot; rel=\\&quot;category tag\\&quot;&gt;Produ\\u00e7\\u00f5es&lt;\\\/a&gt; &lt;a href=\\&quot;https:\\\/\\\/zeroaesquerda.com.br\\\/index.php\\\/category\\\/traducoes\\\/\\&quot; rel=\\&quot;category tag\\&quot;&gt;Tradu\\u00e7\\u00f5es&lt;\\\/a&gt;&quot;},&quot;taxonomies&quot;:{&quot;post_tag&quot;:&quot;&lt;a href=&#039;https:\\\/\\\/zeroaesquerda.com.br\\\/index.php\\\/tag\\\/espetaculo\\\/&#039; rel=&#039;post_tag&#039;&gt;Espet\\u00e1culo&lt;\\\/a&gt;&lt;a href=&#039;https:\\\/\\\/zeroaesquerda.com.br\\\/index.php\\\/tag\\\/filosofia\\\/&#039; rel=&#039;post_tag&#039;&gt;Filosofia&lt;\\\/a&gt;&lt;a href=&#039;https:\\\/\\\/zeroaesquerda.com.br\\\/index.php\\\/tag\\\/giorgio-agamben\\\/&#039; rel=&#039;post_tag&#039;&gt;Giorgio Agamben&lt;\\\/a&gt;&lt;a href=&#039;https:\\\/\\\/zeroaesquerda.com.br\\\/index.php\\\/tag\\\/guy-debord\\\/&#039; rel=&#039;post_tag&#039;&gt;Guy Debord&lt;\\\/a&gt;&lt;a href=&#039;https:\\\/\\\/zeroaesquerda.com.br\\\/index.php\\\/tag\\\/marxismo\\\/&#039; rel=&#039;post_tag&#039;&gt;Marxismo&lt;\\\/a&gt;&lt;a href=&#039;https:\\\/\\\/zeroaesquerda.com.br\\\/index.php\\\/tag\\\/politica\\\/&#039; rel=&#039;post_tag&#039;&gt;Pol\\u00edtica&lt;\\\/a&gt;&quot;},&quot;readTime&quot;:{&quot;min&quot;:7,&quot;sec&quot;:39},&quot;status&quot;:&quot;publish&quot;,&quot;excerpt&quot;:&quot;&quot;},{&quot;id&quot;:3895,&quot;link&quot;:&quot;https:\\\/\\\/zeroaesquerda.com.br\\\/index.php\\\/2025\\\/07\\\/15\\\/destinos-criticos-de-walter-benjamin-groupe-volodia\\\/&quot;,&quot;name&quot;:&quot;destinos-criticos-de-walter-benjamin-groupe-volodia&quot;,&quot;thumbnail&quot;:{&quot;url&quot;:&quot;https:\\\/\\\/zeroaesquerda.com.br\\\/wp-content\\\/uploads\\\/2025\\\/07\\\/img_2144-1.avif&quot;,&quot;alt&quot;:&quot;&quot;},&quot;title&quot;:&quot;Destinos cr\\u00edticos de Walter Benjamin - Groupe Volodia&quot;,&quot;postMeta&quot;:[],&quot;author&quot;:{&quot;name&quot;:&quot;Zero \\u00e0 Esquerda&quot;,&quot;link&quot;:&quot;https:\\\/\\\/zeroaesquerda.com.br\\\/index.php\\\/author\\\/revistazeroaesquerdagmail-com\\\/&quot;},&quot;date&quot;:&quot;jul 15, 2025&quot;,&quot;dateGMT&quot;:&quot;2025-07-15 18:34:16&quot;,&quot;modifiedDate&quot;:&quot;2025-07-15 18:34:17&quot;,&quot;modifiedDateGMT&quot;:&quot;2025-07-15 18:34:17&quot;,&quot;commentCount&quot;:&quot;0&quot;,&quot;commentStatus&quot;:&quot;open&quot;,&quot;categories&quot;:{&quot;coma&quot;:&quot;&lt;a href=\\&quot;https:\\\/\\\/zeroaesquerda.com.br\\\/index.php\\\/category\\\/producoes\\\/\\&quot; rel=\\&quot;category tag\\&quot;&gt;Produ\\u00e7\\u00f5es&lt;\\\/a&gt;, &lt;a href=\\&quot;https:\\\/\\\/zeroaesquerda.com.br\\\/index.php\\\/category\\\/traducoes\\\/\\&quot; rel=\\&quot;category tag\\&quot;&gt;Tradu\\u00e7\\u00f5es&lt;\\\/a&gt;&quot;,&quot;space&quot;:&quot;&lt;a href=\\&quot;https:\\\/\\\/zeroaesquerda.com.br\\\/index.php\\\/category\\\/producoes\\\/\\&quot; rel=\\&quot;category tag\\&quot;&gt;Produ\\u00e7\\u00f5es&lt;\\\/a&gt; &lt;a href=\\&quot;https:\\\/\\\/zeroaesquerda.com.br\\\/index.php\\\/category\\\/traducoes\\\/\\&quot; rel=\\&quot;category tag\\&quot;&gt;Tradu\\u00e7\\u00f5es&lt;\\\/a&gt;&quot;},&quot;taxonomies&quot;:{&quot;post_tag&quot;:&quot;&lt;a href=&#039;https:\\\/\\\/zeroaesquerda.com.br\\\/index.php\\\/tag\\\/auguste-blanqui\\\/&#039; rel=&#039;post_tag&#039;&gt;Auguste Blanqui&lt;\\\/a&gt;&lt;a href=&#039;https:\\\/\\\/zeroaesquerda.com.br\\\/index.php\\\/tag\\\/filosofia\\\/&#039; rel=&#039;post_tag&#039;&gt;Filosofia&lt;\\\/a&gt;&lt;a href=&#039;https:\\\/\\\/zeroaesquerda.com.br\\\/index.php\\\/tag\\\/franca\\\/&#039; rel=&#039;post_tag&#039;&gt;Fran\\u00e7a&lt;\\\/a&gt;&lt;a href=&#039;https:\\\/\\\/zeroaesquerda.com.br\\\/index.php\\\/tag\\\/marxismo\\\/&#039; rel=&#039;post_tag&#039;&gt;Marxismo&lt;\\\/a&gt;&lt;a href=&#039;https:\\\/\\\/zeroaesquerda.com.br\\\/index.php\\\/tag\\\/paris\\\/&#039; rel=&#039;post_tag&#039;&gt;Paris&lt;\\\/a&gt;&lt;a href=&#039;https:\\\/\\\/zeroaesquerda.com.br\\\/index.php\\\/tag\\\/politica\\\/&#039; rel=&#039;post_tag&#039;&gt;Pol\\u00edtica&lt;\\\/a&gt;&lt;a href=&#039;https:\\\/\\\/zeroaesquerda.com.br\\\/index.php\\\/tag\\\/revolucao\\\/&#039; rel=&#039;post_tag&#039;&gt;Revolu\\u00e7\\u00e3o&lt;\\\/a&gt;&lt;a href=&#039;https:\\\/\\\/zeroaesquerda.com.br\\\/index.php\\\/tag\\\/walter-benjamin\\\/&#039; rel=&#039;post_tag&#039;&gt;Walter Benjamin&lt;\\\/a&gt;&quot;},&quot;readTime&quot;:{&quot;min&quot;:4,&quot;sec&quot;:38},&quot;status&quot;:&quot;publish&quot;,&quot;excerpt&quot;:&quot;Pref\\u00e1cio ao livro \\u2018Destinos cr\\u00edticos de Walter Benjamin: Ensaio coletivo contra-fe\\u00e9rico\\u2019 (2025), do Groupe Volodia, finalista do Prix Walter Benjamin 2025.&quot;},{&quot;id&quot;:3833,&quot;link&quot;:&quot;https:\\\/\\\/zeroaesquerda.com.br\\\/index.php\\\/2025\\\/06\\\/24\\\/fogo-e-gelo-licoes-da-batalha-de-los-angeles\\\/&quot;,&quot;name&quot;:&quot;fogo-e-gelo-licoes-da-batalha-de-los-angeles&quot;,&quot;thumbnail&quot;:{&quot;url&quot;:&quot;https:\\\/\\\/zeroaesquerda.com.br\\\/wp-content\\\/uploads\\\/2025\\\/06\\\/protest-scaled.avif&quot;,&quot;alt&quot;:&quot;&quot;},&quot;title&quot;:&quot;Fogo e Gelo - Li\\u00e7\\u00f5es da Batalha de Los Angeles&quot;,&quot;postMeta&quot;:[],&quot;author&quot;:{&quot;name&quot;:&quot;Zero \\u00e0 Esquerda&quot;,&quot;link&quot;:&quot;https:\\\/\\\/zeroaesquerda.com.br\\\/index.php\\\/author\\\/revistazeroaesquerdagmail-com\\\/&quot;},&quot;date&quot;:&quot;jun 24, 2025&quot;,&quot;dateGMT&quot;:&quot;2025-06-24 17:52:42&quot;,&quot;modifiedDate&quot;:&quot;2025-12-12 13:56:59&quot;,&quot;modifiedDateGMT&quot;:&quot;2025-12-12 13:56:59&quot;,&quot;commentCount&quot;:&quot;0&quot;,&quot;commentStatus&quot;:&quot;open&quot;,&quot;categories&quot;:{&quot;coma&quot;:&quot;&lt;a href=\\&quot;https:\\\/\\\/zeroaesquerda.com.br\\\/index.php\\\/category\\\/traducoes\\\/\\&quot; rel=\\&quot;category tag\\&quot;&gt;Tradu\\u00e7\\u00f5es&lt;\\\/a&gt;&quot;,&quot;space&quot;:&quot;&lt;a href=\\&quot;https:\\\/\\\/zeroaesquerda.com.br\\\/index.php\\\/category\\\/traducoes\\\/\\&quot; rel=\\&quot;category tag\\&quot;&gt;Tradu\\u00e7\\u00f5es&lt;\\\/a&gt;&quot;},&quot;taxonomies&quot;:{&quot;post_tag&quot;:&quot;&lt;a href=&#039;https:\\\/\\\/zeroaesquerda.com.br\\\/index.php\\\/tag\\\/batalha-de-los-angeles\\\/&#039; rel=&#039;post_tag&#039;&gt;Batalha de Los Angeles&lt;\\\/a&gt;&lt;a href=&#039;https:\\\/\\\/zeroaesquerda.com.br\\\/index.php\\\/tag\\\/eua\\\/&#039; rel=&#039;post_tag&#039;&gt;EUA&lt;\\\/a&gt;&lt;a href=&#039;https:\\\/\\\/zeroaesquerda.com.br\\\/index.php\\\/tag\\\/ice\\\/&#039; rel=&#039;post_tag&#039;&gt;ICE&lt;\\\/a&gt;&lt;a href=&#039;https:\\\/\\\/zeroaesquerda.com.br\\\/index.php\\\/tag\\\/revolta\\\/&#039; rel=&#039;post_tag&#039;&gt;Revolta&lt;\\\/a&gt;&lt;a href=&#039;https:\\\/\\\/zeroaesquerda.com.br\\\/index.php\\\/tag\\\/trump\\\/&#039; rel=&#039;post_tag&#039;&gt;Trump&lt;\\\/a&gt;&lt;a href=&#039;https:\\\/\\\/zeroaesquerda.com.br\\\/index.php\\\/tag\\\/usa\\\/&#039; rel=&#039;post_tag&#039;&gt;USA&lt;\\\/a&gt;&quot;},&quot;readTime&quot;:{&quot;min&quot;:6,&quot;sec&quot;:6},&quot;status&quot;:&quot;publish&quot;,&quot;excerpt&quot;:&quot;&quot;},{&quot;id&quot;:3532,&quot;link&quot;:&quot;https:\\\/\\\/zeroaesquerda.com.br\\\/index.php\\\/2024\\\/12\\\/10\\\/as-visoes-de-lukacs-sobre-a-liberdade-artistica-bela-kiralyfalvi\\\/&quot;,&quot;name&quot;:&quot;as-visoes-de-lukacs-sobre-a-liberdade-artistica-bela-kiralyfalvi&quot;,&quot;thumbnail&quot;:{&quot;url&quot;:&quot;https:\\\/\\\/zeroaesquerda.com.br\\\/wp-content\\\/uploads\\\/2024\\\/12\\\/WhatsApp-Image-2024-12-04-at-20.12.43.jpeg&quot;,&quot;alt&quot;:&quot;&quot;},&quot;title&quot;:&quot;As vis\\u00f5es de Luk\\u00e1cs sobre a liberdade art\\u00edstica \\u2014 Bela Kiralyfalvi&quot;,&quot;postMeta&quot;:[],&quot;author&quot;:{&quot;name&quot;:&quot;Zero \\u00e0 Esquerda&quot;,&quot;link&quot;:&quot;https:\\\/\\\/zeroaesquerda.com.br\\\/index.php\\\/author\\\/revistazeroaesquerdagmail-com\\\/&quot;},&quot;date&quot;:&quot;dez 10, 2024&quot;,&quot;dateGMT&quot;:&quot;2024-12-10 17:00:00&quot;,&quot;modifiedDate&quot;:&quot;2024-12-13 01:48:47&quot;,&quot;modifiedDateGMT&quot;:&quot;2024-12-13 01:48:47&quot;,&quot;commentCount&quot;:&quot;0&quot;,&quot;commentStatus&quot;:&quot;open&quot;,&quot;categories&quot;:{&quot;coma&quot;:&quot;&lt;a href=\\&quot;https:\\\/\\\/zeroaesquerda.com.br\\\/index.php\\\/category\\\/autores\\\/bela-kiralyfalvi\\\/\\&quot; rel=\\&quot;category tag\\&quot;&gt;Bela Kiralyfalvi&lt;\\\/a&gt;, &lt;a href=\\&quot;https:\\\/\\\/zeroaesquerda.com.br\\\/index.php\\\/category\\\/traducoes\\\/\\&quot; rel=\\&quot;category tag\\&quot;&gt;Tradu\\u00e7\\u00f5es&lt;\\\/a&gt;&quot;,&quot;space&quot;:&quot;&lt;a href=\\&quot;https:\\\/\\\/zeroaesquerda.com.br\\\/index.php\\\/category\\\/autores\\\/bela-kiralyfalvi\\\/\\&quot; rel=\\&quot;category tag\\&quot;&gt;Bela Kiralyfalvi&lt;\\\/a&gt; &lt;a href=\\&quot;https:\\\/\\\/zeroaesquerda.com.br\\\/index.php\\\/category\\\/traducoes\\\/\\&quot; rel=\\&quot;category tag\\&quot;&gt;Tradu\\u00e7\\u00f5es&lt;\\\/a&gt;&quot;},&quot;taxonomies&quot;:{&quot;post_tag&quot;:&quot;&lt;a href=&#039;https:\\\/\\\/zeroaesquerda.com.br\\\/index.php\\\/tag\\\/filosofia\\\/&#039; rel=&#039;post_tag&#039;&gt;Filosofia&lt;\\\/a&gt;&lt;a href=&#039;https:\\\/\\\/zeroaesquerda.com.br\\\/index.php\\\/tag\\\/lukacs\\\/&#039; rel=&#039;post_tag&#039;&gt;Luk\\u00e1cs&lt;\\\/a&gt;&lt;a href=&#039;https:\\\/\\\/zeroaesquerda.com.br\\\/index.php\\\/tag\\\/marxismo\\\/&#039; rel=&#039;post_tag&#039;&gt;Marxismo&lt;\\\/a&gt;&lt;a href=&#039;https:\\\/\\\/zeroaesquerda.com.br\\\/index.php\\\/tag\\\/politica\\\/&#039; rel=&#039;post_tag&#039;&gt;Pol\\u00edtica&lt;\\\/a&gt;&quot;},&quot;readTime&quot;:{&quot;min&quot;:17,&quot;sec&quot;:52},&quot;status&quot;:&quot;publish&quot;,&quot;excerpt&quot;:&quot;&quot;},{&quot;id&quot;:3527,&quot;link&quot;:&quot;https:\\\/\\\/zeroaesquerda.com.br\\\/index.php\\\/2024\\\/11\\\/22\\\/eliminativismo-pratico-retirar-se-do-rosto-novamente-mark-fisher\\\/&quot;,&quot;name&quot;:&quot;eliminativismo-pratico-retirar-se-do-rosto-novamente-mark-fisher&quot;,&quot;thumbnail&quot;:{&quot;url&quot;:&quot;https:\\\/\\\/zeroaesquerda.com.br\\\/wp-content\\\/uploads\\\/2024\\\/11\\\/WhatsApp-Image-2024-11-18-at-12.32.58.jpeg&quot;,&quot;alt&quot;:&quot;&quot;},&quot;title&quot;:&quot;Eliminativismo Pr\\u00e1tico: retirar-se do rosto, novamente \\u2014 Mark Fisher&quot;,&quot;postMeta&quot;:[],&quot;author&quot;:{&quot;name&quot;:&quot;Zero \\u00e0 Esquerda&quot;,&quot;link&quot;:&quot;https:\\\/\\\/zeroaesquerda.com.br\\\/index.php\\\/author\\\/revistazeroaesquerdagmail-com\\\/&quot;},&quot;date&quot;:&quot;nov 22, 2024&quot;,&quot;dateGMT&quot;:&quot;2024-11-22 17:08:00&quot;,&quot;modifiedDate&quot;:&quot;2024-11-22 21:58:40&quot;,&quot;modifiedDateGMT&quot;:&quot;2024-11-22 21:58:40&quot;,&quot;commentCount&quot;:&quot;0&quot;,&quot;commentStatus&quot;:&quot;open&quot;,&quot;categories&quot;:{&quot;coma&quot;:&quot;&lt;a href=\\&quot;https:\\\/\\\/zeroaesquerda.com.br\\\/index.php\\\/category\\\/autores\\\/mark-fisher-autores\\\/\\&quot; rel=\\&quot;category tag\\&quot;&gt;Mark Fisher&lt;\\\/a&gt;, &lt;a href=\\&quot;https:\\\/\\\/zeroaesquerda.com.br\\\/index.php\\\/category\\\/traducoes\\\/\\&quot; rel=\\&quot;category tag\\&quot;&gt;Tradu\\u00e7\\u00f5es&lt;\\\/a&gt;&quot;,&quot;space&quot;:&quot;&lt;a href=\\&quot;https:\\\/\\\/zeroaesquerda.com.br\\\/index.php\\\/category\\\/autores\\\/mark-fisher-autores\\\/\\&quot; rel=\\&quot;category tag\\&quot;&gt;Mark Fisher&lt;\\\/a&gt; &lt;a href=\\&quot;https:\\\/\\\/zeroaesquerda.com.br\\\/index.php\\\/category\\\/traducoes\\\/\\&quot; rel=\\&quot;category tag\\&quot;&gt;Tradu\\u00e7\\u00f5es&lt;\\\/a&gt;&quot;},&quot;taxonomies&quot;:{&quot;post_tag&quot;:&quot;&lt;a href=&#039;https:\\\/\\\/zeroaesquerda.com.br\\\/index.php\\\/tag\\\/aceleracionismo\\\/&#039; rel=&#039;post_tag&#039;&gt;aceleracionismo&lt;\\\/a&gt;&lt;a href=&#039;https:\\\/\\\/zeroaesquerda.com.br\\\/index.php\\\/tag\\\/experiencia\\\/&#039; rel=&#039;post_tag&#039;&gt;experi\\u00eancia&lt;\\\/a&gt;&lt;a href=&#039;https:\\\/\\\/zeroaesquerda.com.br\\\/index.php\\\/tag\\\/filosofia\\\/&#039; rel=&#039;post_tag&#039;&gt;Filosofia&lt;\\\/a&gt;&lt;a href=&#039;https:\\\/\\\/zeroaesquerda.com.br\\\/index.php\\\/tag\\\/mark-fisher\\\/&#039; rel=&#039;post_tag&#039;&gt;Mark Fisher&lt;\\\/a&gt;&quot;},&quot;readTime&quot;:{&quot;min&quot;:6,&quot;sec&quot;:40},&quot;status&quot;:&quot;publish&quot;,&quot;excerpt&quot;:&quot;Como Ray perguntou anteriormente, qual o valor do poder alienante das artes no modernismo? \\u00c9 uma experi\\u00eancia que faz questionar a pr\\u00f3pria experi\\u00eancia. E uma forma de colocar isso seria, ent\\u00e3o, que se trata de uma experi\\u00eancia capaz de confrontar algu\\u00e9m com as condi\\u00e7\\u00f5es de experi\\u00eancia.&quot;},{&quot;id&quot;:3500,&quot;link&quot;:&quot;https:\\\/\\\/zeroaesquerda.com.br\\\/index.php\\\/2024\\\/10\\\/28\\\/algo-falta-um-dialogo-entre-ernst-bloch-e-theodor-w-adorno-sobre-as-contradicoes-do-desejo-utopico\\\/&quot;,&quot;name&quot;:&quot;algo-falta-um-dialogo-entre-ernst-bloch-e-theodor-w-adorno-sobre-as-contradicoes-do-desejo-utopico&quot;,&quot;thumbnail&quot;:{&quot;url&quot;:&quot;https:\\\/\\\/zeroaesquerda.com.br\\\/wp-content\\\/uploads\\\/2024\\\/10\\\/Ernst-Blochs-Utopie_-Man-muss-das-Hier-und-Jetzt-uberwinden.jpg&quot;,&quot;alt&quot;:&quot;&quot;},&quot;title&quot;:&quot;Algo falta: Um di\\u00e1logo entre Ernst Bloch e Theodor W. Adorno sobre as contradi\\u00e7\\u00f5es do desejo ut\\u00f3pico&quot;,&quot;postMeta&quot;:[],&quot;author&quot;:{&quot;name&quot;:&quot;Zero \\u00e0 Esquerda&quot;,&quot;link&quot;:&quot;https:\\\/\\\/zeroaesquerda.com.br\\\/index.php\\\/author\\\/revistazeroaesquerdagmail-com\\\/&quot;},&quot;date&quot;:&quot;out 28, 2024&quot;,&quot;dateGMT&quot;:&quot;2024-10-28 20:00:27&quot;,&quot;modifiedDate&quot;:&quot;2024-10-28 20:02:33&quot;,&quot;modifiedDateGMT&quot;:&quot;2024-10-28 20:02:33&quot;,&quot;commentCount&quot;:&quot;0&quot;,&quot;commentStatus&quot;:&quot;open&quot;,&quot;categories&quot;:{&quot;coma&quot;:&quot;&lt;a href=\\&quot;https:\\\/\\\/zeroaesquerda.com.br\\\/index.php\\\/category\\\/producoes\\\/entrevistas\\\/\\&quot; rel=\\&quot;category tag\\&quot;&gt;Entrevistas&lt;\\\/a&gt;, &lt;a href=\\&quot;https:\\\/\\\/zeroaesquerda.com.br\\\/index.php\\\/category\\\/traducoes\\\/\\&quot; rel=\\&quot;category tag\\&quot;&gt;Tradu\\u00e7\\u00f5es&lt;\\\/a&gt;&quot;,&quot;space&quot;:&quot;&lt;a href=\\&quot;https:\\\/\\\/zeroaesquerda.com.br\\\/index.php\\\/category\\\/producoes\\\/entrevistas\\\/\\&quot; rel=\\&quot;category tag\\&quot;&gt;Entrevistas&lt;\\\/a&gt; &lt;a href=\\&quot;https:\\\/\\\/zeroaesquerda.com.br\\\/index.php\\\/category\\\/traducoes\\\/\\&quot; rel=\\&quot;category tag\\&quot;&gt;Tradu\\u00e7\\u00f5es&lt;\\\/a&gt;&quot;},&quot;taxonomies&quot;:{&quot;post_tag&quot;:&quot;&lt;a href=&#039;https:\\\/\\\/zeroaesquerda.com.br\\\/index.php\\\/tag\\\/ernst-bloch\\\/&#039; rel=&#039;post_tag&#039;&gt;Ernst Bloch&lt;\\\/a&gt;&lt;a href=&#039;https:\\\/\\\/zeroaesquerda.com.br\\\/index.php\\\/tag\\\/filosofia\\\/&#039; rel=&#039;post_tag&#039;&gt;Filosofia&lt;\\\/a&gt;&lt;a href=&#039;https:\\\/\\\/zeroaesquerda.com.br\\\/index.php\\\/tag\\\/horst-kruger\\\/&#039; rel=&#039;post_tag&#039;&gt;Horst Kr\\u00fcger&lt;\\\/a&gt;&lt;a href=&#039;https:\\\/\\\/zeroaesquerda.com.br\\\/index.php\\\/tag\\\/teoria-critica\\\/&#039; rel=&#039;post_tag&#039;&gt;teoria cr\\u00edtica&lt;\\\/a&gt;&lt;a href=&#039;https:\\\/\\\/zeroaesquerda.com.br\\\/index.php\\\/tag\\\/theodor-adorno\\\/&#039; rel=&#039;post_tag&#039;&gt;Theodor Adorno&lt;\\\/a&gt;&lt;a href=&#039;https:\\\/\\\/zeroaesquerda.com.br\\\/index.php\\\/tag\\\/utopia\\\/&#039; rel=&#039;post_tag&#039;&gt;Utopia&lt;\\\/a&gt;&quot;},&quot;readTime&quot;:{&quot;min&quot;:33,&quot;sec&quot;:45},&quot;status&quot;:&quot;publish&quot;,&quot;excerpt&quot;:&quot;\\&quot;Something&#039;s Missing\\&quot; foi uma entrevista feita com Ernst Bloch e Theodor Adorno por Horst Kriger em 1964 e publicada pela primeira vez em alem\\u00e3o em \\&quot;Gespr\\u00e4che mit Ernst Bloch\\&quot;, editada por Rainer Traub e publicada em 1975.&quot;},{&quot;id&quot;:3475,&quot;link&quot;:&quot;https:\\\/\\\/zeroaesquerda.com.br\\\/index.php\\\/2024\\\/10\\\/07\\\/vivos-e-mortos-na-critica-do-valor-algumas-teses-apressadas-sobre-o-estado-atual-da-critica-do-valor-anselm-jappe\\\/&quot;,&quot;name&quot;:&quot;vivos-e-mortos-na-critica-do-valor-algumas-teses-apressadas-sobre-o-estado-atual-da-critica-do-valor-anselm-jappe&quot;,&quot;thumbnail&quot;:{&quot;url&quot;:&quot;https:\\\/\\\/zeroaesquerda.com.br\\\/wp-content\\\/uploads\\\/2024\\\/10\\\/callkrisis_storiaimmagine062024-1.jpg&quot;,&quot;alt&quot;:&quot;&quot;},&quot;title&quot;:&quot;VIVOS E MORTOS NA CR\\u00cdTICA DO VALOR: Algumas teses apressadas sobre o estado atual da cr\\u00edtica do valor \\u2013 Anselm Jappe&quot;,&quot;postMeta&quot;:[],&quot;author&quot;:{&quot;name&quot;:&quot;Zero \\u00e0 Esquerda&quot;,&quot;link&quot;:&quot;https:\\\/\\\/zeroaesquerda.com.br\\\/index.php\\\/author\\\/revistazeroaesquerdagmail-com\\\/&quot;},&quot;date&quot;:&quot;out 7, 2024&quot;,&quot;dateGMT&quot;:&quot;2024-10-07 17:03:25&quot;,&quot;modifiedDate&quot;:&quot;2024-10-07 17:28:18&quot;,&quot;modifiedDateGMT&quot;:&quot;2024-10-07 17:28:18&quot;,&quot;commentCount&quot;:&quot;0&quot;,&quot;commentStatus&quot;:&quot;open&quot;,&quot;categories&quot;:{&quot;coma&quot;:&quot;&lt;a href=\\&quot;https:\\\/\\\/zeroaesquerda.com.br\\\/index.php\\\/category\\\/autores\\\/anselm-jappe\\\/\\&quot; rel=\\&quot;category tag\\&quot;&gt;Anselm Jappe&lt;\\\/a&gt;, &lt;a href=\\&quot;https:\\\/\\\/zeroaesquerda.com.br\\\/index.php\\\/category\\\/traducoes\\\/\\&quot; rel=\\&quot;category tag\\&quot;&gt;Tradu\\u00e7\\u00f5es&lt;\\\/a&gt;&quot;,&quot;space&quot;:&quot;&lt;a href=\\&quot;https:\\\/\\\/zeroaesquerda.com.br\\\/index.php\\\/category\\\/autores\\\/anselm-jappe\\\/\\&quot; rel=\\&quot;category tag\\&quot;&gt;Anselm Jappe&lt;\\\/a&gt; &lt;a href=\\&quot;https:\\\/\\\/zeroaesquerda.com.br\\\/index.php\\\/category\\\/traducoes\\\/\\&quot; rel=\\&quot;category tag\\&quot;&gt;Tradu\\u00e7\\u00f5es&lt;\\\/a&gt;&quot;},&quot;taxonomies&quot;:{&quot;post_tag&quot;:&quot;&quot;},&quot;readTime&quot;:{&quot;min&quot;:29,&quot;sec&quot;:57},&quot;status&quot;:&quot;publish&quot;,&quot;excerpt&quot;:&quot;&quot;},{&quot;id&quot;:3274,&quot;link&quot;:&quot;https:\\\/\\\/zeroaesquerda.com.br\\\/index.php\\\/2024\\\/06\\\/25\\\/tambem-marcuse-um-adulador-pier-paolo-pasolini\\\/&quot;,&quot;name&quot;:&quot;tambem-marcuse-um-adulador-pier-paolo-pasolini&quot;,&quot;thumbnail&quot;:{&quot;url&quot;:&quot;https:\\\/\\\/zeroaesquerda.com.br\\\/wp-content\\\/uploads\\\/2024\\\/06\\\/WhatsApp-Image-2024-06-25-at-09.34.19.jpeg&quot;,&quot;alt&quot;:&quot;&quot;},&quot;title&quot;:&quot;Tamb\\u00e9m Marcuse um adulador? \\u2013 Pier Paolo Pasolini&quot;,&quot;postMeta&quot;:[],&quot;author&quot;:{&quot;name&quot;:&quot;Zero \\u00e0 Esquerda&quot;,&quot;link&quot;:&quot;https:\\\/\\\/zeroaesquerda.com.br\\\/index.php\\\/author\\\/revistazeroaesquerdagmail-com\\\/&quot;},&quot;date&quot;:&quot;jun 25, 2024&quot;,&quot;dateGMT&quot;:&quot;2024-06-25 20:13:13&quot;,&quot;modifiedDate&quot;:&quot;2024-06-25 20:13:14&quot;,&quot;modifiedDateGMT&quot;:&quot;2024-06-25 20:13:14&quot;,&quot;commentCount&quot;:&quot;0&quot;,&quot;commentStatus&quot;:&quot;open&quot;,&quot;categories&quot;:{&quot;coma&quot;:&quot;&lt;a href=\\&quot;https:\\\/\\\/zeroaesquerda.com.br\\\/index.php\\\/category\\\/traducoes\\\/\\&quot; rel=\\&quot;category tag\\&quot;&gt;Tradu\\u00e7\\u00f5es&lt;\\\/a&gt;&quot;,&quot;space&quot;:&quot;&lt;a href=\\&quot;https:\\\/\\\/zeroaesquerda.com.br\\\/index.php\\\/category\\\/traducoes\\\/\\&quot; rel=\\&quot;category tag\\&quot;&gt;Tradu\\u00e7\\u00f5es&lt;\\\/a&gt;&quot;},&quot;taxonomies&quot;:{&quot;post_tag&quot;:&quot;&lt;a href=&#039;https:\\\/\\\/zeroaesquerda.com.br\\\/index.php\\\/tag\\\/filosofia\\\/&#039; rel=&#039;post_tag&#039;&gt;Filosofia&lt;\\\/a&gt;&lt;a href=&#039;https:\\\/\\\/zeroaesquerda.com.br\\\/index.php\\\/tag\\\/marcuse\\\/&#039; rel=&#039;post_tag&#039;&gt;Marcuse&lt;\\\/a&gt;&lt;a href=&#039;https:\\\/\\\/zeroaesquerda.com.br\\\/index.php\\\/tag\\\/marxismo\\\/&#039; rel=&#039;post_tag&#039;&gt;Marxismo&lt;\\\/a&gt;&lt;a href=&#039;https:\\\/\\\/zeroaesquerda.com.br\\\/index.php\\\/tag\\\/pasolini\\\/&#039; rel=&#039;post_tag&#039;&gt;Pasolini&lt;\\\/a&gt;&lt;a href=&#039;https:\\\/\\\/zeroaesquerda.com.br\\\/index.php\\\/tag\\\/politica\\\/&#039; rel=&#039;post_tag&#039;&gt;Pol\\u00edtica&lt;\\\/a&gt;&lt;a href=&#039;https:\\\/\\\/zeroaesquerda.com.br\\\/index.php\\\/tag\\\/revolucao\\\/&#039; rel=&#039;post_tag&#039;&gt;Revolu\\u00e7\\u00e3o&lt;\\\/a&gt;&quot;},&quot;readTime&quot;:{&quot;min&quot;:3,&quot;sec&quot;:6},&quot;status&quot;:&quot;publish&quot;,&quot;excerpt&quot;:&quot;&quot;},{&quot;id&quot;:3226,&quot;link&quot;:&quot;https:\\\/\\\/zeroaesquerda.com.br\\\/index.php\\\/2024\\\/05\\\/14\\\/entrevista-de-moishe-postone-a-atualidade-da-teoria-critica\\\/&quot;,&quot;name&quot;:&quot;entrevista-de-moishe-postone-a-atualidade-da-teoria-critica&quot;,&quot;thumbnail&quot;:{&quot;url&quot;:&quot;https:\\\/\\\/zeroaesquerda.com.br\\\/wp-content\\\/uploads\\\/2024\\\/05\\\/Design-sem-nome.jpg&quot;,&quot;alt&quot;:&quot;&quot;},&quot;title&quot;:&quot;Entrevista de Moishe Postone: a atualidade da Teoria Cr\\u00edtica&quot;,&quot;postMeta&quot;:[],&quot;author&quot;:{&quot;name&quot;:&quot;Zero \\u00e0 Esquerda&quot;,&quot;link&quot;:&quot;https:\\\/\\\/zeroaesquerda.com.br\\\/index.php\\\/author\\\/revistazeroaesquerdagmail-com\\\/&quot;},&quot;date&quot;:&quot;maio 14, 2024&quot;,&quot;dateGMT&quot;:&quot;2024-05-14 20:27:37&quot;,&quot;modifiedDate&quot;:&quot;2024-05-14 20:35:25&quot;,&quot;modifiedDateGMT&quot;:&quot;2024-05-14 20:35:25&quot;,&quot;commentCount&quot;:&quot;0&quot;,&quot;commentStatus&quot;:&quot;open&quot;,&quot;categories&quot;:{&quot;coma&quot;:&quot;&lt;a href=\\&quot;https:\\\/\\\/zeroaesquerda.com.br\\\/index.php\\\/category\\\/producoes\\\/entrevistas\\\/\\&quot; rel=\\&quot;category tag\\&quot;&gt;Entrevistas&lt;\\\/a&gt;, &lt;a href=\\&quot;https:\\\/\\\/zeroaesquerda.com.br\\\/index.php\\\/category\\\/autores\\\/marcos-barreira\\\/\\&quot; rel=\\&quot;category tag\\&quot;&gt;Marcos Barreira&lt;\\\/a&gt;, &lt;a href=\\&quot;https:\\\/\\\/zeroaesquerda.com.br\\\/index.php\\\/category\\\/traducoes\\\/\\&quot; rel=\\&quot;category tag\\&quot;&gt;Tradu\\u00e7\\u00f5es&lt;\\\/a&gt;&quot;,&quot;space&quot;:&quot;&lt;a href=\\&quot;https:\\\/\\\/zeroaesquerda.com.br\\\/index.php\\\/category\\\/producoes\\\/entrevistas\\\/\\&quot; rel=\\&quot;category tag\\&quot;&gt;Entrevistas&lt;\\\/a&gt; &lt;a href=\\&quot;https:\\\/\\\/zeroaesquerda.com.br\\\/index.php\\\/category\\\/autores\\\/marcos-barreira\\\/\\&quot; rel=\\&quot;category tag\\&quot;&gt;Marcos Barreira&lt;\\\/a&gt; &lt;a href=\\&quot;https:\\\/\\\/zeroaesquerda.com.br\\\/index.php\\\/category\\\/traducoes\\\/\\&quot; rel=\\&quot;category tag\\&quot;&gt;Tradu\\u00e7\\u00f5es&lt;\\\/a&gt;&quot;},&quot;taxonomies&quot;:{&quot;post_tag&quot;:&quot;&lt;a href=&#039;https:\\\/\\\/zeroaesquerda.com.br\\\/index.php\\\/tag\\\/filosofia\\\/&#039; rel=&#039;post_tag&#039;&gt;Filosofia&lt;\\\/a&gt;&lt;a href=&#039;https:\\\/\\\/zeroaesquerda.com.br\\\/index.php\\\/tag\\\/marxismo\\\/&#039; rel=&#039;post_tag&#039;&gt;Marxismo&lt;\\\/a&gt;&lt;a href=&#039;https:\\\/\\\/zeroaesquerda.com.br\\\/index.php\\\/tag\\\/politica\\\/&#039; rel=&#039;post_tag&#039;&gt;Pol\\u00edtica&lt;\\\/a&gt;&lt;a href=&#039;https:\\\/\\\/zeroaesquerda.com.br\\\/index.php\\\/tag\\\/sociologia\\\/&#039; rel=&#039;post_tag&#039;&gt;Sociologia&lt;\\\/a&gt;&lt;a href=&#039;https:\\\/\\\/zeroaesquerda.com.br\\\/index.php\\\/tag\\\/teoria-critica\\\/&#039; rel=&#039;post_tag&#039;&gt;teoria cr\\u00edtica&lt;\\\/a&gt;&lt;a href=&#039;https:\\\/\\\/zeroaesquerda.com.br\\\/index.php\\\/tag\\\/teoria-da-forma-valor\\\/&#039; rel=&#039;post_tag&#039;&gt;Teoria da forma-valor&lt;\\\/a&gt;&lt;a href=&#039;https:\\\/\\\/zeroaesquerda.com.br\\\/index.php\\\/tag\\\/trabalho\\\/&#039; rel=&#039;post_tag&#039;&gt;Trabalho&lt;\\\/a&gt;&quot;},&quot;readTime&quot;:{&quot;min&quot;:16,&quot;sec&quot;:0},&quot;status&quot;:&quot;publish&quot;,&quot;excerpt&quot;:&quot;&quot;},{&quot;id&quot;:3124,&quot;link&quot;:&quot;https:\\\/\\\/zeroaesquerda.com.br\\\/index.php\\\/2024\\\/03\\\/01\\\/o-7-impar-e-vermelho-daniel-bensaid\\\/&quot;,&quot;name&quot;:&quot;o-7-impar-e-vermelho-daniel-bensaid&quot;,&quot;thumbnail&quot;:{&quot;url&quot;:&quot;https:\\\/\\\/zeroaesquerda.com.br\\\/wp-content\\\/uploads\\\/2024\\\/02\\\/instasize_240227102613.jpg&quot;,&quot;alt&quot;:&quot;&quot;},&quot;title&quot;:&quot;O 7, \\u00edmpar e vermelho \\u2014 Daniel Bensa\\u00efd&quot;,&quot;postMeta&quot;:[],&quot;author&quot;:{&quot;name&quot;:&quot;Zero \\u00e0 Esquerda&quot;,&quot;link&quot;:&quot;https:\\\/\\\/zeroaesquerda.com.br\\\/index.php\\\/author\\\/revistazeroaesquerdagmail-com\\\/&quot;},&quot;date&quot;:&quot;mar 1, 2024&quot;,&quot;dateGMT&quot;:&quot;2024-03-01 19:10:36&quot;,&quot;modifiedDate&quot;:&quot;2024-03-04 04:15:17&quot;,&quot;modifiedDateGMT&quot;:&quot;2024-03-04 04:15:17&quot;,&quot;commentCount&quot;:&quot;0&quot;,&quot;commentStatus&quot;:&quot;open&quot;,&quot;categories&quot;:{&quot;coma&quot;:&quot;&lt;a href=\\&quot;https:\\\/\\\/zeroaesquerda.com.br\\\/index.php\\\/category\\\/autores\\\/\\&quot; rel=\\&quot;category tag\\&quot;&gt;Autores&lt;\\\/a&gt;, &lt;a href=\\&quot;https:\\\/\\\/zeroaesquerda.com.br\\\/index.php\\\/category\\\/autores\\\/daniel-bensaid\\\/\\&quot; rel=\\&quot;category tag\\&quot;&gt;Daniel Bensa\\u00efd&lt;\\\/a&gt;, &lt;a href=\\&quot;https:\\\/\\\/zeroaesquerda.com.br\\\/index.php\\\/category\\\/traducoes\\\/\\&quot; rel=\\&quot;category tag\\&quot;&gt;Tradu\\u00e7\\u00f5es&lt;\\\/a&gt;&quot;,&quot;space&quot;:&quot;&lt;a href=\\&quot;https:\\\/\\\/zeroaesquerda.com.br\\\/index.php\\\/category\\\/autores\\\/\\&quot; rel=\\&quot;category tag\\&quot;&gt;Autores&lt;\\\/a&gt; &lt;a href=\\&quot;https:\\\/\\\/zeroaesquerda.com.br\\\/index.php\\\/category\\\/autores\\\/daniel-bensaid\\\/\\&quot; rel=\\&quot;category tag\\&quot;&gt;Daniel Bensa\\u00efd&lt;\\\/a&gt; &lt;a href=\\&quot;https:\\\/\\\/zeroaesquerda.com.br\\\/index.php\\\/category\\\/traducoes\\\/\\&quot; rel=\\&quot;category tag\\&quot;&gt;Tradu\\u00e7\\u00f5es&lt;\\\/a&gt;&quot;},&quot;taxonomies&quot;:{&quot;post_tag&quot;:&quot;&lt;a href=&#039;https:\\\/\\\/zeroaesquerda.com.br\\\/index.php\\\/tag\\\/aposta\\\/&#039; rel=&#039;post_tag&#039;&gt;Aposta&lt;\\\/a&gt;&lt;a href=&#039;https:\\\/\\\/zeroaesquerda.com.br\\\/index.php\\\/tag\\\/daniel-bensaid\\\/&#039; rel=&#039;post_tag&#039;&gt;Daniel Bensa\\u00efd&lt;\\\/a&gt;&lt;a href=&#039;https:\\\/\\\/zeroaesquerda.com.br\\\/index.php\\\/tag\\\/filosofia\\\/&#039; rel=&#039;post_tag&#039;&gt;Filosofia&lt;\\\/a&gt;&lt;a href=&#039;https:\\\/\\\/zeroaesquerda.com.br\\\/index.php\\\/tag\\\/marxismo\\\/&#039; rel=&#039;post_tag&#039;&gt;Marxismo&lt;\\\/a&gt;&lt;a href=&#039;https:\\\/\\\/zeroaesquerda.com.br\\\/index.php\\\/tag\\\/melancolia\\\/&#039; rel=&#039;post_tag&#039;&gt;Melancolia&lt;\\\/a&gt;&lt;a href=&#039;https:\\\/\\\/zeroaesquerda.com.br\\\/index.php\\\/tag\\\/revolucao\\\/&#039; rel=&#039;post_tag&#039;&gt;Revolu\\u00e7\\u00e3o&lt;\\\/a&gt;&quot;},&quot;readTime&quot;:{&quot;min&quot;:9,&quot;sec&quot;:54},&quot;status&quot;:&quot;publish&quot;,&quot;excerpt&quot;:&quot;&quot;},{&quot;id&quot;:3068,&quot;link&quot;:&quot;https:\\\/\\\/zeroaesquerda.com.br\\\/index.php\\\/2024\\\/02\\\/27\\\/cinco-teses-sobre-herbert-marcuse-como-teorico-critico-da-emancipacao-hans-jurgen-krahl\\\/&quot;,&quot;name&quot;:&quot;cinco-teses-sobre-herbert-marcuse-como-teorico-critico-da-emancipacao-hans-jurgen-krahl&quot;,&quot;thumbnail&quot;:{&quot;url&quot;:&quot;https:\\\/\\\/zeroaesquerda.com.br\\\/wp-content\\\/uploads\\\/2024\\\/02\\\/thumbnail_-krahl.jpg&quot;,&quot;alt&quot;:&quot;&quot;},&quot;title&quot;:&quot;Cinco teses sobre Herbert Marcuse como te\\u00f3rico cr\\u00edtico da emancipa\\u00e7\\u00e3o \\u2013 Hans-J\\u00fcrgen Krahl&quot;,&quot;postMeta&quot;:[],&quot;author&quot;:{&quot;name&quot;:&quot;Zero \\u00e0 Esquerda&quot;,&quot;link&quot;:&quot;https:\\\/\\\/zeroaesquerda.com.br\\\/index.php\\\/author\\\/revistazeroaesquerdagmail-com\\\/&quot;},&quot;date&quot;:&quot;fev 27, 2024&quot;,&quot;dateGMT&quot;:&quot;2024-02-27 21:09:37&quot;,&quot;modifiedDate&quot;:&quot;2024-02-27 21:09:37&quot;,&quot;modifiedDateGMT&quot;:&quot;2024-02-27 21:09:37&quot;,&quot;commentCount&quot;:&quot;0&quot;,&quot;commentStatus&quot;:&quot;open&quot;,&quot;categories&quot;:{&quot;coma&quot;:&quot;&lt;a href=\\&quot;https:\\\/\\\/zeroaesquerda.com.br\\\/index.php\\\/category\\\/autores\\\/\\&quot; rel=\\&quot;category tag\\&quot;&gt;Autores&lt;\\\/a&gt;, &lt;a href=\\&quot;https:\\\/\\\/zeroaesquerda.com.br\\\/index.php\\\/category\\\/autores\\\/hans-jurgen-krahl\\\/\\&quot; rel=\\&quot;category tag\\&quot;&gt;Hans-J\\u00fcrgen Krahl&lt;\\\/a&gt;, &lt;a href=\\&quot;https:\\\/\\\/zeroaesquerda.com.br\\\/index.php\\\/category\\\/traducoes\\\/\\&quot; rel=\\&quot;category tag\\&quot;&gt;Tradu\\u00e7\\u00f5es&lt;\\\/a&gt;&quot;,&quot;space&quot;:&quot;&lt;a href=\\&quot;https:\\\/\\\/zeroaesquerda.com.br\\\/index.php\\\/category\\\/autores\\\/\\&quot; rel=\\&quot;category tag\\&quot;&gt;Autores&lt;\\\/a&gt; &lt;a href=\\&quot;https:\\\/\\\/zeroaesquerda.com.br\\\/index.php\\\/category\\\/autores\\\/hans-jurgen-krahl\\\/\\&quot; rel=\\&quot;category tag\\&quot;&gt;Hans-J\\u00fcrgen Krahl&lt;\\\/a&gt; &lt;a href=\\&quot;https:\\\/\\\/zeroaesquerda.com.br\\\/index.php\\\/category\\\/traducoes\\\/\\&quot; rel=\\&quot;category tag\\&quot;&gt;Tradu\\u00e7\\u00f5es&lt;\\\/a&gt;&quot;},&quot;taxonomies&quot;:{&quot;post_tag&quot;:&quot;&lt;a href=&#039;https:\\\/\\\/zeroaesquerda.com.br\\\/index.php\\\/tag\\\/emancipacao\\\/&#039; rel=&#039;post_tag&#039;&gt;emancipa\\u00e7\\u00e3o&lt;\\\/a&gt;&lt;a href=&#039;https:\\\/\\\/zeroaesquerda.com.br\\\/index.php\\\/tag\\\/filosofia\\\/&#039; rel=&#039;post_tag&#039;&gt;Filosofia&lt;\\\/a&gt;&lt;a href=&#039;https:\\\/\\\/zeroaesquerda.com.br\\\/index.php\\\/tag\\\/grande-recusa\\\/&#039; rel=&#039;post_tag&#039;&gt;Grande Recusa&lt;\\\/a&gt;&lt;a href=&#039;https:\\\/\\\/zeroaesquerda.com.br\\\/index.php\\\/tag\\\/krahl\\\/&#039; rel=&#039;post_tag&#039;&gt;krahl&lt;\\\/a&gt;&lt;a href=&#039;https:\\\/\\\/zeroaesquerda.com.br\\\/index.php\\\/tag\\\/marcuse\\\/&#039; rel=&#039;post_tag&#039;&gt;Marcuse&lt;\\\/a&gt;&lt;a href=&#039;https:\\\/\\\/zeroaesquerda.com.br\\\/index.php\\\/tag\\\/politica\\\/&#039; rel=&#039;post_tag&#039;&gt;Pol\\u00edtica&lt;\\\/a&gt;&lt;a href=&#039;https:\\\/\\\/zeroaesquerda.com.br\\\/index.php\\\/tag\\\/teoria-critica\\\/&#039; rel=&#039;post_tag&#039;&gt;teoria cr\\u00edtica&lt;\\\/a&gt;&quot;},&quot;readTime&quot;:{&quot;min&quot;:9,&quot;sec&quot;:12},&quot;status&quot;:&quot;publish&quot;,&quot;excerpt&quot;:&quot;&quot;},{&quot;id&quot;:3103,&quot;link&quot;:&quot;https:\\\/\\\/zeroaesquerda.com.br\\\/index.php\\\/2024\\\/02\\\/22\\\/a-constante-destruicao-da-experiencia-ezra-riquelme\\\/&quot;,&quot;name&quot;:&quot;a-constante-destruicao-da-experiencia-ezra-riquelme&quot;,&quot;thumbnail&quot;:{&quot;url&quot;:&quot;https:\\\/\\\/zeroaesquerda.com.br\\\/wp-content\\\/uploads\\\/2024\\\/02\\\/max-ernst-la-vie-quotidienne-arq.-1.jpg&quot;,&quot;alt&quot;:&quot;&quot;},&quot;title&quot;:&quot;A constante destrui\\u00e7\\u00e3o da experi\\u00eancia \\u2013 Ezra Riquelme&quot;,&quot;postMeta&quot;:[],&quot;author&quot;:{&quot;name&quot;:&quot;Zero \\u00e0 Esquerda&quot;,&quot;link&quot;:&quot;https:\\\/\\\/zeroaesquerda.com.br\\\/index.php\\\/author\\\/revistazeroaesquerdagmail-com\\\/&quot;},&quot;date&quot;:&quot;fev 22, 2024&quot;,&quot;dateGMT&quot;:&quot;2024-02-22 21:01:03&quot;,&quot;modifiedDate&quot;:&quot;2024-02-23 12:48:35&quot;,&quot;modifiedDateGMT&quot;:&quot;2024-02-23 12:48:35&quot;,&quot;commentCount&quot;:&quot;0&quot;,&quot;commentStatus&quot;:&quot;open&quot;,&quot;categories&quot;:{&quot;coma&quot;:&quot;&lt;a href=\\&quot;https:\\\/\\\/zeroaesquerda.com.br\\\/index.php\\\/category\\\/autores\\\/\\&quot; rel=\\&quot;category tag\\&quot;&gt;Autores&lt;\\\/a&gt;, &lt;a href=\\&quot;https:\\\/\\\/zeroaesquerda.com.br\\\/index.php\\\/category\\\/autores\\\/ezra-riquelme\\\/\\&quot; rel=\\&quot;category tag\\&quot;&gt;Ezra Riquelme&lt;\\\/a&gt;, &lt;a href=\\&quot;https:\\\/\\\/zeroaesquerda.com.br\\\/index.php\\\/category\\\/traducoes\\\/\\&quot; rel=\\&quot;category tag\\&quot;&gt;Tradu\\u00e7\\u00f5es&lt;\\\/a&gt;&quot;,&quot;space&quot;:&quot;&lt;a href=\\&quot;https:\\\/\\\/zeroaesquerda.com.br\\\/index.php\\\/category\\\/autores\\\/\\&quot; rel=\\&quot;category tag\\&quot;&gt;Autores&lt;\\\/a&gt; &lt;a href=\\&quot;https:\\\/\\\/zeroaesquerda.com.br\\\/index.php\\\/category\\\/autores\\\/ezra-riquelme\\\/\\&quot; rel=\\&quot;category tag\\&quot;&gt;Ezra Riquelme&lt;\\\/a&gt; &lt;a href=\\&quot;https:\\\/\\\/zeroaesquerda.com.br\\\/index.php\\\/category\\\/traducoes\\\/\\&quot; rel=\\&quot;category tag\\&quot;&gt;Tradu\\u00e7\\u00f5es&lt;\\\/a&gt;&quot;},&quot;taxonomies&quot;:{&quot;post_tag&quot;:&quot;&lt;a href=&#039;https:\\\/\\\/zeroaesquerda.com.br\\\/index.php\\\/tag\\\/experiencia-e-pobreza\\\/&#039; rel=&#039;post_tag&#039;&gt;experi\\u00eancia e pobreza&lt;\\\/a&gt;&lt;a href=&#039;https:\\\/\\\/zeroaesquerda.com.br\\\/index.php\\\/tag\\\/ezra-riquelme\\\/&#039; rel=&#039;post_tag&#039;&gt;Ezra Riquelme&lt;\\\/a&gt;&lt;a href=&#039;https:\\\/\\\/zeroaesquerda.com.br\\\/index.php\\\/tag\\\/filosofia\\\/&#039; rel=&#039;post_tag&#039;&gt;Filosofia&lt;\\\/a&gt;&lt;a href=&#039;https:\\\/\\\/zeroaesquerda.com.br\\\/index.php\\\/tag\\\/walter-benjamin\\\/&#039; rel=&#039;post_tag&#039;&gt;Walter Benjamin&lt;\\\/a&gt;&quot;},&quot;readTime&quot;:{&quot;min&quot;:5,&quot;sec&quot;:34},&quot;status&quot;:&quot;publish&quot;,&quot;excerpt&quot;:&quot;&quot;},{&quot;id&quot;:3090,&quot;link&quot;:&quot;https:\\\/\\\/zeroaesquerda.com.br\\\/index.php\\\/2024\\\/02\\\/19\\\/feminizacoes-reflexoes-sobre-mulheres-e-realidade-virtual-sadie-plant\\\/&quot;,&quot;name&quot;:&quot;feminizacoes-reflexoes-sobre-mulheres-e-realidade-virtual-sadie-plant&quot;,&quot;thumbnail&quot;:{&quot;url&quot;:&quot;https:\\\/\\\/zeroaesquerda.com.br\\\/wp-content\\\/uploads\\\/2024\\\/02\\\/pinterestdotcom.jpg&quot;,&quot;alt&quot;:&quot;&quot;},&quot;title&quot;:&quot;Feminiza\\u00e7\\u00f5es: Reflex\\u00f5es sobre Mulheres e Realidade Virtual \\u2014 Sadie Plant&quot;,&quot;postMeta&quot;:[],&quot;author&quot;:{&quot;name&quot;:&quot;Zero \\u00e0 Esquerda&quot;,&quot;link&quot;:&quot;https:\\\/\\\/zeroaesquerda.com.br\\\/index.php\\\/author\\\/revistazeroaesquerdagmail-com\\\/&quot;},&quot;date&quot;:&quot;fev 19, 2024&quot;,&quot;dateGMT&quot;:&quot;2024-02-19 18:52:17&quot;,&quot;modifiedDate&quot;:&quot;2024-03-04 04:16:28&quot;,&quot;modifiedDateGMT&quot;:&quot;2024-03-04 04:16:28&quot;,&quot;commentCount&quot;:&quot;0&quot;,&quot;commentStatus&quot;:&quot;open&quot;,&quot;categories&quot;:{&quot;coma&quot;:&quot;&lt;a href=\\&quot;https:\\\/\\\/zeroaesquerda.com.br\\\/index.php\\\/category\\\/traducoes\\\/\\&quot; rel=\\&quot;category tag\\&quot;&gt;Tradu\\u00e7\\u00f5es&lt;\\\/a&gt;&quot;,&quot;space&quot;:&quot;&lt;a href=\\&quot;https:\\\/\\\/zeroaesquerda.com.br\\\/index.php\\\/category\\\/traducoes\\\/\\&quot; rel=\\&quot;category tag\\&quot;&gt;Tradu\\u00e7\\u00f5es&lt;\\\/a&gt;&quot;},&quot;taxonomies&quot;:{&quot;post_tag&quot;:&quot;&lt;a href=&#039;https:\\\/\\\/zeroaesquerda.com.br\\\/index.php\\\/tag\\\/cibernetica\\\/&#039; rel=&#039;post_tag&#039;&gt;Cibern\\u00e9tica&lt;\\\/a&gt;&lt;a href=&#039;https:\\\/\\\/zeroaesquerda.com.br\\\/index.php\\\/tag\\\/feminismo\\\/&#039; rel=&#039;post_tag&#039;&gt;Feminismo&lt;\\\/a&gt;&lt;a href=&#039;https:\\\/\\\/zeroaesquerda.com.br\\\/index.php\\\/tag\\\/feminismo-lesbico\\\/&#039; rel=&#039;post_tag&#039;&gt;Feminismo l\\u00e9sbico&lt;\\\/a&gt;&quot;},&quot;readTime&quot;:{&quot;min&quot;:2,&quot;sec&quot;:12},&quot;status&quot;:&quot;publish&quot;,&quot;excerpt&quot;:&quot;&quot;},{&quot;id&quot;:2940,&quot;link&quot;:&quot;https:\\\/\\\/zeroaesquerda.com.br\\\/index.php\\\/2024\\\/02\\\/15\\\/a-fabrica-movel-jean-paul-de-gaudemar\\\/&quot;,&quot;name&quot;:&quot;a-fabrica-movel-jean-paul-de-gaudemar&quot;,&quot;thumbnail&quot;:{&quot;url&quot;:&quot;https:\\\/\\\/zeroaesquerda.com.br\\\/wp-content\\\/uploads\\\/2024\\\/02\\\/b782d890-3059-4733-a2fe-3f580712ccb9.jpeg&quot;,&quot;alt&quot;:&quot;&quot;},&quot;title&quot;:&quot;A f\\u00e1brica m\\u00f3vel \\u2013 Jean-Paul de Gaudemar&quot;,&quot;postMeta&quot;:[],&quot;author&quot;:{&quot;name&quot;:&quot;Zero \\u00e0 Esquerda&quot;,&quot;link&quot;:&quot;https:\\\/\\\/zeroaesquerda.com.br\\\/index.php\\\/author\\\/revistazeroaesquerdagmail-com\\\/&quot;},&quot;date&quot;:&quot;fev 15, 2024&quot;,&quot;dateGMT&quot;:&quot;2024-02-15 12:01:00&quot;,&quot;modifiedDate&quot;:&quot;2024-02-19 19:06:13&quot;,&quot;modifiedDateGMT&quot;:&quot;2024-02-19 19:06:13&quot;,&quot;commentCount&quot;:&quot;0&quot;,&quot;commentStatus&quot;:&quot;open&quot;,&quot;categories&quot;:{&quot;coma&quot;:&quot;&lt;a href=\\&quot;https:\\\/\\\/zeroaesquerda.com.br\\\/index.php\\\/category\\\/autores\\\/jean-paul-de-gaudemar\\\/\\&quot; rel=\\&quot;category tag\\&quot;&gt;Jean-Paul de Gaudemar&lt;\\\/a&gt;, &lt;a href=\\&quot;https:\\\/\\\/zeroaesquerda.com.br\\\/index.php\\\/category\\\/traducoes\\\/\\&quot; rel=\\&quot;category tag\\&quot;&gt;Tradu\\u00e7\\u00f5es&lt;\\\/a&gt;&quot;,&quot;space&quot;:&quot;&lt;a href=\\&quot;https:\\\/\\\/zeroaesquerda.com.br\\\/index.php\\\/category\\\/autores\\\/jean-paul-de-gaudemar\\\/\\&quot; rel=\\&quot;category tag\\&quot;&gt;Jean-Paul de Gaudemar&lt;\\\/a&gt; &lt;a href=\\&quot;https:\\\/\\\/zeroaesquerda.com.br\\\/index.php\\\/category\\\/traducoes\\\/\\&quot; rel=\\&quot;category tag\\&quot;&gt;Tradu\\u00e7\\u00f5es&lt;\\\/a&gt;&quot;},&quot;taxonomies&quot;:{&quot;post_tag&quot;:&quot;&lt;a href=&#039;https:\\\/\\\/zeroaesquerda.com.br\\\/index.php\\\/tag\\\/critica-da-economia-politica\\\/&#039; rel=&#039;post_tag&#039;&gt;Cr\\u00edtica da Economia Pol\\u00edtica&lt;\\\/a&gt;&lt;a href=&#039;https:\\\/\\\/zeroaesquerda.com.br\\\/index.php\\\/tag\\\/politica\\\/&#039; rel=&#039;post_tag&#039;&gt;Pol\\u00edtica&lt;\\\/a&gt;&lt;a href=&#039;https:\\\/\\\/zeroaesquerda.com.br\\\/index.php\\\/tag\\\/sociologia\\\/&#039; rel=&#039;post_tag&#039;&gt;Sociologia&lt;\\\/a&gt;&lt;a href=&#039;https:\\\/\\\/zeroaesquerda.com.br\\\/index.php\\\/tag\\\/trabalho\\\/&#039; rel=&#039;post_tag&#039;&gt;Trabalho&lt;\\\/a&gt;&quot;},&quot;readTime&quot;:{&quot;min&quot;:14,&quot;sec&quot;:51},&quot;status&quot;:&quot;publish&quot;,&quot;excerpt&quot;:&quot;&quot;},{&quot;id&quot;:3046,&quot;link&quot;:&quot;https:\\\/\\\/zeroaesquerda.com.br\\\/index.php\\\/2024\\\/01\\\/29\\\/corpos-verdades-da-linguagem-alain-badiou\\\/&quot;,&quot;name&quot;:&quot;corpos-verdades-da-linguagem-alain-badiou&quot;,&quot;thumbnail&quot;:{&quot;url&quot;:&quot;https:\\\/\\\/zeroaesquerda.com.br\\\/wp-content\\\/uploads\\\/2024\\\/01\\\/image_2024-01-29_115403331.png&quot;,&quot;alt&quot;:&quot;&quot;},&quot;title&quot;:&quot;Corpos, verdades da linguagem - Alain Badiou&quot;,&quot;postMeta&quot;:[],&quot;author&quot;:{&quot;name&quot;:&quot;Zero \\u00e0 Esquerda&quot;,&quot;link&quot;:&quot;https:\\\/\\\/zeroaesquerda.com.br\\\/index.php\\\/author\\\/revistazeroaesquerdagmail-com\\\/&quot;},&quot;date&quot;:&quot;jan 29, 2024&quot;,&quot;dateGMT&quot;:&quot;2024-01-29 18:46:19&quot;,&quot;modifiedDate&quot;:&quot;2024-02-19 19:01:42&quot;,&quot;modifiedDateGMT&quot;:&quot;2024-02-19 19:01:42&quot;,&quot;commentCount&quot;:&quot;0&quot;,&quot;commentStatus&quot;:&quot;open&quot;,&quot;categories&quot;:{&quot;coma&quot;:&quot;&lt;a href=\\&quot;https:\\\/\\\/zeroaesquerda.com.br\\\/index.php\\\/category\\\/autores\\\/alain-badiou\\\/\\&quot; rel=\\&quot;category tag\\&quot;&gt;Alain Badiou&lt;\\\/a&gt;, &lt;a href=\\&quot;https:\\\/\\\/zeroaesquerda.com.br\\\/index.php\\\/category\\\/series\\\/\\&quot; rel=\\&quot;category tag\\&quot;&gt;S\\u00e9ries&lt;\\\/a&gt;, &lt;a href=\\&quot;https:\\\/\\\/zeroaesquerda.com.br\\\/index.php\\\/category\\\/traducoes\\\/\\&quot; rel=\\&quot;category tag\\&quot;&gt;Tradu\\u00e7\\u00f5es&lt;\\\/a&gt;, &lt;a href=\\&quot;https:\\\/\\\/zeroaesquerda.com.br\\\/index.php\\\/category\\\/uncategorized\\\/\\&quot; rel=\\&quot;category tag\\&quot;&gt;Uncategorized&lt;\\\/a&gt;&quot;,&quot;space&quot;:&quot;&lt;a href=\\&quot;https:\\\/\\\/zeroaesquerda.com.br\\\/index.php\\\/category\\\/autores\\\/alain-badiou\\\/\\&quot; rel=\\&quot;category tag\\&quot;&gt;Alain Badiou&lt;\\\/a&gt; &lt;a href=\\&quot;https:\\\/\\\/zeroaesquerda.com.br\\\/index.php\\\/category\\\/series\\\/\\&quot; rel=\\&quot;category tag\\&quot;&gt;S\\u00e9ries&lt;\\\/a&gt; &lt;a href=\\&quot;https:\\\/\\\/zeroaesquerda.com.br\\\/index.php\\\/category\\\/traducoes\\\/\\&quot; rel=\\&quot;category tag\\&quot;&gt;Tradu\\u00e7\\u00f5es&lt;\\\/a&gt; &lt;a href=\\&quot;https:\\\/\\\/zeroaesquerda.com.br\\\/index.php\\\/category\\\/uncategorized\\\/\\&quot; rel=\\&quot;category tag\\&quot;&gt;Uncategorized&lt;\\\/a&gt;&quot;},&quot;taxonomies&quot;:{&quot;post_tag&quot;:&quot;&lt;a href=&#039;https:\\\/\\\/zeroaesquerda.com.br\\\/index.php\\\/tag\\\/alain-badiou\\\/&#039; rel=&#039;post_tag&#039;&gt;Alain Badiou&lt;\\\/a&gt;&lt;a href=&#039;https:\\\/\\\/zeroaesquerda.com.br\\\/index.php\\\/tag\\\/filosofia\\\/&#039; rel=&#039;post_tag&#039;&gt;Filosofia&lt;\\\/a&gt;&lt;a href=&#039;https:\\\/\\\/zeroaesquerda.com.br\\\/index.php\\\/tag\\\/politica\\\/&#039; rel=&#039;post_tag&#039;&gt;Pol\\u00edtica&lt;\\\/a&gt;&quot;},&quot;readTime&quot;:{&quot;min&quot;:16,&quot;sec&quot;:40},&quot;status&quot;:&quot;publish&quot;,&quot;excerpt&quot;:&quot;Badiou discorre sobre a posi\\u00e7\\u00e3o que os corpos ocupam na contemporaneidade.&quot;},{&quot;id&quot;:3010,&quot;link&quot;:&quot;https:\\\/\\\/zeroaesquerda.com.br\\\/index.php\\\/2024\\\/01\\\/26\\\/manifesto-do-afirmacionismo\\\/&quot;,&quot;name&quot;:&quot;manifesto-do-afirmacionismo&quot;,&quot;thumbnail&quot;:{&quot;url&quot;:&quot;https:\\\/\\\/zeroaesquerda.com.br\\\/wp-content\\\/uploads\\\/2024\\\/01\\\/image_2024-01-26_112045408.png&quot;,&quot;alt&quot;:&quot;&quot;},&quot;title&quot;:&quot;Manifesto do Afirmacionismo - Alain Badiou&quot;,&quot;postMeta&quot;:[],&quot;author&quot;:{&quot;name&quot;:&quot;Zero \\u00e0 Esquerda&quot;,&quot;link&quot;:&quot;https:\\\/\\\/zeroaesquerda.com.br\\\/index.php\\\/author\\\/revistazeroaesquerdagmail-com\\\/&quot;},&quot;date&quot;:&quot;jan 26, 2024&quot;,&quot;dateGMT&quot;:&quot;2024-01-26 14:21:05&quot;,&quot;modifiedDate&quot;:&quot;2024-01-27 01:15:56&quot;,&quot;modifiedDateGMT&quot;:&quot;2024-01-27 01:15:56&quot;,&quot;commentCount&quot;:&quot;0&quot;,&quot;commentStatus&quot;:&quot;open&quot;,&quot;categories&quot;:{&quot;coma&quot;:&quot;&lt;a href=\\&quot;https:\\\/\\\/zeroaesquerda.com.br\\\/index.php\\\/category\\\/autores\\\/alain-badiou\\\/\\&quot; rel=\\&quot;category tag\\&quot;&gt;Alain Badiou&lt;\\\/a&gt;, &lt;a href=\\&quot;https:\\\/\\\/zeroaesquerda.com.br\\\/index.php\\\/category\\\/autores\\\/\\&quot; rel=\\&quot;category tag\\&quot;&gt;Autores&lt;\\\/a&gt;, &lt;a href=\\&quot;https:\\\/\\\/zeroaesquerda.com.br\\\/index.php\\\/category\\\/traducoes\\\/\\&quot; rel=\\&quot;category tag\\&quot;&gt;Tradu\\u00e7\\u00f5es&lt;\\\/a&gt;&quot;,&quot;space&quot;:&quot;&lt;a href=\\&quot;https:\\\/\\\/zeroaesquerda.com.br\\\/index.php\\\/category\\\/autores\\\/alain-badiou\\\/\\&quot; rel=\\&quot;category tag\\&quot;&gt;Alain Badiou&lt;\\\/a&gt; &lt;a href=\\&quot;https:\\\/\\\/zeroaesquerda.com.br\\\/index.php\\\/category\\\/autores\\\/\\&quot; rel=\\&quot;category tag\\&quot;&gt;Autores&lt;\\\/a&gt; &lt;a href=\\&quot;https:\\\/\\\/zeroaesquerda.com.br\\\/index.php\\\/category\\\/traducoes\\\/\\&quot; rel=\\&quot;category tag\\&quot;&gt;Tradu\\u00e7\\u00f5es&lt;\\\/a&gt;&quot;},&quot;taxonomies&quot;:{&quot;post_tag&quot;:&quot;&lt;a href=&#039;https:\\\/\\\/zeroaesquerda.com.br\\\/index.php\\\/tag\\\/alain-badiou\\\/&#039; rel=&#039;post_tag&#039;&gt;Alain Badiou&lt;\\\/a&gt;&lt;a href=&#039;https:\\\/\\\/zeroaesquerda.com.br\\\/index.php\\\/tag\\\/filosofia\\\/&#039; rel=&#039;post_tag&#039;&gt;Filosofia&lt;\\\/a&gt;&quot;},&quot;readTime&quot;:{&quot;min&quot;:25,&quot;sec&quot;:24},&quot;status&quot;:&quot;publish&quot;,&quot;excerpt&quot;:&quot;\\&quot;Nossa capacidade de resist\\u00eancia e inven\\u00e7\\u00e3o requer que renunciemos aos nossos prazeres das margens, na obliquidade, na desconstru\\u00e7\\u00e3o infinita, no fragmento, na exposi\\u00e7\\u00e3o tr\\u00eamula da mortalidade, na finitude e no corpo. Em prol do pobre s\\u00e9culo que se inicia, devemos - e iremos - declarar a exist\\u00eancia do que n\\u00e3o existe mais na arte: a constru\\u00e7\\u00e3o monumental, o projeto, a for\\u00e7a criativa dos fracos, a destrui\\u00e7\\u00e3o dos poderes estabelecidos.\\&quot;&quot;},{&quot;id&quot;:3006,&quot;link&quot;:&quot;https:\\\/\\\/zeroaesquerda.com.br\\\/index.php\\\/2024\\\/01\\\/25\\\/lacan-e-os-pre-socraticos\\\/&quot;,&quot;name&quot;:&quot;lacan-e-os-pre-socraticos&quot;,&quot;thumbnail&quot;:{&quot;url&quot;:&quot;https:\\\/\\\/zeroaesquerda.com.br\\\/wp-content\\\/uploads\\\/2024\\\/01\\\/b1ca2b2ab0f315eac7db8703dd66aa83.jpg&quot;,&quot;alt&quot;:&quot;&quot;},&quot;title&quot;:&quot;Lacan e os pr\\u00e9-socr\\u00e1ticos - Alain Badiou&quot;,&quot;postMeta&quot;:[],&quot;author&quot;:{&quot;name&quot;:&quot;Zero \\u00e0 Esquerda&quot;,&quot;link&quot;:&quot;https:\\\/\\\/zeroaesquerda.com.br\\\/index.php\\\/author\\\/revistazeroaesquerdagmail-com\\\/&quot;},&quot;date&quot;:&quot;jan 25, 2024&quot;,&quot;dateGMT&quot;:&quot;2024-01-25 14:57:27&quot;,&quot;modifiedDate&quot;:&quot;2024-01-26 02:17:45&quot;,&quot;modifiedDateGMT&quot;:&quot;2024-01-26 02:17:45&quot;,&quot;commentCount&quot;:&quot;0&quot;,&quot;commentStatus&quot;:&quot;open&quot;,&quot;categories&quot;:{&quot;coma&quot;:&quot;&lt;a href=\\&quot;https:\\\/\\\/zeroaesquerda.com.br\\\/index.php\\\/category\\\/autores\\\/alain-badiou\\\/\\&quot; rel=\\&quot;category tag\\&quot;&gt;Alain Badiou&lt;\\\/a&gt;, &lt;a href=\\&quot;https:\\\/\\\/zeroaesquerda.com.br\\\/index.php\\\/category\\\/autores\\\/\\&quot; rel=\\&quot;category tag\\&quot;&gt;Autores&lt;\\\/a&gt;, &lt;a href=\\&quot;https:\\\/\\\/zeroaesquerda.com.br\\\/index.php\\\/category\\\/traducoes\\\/\\&quot; rel=\\&quot;category tag\\&quot;&gt;Tradu\\u00e7\\u00f5es&lt;\\\/a&gt;&quot;,&quot;space&quot;:&quot;&lt;a href=\\&quot;https:\\\/\\\/zeroaesquerda.com.br\\\/index.php\\\/category\\\/autores\\\/alain-badiou\\\/\\&quot; rel=\\&quot;category tag\\&quot;&gt;Alain Badiou&lt;\\\/a&gt; &lt;a href=\\&quot;https:\\\/\\\/zeroaesquerda.com.br\\\/index.php\\\/category\\\/autores\\\/\\&quot; rel=\\&quot;category tag\\&quot;&gt;Autores&lt;\\\/a&gt; &lt;a href=\\&quot;https:\\\/\\\/zeroaesquerda.com.br\\\/index.php\\\/category\\\/traducoes\\\/\\&quot; rel=\\&quot;category tag\\&quot;&gt;Tradu\\u00e7\\u00f5es&lt;\\\/a&gt;&quot;},&quot;taxonomies&quot;:{&quot;post_tag&quot;:&quot;&lt;a href=&#039;https:\\\/\\\/zeroaesquerda.com.br\\\/index.php\\\/tag\\\/alain-badiou\\\/&#039; rel=&#039;post_tag&#039;&gt;Alain Badiou&lt;\\\/a&gt;&lt;a href=&#039;https:\\\/\\\/zeroaesquerda.com.br\\\/index.php\\\/tag\\\/filosofia\\\/&#039; rel=&#039;post_tag&#039;&gt;Filosofia&lt;\\\/a&gt;&lt;a href=&#039;https:\\\/\\\/zeroaesquerda.com.br\\\/index.php\\\/tag\\\/jacques-lacan\\\/&#039; rel=&#039;post_tag&#039;&gt;Jacques Lacan&lt;\\\/a&gt;&lt;a href=&#039;https:\\\/\\\/zeroaesquerda.com.br\\\/index.php\\\/tag\\\/martin-heidegger\\\/&#039; rel=&#039;post_tag&#039;&gt;Martin Heidegger&lt;\\\/a&gt;&lt;a href=&#039;https:\\\/\\\/zeroaesquerda.com.br\\\/index.php\\\/tag\\\/sigmund-freud\\\/&#039; rel=&#039;post_tag&#039;&gt;Sigmund Freud&lt;\\\/a&gt;&quot;},&quot;readTime&quot;:{&quot;min&quot;:19,&quot;sec&quot;:48},&quot;status&quot;:&quot;publish&quot;,&quot;excerpt&quot;:&quot;\\u00c9 sempre perigoso abordar Lacan a partir de um ponto de vista filos\\u00f3fico. Pois ele \\u00e9 um antifil\\u00f3sofo, e ningu\\u00e9m est\\u00e1 autorizado a assumir essa designa\\u00e7\\u00e3o levianamente.&quot;},{&quot;id&quot;:2976,&quot;link&quot;:&quot;https:\\\/\\\/zeroaesquerda.com.br\\\/index.php\\\/2024\\\/01\\\/23\\\/lacan-ate-que-ponto-e-hegeliano\\\/&quot;,&quot;name&quot;:&quot;lacan-ate-que-ponto-e-hegeliano&quot;,&quot;thumbnail&quot;:{&quot;url&quot;:&quot;https:\\\/\\\/zeroaesquerda.com.br\\\/wp-content\\\/uploads\\\/2024\\\/01\\\/wp11685898-jacques-lacan-wallpapers.jpg&quot;,&quot;alt&quot;:&quot;&quot;},&quot;title&quot;:&quot;Lacan: at\\u00e9 que ponto \\u00e9 hegeliano? - Slavoj \\u017di\\u017eek&quot;,&quot;postMeta&quot;:[],&quot;author&quot;:{&quot;name&quot;:&quot;Zero \\u00e0 Esquerda&quot;,&quot;link&quot;:&quot;https:\\\/\\\/zeroaesquerda.com.br\\\/index.php\\\/author\\\/revistazeroaesquerdagmail-com\\\/&quot;},&quot;date&quot;:&quot;jan 23, 2024&quot;,&quot;dateGMT&quot;:&quot;2024-01-23 17:25:21&quot;,&quot;modifiedDate&quot;:&quot;2024-10-28 20:05:07&quot;,&quot;modifiedDateGMT&quot;:&quot;2024-10-28 20:05:07&quot;,&quot;commentCount&quot;:&quot;0&quot;,&quot;commentStatus&quot;:&quot;open&quot;,&quot;categories&quot;:{&quot;coma&quot;:&quot;&lt;a href=\\&quot;https:\\\/\\\/zeroaesquerda.com.br\\\/index.php\\\/category\\\/autores\\\/slavoj-zizek\\\/\\&quot; rel=\\&quot;category tag\\&quot;&gt;Slavoj \\u017di\\u017eek&lt;\\\/a&gt;, &lt;a href=\\&quot;https:\\\/\\\/zeroaesquerda.com.br\\\/index.php\\\/category\\\/traducoes\\\/\\&quot; rel=\\&quot;category tag\\&quot;&gt;Tradu\\u00e7\\u00f5es&lt;\\\/a&gt;&quot;,&quot;space&quot;:&quot;&lt;a href=\\&quot;https:\\\/\\\/zeroaesquerda.com.br\\\/index.php\\\/category\\\/autores\\\/slavoj-zizek\\\/\\&quot; rel=\\&quot;category tag\\&quot;&gt;Slavoj \\u017di\\u017eek&lt;\\\/a&gt; &lt;a href=\\&quot;https:\\\/\\\/zeroaesquerda.com.br\\\/index.php\\\/category\\\/traducoes\\\/\\&quot; rel=\\&quot;category tag\\&quot;&gt;Tradu\\u00e7\\u00f5es&lt;\\\/a&gt;&quot;},&quot;taxonomies&quot;:{&quot;post_tag&quot;:&quot;&lt;a href=&#039;https:\\\/\\\/zeroaesquerda.com.br\\\/index.php\\\/tag\\\/filosofia\\\/&#039; rel=&#039;post_tag&#039;&gt;Filosofia&lt;\\\/a&gt;&lt;a href=&#039;https:\\\/\\\/zeroaesquerda.com.br\\\/index.php\\\/tag\\\/hegel\\\/&#039; rel=&#039;post_tag&#039;&gt;Hegel&lt;\\\/a&gt;&lt;a href=&#039;https:\\\/\\\/zeroaesquerda.com.br\\\/index.php\\\/tag\\\/jacques-lacan\\\/&#039; rel=&#039;post_tag&#039;&gt;Jacques Lacan&lt;\\\/a&gt;&lt;a href=&#039;https:\\\/\\\/zeroaesquerda.com.br\\\/index.php\\\/tag\\\/psicanalise\\\/&#039; rel=&#039;post_tag&#039;&gt;Psican\\u00e1lise&lt;\\\/a&gt;&lt;a href=&#039;https:\\\/\\\/zeroaesquerda.com.br\\\/index.php\\\/tag\\\/psicanalise-lacaniana\\\/&#039; rel=&#039;post_tag&#039;&gt;Psican\\u00e1lise lacaniana&lt;\\\/a&gt;&lt;a href=&#039;https:\\\/\\\/zeroaesquerda.com.br\\\/index.php\\\/tag\\\/sigmund-freud\\\/&#039; rel=&#039;post_tag&#039;&gt;Sigmund Freud&lt;\\\/a&gt;&lt;a href=&#039;https:\\\/\\\/zeroaesquerda.com.br\\\/index.php\\\/tag\\\/slavoj-zizek\\\/&#039; rel=&#039;post_tag&#039;&gt;Slavoj Zizek&lt;\\\/a&gt;&quot;},&quot;readTime&quot;:{&quot;min&quot;:17,&quot;sec&quot;:0},&quot;status&quot;:&quot;publish&quot;,&quot;excerpt&quot;:&quot;O fil\\u00f3sofo \\u017di\\u017eek tece neste texto algumas reflex\\u00f5es para ponderarmos sobre at\\u00e9 que ponto o psicanalista Lacan \\u00e9 ou n\\u00e3o hegeliano.&quot;},{&quot;id&quot;:2943,&quot;link&quot;:&quot;https:\\\/\\\/zeroaesquerda.com.br\\\/index.php\\\/2024\\\/01\\\/19\\\/juventude-contra-a-ditadura-israelense\\\/&quot;,&quot;name&quot;:&quot;juventude-contra-a-ditadura-israelense&quot;,&quot;thumbnail&quot;:{&quot;url&quot;:&quot;https:\\\/\\\/zeroaesquerda.com.br\\\/wp-content\\\/uploads\\\/2024\\\/01\\\/mov.jpg&quot;,&quot;alt&quot;:&quot;&quot;},&quot;title&quot;:&quot;Juventude contra a ditadura israelense&quot;,&quot;postMeta&quot;:[],&quot;author&quot;:{&quot;name&quot;:&quot;Zero \\u00e0 Esquerda&quot;,&quot;link&quot;:&quot;https:\\\/\\\/zeroaesquerda.com.br\\\/index.php\\\/author\\\/revistazeroaesquerdagmail-com\\\/&quot;},&quot;date&quot;:&quot;jan 19, 2024&quot;,&quot;dateGMT&quot;:&quot;2024-01-19 00:37:18&quot;,&quot;modifiedDate&quot;:&quot;2024-01-19 01:06:04&quot;,&quot;modifiedDateGMT&quot;:&quot;2024-01-19 01:06:04&quot;,&quot;commentCount&quot;:&quot;0&quot;,&quot;commentStatus&quot;:&quot;open&quot;,&quot;categories&quot;:{&quot;coma&quot;:&quot;&lt;a href=\\&quot;https:\\\/\\\/zeroaesquerda.com.br\\\/index.php\\\/category\\\/traducoes\\\/\\&quot; rel=\\&quot;category tag\\&quot;&gt;Tradu\\u00e7\\u00f5es&lt;\\\/a&gt;&quot;,&quot;space&quot;:&quot;&lt;a href=\\&quot;https:\\\/\\\/zeroaesquerda.com.br\\\/index.php\\\/category\\\/traducoes\\\/\\&quot; rel=\\&quot;category tag\\&quot;&gt;Tradu\\u00e7\\u00f5es&lt;\\\/a&gt;&quot;},&quot;taxonomies&quot;:{&quot;post_tag&quot;:&quot;&lt;a href=&#039;https:\\\/\\\/zeroaesquerda.com.br\\\/index.php\\\/tag\\\/230-jovens-israelenses\\\/&#039; rel=&#039;post_tag&#039;&gt;230 jovens israelenses&lt;\\\/a&gt;&lt;a href=&#039;https:\\\/\\\/zeroaesquerda.com.br\\\/index.php\\\/tag\\\/contra-a-ditadura-israelense\\\/&#039; rel=&#039;post_tag&#039;&gt;contra a ditadura israelense&lt;\\\/a&gt;&lt;a href=&#039;https:\\\/\\\/zeroaesquerda.com.br\\\/index.php\\\/tag\\\/contra-o-recrutamento\\\/&#039; rel=&#039;post_tag&#039;&gt;contra o recrutamento&lt;\\\/a&gt;&lt;a href=&#039;https:\\\/\\\/zeroaesquerda.com.br\\\/index.php\\\/tag\\\/exercito\\\/&#039; rel=&#039;post_tag&#039;&gt;Ex\\u00e9rcito&lt;\\\/a&gt;&lt;a href=&#039;https:\\\/\\\/zeroaesquerda.com.br\\\/index.php\\\/tag\\\/israel\\\/&#039; rel=&#039;post_tag&#039;&gt;Israel&lt;\\\/a&gt;&lt;a href=&#039;https:\\\/\\\/zeroaesquerda.com.br\\\/index.php\\\/tag\\\/juventude-contra-a-ditadura\\\/&#039; rel=&#039;post_tag&#039;&gt;Juventude contra a ditadura&lt;\\\/a&gt;&quot;},&quot;readTime&quot;:{&quot;min&quot;:1,&quot;sec&quot;:20},&quot;status&quot;:&quot;publish&quot;,&quot;excerpt&quot;:&quot;&quot;}]\t<\/pre>\n\n\t\t\t\t<div class='apbLoadingPlaceholder' id='apbLoadingPlaceholder-3'>\n\t\t\t\t\t\t\t\t\t\t<style>\n\t\t\t\t\t\t\t#apbLoadingPlaceholder-3 .apbSliderSkeleton article{\n\t\t\tmin-height: 350px;\n\t\t}\t\t\t\t\t\t<\/style>\n\t\t\t\t\t\t<div class='apbSliderSkeleton'>\n\t\t\t\t\t\t\t<div class='swiper-wrapper'>\n\t\t\t\t\t\t\t\t<article class='apbPost'>\n\t\t\t<span class='apbLoadingItem apbThumb'><\/span>\n\t\t\t\n\t\t\t<div class='apbText'>\n\t\t\t\t<div class='apbTitle'>\n\t\t\t\t\t<span class='apbLoadingItem'><\/span>\n\t\t\t\t\t<span class='apbLoadingItem'><\/span>\n\t\t\t\t<\/div>\n\t\t\t\t<div class='apbMeta'>\n\t\t\t\t\t<span class='apbLoadingItem'><\/span>\n\t\t\t\t<\/div>\n\t\t\t\t<div class='apbExcerpt'>\n\t\t\t\t\t<span class='apbLoadingItem'><\/span>\n\t\t\t\t\t<span class='apbLoadingItem'><\/span>\n\t\t\t\t\t<span class='apbLoadingItem'><\/span>\n\t\t\t\t\t<span class='apbLoadingItem'><\/span>\n\t\t\t\t<\/div>\n\t\t\t\t<div class='apbReadMore'>\n\t\t\t\t\t<span class='apbLoadingItem'><\/span>\n\t\t\t\t<\/div>\n\t\t\t<\/div>\n\t\t<\/article><article class='apbPost'>\n\t\t\t<span class='apbLoadingItem apbThumb'><\/span>\n\t\t\t\n\t\t\t<div class='apbText'>\n\t\t\t\t<div class='apbTitle'>\n\t\t\t\t\t<span class='apbLoadingItem'><\/span>\n\t\t\t\t\t<span class='apbLoadingItem'><\/span>\n\t\t\t\t<\/div>\n\t\t\t\t<div class='apbMeta'>\n\t\t\t\t\t<span class='apbLoadingItem'><\/span>\n\t\t\t\t<\/div>\n\t\t\t\t<div class='apbExcerpt'>\n\t\t\t\t\t<span class='apbLoadingItem'><\/span>\n\t\t\t\t\t<span class='apbLoadingItem'><\/span>\n\t\t\t\t\t<span class='apbLoadingItem'><\/span>\n\t\t\t\t\t<span class='apbLoadingItem'><\/span>\n\t\t\t\t<\/div>\n\t\t\t\t<div class='apbReadMore'>\n\t\t\t\t\t<span class='apbLoadingItem'><\/span>\n\t\t\t\t<\/div>\n\t\t\t<\/div>\n\t\t<\/article>\t\t\t\t\t\t\t<\/div>\n\t\t\t\t\t\t\t<div class='swiper-pagination'><\/div>\t\t\t\t\t\t\t<div class='swiper-button-prev'><\/div><div class='swiper-button-next'><\/div>\t\t\t\t\t\t<\/div>\n\t\t\t\t\t\t\t\t<\/div>\n\t\t<\/div>\n\n\n<p><\/p>\n\n\n\n<hr class=\"wp-block-separator has-text-color has-background has-theme-palette-3-background-color has-theme-palette-3-color is-style-default\"\/>\n\n\n\n<hr class=\"wp-block-coblocks-dynamic-separator has-background has-theme-palette-3-color is-style-fullwidth\" style=\"height:30px\"\/>\n\n\n<div\n\t\tclass=\"free alignfull alignfull wp-block-ap-block-posts\"\tid='apbAdvancedPosts-4'\n\tdata-nonce='&quot;aa6f7c95c4&quot;'\n\tdata-attributes='{&quot;align&quot;:&quot;full&quot;,&quot;cId&quot;:&quot;ef694952-b573-437c-995a-9ed37ef786f8&quot;,&quot;layout&quot;:&quot;masonry&quot;,&quot;columns&quot;:{&quot;desktop&quot;:3,&quot;tablet&quot;:2,&quot;mobile&quot;:1},&quot;columnGap&quot;:0,&quot;rowGap&quot;:25,&quot;selectedCategories&quot;:[346],&quot;postsPerPage&quot;:36,&quot;contentBG&quot;:{&quot;color&quot;:&quot;#f4f2fc&quot;,&quot;styles&quot;:&quot;background-color: #f4f2fc;&quot;,&quot;type&quot;:&quot;solid&quot;,&quot;gradient&quot;:&quot;linear-gradient(135deg, #4527a4, #8344c5)&quot;,&quot;image&quot;:[],&quot;position&quot;:&quot;center center&quot;,&quot;attachment&quot;:&quot;initial&quot;,&quot;repeat&quot;:&quot;no-repeat&quot;,&quot;size&quot;:&quot;cover&quot;,&quot;overlayColor&quot;:&quot;#000000b3&quot;},&quot;contentPadding&quot;:{&quot;vertical&quot;:&quot;20px&quot;,&quot;horizontal&quot;:&quot;25px&quot;,&quot;side&quot;:2,&quot;top&quot;:&quot;20px&quot;,&quot;right&quot;:&quot;25px&quot;,&quot;bottom&quot;:&quot;20px&quot;,&quot;left&quot;:&quot;25px&quot;,&quot;styles&quot;:&quot;20px 25px&quot;},&quot;border&quot;:{&quot;radius&quot;:&quot;5px&quot;,&quot;width&quot;:&quot;0px&quot;,&quot;style&quot;:&quot;solid&quot;,&quot;color&quot;:&quot;#0000&quot;,&quot;side&quot;:&quot;all&quot;,&quot;styles&quot;:&quot;border-radius: 5px;&quot;},&quot;titleTypo&quot;:{&quot;fontFamily&quot;:&quot;Roboto&quot;,&quot;fontSize&quot;:25,&quot;googleFontLink&quot;:&quot;https:\\\/\\\/fonts.googleapis.com\\\/css2?family=Roboto&amp;display=swap&quot;,&quot;styles&quot;:&quot;font-family: &#039;Roboto&#039;, sans-serif; font-size: 25px; line-height: 135%;&quot;},&quot;titleColor&quot;:&quot;rgba(2, 1, 6, 1)&quot;,&quot;titleMargin&quot;:{&quot;bottom&quot;:&quot;15px&quot;,&quot;side&quot;:4,&quot;vertical&quot;:&quot;0px&quot;,&quot;horizontal&quot;:&quot;0px&quot;,&quot;top&quot;:&quot;0px&quot;,&quot;right&quot;:&quot;0px&quot;,&quot;left&quot;:&quot;0px&quot;,&quot;styles&quot;:&quot;0px 0px 15px 0px&quot;},&quot;isMetaAuthor&quot;:false,&quot;metaCategoryIn&quot;:&quot;image&quot;,&quot;isMetaComment&quot;:true,&quot;metaTypo&quot;:{&quot;fontSize&quot;:13,&quot;textTransform&quot;:&quot;uppercase&quot;,&quot;styles&quot;:&quot;font-size: 13px; text-transform: uppercase; line-height: 135%;&quot;,&quot;googleFontLink&quot;:&quot;https:\\\/\\\/fonts.googleapis.com\\\/css2?family=Open+Sans&amp;display=swap&quot;},&quot;metaLinkColor&quot;:&quot;rgba(228, 13, 78, 1)&quot;,&quot;metaIconColor&quot;:&quot;rgba(228, 13, 78, 1)&quot;,&quot;metaMargin&quot;:{&quot;bottom&quot;:&quot;15px&quot;,&quot;side&quot;:4,&quot;vertical&quot;:&quot;0px&quot;,&quot;horizontal&quot;:&quot;0px&quot;,&quot;top&quot;:&quot;0px&quot;,&quot;right&quot;:&quot;0px&quot;,&quot;left&quot;:&quot;0px&quot;,&quot;styles&quot;:&quot;0px 0px 15px 0px&quot;},&quot;excerptTypo&quot;:{&quot;fontSize&quot;:15,&quot;styles&quot;:&quot;font-size: 15px; line-height: 135%;&quot;,&quot;googleFontLink&quot;:&quot;https:\\\/\\\/fonts.googleapis.com\\\/css2?family=Open+Sans&amp;display=swap&quot;},&quot;excerptMargin&quot;:{&quot;bottom&quot;:&quot;10px&quot;,&quot;side&quot;:4,&quot;vertical&quot;:&quot;0px&quot;,&quot;horizontal&quot;:&quot;0px&quot;,&quot;top&quot;:&quot;0px&quot;,&quot;right&quot;:&quot;0px&quot;,&quot;left&quot;:&quot;0px&quot;,&quot;styles&quot;:&quot;0px 0px 10px 0px&quot;},&quot;readMoreLabel&quot;:&quot;Leia Mais&quot;,&quot;readMoreTypo&quot;:{&quot;fontSize&quot;:14,&quot;textTransform&quot;:&quot;uppercase&quot;,&quot;fontWeight&quot;:600,&quot;styles&quot;:&quot;font-weight: 600; font-size: 14px; text-transform: uppercase; line-height: 135%;&quot;,&quot;googleFontLink&quot;:&quot;https:\\\/\\\/fonts.googleapis.com\\\/css2?family=Open+Sans&amp;display=swap&quot;},&quot;readMoreColors&quot;:{&quot;color&quot;:&quot;#fff&quot;,&quot;bg&quot;:&quot;#8344c5&quot;,&quot;bgType&quot;:&quot;gradient&quot;,&quot;gradient&quot;:&quot;linear-gradient(135deg,rgb(255,125,184) 0%,rgb(163,0,149) 38%,rgb(249,23,113) 77%,rgb(238,42,123) 100%)&quot;,&quot;styles&quot;:&quot;color: #fff; background: linear-gradient(135deg,rgb(255,125,184) 0%,rgb(163,0,149) 38%,rgb(249,23,113) 77%,rgb(238,42,123) 100%);&quot;},&quot;readMoreHovColors&quot;:{&quot;color&quot;:&quot;#fff&quot;,&quot;bg&quot;:&quot;rgba(177, 25, 101, 1)&quot;,&quot;bgType&quot;:&quot;solid&quot;,&quot;gradient&quot;:&quot;linear-gradient(135deg, #4527a4, #8344c5)&quot;,&quot;styles&quot;:&quot;color: #fff; background: rgba(177, 25, 101, 1);&quot;},&quot;readMorePadding&quot;:{&quot;vertical&quot;:&quot;12px&quot;,&quot;horizontal&quot;:&quot;35px&quot;,&quot;side&quot;:2,&quot;top&quot;:&quot;12px&quot;,&quot;right&quot;:&quot;35px&quot;,&quot;bottom&quot;:&quot;12px&quot;,&quot;left&quot;:&quot;35px&quot;,&quot;styles&quot;:&quot;12px 35px&quot;},&quot;readMoreBorder&quot;:{&quot;radius&quot;:&quot;3px&quot;,&quot;width&quot;:&quot;0px&quot;,&quot;style&quot;:&quot;solid&quot;,&quot;color&quot;:&quot;#0000&quot;,&quot;side&quot;:&quot;all&quot;,&quot;styles&quot;:&quot;border-radius: 3px;&quot;},&quot;subLayout&quot;:&quot;default&quot;,&quot;isContentEqualHight&quot;:true,&quot;sliderHeight&quot;:&quot;350px&quot;,&quot;content&quot;:{&quot;height&quot;:&quot;auto&quot;},&quot;postType&quot;:&quot;post&quot;,&quot;selectedTaxonomies&quot;:[],&quot;selectedTags&quot;:[],&quot;isPostsPerPageAll&quot;:false,&quot;postsOrderBy&quot;:&quot;date&quot;,&quot;postsOrder&quot;:&quot;desc&quot;,&quot;postsOffset&quot;:0,&quot;postsInclude&quot;:[],&quot;postsExclude&quot;:[],&quot;isExcludeCurrent&quot;:false,&quot;isPagination&quot;:false,&quot;paginationPrevLabel&quot;:&quot;Prev&quot;,&quot;paginationNextLabel&quot;:&quot;Next&quot;,&quot;paginationColors&quot;:{&quot;color&quot;:&quot;#fff&quot;,&quot;bg&quot;:&quot;#146EF5&quot;},&quot;paginationHovColors&quot;:{&quot;color&quot;:&quot;#fff&quot;,&quot;bg&quot;:&quot;#070127&quot;},&quot;paginationPadding&quot;:{&quot;vertical&quot;:&quot;8px&quot;,&quot;horizontal&quot;:&quot;15px&quot;},&quot;paginationSpacing&quot;:&quot;15px&quot;,&quot;contentAlign&quot;:&quot;left&quot;,&quot;sliderIsLoop&quot;:true,&quot;sliderIsTouchMove&quot;:false,&quot;sliderIsAutoplay&quot;:true,&quot;sliderAutoplayOptions&quot;:{&quot;delay&quot;:1.5},&quot;sliderSpeed&quot;:1.5,&quot;sliderEffect&quot;:&quot;slide&quot;,&quot;sliderIsPage&quot;:true,&quot;sliderIsPageClickable&quot;:true,&quot;sliderIsPageDynamic&quot;:true,&quot;sliderPageColor&quot;:&quot;#146EF5&quot;,&quot;sliderPageWidth&quot;:&quot;15px&quot;,&quot;sliderPageHeight&quot;:&quot;15px&quot;,&quot;sliderPageBorder&quot;:{&quot;radius&quot;:&quot;50%&quot;},&quot;sliderIsPrevNext&quot;:true,&quot;sliderPrevNextColor&quot;:&quot;#146EF5&quot;,&quot;tickerDirection&quot;:&quot;up&quot;,&quot;tickerSpeed&quot;:&quot;slow&quot;,&quot;tickerInterval&quot;:2000,&quot;tickerHeight&quot;:&quot;0px&quot;,&quot;tickerVisible&quot;:3,&quot;tickerIsMousePause&quot;:true,&quot;elementsSort&quot;:[&quot;title&quot;,&quot;meta&quot;],&quot;isFImg&quot;:true,&quot;fImgSize&quot;:&quot;full&quot;,&quot;fImgFitting&quot;:&quot;cover&quot;,&quot;isFImgLink&quot;:false,&quot;isTitle&quot;:true,&quot;isTitleLink&quot;:true,&quot;isMeta&quot;:true,&quot;isMetaAuthorLink&quot;:true,&quot;metaAuthorIcon&quot;:&quot;&quot;,&quot;isMetaDate&quot;:true,&quot;metaDateFormat&quot;:&quot;M j, Y&quot;,&quot;metaDateIcon&quot;:&quot;&quot;,&quot;isMetaCategory&quot;:true,&quot;metaCategoryIcon&quot;:&quot;&quot;,&quot;metaTaxonomies&quot;:{&quot;selected&quot;:[]},&quot;isMetaReadTime&quot;:false,&quot;metaReadTimeIcon&quot;:&quot;&quot;,&quot;isMetaReadTimeSec&quot;:false,&quot;metaReadTimeLabel&quot;:&quot;Min read&quot;,&quot;metaCommentIcon&quot;:&quot;&quot;,&quot;metaTextColor&quot;:&quot;&quot;,&quot;metaColorsOnImage&quot;:{&quot;color&quot;:&quot;#fff&quot;,&quot;bg&quot;:&quot;#146EF5&quot;},&quot;isExcerpt&quot;:true,&quot;isExcerptFromContent&quot;:false,&quot;isEllipsisOnExcerpt&quot;:false,&quot;excerptLength&quot;:25,&quot;excerptAlign&quot;:&quot;justify&quot;,&quot;excerptColor&quot;:&quot;&quot;,&quot;isReadMore&quot;:true,&quot;readMorePosition&quot;:&quot;auto&quot;,&quot;isLinkNewTab&quot;:false,&quot;readMoreAlign&quot;:&quot;left&quot;}'\n\tdata-extra='{&quot;totalPosts&quot;:70}'\n\tdata-pipecheck=''\n>\n\t<pre id='firstPosts'>\n\t\t[{&quot;id&quot;:4596,&quot;link&quot;:&quot;https:\\\/\\\/zeroaesquerda.com.br\\\/index.php\\\/2026\\\/04\\\/09\\\/os-estados-unidos-e-o-capitalismo-fascista-maurizio-lazzarato\\\/&quot;,&quot;name&quot;:&quot;os-estados-unidos-e-o-capitalismo-fascista-maurizio-lazzarato&quot;,&quot;thumbnail&quot;:{&quot;url&quot;:&quot;https:\\\/\\\/zeroaesquerda.com.br\\\/wp-content\\\/uploads\\\/2026\\\/04\\\/WhatsApp-Image-2026-04-08-at-14.13.48.avif&quot;,&quot;alt&quot;:&quot;&quot;},&quot;title&quot;:&quot;Os Estados Unidos e o \\&quot;capitalismo fascista\\&quot; \\u2014 Maurizio Lazzarato&quot;,&quot;postMeta&quot;:[],&quot;author&quot;:{&quot;name&quot;:&quot;Zero \\u00e0 Esquerda&quot;,&quot;link&quot;:&quot;https:\\\/\\\/zeroaesquerda.com.br\\\/index.php\\\/author\\\/revistazeroaesquerdagmail-com\\\/&quot;},&quot;date&quot;:&quot;abr 9, 2026&quot;,&quot;dateGMT&quot;:&quot;2026-04-09 00:08:04&quot;,&quot;modifiedDate&quot;:&quot;2026-04-09 00:09:03&quot;,&quot;modifiedDateGMT&quot;:&quot;2026-04-09 00:09:03&quot;,&quot;commentCount&quot;:&quot;0&quot;,&quot;commentStatus&quot;:&quot;open&quot;,&quot;categories&quot;:{&quot;coma&quot;:&quot;&lt;a href=\\&quot;https:\\\/\\\/zeroaesquerda.com.br\\\/index.php\\\/category\\\/traducoes\\\/maurizio-lazzarato\\\/\\&quot; rel=\\&quot;category tag\\&quot;&gt;Maurizio Lazzarato&lt;\\\/a&gt;, &lt;a href=\\&quot;https:\\\/\\\/zeroaesquerda.com.br\\\/index.php\\\/category\\\/traducoes\\\/\\&quot; rel=\\&quot;category tag\\&quot;&gt;Tradu\\u00e7\\u00f5es&lt;\\\/a&gt;&quot;,&quot;space&quot;:&quot;&lt;a href=\\&quot;https:\\\/\\\/zeroaesquerda.com.br\\\/index.php\\\/category\\\/traducoes\\\/maurizio-lazzarato\\\/\\&quot; rel=\\&quot;category tag\\&quot;&gt;Maurizio Lazzarato&lt;\\\/a&gt; &lt;a href=\\&quot;https:\\\/\\\/zeroaesquerda.com.br\\\/index.php\\\/category\\\/traducoes\\\/\\&quot; rel=\\&quot;category tag\\&quot;&gt;Tradu\\u00e7\\u00f5es&lt;\\\/a&gt;&quot;},&quot;taxonomies&quot;:{&quot;post_tag&quot;:&quot;&lt;a href=&#039;https:\\\/\\\/zeroaesquerda.com.br\\\/index.php\\\/tag\\\/filosofia\\\/&#039; rel=&#039;post_tag&#039;&gt;Filosofia&lt;\\\/a&gt;&lt;a href=&#039;https:\\\/\\\/zeroaesquerda.com.br\\\/index.php\\\/tag\\\/maurizio-lazzarato-capitalismo\\\/&#039; rel=&#039;post_tag&#039;&gt;Maurizio Lazzarato capitalismo&lt;\\\/a&gt;&lt;a href=&#039;https:\\\/\\\/zeroaesquerda.com.br\\\/index.php\\\/tag\\\/politica\\\/&#039; rel=&#039;post_tag&#039;&gt;Pol\\u00edtica&lt;\\\/a&gt;&lt;a href=&#039;https:\\\/\\\/zeroaesquerda.com.br\\\/index.php\\\/tag\\\/sociologia\\\/&#039; rel=&#039;post_tag&#039;&gt;Sociologia&lt;\\\/a&gt;&quot;},&quot;readTime&quot;:{&quot;min&quot;:25,&quot;sec&quot;:30},&quot;status&quot;:&quot;publish&quot;,&quot;excerpt&quot;:&quot;&quot;},{&quot;id&quot;:4550,&quot;link&quot;:&quot;https:\\\/\\\/zeroaesquerda.com.br\\\/index.php\\\/2026\\\/03\\\/08\\\/podemos-ler-com-hegel-catherine-malabou\\\/&quot;,&quot;name&quot;:&quot;podemos-ler-com-hegel-catherine-malabou&quot;,&quot;thumbnail&quot;:{&quot;url&quot;:&quot;https:\\\/\\\/zeroaesquerda.com.br\\\/wp-content\\\/uploads\\\/2026\\\/03\\\/f8e37840-f2ea-4c89-a153-4669afe5eb1d.avif&quot;,&quot;alt&quot;:&quot;&quot;},&quot;title&quot;:&quot;Da hermen\\u00eautica especulativa hegeliana \\u2014 Catherine Malabou&quot;,&quot;postMeta&quot;:[],&quot;author&quot;:{&quot;name&quot;:&quot;Thomas&quot;,&quot;link&quot;:&quot;https:\\\/\\\/zeroaesquerda.com.br\\\/index.php\\\/author\\\/thomas\\\/&quot;},&quot;date&quot;:&quot;mar 8, 2026&quot;,&quot;dateGMT&quot;:&quot;2026-03-08 20:10:58&quot;,&quot;modifiedDate&quot;:&quot;2026-03-10 18:29:02&quot;,&quot;modifiedDateGMT&quot;:&quot;2026-03-10 18:29:02&quot;,&quot;commentCount&quot;:&quot;0&quot;,&quot;commentStatus&quot;:&quot;open&quot;,&quot;categories&quot;:{&quot;coma&quot;:&quot;&lt;a href=\\&quot;https:\\\/\\\/zeroaesquerda.com.br\\\/index.php\\\/category\\\/autores\\\/\\&quot; rel=\\&quot;category tag\\&quot;&gt;Autores&lt;\\\/a&gt;, &lt;a href=\\&quot;https:\\\/\\\/zeroaesquerda.com.br\\\/index.php\\\/category\\\/traducoes\\\/\\&quot; rel=\\&quot;category tag\\&quot;&gt;Tradu\\u00e7\\u00f5es&lt;\\\/a&gt;&quot;,&quot;space&quot;:&quot;&lt;a href=\\&quot;https:\\\/\\\/zeroaesquerda.com.br\\\/index.php\\\/category\\\/autores\\\/\\&quot; rel=\\&quot;category tag\\&quot;&gt;Autores&lt;\\\/a&gt; &lt;a href=\\&quot;https:\\\/\\\/zeroaesquerda.com.br\\\/index.php\\\/category\\\/traducoes\\\/\\&quot; rel=\\&quot;category tag\\&quot;&gt;Tradu\\u00e7\\u00f5es&lt;\\\/a&gt;&quot;},&quot;taxonomies&quot;:{&quot;post_tag&quot;:&quot;&lt;a href=&#039;https:\\\/\\\/zeroaesquerda.com.br\\\/index.php\\\/tag\\\/catharine-malabou\\\/&#039; rel=&#039;post_tag&#039;&gt;Catharine Malabou&lt;\\\/a&gt;&lt;a href=&#039;https:\\\/\\\/zeroaesquerda.com.br\\\/index.php\\\/tag\\\/dialetica\\\/&#039; rel=&#039;post_tag&#039;&gt;Dial\\u00e9tica&lt;\\\/a&gt;&lt;a href=&#039;https:\\\/\\\/zeroaesquerda.com.br\\\/index.php\\\/tag\\\/eduardo-galeno\\\/&#039; rel=&#039;post_tag&#039;&gt;Eduardo Galeno&lt;\\\/a&gt;&lt;a href=&#039;https:\\\/\\\/zeroaesquerda.com.br\\\/index.php\\\/tag\\\/hegel\\\/&#039; rel=&#039;post_tag&#039;&gt;Hegel&lt;\\\/a&gt;&lt;a href=&#039;https:\\\/\\\/zeroaesquerda.com.br\\\/index.php\\\/tag\\\/hermeneutica-especulativa\\\/&#039; rel=&#039;post_tag&#039;&gt;Hermen\\u00eautica especulativa&lt;\\\/a&gt;&lt;a href=&#039;https:\\\/\\\/zeroaesquerda.com.br\\\/index.php\\\/tag\\\/plasticidade\\\/&#039; rel=&#039;post_tag&#039;&gt;Plasticidade&lt;\\\/a&gt;&quot;},&quot;readTime&quot;:{&quot;min&quot;:4,&quot;sec&quot;:48},&quot;status&quot;:&quot;publish&quot;,&quot;excerpt&quot;:&quot;&quot;},{&quot;id&quot;:4301,&quot;link&quot;:&quot;https:\\\/\\\/zeroaesquerda.com.br\\\/index.php\\\/2025\\\/12\\\/12\\\/que-assim-seja-1951-anna-akhmatova\\\/&quot;,&quot;name&quot;:&quot;que-assim-seja-1951-anna-akhmatova&quot;,&quot;thumbnail&quot;:{&quot;url&quot;:&quot;https:\\\/\\\/zeroaesquerda.com.br\\\/wp-content\\\/uploads\\\/2025\\\/12\\\/Anna-Akhmatova-por-Natan-Altman-1914-e1765541924486.avif&quot;,&quot;alt&quot;:&quot;&quot;},&quot;title&quot;:&quot;Que assim seja! (1951) - Anna Akhm\\u00e1tova&quot;,&quot;postMeta&quot;:[],&quot;author&quot;:{&quot;name&quot;:&quot;Zero \\u00e0 Esquerda&quot;,&quot;link&quot;:&quot;https:\\\/\\\/zeroaesquerda.com.br\\\/index.php\\\/author\\\/revistazeroaesquerdagmail-com\\\/&quot;},&quot;date&quot;:&quot;dez 12, 2025&quot;,&quot;dateGMT&quot;:&quot;2025-12-12 12:34:46&quot;,&quot;modifiedDate&quot;:&quot;2025-12-12 13:59:16&quot;,&quot;modifiedDateGMT&quot;:&quot;2025-12-12 13:59:16&quot;,&quot;commentCount&quot;:&quot;0&quot;,&quot;commentStatus&quot;:&quot;open&quot;,&quot;categories&quot;:{&quot;coma&quot;:&quot;&lt;a href=\\&quot;https:\\\/\\\/zeroaesquerda.com.br\\\/index.php\\\/category\\\/producoes\\\/\\&quot; rel=\\&quot;category tag\\&quot;&gt;Produ\\u00e7\\u00f5es&lt;\\\/a&gt;, &lt;a href=\\&quot;https:\\\/\\\/zeroaesquerda.com.br\\\/index.php\\\/category\\\/traducoes\\\/\\&quot; rel=\\&quot;category tag\\&quot;&gt;Tradu\\u00e7\\u00f5es&lt;\\\/a&gt;&quot;,&quot;space&quot;:&quot;&lt;a href=\\&quot;https:\\\/\\\/zeroaesquerda.com.br\\\/index.php\\\/category\\\/producoes\\\/\\&quot; rel=\\&quot;category tag\\&quot;&gt;Produ\\u00e7\\u00f5es&lt;\\\/a&gt; &lt;a href=\\&quot;https:\\\/\\\/zeroaesquerda.com.br\\\/index.php\\\/category\\\/traducoes\\\/\\&quot; rel=\\&quot;category tag\\&quot;&gt;Tradu\\u00e7\\u00f5es&lt;\\\/a&gt;&quot;},&quot;taxonomies&quot;:{&quot;post_tag&quot;:&quot;&lt;a href=&#039;https:\\\/\\\/zeroaesquerda.com.br\\\/index.php\\\/tag\\\/anna-akhatova\\\/&#039; rel=&#039;post_tag&#039;&gt;anna akh\\u00e1tova&lt;\\\/a&gt;&lt;a href=&#039;https:\\\/\\\/zeroaesquerda.com.br\\\/index.php\\\/tag\\\/anna-akhmatova\\\/&#039; rel=&#039;post_tag&#039;&gt;Anna Akhm\\u00e1tova&lt;\\\/a&gt;&lt;a href=&#039;https:\\\/\\\/zeroaesquerda.com.br\\\/index.php\\\/tag\\\/politica\\\/&#039; rel=&#039;post_tag&#039;&gt;Pol\\u00edtica&lt;\\\/a&gt;&lt;a href=&#039;https:\\\/\\\/zeroaesquerda.com.br\\\/index.php\\\/tag\\\/traducao\\\/&#039; rel=&#039;post_tag&#039;&gt;Tradu\\u00e7\\u00e3o&lt;\\\/a&gt;&lt;a href=&#039;https:\\\/\\\/zeroaesquerda.com.br\\\/index.php\\\/tag\\\/urss\\\/&#039; rel=&#039;post_tag&#039;&gt;URSS&lt;\\\/a&gt;&quot;},&quot;readTime&quot;:{&quot;min&quot;:4,&quot;sec&quot;:29},&quot;status&quot;:&quot;publish&quot;,&quot;excerpt&quot;:&quot;&quot;},{&quot;id&quot;:4145,&quot;link&quot;:&quot;https:\\\/\\\/zeroaesquerda.com.br\\\/index.php\\\/2025\\\/10\\\/28\\\/uma-sociedade-capaz-de-tais-acoes-esta-doente-declaracao-de-recusa-de-daniel-schultz-ao-exercito-israelense\\\/&quot;,&quot;name&quot;:&quot;uma-sociedade-capaz-de-tais-acoes-esta-doente-declaracao-de-recusa-de-daniel-schultz-ao-exercito-israelense&quot;,&quot;thumbnail&quot;:{&quot;url&quot;:&quot;https:\\\/\\\/zeroaesquerda.com.br\\\/wp-content\\\/uploads\\\/2025\\\/10\\\/Design-sem-nome.avif&quot;,&quot;alt&quot;:&quot;&quot;},&quot;title&quot;:&quot;\\&quot;Uma sociedade capaz de tais a\\u00e7\\u00f5es est\\u00e1 doente\\&quot; - Declara\\u00e7\\u00e3o de recusa de Daniel Schultz ao ex\\u00e9rcito israelense&quot;,&quot;postMeta&quot;:[],&quot;author&quot;:{&quot;name&quot;:&quot;Zero \\u00e0 Esquerda&quot;,&quot;link&quot;:&quot;https:\\\/\\\/zeroaesquerda.com.br\\\/index.php\\\/author\\\/revistazeroaesquerdagmail-com\\\/&quot;},&quot;date&quot;:&quot;out 28, 2025&quot;,&quot;dateGMT&quot;:&quot;2025-10-28 21:46:16&quot;,&quot;modifiedDate&quot;:&quot;2025-10-28 22:35:08&quot;,&quot;modifiedDateGMT&quot;:&quot;2025-10-28 22:35:08&quot;,&quot;commentCount&quot;:&quot;0&quot;,&quot;commentStatus&quot;:&quot;open&quot;,&quot;categories&quot;:{&quot;coma&quot;:&quot;&lt;a href=\\&quot;https:\\\/\\\/zeroaesquerda.com.br\\\/index.php\\\/category\\\/producoes\\\/\\&quot; rel=\\&quot;category tag\\&quot;&gt;Produ\\u00e7\\u00f5es&lt;\\\/a&gt;, &lt;a href=\\&quot;https:\\\/\\\/zeroaesquerda.com.br\\\/index.php\\\/category\\\/traducoes\\\/\\&quot; rel=\\&quot;category tag\\&quot;&gt;Tradu\\u00e7\\u00f5es&lt;\\\/a&gt;&quot;,&quot;space&quot;:&quot;&lt;a href=\\&quot;https:\\\/\\\/zeroaesquerda.com.br\\\/index.php\\\/category\\\/producoes\\\/\\&quot; rel=\\&quot;category tag\\&quot;&gt;Produ\\u00e7\\u00f5es&lt;\\\/a&gt; &lt;a href=\\&quot;https:\\\/\\\/zeroaesquerda.com.br\\\/index.php\\\/category\\\/traducoes\\\/\\&quot; rel=\\&quot;category tag\\&quot;&gt;Tradu\\u00e7\\u00f5es&lt;\\\/a&gt;&quot;},&quot;taxonomies&quot;:{&quot;post_tag&quot;:&quot;&quot;},&quot;readTime&quot;:{&quot;min&quot;:5,&quot;sec&quot;:7},&quot;status&quot;:&quot;publish&quot;,&quot;excerpt&quot;:&quot;&quot;},{&quot;id&quot;:3930,&quot;link&quot;:&quot;https:\\\/\\\/zeroaesquerda.com.br\\\/index.php\\\/2025\\\/07\\\/29\\\/guy-debord-por-giorgio-agamben\\\/&quot;,&quot;name&quot;:&quot;guy-debord-por-giorgio-agamben&quot;,&quot;thumbnail&quot;:{&quot;url&quot;:&quot;https:\\\/\\\/zeroaesquerda.com.br\\\/wp-content\\\/uploads\\\/2025\\\/07\\\/Debord-Agamben-1.avif&quot;,&quot;alt&quot;:&quot;&quot;},&quot;title&quot;:&quot;Guy Debord \\u2013 por Giorgio Agamben&quot;,&quot;postMeta&quot;:[],&quot;author&quot;:{&quot;name&quot;:&quot;Zero \\u00e0 Esquerda&quot;,&quot;link&quot;:&quot;https:\\\/\\\/zeroaesquerda.com.br\\\/index.php\\\/author\\\/revistazeroaesquerdagmail-com\\\/&quot;},&quot;date&quot;:&quot;jul 29, 2025&quot;,&quot;dateGMT&quot;:&quot;2025-07-29 13:23:23&quot;,&quot;modifiedDate&quot;:&quot;2025-07-29 13:34:52&quot;,&quot;modifiedDateGMT&quot;:&quot;2025-07-29 13:34:52&quot;,&quot;commentCount&quot;:&quot;0&quot;,&quot;commentStatus&quot;:&quot;open&quot;,&quot;categories&quot;:{&quot;coma&quot;:&quot;&lt;a href=\\&quot;https:\\\/\\\/zeroaesquerda.com.br\\\/index.php\\\/category\\\/producoes\\\/\\&quot; rel=\\&quot;category tag\\&quot;&gt;Produ\\u00e7\\u00f5es&lt;\\\/a&gt;, &lt;a href=\\&quot;https:\\\/\\\/zeroaesquerda.com.br\\\/index.php\\\/category\\\/traducoes\\\/\\&quot; rel=\\&quot;category tag\\&quot;&gt;Tradu\\u00e7\\u00f5es&lt;\\\/a&gt;&quot;,&quot;space&quot;:&quot;&lt;a href=\\&quot;https:\\\/\\\/zeroaesquerda.com.br\\\/index.php\\\/category\\\/producoes\\\/\\&quot; rel=\\&quot;category tag\\&quot;&gt;Produ\\u00e7\\u00f5es&lt;\\\/a&gt; &lt;a href=\\&quot;https:\\\/\\\/zeroaesquerda.com.br\\\/index.php\\\/category\\\/traducoes\\\/\\&quot; rel=\\&quot;category tag\\&quot;&gt;Tradu\\u00e7\\u00f5es&lt;\\\/a&gt;&quot;},&quot;taxonomies&quot;:{&quot;post_tag&quot;:&quot;&lt;a href=&#039;https:\\\/\\\/zeroaesquerda.com.br\\\/index.php\\\/tag\\\/espetaculo\\\/&#039; rel=&#039;post_tag&#039;&gt;Espet\\u00e1culo&lt;\\\/a&gt;&lt;a href=&#039;https:\\\/\\\/zeroaesquerda.com.br\\\/index.php\\\/tag\\\/filosofia\\\/&#039; rel=&#039;post_tag&#039;&gt;Filosofia&lt;\\\/a&gt;&lt;a href=&#039;https:\\\/\\\/zeroaesquerda.com.br\\\/index.php\\\/tag\\\/giorgio-agamben\\\/&#039; rel=&#039;post_tag&#039;&gt;Giorgio Agamben&lt;\\\/a&gt;&lt;a href=&#039;https:\\\/\\\/zeroaesquerda.com.br\\\/index.php\\\/tag\\\/guy-debord\\\/&#039; rel=&#039;post_tag&#039;&gt;Guy Debord&lt;\\\/a&gt;&lt;a href=&#039;https:\\\/\\\/zeroaesquerda.com.br\\\/index.php\\\/tag\\\/marxismo\\\/&#039; rel=&#039;post_tag&#039;&gt;Marxismo&lt;\\\/a&gt;&lt;a href=&#039;https:\\\/\\\/zeroaesquerda.com.br\\\/index.php\\\/tag\\\/politica\\\/&#039; rel=&#039;post_tag&#039;&gt;Pol\\u00edtica&lt;\\\/a&gt;&quot;},&quot;readTime&quot;:{&quot;min&quot;:7,&quot;sec&quot;:39},&quot;status&quot;:&quot;publish&quot;,&quot;excerpt&quot;:&quot;&quot;},{&quot;id&quot;:3895,&quot;link&quot;:&quot;https:\\\/\\\/zeroaesquerda.com.br\\\/index.php\\\/2025\\\/07\\\/15\\\/destinos-criticos-de-walter-benjamin-groupe-volodia\\\/&quot;,&quot;name&quot;:&quot;destinos-criticos-de-walter-benjamin-groupe-volodia&quot;,&quot;thumbnail&quot;:{&quot;url&quot;:&quot;https:\\\/\\\/zeroaesquerda.com.br\\\/wp-content\\\/uploads\\\/2025\\\/07\\\/img_2144-1.avif&quot;,&quot;alt&quot;:&quot;&quot;},&quot;title&quot;:&quot;Destinos cr\\u00edticos de Walter Benjamin - Groupe Volodia&quot;,&quot;postMeta&quot;:[],&quot;author&quot;:{&quot;name&quot;:&quot;Zero \\u00e0 Esquerda&quot;,&quot;link&quot;:&quot;https:\\\/\\\/zeroaesquerda.com.br\\\/index.php\\\/author\\\/revistazeroaesquerdagmail-com\\\/&quot;},&quot;date&quot;:&quot;jul 15, 2025&quot;,&quot;dateGMT&quot;:&quot;2025-07-15 18:34:16&quot;,&quot;modifiedDate&quot;:&quot;2025-07-15 18:34:17&quot;,&quot;modifiedDateGMT&quot;:&quot;2025-07-15 18:34:17&quot;,&quot;commentCount&quot;:&quot;0&quot;,&quot;commentStatus&quot;:&quot;open&quot;,&quot;categories&quot;:{&quot;coma&quot;:&quot;&lt;a href=\\&quot;https:\\\/\\\/zeroaesquerda.com.br\\\/index.php\\\/category\\\/producoes\\\/\\&quot; rel=\\&quot;category tag\\&quot;&gt;Produ\\u00e7\\u00f5es&lt;\\\/a&gt;, &lt;a href=\\&quot;https:\\\/\\\/zeroaesquerda.com.br\\\/index.php\\\/category\\\/traducoes\\\/\\&quot; rel=\\&quot;category tag\\&quot;&gt;Tradu\\u00e7\\u00f5es&lt;\\\/a&gt;&quot;,&quot;space&quot;:&quot;&lt;a href=\\&quot;https:\\\/\\\/zeroaesquerda.com.br\\\/index.php\\\/category\\\/producoes\\\/\\&quot; rel=\\&quot;category tag\\&quot;&gt;Produ\\u00e7\\u00f5es&lt;\\\/a&gt; &lt;a href=\\&quot;https:\\\/\\\/zeroaesquerda.com.br\\\/index.php\\\/category\\\/traducoes\\\/\\&quot; rel=\\&quot;category tag\\&quot;&gt;Tradu\\u00e7\\u00f5es&lt;\\\/a&gt;&quot;},&quot;taxonomies&quot;:{&quot;post_tag&quot;:&quot;&lt;a href=&#039;https:\\\/\\\/zeroaesquerda.com.br\\\/index.php\\\/tag\\\/auguste-blanqui\\\/&#039; rel=&#039;post_tag&#039;&gt;Auguste Blanqui&lt;\\\/a&gt;&lt;a href=&#039;https:\\\/\\\/zeroaesquerda.com.br\\\/index.php\\\/tag\\\/filosofia\\\/&#039; rel=&#039;post_tag&#039;&gt;Filosofia&lt;\\\/a&gt;&lt;a href=&#039;https:\\\/\\\/zeroaesquerda.com.br\\\/index.php\\\/tag\\\/franca\\\/&#039; rel=&#039;post_tag&#039;&gt;Fran\\u00e7a&lt;\\\/a&gt;&lt;a href=&#039;https:\\\/\\\/zeroaesquerda.com.br\\\/index.php\\\/tag\\\/marxismo\\\/&#039; rel=&#039;post_tag&#039;&gt;Marxismo&lt;\\\/a&gt;&lt;a href=&#039;https:\\\/\\\/zeroaesquerda.com.br\\\/index.php\\\/tag\\\/paris\\\/&#039; rel=&#039;post_tag&#039;&gt;Paris&lt;\\\/a&gt;&lt;a href=&#039;https:\\\/\\\/zeroaesquerda.com.br\\\/index.php\\\/tag\\\/politica\\\/&#039; rel=&#039;post_tag&#039;&gt;Pol\\u00edtica&lt;\\\/a&gt;&lt;a href=&#039;https:\\\/\\\/zeroaesquerda.com.br\\\/index.php\\\/tag\\\/revolucao\\\/&#039; rel=&#039;post_tag&#039;&gt;Revolu\\u00e7\\u00e3o&lt;\\\/a&gt;&lt;a href=&#039;https:\\\/\\\/zeroaesquerda.com.br\\\/index.php\\\/tag\\\/walter-benjamin\\\/&#039; rel=&#039;post_tag&#039;&gt;Walter Benjamin&lt;\\\/a&gt;&quot;},&quot;readTime&quot;:{&quot;min&quot;:4,&quot;sec&quot;:38},&quot;status&quot;:&quot;publish&quot;,&quot;excerpt&quot;:&quot;Pref\\u00e1cio ao livro \\u2018Destinos cr\\u00edticos de Walter Benjamin: Ensaio coletivo contra-fe\\u00e9rico\\u2019 (2025), do Groupe Volodia, finalista do Prix Walter Benjamin 2025.&quot;},{&quot;id&quot;:3833,&quot;link&quot;:&quot;https:\\\/\\\/zeroaesquerda.com.br\\\/index.php\\\/2025\\\/06\\\/24\\\/fogo-e-gelo-licoes-da-batalha-de-los-angeles\\\/&quot;,&quot;name&quot;:&quot;fogo-e-gelo-licoes-da-batalha-de-los-angeles&quot;,&quot;thumbnail&quot;:{&quot;url&quot;:&quot;https:\\\/\\\/zeroaesquerda.com.br\\\/wp-content\\\/uploads\\\/2025\\\/06\\\/protest-scaled.avif&quot;,&quot;alt&quot;:&quot;&quot;},&quot;title&quot;:&quot;Fogo e Gelo - Li\\u00e7\\u00f5es da Batalha de Los Angeles&quot;,&quot;postMeta&quot;:[],&quot;author&quot;:{&quot;name&quot;:&quot;Zero \\u00e0 Esquerda&quot;,&quot;link&quot;:&quot;https:\\\/\\\/zeroaesquerda.com.br\\\/index.php\\\/author\\\/revistazeroaesquerdagmail-com\\\/&quot;},&quot;date&quot;:&quot;jun 24, 2025&quot;,&quot;dateGMT&quot;:&quot;2025-06-24 17:52:42&quot;,&quot;modifiedDate&quot;:&quot;2025-12-12 13:56:59&quot;,&quot;modifiedDateGMT&quot;:&quot;2025-12-12 13:56:59&quot;,&quot;commentCount&quot;:&quot;0&quot;,&quot;commentStatus&quot;:&quot;open&quot;,&quot;categories&quot;:{&quot;coma&quot;:&quot;&lt;a href=\\&quot;https:\\\/\\\/zeroaesquerda.com.br\\\/index.php\\\/category\\\/traducoes\\\/\\&quot; rel=\\&quot;category tag\\&quot;&gt;Tradu\\u00e7\\u00f5es&lt;\\\/a&gt;&quot;,&quot;space&quot;:&quot;&lt;a href=\\&quot;https:\\\/\\\/zeroaesquerda.com.br\\\/index.php\\\/category\\\/traducoes\\\/\\&quot; rel=\\&quot;category tag\\&quot;&gt;Tradu\\u00e7\\u00f5es&lt;\\\/a&gt;&quot;},&quot;taxonomies&quot;:{&quot;post_tag&quot;:&quot;&lt;a href=&#039;https:\\\/\\\/zeroaesquerda.com.br\\\/index.php\\\/tag\\\/batalha-de-los-angeles\\\/&#039; rel=&#039;post_tag&#039;&gt;Batalha de Los Angeles&lt;\\\/a&gt;&lt;a href=&#039;https:\\\/\\\/zeroaesquerda.com.br\\\/index.php\\\/tag\\\/eua\\\/&#039; rel=&#039;post_tag&#039;&gt;EUA&lt;\\\/a&gt;&lt;a href=&#039;https:\\\/\\\/zeroaesquerda.com.br\\\/index.php\\\/tag\\\/ice\\\/&#039; rel=&#039;post_tag&#039;&gt;ICE&lt;\\\/a&gt;&lt;a href=&#039;https:\\\/\\\/zeroaesquerda.com.br\\\/index.php\\\/tag\\\/revolta\\\/&#039; rel=&#039;post_tag&#039;&gt;Revolta&lt;\\\/a&gt;&lt;a href=&#039;https:\\\/\\\/zeroaesquerda.com.br\\\/index.php\\\/tag\\\/trump\\\/&#039; rel=&#039;post_tag&#039;&gt;Trump&lt;\\\/a&gt;&lt;a href=&#039;https:\\\/\\\/zeroaesquerda.com.br\\\/index.php\\\/tag\\\/usa\\\/&#039; rel=&#039;post_tag&#039;&gt;USA&lt;\\\/a&gt;&quot;},&quot;readTime&quot;:{&quot;min&quot;:6,&quot;sec&quot;:6},&quot;status&quot;:&quot;publish&quot;,&quot;excerpt&quot;:&quot;&quot;},{&quot;id&quot;:3532,&quot;link&quot;:&quot;https:\\\/\\\/zeroaesquerda.com.br\\\/index.php\\\/2024\\\/12\\\/10\\\/as-visoes-de-lukacs-sobre-a-liberdade-artistica-bela-kiralyfalvi\\\/&quot;,&quot;name&quot;:&quot;as-visoes-de-lukacs-sobre-a-liberdade-artistica-bela-kiralyfalvi&quot;,&quot;thumbnail&quot;:{&quot;url&quot;:&quot;https:\\\/\\\/zeroaesquerda.com.br\\\/wp-content\\\/uploads\\\/2024\\\/12\\\/WhatsApp-Image-2024-12-04-at-20.12.43.jpeg&quot;,&quot;alt&quot;:&quot;&quot;},&quot;title&quot;:&quot;As vis\\u00f5es de Luk\\u00e1cs sobre a liberdade art\\u00edstica \\u2014 Bela Kiralyfalvi&quot;,&quot;postMeta&quot;:[],&quot;author&quot;:{&quot;name&quot;:&quot;Zero \\u00e0 Esquerda&quot;,&quot;link&quot;:&quot;https:\\\/\\\/zeroaesquerda.com.br\\\/index.php\\\/author\\\/revistazeroaesquerdagmail-com\\\/&quot;},&quot;date&quot;:&quot;dez 10, 2024&quot;,&quot;dateGMT&quot;:&quot;2024-12-10 17:00:00&quot;,&quot;modifiedDate&quot;:&quot;2024-12-13 01:48:47&quot;,&quot;modifiedDateGMT&quot;:&quot;2024-12-13 01:48:47&quot;,&quot;commentCount&quot;:&quot;0&quot;,&quot;commentStatus&quot;:&quot;open&quot;,&quot;categories&quot;:{&quot;coma&quot;:&quot;&lt;a href=\\&quot;https:\\\/\\\/zeroaesquerda.com.br\\\/index.php\\\/category\\\/autores\\\/bela-kiralyfalvi\\\/\\&quot; rel=\\&quot;category tag\\&quot;&gt;Bela Kiralyfalvi&lt;\\\/a&gt;, &lt;a href=\\&quot;https:\\\/\\\/zeroaesquerda.com.br\\\/index.php\\\/category\\\/traducoes\\\/\\&quot; rel=\\&quot;category tag\\&quot;&gt;Tradu\\u00e7\\u00f5es&lt;\\\/a&gt;&quot;,&quot;space&quot;:&quot;&lt;a href=\\&quot;https:\\\/\\\/zeroaesquerda.com.br\\\/index.php\\\/category\\\/autores\\\/bela-kiralyfalvi\\\/\\&quot; rel=\\&quot;category tag\\&quot;&gt;Bela Kiralyfalvi&lt;\\\/a&gt; &lt;a href=\\&quot;https:\\\/\\\/zeroaesquerda.com.br\\\/index.php\\\/category\\\/traducoes\\\/\\&quot; rel=\\&quot;category tag\\&quot;&gt;Tradu\\u00e7\\u00f5es&lt;\\\/a&gt;&quot;},&quot;taxonomies&quot;:{&quot;post_tag&quot;:&quot;&lt;a href=&#039;https:\\\/\\\/zeroaesquerda.com.br\\\/index.php\\\/tag\\\/filosofia\\\/&#039; rel=&#039;post_tag&#039;&gt;Filosofia&lt;\\\/a&gt;&lt;a href=&#039;https:\\\/\\\/zeroaesquerda.com.br\\\/index.php\\\/tag\\\/lukacs\\\/&#039; rel=&#039;post_tag&#039;&gt;Luk\\u00e1cs&lt;\\\/a&gt;&lt;a href=&#039;https:\\\/\\\/zeroaesquerda.com.br\\\/index.php\\\/tag\\\/marxismo\\\/&#039; rel=&#039;post_tag&#039;&gt;Marxismo&lt;\\\/a&gt;&lt;a href=&#039;https:\\\/\\\/zeroaesquerda.com.br\\\/index.php\\\/tag\\\/politica\\\/&#039; rel=&#039;post_tag&#039;&gt;Pol\\u00edtica&lt;\\\/a&gt;&quot;},&quot;readTime&quot;:{&quot;min&quot;:17,&quot;sec&quot;:52},&quot;status&quot;:&quot;publish&quot;,&quot;excerpt&quot;:&quot;&quot;},{&quot;id&quot;:3527,&quot;link&quot;:&quot;https:\\\/\\\/zeroaesquerda.com.br\\\/index.php\\\/2024\\\/11\\\/22\\\/eliminativismo-pratico-retirar-se-do-rosto-novamente-mark-fisher\\\/&quot;,&quot;name&quot;:&quot;eliminativismo-pratico-retirar-se-do-rosto-novamente-mark-fisher&quot;,&quot;thumbnail&quot;:{&quot;url&quot;:&quot;https:\\\/\\\/zeroaesquerda.com.br\\\/wp-content\\\/uploads\\\/2024\\\/11\\\/WhatsApp-Image-2024-11-18-at-12.32.58.jpeg&quot;,&quot;alt&quot;:&quot;&quot;},&quot;title&quot;:&quot;Eliminativismo Pr\\u00e1tico: retirar-se do rosto, novamente \\u2014 Mark Fisher&quot;,&quot;postMeta&quot;:[],&quot;author&quot;:{&quot;name&quot;:&quot;Zero \\u00e0 Esquerda&quot;,&quot;link&quot;:&quot;https:\\\/\\\/zeroaesquerda.com.br\\\/index.php\\\/author\\\/revistazeroaesquerdagmail-com\\\/&quot;},&quot;date&quot;:&quot;nov 22, 2024&quot;,&quot;dateGMT&quot;:&quot;2024-11-22 17:08:00&quot;,&quot;modifiedDate&quot;:&quot;2024-11-22 21:58:40&quot;,&quot;modifiedDateGMT&quot;:&quot;2024-11-22 21:58:40&quot;,&quot;commentCount&quot;:&quot;0&quot;,&quot;commentStatus&quot;:&quot;open&quot;,&quot;categories&quot;:{&quot;coma&quot;:&quot;&lt;a href=\\&quot;https:\\\/\\\/zeroaesquerda.com.br\\\/index.php\\\/category\\\/autores\\\/mark-fisher-autores\\\/\\&quot; rel=\\&quot;category tag\\&quot;&gt;Mark Fisher&lt;\\\/a&gt;, &lt;a href=\\&quot;https:\\\/\\\/zeroaesquerda.com.br\\\/index.php\\\/category\\\/traducoes\\\/\\&quot; rel=\\&quot;category tag\\&quot;&gt;Tradu\\u00e7\\u00f5es&lt;\\\/a&gt;&quot;,&quot;space&quot;:&quot;&lt;a href=\\&quot;https:\\\/\\\/zeroaesquerda.com.br\\\/index.php\\\/category\\\/autores\\\/mark-fisher-autores\\\/\\&quot; rel=\\&quot;category tag\\&quot;&gt;Mark Fisher&lt;\\\/a&gt; &lt;a href=\\&quot;https:\\\/\\\/zeroaesquerda.com.br\\\/index.php\\\/category\\\/traducoes\\\/\\&quot; rel=\\&quot;category tag\\&quot;&gt;Tradu\\u00e7\\u00f5es&lt;\\\/a&gt;&quot;},&quot;taxonomies&quot;:{&quot;post_tag&quot;:&quot;&lt;a href=&#039;https:\\\/\\\/zeroaesquerda.com.br\\\/index.php\\\/tag\\\/aceleracionismo\\\/&#039; rel=&#039;post_tag&#039;&gt;aceleracionismo&lt;\\\/a&gt;&lt;a href=&#039;https:\\\/\\\/zeroaesquerda.com.br\\\/index.php\\\/tag\\\/experiencia\\\/&#039; rel=&#039;post_tag&#039;&gt;experi\\u00eancia&lt;\\\/a&gt;&lt;a href=&#039;https:\\\/\\\/zeroaesquerda.com.br\\\/index.php\\\/tag\\\/filosofia\\\/&#039; rel=&#039;post_tag&#039;&gt;Filosofia&lt;\\\/a&gt;&lt;a href=&#039;https:\\\/\\\/zeroaesquerda.com.br\\\/index.php\\\/tag\\\/mark-fisher\\\/&#039; rel=&#039;post_tag&#039;&gt;Mark Fisher&lt;\\\/a&gt;&quot;},&quot;readTime&quot;:{&quot;min&quot;:6,&quot;sec&quot;:40},&quot;status&quot;:&quot;publish&quot;,&quot;excerpt&quot;:&quot;Como Ray perguntou anteriormente, qual o valor do poder alienante das artes no modernismo? \\u00c9 uma experi\\u00eancia que faz questionar a pr\\u00f3pria experi\\u00eancia. E uma forma de colocar isso seria, ent\\u00e3o, que se trata de uma experi\\u00eancia capaz de confrontar algu\\u00e9m com as condi\\u00e7\\u00f5es de experi\\u00eancia.&quot;},{&quot;id&quot;:3500,&quot;link&quot;:&quot;https:\\\/\\\/zeroaesquerda.com.br\\\/index.php\\\/2024\\\/10\\\/28\\\/algo-falta-um-dialogo-entre-ernst-bloch-e-theodor-w-adorno-sobre-as-contradicoes-do-desejo-utopico\\\/&quot;,&quot;name&quot;:&quot;algo-falta-um-dialogo-entre-ernst-bloch-e-theodor-w-adorno-sobre-as-contradicoes-do-desejo-utopico&quot;,&quot;thumbnail&quot;:{&quot;url&quot;:&quot;https:\\\/\\\/zeroaesquerda.com.br\\\/wp-content\\\/uploads\\\/2024\\\/10\\\/Ernst-Blochs-Utopie_-Man-muss-das-Hier-und-Jetzt-uberwinden.jpg&quot;,&quot;alt&quot;:&quot;&quot;},&quot;title&quot;:&quot;Algo falta: Um di\\u00e1logo entre Ernst Bloch e Theodor W. Adorno sobre as contradi\\u00e7\\u00f5es do desejo ut\\u00f3pico&quot;,&quot;postMeta&quot;:[],&quot;author&quot;:{&quot;name&quot;:&quot;Zero \\u00e0 Esquerda&quot;,&quot;link&quot;:&quot;https:\\\/\\\/zeroaesquerda.com.br\\\/index.php\\\/author\\\/revistazeroaesquerdagmail-com\\\/&quot;},&quot;date&quot;:&quot;out 28, 2024&quot;,&quot;dateGMT&quot;:&quot;2024-10-28 20:00:27&quot;,&quot;modifiedDate&quot;:&quot;2024-10-28 20:02:33&quot;,&quot;modifiedDateGMT&quot;:&quot;2024-10-28 20:02:33&quot;,&quot;commentCount&quot;:&quot;0&quot;,&quot;commentStatus&quot;:&quot;open&quot;,&quot;categories&quot;:{&quot;coma&quot;:&quot;&lt;a href=\\&quot;https:\\\/\\\/zeroaesquerda.com.br\\\/index.php\\\/category\\\/producoes\\\/entrevistas\\\/\\&quot; rel=\\&quot;category tag\\&quot;&gt;Entrevistas&lt;\\\/a&gt;, &lt;a href=\\&quot;https:\\\/\\\/zeroaesquerda.com.br\\\/index.php\\\/category\\\/traducoes\\\/\\&quot; rel=\\&quot;category tag\\&quot;&gt;Tradu\\u00e7\\u00f5es&lt;\\\/a&gt;&quot;,&quot;space&quot;:&quot;&lt;a href=\\&quot;https:\\\/\\\/zeroaesquerda.com.br\\\/index.php\\\/category\\\/producoes\\\/entrevistas\\\/\\&quot; rel=\\&quot;category tag\\&quot;&gt;Entrevistas&lt;\\\/a&gt; &lt;a href=\\&quot;https:\\\/\\\/zeroaesquerda.com.br\\\/index.php\\\/category\\\/traducoes\\\/\\&quot; rel=\\&quot;category tag\\&quot;&gt;Tradu\\u00e7\\u00f5es&lt;\\\/a&gt;&quot;},&quot;taxonomies&quot;:{&quot;post_tag&quot;:&quot;&lt;a href=&#039;https:\\\/\\\/zeroaesquerda.com.br\\\/index.php\\\/tag\\\/ernst-bloch\\\/&#039; rel=&#039;post_tag&#039;&gt;Ernst Bloch&lt;\\\/a&gt;&lt;a href=&#039;https:\\\/\\\/zeroaesquerda.com.br\\\/index.php\\\/tag\\\/filosofia\\\/&#039; rel=&#039;post_tag&#039;&gt;Filosofia&lt;\\\/a&gt;&lt;a href=&#039;https:\\\/\\\/zeroaesquerda.com.br\\\/index.php\\\/tag\\\/horst-kruger\\\/&#039; rel=&#039;post_tag&#039;&gt;Horst Kr\\u00fcger&lt;\\\/a&gt;&lt;a href=&#039;https:\\\/\\\/zeroaesquerda.com.br\\\/index.php\\\/tag\\\/teoria-critica\\\/&#039; rel=&#039;post_tag&#039;&gt;teoria cr\\u00edtica&lt;\\\/a&gt;&lt;a href=&#039;https:\\\/\\\/zeroaesquerda.com.br\\\/index.php\\\/tag\\\/theodor-adorno\\\/&#039; rel=&#039;post_tag&#039;&gt;Theodor Adorno&lt;\\\/a&gt;&lt;a href=&#039;https:\\\/\\\/zeroaesquerda.com.br\\\/index.php\\\/tag\\\/utopia\\\/&#039; rel=&#039;post_tag&#039;&gt;Utopia&lt;\\\/a&gt;&quot;},&quot;readTime&quot;:{&quot;min&quot;:33,&quot;sec&quot;:45},&quot;status&quot;:&quot;publish&quot;,&quot;excerpt&quot;:&quot;\\&quot;Something&#039;s Missing\\&quot; foi uma entrevista feita com Ernst Bloch e Theodor Adorno por Horst Kriger em 1964 e publicada pela primeira vez em alem\\u00e3o em \\&quot;Gespr\\u00e4che mit Ernst Bloch\\&quot;, editada por Rainer Traub e publicada em 1975.&quot;},{&quot;id&quot;:3475,&quot;link&quot;:&quot;https:\\\/\\\/zeroaesquerda.com.br\\\/index.php\\\/2024\\\/10\\\/07\\\/vivos-e-mortos-na-critica-do-valor-algumas-teses-apressadas-sobre-o-estado-atual-da-critica-do-valor-anselm-jappe\\\/&quot;,&quot;name&quot;:&quot;vivos-e-mortos-na-critica-do-valor-algumas-teses-apressadas-sobre-o-estado-atual-da-critica-do-valor-anselm-jappe&quot;,&quot;thumbnail&quot;:{&quot;url&quot;:&quot;https:\\\/\\\/zeroaesquerda.com.br\\\/wp-content\\\/uploads\\\/2024\\\/10\\\/callkrisis_storiaimmagine062024-1.jpg&quot;,&quot;alt&quot;:&quot;&quot;},&quot;title&quot;:&quot;VIVOS E MORTOS NA CR\\u00cdTICA DO VALOR: Algumas teses apressadas sobre o estado atual da cr\\u00edtica do valor \\u2013 Anselm Jappe&quot;,&quot;postMeta&quot;:[],&quot;author&quot;:{&quot;name&quot;:&quot;Zero \\u00e0 Esquerda&quot;,&quot;link&quot;:&quot;https:\\\/\\\/zeroaesquerda.com.br\\\/index.php\\\/author\\\/revistazeroaesquerdagmail-com\\\/&quot;},&quot;date&quot;:&quot;out 7, 2024&quot;,&quot;dateGMT&quot;:&quot;2024-10-07 17:03:25&quot;,&quot;modifiedDate&quot;:&quot;2024-10-07 17:28:18&quot;,&quot;modifiedDateGMT&quot;:&quot;2024-10-07 17:28:18&quot;,&quot;commentCount&quot;:&quot;0&quot;,&quot;commentStatus&quot;:&quot;open&quot;,&quot;categories&quot;:{&quot;coma&quot;:&quot;&lt;a href=\\&quot;https:\\\/\\\/zeroaesquerda.com.br\\\/index.php\\\/category\\\/autores\\\/anselm-jappe\\\/\\&quot; rel=\\&quot;category tag\\&quot;&gt;Anselm Jappe&lt;\\\/a&gt;, &lt;a href=\\&quot;https:\\\/\\\/zeroaesquerda.com.br\\\/index.php\\\/category\\\/traducoes\\\/\\&quot; rel=\\&quot;category tag\\&quot;&gt;Tradu\\u00e7\\u00f5es&lt;\\\/a&gt;&quot;,&quot;space&quot;:&quot;&lt;a href=\\&quot;https:\\\/\\\/zeroaesquerda.com.br\\\/index.php\\\/category\\\/autores\\\/anselm-jappe\\\/\\&quot; rel=\\&quot;category tag\\&quot;&gt;Anselm Jappe&lt;\\\/a&gt; &lt;a href=\\&quot;https:\\\/\\\/zeroaesquerda.com.br\\\/index.php\\\/category\\\/traducoes\\\/\\&quot; rel=\\&quot;category tag\\&quot;&gt;Tradu\\u00e7\\u00f5es&lt;\\\/a&gt;&quot;},&quot;taxonomies&quot;:{&quot;post_tag&quot;:&quot;&quot;},&quot;readTime&quot;:{&quot;min&quot;:29,&quot;sec&quot;:57},&quot;status&quot;:&quot;publish&quot;,&quot;excerpt&quot;:&quot;&quot;},{&quot;id&quot;:3274,&quot;link&quot;:&quot;https:\\\/\\\/zeroaesquerda.com.br\\\/index.php\\\/2024\\\/06\\\/25\\\/tambem-marcuse-um-adulador-pier-paolo-pasolini\\\/&quot;,&quot;name&quot;:&quot;tambem-marcuse-um-adulador-pier-paolo-pasolini&quot;,&quot;thumbnail&quot;:{&quot;url&quot;:&quot;https:\\\/\\\/zeroaesquerda.com.br\\\/wp-content\\\/uploads\\\/2024\\\/06\\\/WhatsApp-Image-2024-06-25-at-09.34.19.jpeg&quot;,&quot;alt&quot;:&quot;&quot;},&quot;title&quot;:&quot;Tamb\\u00e9m Marcuse um adulador? \\u2013 Pier Paolo Pasolini&quot;,&quot;postMeta&quot;:[],&quot;author&quot;:{&quot;name&quot;:&quot;Zero \\u00e0 Esquerda&quot;,&quot;link&quot;:&quot;https:\\\/\\\/zeroaesquerda.com.br\\\/index.php\\\/author\\\/revistazeroaesquerdagmail-com\\\/&quot;},&quot;date&quot;:&quot;jun 25, 2024&quot;,&quot;dateGMT&quot;:&quot;2024-06-25 20:13:13&quot;,&quot;modifiedDate&quot;:&quot;2024-06-25 20:13:14&quot;,&quot;modifiedDateGMT&quot;:&quot;2024-06-25 20:13:14&quot;,&quot;commentCount&quot;:&quot;0&quot;,&quot;commentStatus&quot;:&quot;open&quot;,&quot;categories&quot;:{&quot;coma&quot;:&quot;&lt;a href=\\&quot;https:\\\/\\\/zeroaesquerda.com.br\\\/index.php\\\/category\\\/traducoes\\\/\\&quot; rel=\\&quot;category tag\\&quot;&gt;Tradu\\u00e7\\u00f5es&lt;\\\/a&gt;&quot;,&quot;space&quot;:&quot;&lt;a href=\\&quot;https:\\\/\\\/zeroaesquerda.com.br\\\/index.php\\\/category\\\/traducoes\\\/\\&quot; rel=\\&quot;category tag\\&quot;&gt;Tradu\\u00e7\\u00f5es&lt;\\\/a&gt;&quot;},&quot;taxonomies&quot;:{&quot;post_tag&quot;:&quot;&lt;a href=&#039;https:\\\/\\\/zeroaesquerda.com.br\\\/index.php\\\/tag\\\/filosofia\\\/&#039; rel=&#039;post_tag&#039;&gt;Filosofia&lt;\\\/a&gt;&lt;a href=&#039;https:\\\/\\\/zeroaesquerda.com.br\\\/index.php\\\/tag\\\/marcuse\\\/&#039; rel=&#039;post_tag&#039;&gt;Marcuse&lt;\\\/a&gt;&lt;a href=&#039;https:\\\/\\\/zeroaesquerda.com.br\\\/index.php\\\/tag\\\/marxismo\\\/&#039; rel=&#039;post_tag&#039;&gt;Marxismo&lt;\\\/a&gt;&lt;a href=&#039;https:\\\/\\\/zeroaesquerda.com.br\\\/index.php\\\/tag\\\/pasolini\\\/&#039; rel=&#039;post_tag&#039;&gt;Pasolini&lt;\\\/a&gt;&lt;a href=&#039;https:\\\/\\\/zeroaesquerda.com.br\\\/index.php\\\/tag\\\/politica\\\/&#039; rel=&#039;post_tag&#039;&gt;Pol\\u00edtica&lt;\\\/a&gt;&lt;a href=&#039;https:\\\/\\\/zeroaesquerda.com.br\\\/index.php\\\/tag\\\/revolucao\\\/&#039; rel=&#039;post_tag&#039;&gt;Revolu\\u00e7\\u00e3o&lt;\\\/a&gt;&quot;},&quot;readTime&quot;:{&quot;min&quot;:3,&quot;sec&quot;:6},&quot;status&quot;:&quot;publish&quot;,&quot;excerpt&quot;:&quot;&quot;},{&quot;id&quot;:3226,&quot;link&quot;:&quot;https:\\\/\\\/zeroaesquerda.com.br\\\/index.php\\\/2024\\\/05\\\/14\\\/entrevista-de-moishe-postone-a-atualidade-da-teoria-critica\\\/&quot;,&quot;name&quot;:&quot;entrevista-de-moishe-postone-a-atualidade-da-teoria-critica&quot;,&quot;thumbnail&quot;:{&quot;url&quot;:&quot;https:\\\/\\\/zeroaesquerda.com.br\\\/wp-content\\\/uploads\\\/2024\\\/05\\\/Design-sem-nome.jpg&quot;,&quot;alt&quot;:&quot;&quot;},&quot;title&quot;:&quot;Entrevista de Moishe Postone: a atualidade da Teoria Cr\\u00edtica&quot;,&quot;postMeta&quot;:[],&quot;author&quot;:{&quot;name&quot;:&quot;Zero \\u00e0 Esquerda&quot;,&quot;link&quot;:&quot;https:\\\/\\\/zeroaesquerda.com.br\\\/index.php\\\/author\\\/revistazeroaesquerdagmail-com\\\/&quot;},&quot;date&quot;:&quot;maio 14, 2024&quot;,&quot;dateGMT&quot;:&quot;2024-05-14 20:27:37&quot;,&quot;modifiedDate&quot;:&quot;2024-05-14 20:35:25&quot;,&quot;modifiedDateGMT&quot;:&quot;2024-05-14 20:35:25&quot;,&quot;commentCount&quot;:&quot;0&quot;,&quot;commentStatus&quot;:&quot;open&quot;,&quot;categories&quot;:{&quot;coma&quot;:&quot;&lt;a href=\\&quot;https:\\\/\\\/zeroaesquerda.com.br\\\/index.php\\\/category\\\/producoes\\\/entrevistas\\\/\\&quot; rel=\\&quot;category tag\\&quot;&gt;Entrevistas&lt;\\\/a&gt;, &lt;a href=\\&quot;https:\\\/\\\/zeroaesquerda.com.br\\\/index.php\\\/category\\\/autores\\\/marcos-barreira\\\/\\&quot; rel=\\&quot;category tag\\&quot;&gt;Marcos Barreira&lt;\\\/a&gt;, &lt;a href=\\&quot;https:\\\/\\\/zeroaesquerda.com.br\\\/index.php\\\/category\\\/traducoes\\\/\\&quot; rel=\\&quot;category tag\\&quot;&gt;Tradu\\u00e7\\u00f5es&lt;\\\/a&gt;&quot;,&quot;space&quot;:&quot;&lt;a href=\\&quot;https:\\\/\\\/zeroaesquerda.com.br\\\/index.php\\\/category\\\/producoes\\\/entrevistas\\\/\\&quot; rel=\\&quot;category tag\\&quot;&gt;Entrevistas&lt;\\\/a&gt; &lt;a href=\\&quot;https:\\\/\\\/zeroaesquerda.com.br\\\/index.php\\\/category\\\/autores\\\/marcos-barreira\\\/\\&quot; rel=\\&quot;category tag\\&quot;&gt;Marcos Barreira&lt;\\\/a&gt; &lt;a href=\\&quot;https:\\\/\\\/zeroaesquerda.com.br\\\/index.php\\\/category\\\/traducoes\\\/\\&quot; rel=\\&quot;category tag\\&quot;&gt;Tradu\\u00e7\\u00f5es&lt;\\\/a&gt;&quot;},&quot;taxonomies&quot;:{&quot;post_tag&quot;:&quot;&lt;a href=&#039;https:\\\/\\\/zeroaesquerda.com.br\\\/index.php\\\/tag\\\/filosofia\\\/&#039; rel=&#039;post_tag&#039;&gt;Filosofia&lt;\\\/a&gt;&lt;a href=&#039;https:\\\/\\\/zeroaesquerda.com.br\\\/index.php\\\/tag\\\/marxismo\\\/&#039; rel=&#039;post_tag&#039;&gt;Marxismo&lt;\\\/a&gt;&lt;a href=&#039;https:\\\/\\\/zeroaesquerda.com.br\\\/index.php\\\/tag\\\/politica\\\/&#039; rel=&#039;post_tag&#039;&gt;Pol\\u00edtica&lt;\\\/a&gt;&lt;a href=&#039;https:\\\/\\\/zeroaesquerda.com.br\\\/index.php\\\/tag\\\/sociologia\\\/&#039; rel=&#039;post_tag&#039;&gt;Sociologia&lt;\\\/a&gt;&lt;a href=&#039;https:\\\/\\\/zeroaesquerda.com.br\\\/index.php\\\/tag\\\/teoria-critica\\\/&#039; rel=&#039;post_tag&#039;&gt;teoria cr\\u00edtica&lt;\\\/a&gt;&lt;a href=&#039;https:\\\/\\\/zeroaesquerda.com.br\\\/index.php\\\/tag\\\/teoria-da-forma-valor\\\/&#039; rel=&#039;post_tag&#039;&gt;Teoria da forma-valor&lt;\\\/a&gt;&lt;a href=&#039;https:\\\/\\\/zeroaesquerda.com.br\\\/index.php\\\/tag\\\/trabalho\\\/&#039; rel=&#039;post_tag&#039;&gt;Trabalho&lt;\\\/a&gt;&quot;},&quot;readTime&quot;:{&quot;min&quot;:16,&quot;sec&quot;:0},&quot;status&quot;:&quot;publish&quot;,&quot;excerpt&quot;:&quot;&quot;},{&quot;id&quot;:3124,&quot;link&quot;:&quot;https:\\\/\\\/zeroaesquerda.com.br\\\/index.php\\\/2024\\\/03\\\/01\\\/o-7-impar-e-vermelho-daniel-bensaid\\\/&quot;,&quot;name&quot;:&quot;o-7-impar-e-vermelho-daniel-bensaid&quot;,&quot;thumbnail&quot;:{&quot;url&quot;:&quot;https:\\\/\\\/zeroaesquerda.com.br\\\/wp-content\\\/uploads\\\/2024\\\/02\\\/instasize_240227102613.jpg&quot;,&quot;alt&quot;:&quot;&quot;},&quot;title&quot;:&quot;O 7, \\u00edmpar e vermelho \\u2014 Daniel Bensa\\u00efd&quot;,&quot;postMeta&quot;:[],&quot;author&quot;:{&quot;name&quot;:&quot;Zero \\u00e0 Esquerda&quot;,&quot;link&quot;:&quot;https:\\\/\\\/zeroaesquerda.com.br\\\/index.php\\\/author\\\/revistazeroaesquerdagmail-com\\\/&quot;},&quot;date&quot;:&quot;mar 1, 2024&quot;,&quot;dateGMT&quot;:&quot;2024-03-01 19:10:36&quot;,&quot;modifiedDate&quot;:&quot;2024-03-04 04:15:17&quot;,&quot;modifiedDateGMT&quot;:&quot;2024-03-04 04:15:17&quot;,&quot;commentCount&quot;:&quot;0&quot;,&quot;commentStatus&quot;:&quot;open&quot;,&quot;categories&quot;:{&quot;coma&quot;:&quot;&lt;a href=\\&quot;https:\\\/\\\/zeroaesquerda.com.br\\\/index.php\\\/category\\\/autores\\\/\\&quot; rel=\\&quot;category tag\\&quot;&gt;Autores&lt;\\\/a&gt;, &lt;a href=\\&quot;https:\\\/\\\/zeroaesquerda.com.br\\\/index.php\\\/category\\\/autores\\\/daniel-bensaid\\\/\\&quot; rel=\\&quot;category tag\\&quot;&gt;Daniel Bensa\\u00efd&lt;\\\/a&gt;, &lt;a href=\\&quot;https:\\\/\\\/zeroaesquerda.com.br\\\/index.php\\\/category\\\/traducoes\\\/\\&quot; rel=\\&quot;category tag\\&quot;&gt;Tradu\\u00e7\\u00f5es&lt;\\\/a&gt;&quot;,&quot;space&quot;:&quot;&lt;a href=\\&quot;https:\\\/\\\/zeroaesquerda.com.br\\\/index.php\\\/category\\\/autores\\\/\\&quot; rel=\\&quot;category tag\\&quot;&gt;Autores&lt;\\\/a&gt; &lt;a href=\\&quot;https:\\\/\\\/zeroaesquerda.com.br\\\/index.php\\\/category\\\/autores\\\/daniel-bensaid\\\/\\&quot; rel=\\&quot;category tag\\&quot;&gt;Daniel Bensa\\u00efd&lt;\\\/a&gt; &lt;a href=\\&quot;https:\\\/\\\/zeroaesquerda.com.br\\\/index.php\\\/category\\\/traducoes\\\/\\&quot; rel=\\&quot;category tag\\&quot;&gt;Tradu\\u00e7\\u00f5es&lt;\\\/a&gt;&quot;},&quot;taxonomies&quot;:{&quot;post_tag&quot;:&quot;&lt;a href=&#039;https:\\\/\\\/zeroaesquerda.com.br\\\/index.php\\\/tag\\\/aposta\\\/&#039; rel=&#039;post_tag&#039;&gt;Aposta&lt;\\\/a&gt;&lt;a href=&#039;https:\\\/\\\/zeroaesquerda.com.br\\\/index.php\\\/tag\\\/daniel-bensaid\\\/&#039; rel=&#039;post_tag&#039;&gt;Daniel Bensa\\u00efd&lt;\\\/a&gt;&lt;a href=&#039;https:\\\/\\\/zeroaesquerda.com.br\\\/index.php\\\/tag\\\/filosofia\\\/&#039; rel=&#039;post_tag&#039;&gt;Filosofia&lt;\\\/a&gt;&lt;a href=&#039;https:\\\/\\\/zeroaesquerda.com.br\\\/index.php\\\/tag\\\/marxismo\\\/&#039; rel=&#039;post_tag&#039;&gt;Marxismo&lt;\\\/a&gt;&lt;a href=&#039;https:\\\/\\\/zeroaesquerda.com.br\\\/index.php\\\/tag\\\/melancolia\\\/&#039; rel=&#039;post_tag&#039;&gt;Melancolia&lt;\\\/a&gt;&lt;a href=&#039;https:\\\/\\\/zeroaesquerda.com.br\\\/index.php\\\/tag\\\/revolucao\\\/&#039; rel=&#039;post_tag&#039;&gt;Revolu\\u00e7\\u00e3o&lt;\\\/a&gt;&quot;},&quot;readTime&quot;:{&quot;min&quot;:9,&quot;sec&quot;:54},&quot;status&quot;:&quot;publish&quot;,&quot;excerpt&quot;:&quot;&quot;},{&quot;id&quot;:3068,&quot;link&quot;:&quot;https:\\\/\\\/zeroaesquerda.com.br\\\/index.php\\\/2024\\\/02\\\/27\\\/cinco-teses-sobre-herbert-marcuse-como-teorico-critico-da-emancipacao-hans-jurgen-krahl\\\/&quot;,&quot;name&quot;:&quot;cinco-teses-sobre-herbert-marcuse-como-teorico-critico-da-emancipacao-hans-jurgen-krahl&quot;,&quot;thumbnail&quot;:{&quot;url&quot;:&quot;https:\\\/\\\/zeroaesquerda.com.br\\\/wp-content\\\/uploads\\\/2024\\\/02\\\/thumbnail_-krahl.jpg&quot;,&quot;alt&quot;:&quot;&quot;},&quot;title&quot;:&quot;Cinco teses sobre Herbert Marcuse como te\\u00f3rico cr\\u00edtico da emancipa\\u00e7\\u00e3o \\u2013 Hans-J\\u00fcrgen Krahl&quot;,&quot;postMeta&quot;:[],&quot;author&quot;:{&quot;name&quot;:&quot;Zero \\u00e0 Esquerda&quot;,&quot;link&quot;:&quot;https:\\\/\\\/zeroaesquerda.com.br\\\/index.php\\\/author\\\/revistazeroaesquerdagmail-com\\\/&quot;},&quot;date&quot;:&quot;fev 27, 2024&quot;,&quot;dateGMT&quot;:&quot;2024-02-27 21:09:37&quot;,&quot;modifiedDate&quot;:&quot;2024-02-27 21:09:37&quot;,&quot;modifiedDateGMT&quot;:&quot;2024-02-27 21:09:37&quot;,&quot;commentCount&quot;:&quot;0&quot;,&quot;commentStatus&quot;:&quot;open&quot;,&quot;categories&quot;:{&quot;coma&quot;:&quot;&lt;a href=\\&quot;https:\\\/\\\/zeroaesquerda.com.br\\\/index.php\\\/category\\\/autores\\\/\\&quot; rel=\\&quot;category tag\\&quot;&gt;Autores&lt;\\\/a&gt;, &lt;a href=\\&quot;https:\\\/\\\/zeroaesquerda.com.br\\\/index.php\\\/category\\\/autores\\\/hans-jurgen-krahl\\\/\\&quot; rel=\\&quot;category tag\\&quot;&gt;Hans-J\\u00fcrgen Krahl&lt;\\\/a&gt;, &lt;a href=\\&quot;https:\\\/\\\/zeroaesquerda.com.br\\\/index.php\\\/category\\\/traducoes\\\/\\&quot; rel=\\&quot;category tag\\&quot;&gt;Tradu\\u00e7\\u00f5es&lt;\\\/a&gt;&quot;,&quot;space&quot;:&quot;&lt;a href=\\&quot;https:\\\/\\\/zeroaesquerda.com.br\\\/index.php\\\/category\\\/autores\\\/\\&quot; rel=\\&quot;category tag\\&quot;&gt;Autores&lt;\\\/a&gt; &lt;a href=\\&quot;https:\\\/\\\/zeroaesquerda.com.br\\\/index.php\\\/category\\\/autores\\\/hans-jurgen-krahl\\\/\\&quot; rel=\\&quot;category tag\\&quot;&gt;Hans-J\\u00fcrgen Krahl&lt;\\\/a&gt; &lt;a href=\\&quot;https:\\\/\\\/zeroaesquerda.com.br\\\/index.php\\\/category\\\/traducoes\\\/\\&quot; rel=\\&quot;category tag\\&quot;&gt;Tradu\\u00e7\\u00f5es&lt;\\\/a&gt;&quot;},&quot;taxonomies&quot;:{&quot;post_tag&quot;:&quot;&lt;a href=&#039;https:\\\/\\\/zeroaesquerda.com.br\\\/index.php\\\/tag\\\/emancipacao\\\/&#039; rel=&#039;post_tag&#039;&gt;emancipa\\u00e7\\u00e3o&lt;\\\/a&gt;&lt;a href=&#039;https:\\\/\\\/zeroaesquerda.com.br\\\/index.php\\\/tag\\\/filosofia\\\/&#039; rel=&#039;post_tag&#039;&gt;Filosofia&lt;\\\/a&gt;&lt;a href=&#039;https:\\\/\\\/zeroaesquerda.com.br\\\/index.php\\\/tag\\\/grande-recusa\\\/&#039; rel=&#039;post_tag&#039;&gt;Grande Recusa&lt;\\\/a&gt;&lt;a href=&#039;https:\\\/\\\/zeroaesquerda.com.br\\\/index.php\\\/tag\\\/krahl\\\/&#039; rel=&#039;post_tag&#039;&gt;krahl&lt;\\\/a&gt;&lt;a href=&#039;https:\\\/\\\/zeroaesquerda.com.br\\\/index.php\\\/tag\\\/marcuse\\\/&#039; rel=&#039;post_tag&#039;&gt;Marcuse&lt;\\\/a&gt;&lt;a href=&#039;https:\\\/\\\/zeroaesquerda.com.br\\\/index.php\\\/tag\\\/politica\\\/&#039; rel=&#039;post_tag&#039;&gt;Pol\\u00edtica&lt;\\\/a&gt;&lt;a href=&#039;https:\\\/\\\/zeroaesquerda.com.br\\\/index.php\\\/tag\\\/teoria-critica\\\/&#039; rel=&#039;post_tag&#039;&gt;teoria cr\\u00edtica&lt;\\\/a&gt;&quot;},&quot;readTime&quot;:{&quot;min&quot;:9,&quot;sec&quot;:12},&quot;status&quot;:&quot;publish&quot;,&quot;excerpt&quot;:&quot;&quot;},{&quot;id&quot;:3103,&quot;link&quot;:&quot;https:\\\/\\\/zeroaesquerda.com.br\\\/index.php\\\/2024\\\/02\\\/22\\\/a-constante-destruicao-da-experiencia-ezra-riquelme\\\/&quot;,&quot;name&quot;:&quot;a-constante-destruicao-da-experiencia-ezra-riquelme&quot;,&quot;thumbnail&quot;:{&quot;url&quot;:&quot;https:\\\/\\\/zeroaesquerda.com.br\\\/wp-content\\\/uploads\\\/2024\\\/02\\\/max-ernst-la-vie-quotidienne-arq.-1.jpg&quot;,&quot;alt&quot;:&quot;&quot;},&quot;title&quot;:&quot;A constante destrui\\u00e7\\u00e3o da experi\\u00eancia \\u2013 Ezra Riquelme&quot;,&quot;postMeta&quot;:[],&quot;author&quot;:{&quot;name&quot;:&quot;Zero \\u00e0 Esquerda&quot;,&quot;link&quot;:&quot;https:\\\/\\\/zeroaesquerda.com.br\\\/index.php\\\/author\\\/revistazeroaesquerdagmail-com\\\/&quot;},&quot;date&quot;:&quot;fev 22, 2024&quot;,&quot;dateGMT&quot;:&quot;2024-02-22 21:01:03&quot;,&quot;modifiedDate&quot;:&quot;2024-02-23 12:48:35&quot;,&quot;modifiedDateGMT&quot;:&quot;2024-02-23 12:48:35&quot;,&quot;commentCount&quot;:&quot;0&quot;,&quot;commentStatus&quot;:&quot;open&quot;,&quot;categories&quot;:{&quot;coma&quot;:&quot;&lt;a href=\\&quot;https:\\\/\\\/zeroaesquerda.com.br\\\/index.php\\\/category\\\/autores\\\/\\&quot; rel=\\&quot;category tag\\&quot;&gt;Autores&lt;\\\/a&gt;, &lt;a href=\\&quot;https:\\\/\\\/zeroaesquerda.com.br\\\/index.php\\\/category\\\/autores\\\/ezra-riquelme\\\/\\&quot; rel=\\&quot;category tag\\&quot;&gt;Ezra Riquelme&lt;\\\/a&gt;, &lt;a href=\\&quot;https:\\\/\\\/zeroaesquerda.com.br\\\/index.php\\\/category\\\/traducoes\\\/\\&quot; rel=\\&quot;category tag\\&quot;&gt;Tradu\\u00e7\\u00f5es&lt;\\\/a&gt;&quot;,&quot;space&quot;:&quot;&lt;a href=\\&quot;https:\\\/\\\/zeroaesquerda.com.br\\\/index.php\\\/category\\\/autores\\\/\\&quot; rel=\\&quot;category tag\\&quot;&gt;Autores&lt;\\\/a&gt; &lt;a href=\\&quot;https:\\\/\\\/zeroaesquerda.com.br\\\/index.php\\\/category\\\/autores\\\/ezra-riquelme\\\/\\&quot; rel=\\&quot;category tag\\&quot;&gt;Ezra Riquelme&lt;\\\/a&gt; &lt;a href=\\&quot;https:\\\/\\\/zeroaesquerda.com.br\\\/index.php\\\/category\\\/traducoes\\\/\\&quot; rel=\\&quot;category tag\\&quot;&gt;Tradu\\u00e7\\u00f5es&lt;\\\/a&gt;&quot;},&quot;taxonomies&quot;:{&quot;post_tag&quot;:&quot;&lt;a href=&#039;https:\\\/\\\/zeroaesquerda.com.br\\\/index.php\\\/tag\\\/experiencia-e-pobreza\\\/&#039; rel=&#039;post_tag&#039;&gt;experi\\u00eancia e pobreza&lt;\\\/a&gt;&lt;a href=&#039;https:\\\/\\\/zeroaesquerda.com.br\\\/index.php\\\/tag\\\/ezra-riquelme\\\/&#039; rel=&#039;post_tag&#039;&gt;Ezra Riquelme&lt;\\\/a&gt;&lt;a href=&#039;https:\\\/\\\/zeroaesquerda.com.br\\\/index.php\\\/tag\\\/filosofia\\\/&#039; rel=&#039;post_tag&#039;&gt;Filosofia&lt;\\\/a&gt;&lt;a href=&#039;https:\\\/\\\/zeroaesquerda.com.br\\\/index.php\\\/tag\\\/walter-benjamin\\\/&#039; rel=&#039;post_tag&#039;&gt;Walter Benjamin&lt;\\\/a&gt;&quot;},&quot;readTime&quot;:{&quot;min&quot;:5,&quot;sec&quot;:34},&quot;status&quot;:&quot;publish&quot;,&quot;excerpt&quot;:&quot;&quot;},{&quot;id&quot;:3090,&quot;link&quot;:&quot;https:\\\/\\\/zeroaesquerda.com.br\\\/index.php\\\/2024\\\/02\\\/19\\\/feminizacoes-reflexoes-sobre-mulheres-e-realidade-virtual-sadie-plant\\\/&quot;,&quot;name&quot;:&quot;feminizacoes-reflexoes-sobre-mulheres-e-realidade-virtual-sadie-plant&quot;,&quot;thumbnail&quot;:{&quot;url&quot;:&quot;https:\\\/\\\/zeroaesquerda.com.br\\\/wp-content\\\/uploads\\\/2024\\\/02\\\/pinterestdotcom.jpg&quot;,&quot;alt&quot;:&quot;&quot;},&quot;title&quot;:&quot;Feminiza\\u00e7\\u00f5es: Reflex\\u00f5es sobre Mulheres e Realidade Virtual \\u2014 Sadie Plant&quot;,&quot;postMeta&quot;:[],&quot;author&quot;:{&quot;name&quot;:&quot;Zero \\u00e0 Esquerda&quot;,&quot;link&quot;:&quot;https:\\\/\\\/zeroaesquerda.com.br\\\/index.php\\\/author\\\/revistazeroaesquerdagmail-com\\\/&quot;},&quot;date&quot;:&quot;fev 19, 2024&quot;,&quot;dateGMT&quot;:&quot;2024-02-19 18:52:17&quot;,&quot;modifiedDate&quot;:&quot;2024-03-04 04:16:28&quot;,&quot;modifiedDateGMT&quot;:&quot;2024-03-04 04:16:28&quot;,&quot;commentCount&quot;:&quot;0&quot;,&quot;commentStatus&quot;:&quot;open&quot;,&quot;categories&quot;:{&quot;coma&quot;:&quot;&lt;a href=\\&quot;https:\\\/\\\/zeroaesquerda.com.br\\\/index.php\\\/category\\\/traducoes\\\/\\&quot; rel=\\&quot;category tag\\&quot;&gt;Tradu\\u00e7\\u00f5es&lt;\\\/a&gt;&quot;,&quot;space&quot;:&quot;&lt;a href=\\&quot;https:\\\/\\\/zeroaesquerda.com.br\\\/index.php\\\/category\\\/traducoes\\\/\\&quot; rel=\\&quot;category tag\\&quot;&gt;Tradu\\u00e7\\u00f5es&lt;\\\/a&gt;&quot;},&quot;taxonomies&quot;:{&quot;post_tag&quot;:&quot;&lt;a href=&#039;https:\\\/\\\/zeroaesquerda.com.br\\\/index.php\\\/tag\\\/cibernetica\\\/&#039; rel=&#039;post_tag&#039;&gt;Cibern\\u00e9tica&lt;\\\/a&gt;&lt;a href=&#039;https:\\\/\\\/zeroaesquerda.com.br\\\/index.php\\\/tag\\\/feminismo\\\/&#039; rel=&#039;post_tag&#039;&gt;Feminismo&lt;\\\/a&gt;&lt;a href=&#039;https:\\\/\\\/zeroaesquerda.com.br\\\/index.php\\\/tag\\\/feminismo-lesbico\\\/&#039; rel=&#039;post_tag&#039;&gt;Feminismo l\\u00e9sbico&lt;\\\/a&gt;&quot;},&quot;readTime&quot;:{&quot;min&quot;:2,&quot;sec&quot;:12},&quot;status&quot;:&quot;publish&quot;,&quot;excerpt&quot;:&quot;&quot;},{&quot;id&quot;:2940,&quot;link&quot;:&quot;https:\\\/\\\/zeroaesquerda.com.br\\\/index.php\\\/2024\\\/02\\\/15\\\/a-fabrica-movel-jean-paul-de-gaudemar\\\/&quot;,&quot;name&quot;:&quot;a-fabrica-movel-jean-paul-de-gaudemar&quot;,&quot;thumbnail&quot;:{&quot;url&quot;:&quot;https:\\\/\\\/zeroaesquerda.com.br\\\/wp-content\\\/uploads\\\/2024\\\/02\\\/b782d890-3059-4733-a2fe-3f580712ccb9.jpeg&quot;,&quot;alt&quot;:&quot;&quot;},&quot;title&quot;:&quot;A f\\u00e1brica m\\u00f3vel \\u2013 Jean-Paul de Gaudemar&quot;,&quot;postMeta&quot;:[],&quot;author&quot;:{&quot;name&quot;:&quot;Zero \\u00e0 Esquerda&quot;,&quot;link&quot;:&quot;https:\\\/\\\/zeroaesquerda.com.br\\\/index.php\\\/author\\\/revistazeroaesquerdagmail-com\\\/&quot;},&quot;date&quot;:&quot;fev 15, 2024&quot;,&quot;dateGMT&quot;:&quot;2024-02-15 12:01:00&quot;,&quot;modifiedDate&quot;:&quot;2024-02-19 19:06:13&quot;,&quot;modifiedDateGMT&quot;:&quot;2024-02-19 19:06:13&quot;,&quot;commentCount&quot;:&quot;0&quot;,&quot;commentStatus&quot;:&quot;open&quot;,&quot;categories&quot;:{&quot;coma&quot;:&quot;&lt;a href=\\&quot;https:\\\/\\\/zeroaesquerda.com.br\\\/index.php\\\/category\\\/autores\\\/jean-paul-de-gaudemar\\\/\\&quot; rel=\\&quot;category tag\\&quot;&gt;Jean-Paul de Gaudemar&lt;\\\/a&gt;, &lt;a href=\\&quot;https:\\\/\\\/zeroaesquerda.com.br\\\/index.php\\\/category\\\/traducoes\\\/\\&quot; rel=\\&quot;category tag\\&quot;&gt;Tradu\\u00e7\\u00f5es&lt;\\\/a&gt;&quot;,&quot;space&quot;:&quot;&lt;a href=\\&quot;https:\\\/\\\/zeroaesquerda.com.br\\\/index.php\\\/category\\\/autores\\\/jean-paul-de-gaudemar\\\/\\&quot; rel=\\&quot;category tag\\&quot;&gt;Jean-Paul de Gaudemar&lt;\\\/a&gt; &lt;a href=\\&quot;https:\\\/\\\/zeroaesquerda.com.br\\\/index.php\\\/category\\\/traducoes\\\/\\&quot; rel=\\&quot;category tag\\&quot;&gt;Tradu\\u00e7\\u00f5es&lt;\\\/a&gt;&quot;},&quot;taxonomies&quot;:{&quot;post_tag&quot;:&quot;&lt;a href=&#039;https:\\\/\\\/zeroaesquerda.com.br\\\/index.php\\\/tag\\\/critica-da-economia-politica\\\/&#039; rel=&#039;post_tag&#039;&gt;Cr\\u00edtica da Economia Pol\\u00edtica&lt;\\\/a&gt;&lt;a href=&#039;https:\\\/\\\/zeroaesquerda.com.br\\\/index.php\\\/tag\\\/politica\\\/&#039; rel=&#039;post_tag&#039;&gt;Pol\\u00edtica&lt;\\\/a&gt;&lt;a href=&#039;https:\\\/\\\/zeroaesquerda.com.br\\\/index.php\\\/tag\\\/sociologia\\\/&#039; rel=&#039;post_tag&#039;&gt;Sociologia&lt;\\\/a&gt;&lt;a href=&#039;https:\\\/\\\/zeroaesquerda.com.br\\\/index.php\\\/tag\\\/trabalho\\\/&#039; rel=&#039;post_tag&#039;&gt;Trabalho&lt;\\\/a&gt;&quot;},&quot;readTime&quot;:{&quot;min&quot;:14,&quot;sec&quot;:51},&quot;status&quot;:&quot;publish&quot;,&quot;excerpt&quot;:&quot;&quot;},{&quot;id&quot;:3046,&quot;link&quot;:&quot;https:\\\/\\\/zeroaesquerda.com.br\\\/index.php\\\/2024\\\/01\\\/29\\\/corpos-verdades-da-linguagem-alain-badiou\\\/&quot;,&quot;name&quot;:&quot;corpos-verdades-da-linguagem-alain-badiou&quot;,&quot;thumbnail&quot;:{&quot;url&quot;:&quot;https:\\\/\\\/zeroaesquerda.com.br\\\/wp-content\\\/uploads\\\/2024\\\/01\\\/image_2024-01-29_115403331.png&quot;,&quot;alt&quot;:&quot;&quot;},&quot;title&quot;:&quot;Corpos, verdades da linguagem - Alain Badiou&quot;,&quot;postMeta&quot;:[],&quot;author&quot;:{&quot;name&quot;:&quot;Zero \\u00e0 Esquerda&quot;,&quot;link&quot;:&quot;https:\\\/\\\/zeroaesquerda.com.br\\\/index.php\\\/author\\\/revistazeroaesquerdagmail-com\\\/&quot;},&quot;date&quot;:&quot;jan 29, 2024&quot;,&quot;dateGMT&quot;:&quot;2024-01-29 18:46:19&quot;,&quot;modifiedDate&quot;:&quot;2024-02-19 19:01:42&quot;,&quot;modifiedDateGMT&quot;:&quot;2024-02-19 19:01:42&quot;,&quot;commentCount&quot;:&quot;0&quot;,&quot;commentStatus&quot;:&quot;open&quot;,&quot;categories&quot;:{&quot;coma&quot;:&quot;&lt;a href=\\&quot;https:\\\/\\\/zeroaesquerda.com.br\\\/index.php\\\/category\\\/autores\\\/alain-badiou\\\/\\&quot; rel=\\&quot;category tag\\&quot;&gt;Alain Badiou&lt;\\\/a&gt;, &lt;a href=\\&quot;https:\\\/\\\/zeroaesquerda.com.br\\\/index.php\\\/category\\\/series\\\/\\&quot; rel=\\&quot;category tag\\&quot;&gt;S\\u00e9ries&lt;\\\/a&gt;, &lt;a href=\\&quot;https:\\\/\\\/zeroaesquerda.com.br\\\/index.php\\\/category\\\/traducoes\\\/\\&quot; rel=\\&quot;category tag\\&quot;&gt;Tradu\\u00e7\\u00f5es&lt;\\\/a&gt;, &lt;a href=\\&quot;https:\\\/\\\/zeroaesquerda.com.br\\\/index.php\\\/category\\\/uncategorized\\\/\\&quot; rel=\\&quot;category tag\\&quot;&gt;Uncategorized&lt;\\\/a&gt;&quot;,&quot;space&quot;:&quot;&lt;a href=\\&quot;https:\\\/\\\/zeroaesquerda.com.br\\\/index.php\\\/category\\\/autores\\\/alain-badiou\\\/\\&quot; rel=\\&quot;category tag\\&quot;&gt;Alain Badiou&lt;\\\/a&gt; &lt;a href=\\&quot;https:\\\/\\\/zeroaesquerda.com.br\\\/index.php\\\/category\\\/series\\\/\\&quot; rel=\\&quot;category tag\\&quot;&gt;S\\u00e9ries&lt;\\\/a&gt; &lt;a href=\\&quot;https:\\\/\\\/zeroaesquerda.com.br\\\/index.php\\\/category\\\/traducoes\\\/\\&quot; rel=\\&quot;category tag\\&quot;&gt;Tradu\\u00e7\\u00f5es&lt;\\\/a&gt; &lt;a href=\\&quot;https:\\\/\\\/zeroaesquerda.com.br\\\/index.php\\\/category\\\/uncategorized\\\/\\&quot; rel=\\&quot;category tag\\&quot;&gt;Uncategorized&lt;\\\/a&gt;&quot;},&quot;taxonomies&quot;:{&quot;post_tag&quot;:&quot;&lt;a href=&#039;https:\\\/\\\/zeroaesquerda.com.br\\\/index.php\\\/tag\\\/alain-badiou\\\/&#039; rel=&#039;post_tag&#039;&gt;Alain Badiou&lt;\\\/a&gt;&lt;a href=&#039;https:\\\/\\\/zeroaesquerda.com.br\\\/index.php\\\/tag\\\/filosofia\\\/&#039; rel=&#039;post_tag&#039;&gt;Filosofia&lt;\\\/a&gt;&lt;a href=&#039;https:\\\/\\\/zeroaesquerda.com.br\\\/index.php\\\/tag\\\/politica\\\/&#039; rel=&#039;post_tag&#039;&gt;Pol\\u00edtica&lt;\\\/a&gt;&quot;},&quot;readTime&quot;:{&quot;min&quot;:16,&quot;sec&quot;:40},&quot;status&quot;:&quot;publish&quot;,&quot;excerpt&quot;:&quot;Badiou discorre sobre a posi\\u00e7\\u00e3o que os corpos ocupam na contemporaneidade.&quot;},{&quot;id&quot;:3010,&quot;link&quot;:&quot;https:\\\/\\\/zeroaesquerda.com.br\\\/index.php\\\/2024\\\/01\\\/26\\\/manifesto-do-afirmacionismo\\\/&quot;,&quot;name&quot;:&quot;manifesto-do-afirmacionismo&quot;,&quot;thumbnail&quot;:{&quot;url&quot;:&quot;https:\\\/\\\/zeroaesquerda.com.br\\\/wp-content\\\/uploads\\\/2024\\\/01\\\/image_2024-01-26_112045408.png&quot;,&quot;alt&quot;:&quot;&quot;},&quot;title&quot;:&quot;Manifesto do Afirmacionismo - Alain Badiou&quot;,&quot;postMeta&quot;:[],&quot;author&quot;:{&quot;name&quot;:&quot;Zero \\u00e0 Esquerda&quot;,&quot;link&quot;:&quot;https:\\\/\\\/zeroaesquerda.com.br\\\/index.php\\\/author\\\/revistazeroaesquerdagmail-com\\\/&quot;},&quot;date&quot;:&quot;jan 26, 2024&quot;,&quot;dateGMT&quot;:&quot;2024-01-26 14:21:05&quot;,&quot;modifiedDate&quot;:&quot;2024-01-27 01:15:56&quot;,&quot;modifiedDateGMT&quot;:&quot;2024-01-27 01:15:56&quot;,&quot;commentCount&quot;:&quot;0&quot;,&quot;commentStatus&quot;:&quot;open&quot;,&quot;categories&quot;:{&quot;coma&quot;:&quot;&lt;a href=\\&quot;https:\\\/\\\/zeroaesquerda.com.br\\\/index.php\\\/category\\\/autores\\\/alain-badiou\\\/\\&quot; rel=\\&quot;category tag\\&quot;&gt;Alain Badiou&lt;\\\/a&gt;, &lt;a href=\\&quot;https:\\\/\\\/zeroaesquerda.com.br\\\/index.php\\\/category\\\/autores\\\/\\&quot; rel=\\&quot;category tag\\&quot;&gt;Autores&lt;\\\/a&gt;, &lt;a href=\\&quot;https:\\\/\\\/zeroaesquerda.com.br\\\/index.php\\\/category\\\/traducoes\\\/\\&quot; rel=\\&quot;category tag\\&quot;&gt;Tradu\\u00e7\\u00f5es&lt;\\\/a&gt;&quot;,&quot;space&quot;:&quot;&lt;a href=\\&quot;https:\\\/\\\/zeroaesquerda.com.br\\\/index.php\\\/category\\\/autores\\\/alain-badiou\\\/\\&quot; rel=\\&quot;category tag\\&quot;&gt;Alain Badiou&lt;\\\/a&gt; &lt;a href=\\&quot;https:\\\/\\\/zeroaesquerda.com.br\\\/index.php\\\/category\\\/autores\\\/\\&quot; rel=\\&quot;category tag\\&quot;&gt;Autores&lt;\\\/a&gt; &lt;a href=\\&quot;https:\\\/\\\/zeroaesquerda.com.br\\\/index.php\\\/category\\\/traducoes\\\/\\&quot; rel=\\&quot;category tag\\&quot;&gt;Tradu\\u00e7\\u00f5es&lt;\\\/a&gt;&quot;},&quot;taxonomies&quot;:{&quot;post_tag&quot;:&quot;&lt;a href=&#039;https:\\\/\\\/zeroaesquerda.com.br\\\/index.php\\\/tag\\\/alain-badiou\\\/&#039; rel=&#039;post_tag&#039;&gt;Alain Badiou&lt;\\\/a&gt;&lt;a href=&#039;https:\\\/\\\/zeroaesquerda.com.br\\\/index.php\\\/tag\\\/filosofia\\\/&#039; rel=&#039;post_tag&#039;&gt;Filosofia&lt;\\\/a&gt;&quot;},&quot;readTime&quot;:{&quot;min&quot;:25,&quot;sec&quot;:24},&quot;status&quot;:&quot;publish&quot;,&quot;excerpt&quot;:&quot;\\&quot;Nossa capacidade de resist\\u00eancia e inven\\u00e7\\u00e3o requer que renunciemos aos nossos prazeres das margens, na obliquidade, na desconstru\\u00e7\\u00e3o infinita, no fragmento, na exposi\\u00e7\\u00e3o tr\\u00eamula da mortalidade, na finitude e no corpo. Em prol do pobre s\\u00e9culo que se inicia, devemos - e iremos - declarar a exist\\u00eancia do que n\\u00e3o existe mais na arte: a constru\\u00e7\\u00e3o monumental, o projeto, a for\\u00e7a criativa dos fracos, a destrui\\u00e7\\u00e3o dos poderes estabelecidos.\\&quot;&quot;},{&quot;id&quot;:3006,&quot;link&quot;:&quot;https:\\\/\\\/zeroaesquerda.com.br\\\/index.php\\\/2024\\\/01\\\/25\\\/lacan-e-os-pre-socraticos\\\/&quot;,&quot;name&quot;:&quot;lacan-e-os-pre-socraticos&quot;,&quot;thumbnail&quot;:{&quot;url&quot;:&quot;https:\\\/\\\/zeroaesquerda.com.br\\\/wp-content\\\/uploads\\\/2024\\\/01\\\/b1ca2b2ab0f315eac7db8703dd66aa83.jpg&quot;,&quot;alt&quot;:&quot;&quot;},&quot;title&quot;:&quot;Lacan e os pr\\u00e9-socr\\u00e1ticos - Alain Badiou&quot;,&quot;postMeta&quot;:[],&quot;author&quot;:{&quot;name&quot;:&quot;Zero \\u00e0 Esquerda&quot;,&quot;link&quot;:&quot;https:\\\/\\\/zeroaesquerda.com.br\\\/index.php\\\/author\\\/revistazeroaesquerdagmail-com\\\/&quot;},&quot;date&quot;:&quot;jan 25, 2024&quot;,&quot;dateGMT&quot;:&quot;2024-01-25 14:57:27&quot;,&quot;modifiedDate&quot;:&quot;2024-01-26 02:17:45&quot;,&quot;modifiedDateGMT&quot;:&quot;2024-01-26 02:17:45&quot;,&quot;commentCount&quot;:&quot;0&quot;,&quot;commentStatus&quot;:&quot;open&quot;,&quot;categories&quot;:{&quot;coma&quot;:&quot;&lt;a href=\\&quot;https:\\\/\\\/zeroaesquerda.com.br\\\/index.php\\\/category\\\/autores\\\/alain-badiou\\\/\\&quot; rel=\\&quot;category tag\\&quot;&gt;Alain Badiou&lt;\\\/a&gt;, &lt;a href=\\&quot;https:\\\/\\\/zeroaesquerda.com.br\\\/index.php\\\/category\\\/autores\\\/\\&quot; rel=\\&quot;category tag\\&quot;&gt;Autores&lt;\\\/a&gt;, &lt;a href=\\&quot;https:\\\/\\\/zeroaesquerda.com.br\\\/index.php\\\/category\\\/traducoes\\\/\\&quot; rel=\\&quot;category tag\\&quot;&gt;Tradu\\u00e7\\u00f5es&lt;\\\/a&gt;&quot;,&quot;space&quot;:&quot;&lt;a href=\\&quot;https:\\\/\\\/zeroaesquerda.com.br\\\/index.php\\\/category\\\/autores\\\/alain-badiou\\\/\\&quot; rel=\\&quot;category tag\\&quot;&gt;Alain Badiou&lt;\\\/a&gt; &lt;a href=\\&quot;https:\\\/\\\/zeroaesquerda.com.br\\\/index.php\\\/category\\\/autores\\\/\\&quot; rel=\\&quot;category tag\\&quot;&gt;Autores&lt;\\\/a&gt; &lt;a href=\\&quot;https:\\\/\\\/zeroaesquerda.com.br\\\/index.php\\\/category\\\/traducoes\\\/\\&quot; rel=\\&quot;category tag\\&quot;&gt;Tradu\\u00e7\\u00f5es&lt;\\\/a&gt;&quot;},&quot;taxonomies&quot;:{&quot;post_tag&quot;:&quot;&lt;a href=&#039;https:\\\/\\\/zeroaesquerda.com.br\\\/index.php\\\/tag\\\/alain-badiou\\\/&#039; rel=&#039;post_tag&#039;&gt;Alain Badiou&lt;\\\/a&gt;&lt;a href=&#039;https:\\\/\\\/zeroaesquerda.com.br\\\/index.php\\\/tag\\\/filosofia\\\/&#039; rel=&#039;post_tag&#039;&gt;Filosofia&lt;\\\/a&gt;&lt;a href=&#039;https:\\\/\\\/zeroaesquerda.com.br\\\/index.php\\\/tag\\\/jacques-lacan\\\/&#039; rel=&#039;post_tag&#039;&gt;Jacques Lacan&lt;\\\/a&gt;&lt;a href=&#039;https:\\\/\\\/zeroaesquerda.com.br\\\/index.php\\\/tag\\\/martin-heidegger\\\/&#039; rel=&#039;post_tag&#039;&gt;Martin Heidegger&lt;\\\/a&gt;&lt;a href=&#039;https:\\\/\\\/zeroaesquerda.com.br\\\/index.php\\\/tag\\\/sigmund-freud\\\/&#039; rel=&#039;post_tag&#039;&gt;Sigmund Freud&lt;\\\/a&gt;&quot;},&quot;readTime&quot;:{&quot;min&quot;:19,&quot;sec&quot;:48},&quot;status&quot;:&quot;publish&quot;,&quot;excerpt&quot;:&quot;\\u00c9 sempre perigoso abordar Lacan a partir de um ponto de vista filos\\u00f3fico. Pois ele \\u00e9 um antifil\\u00f3sofo, e ningu\\u00e9m est\\u00e1 autorizado a assumir essa designa\\u00e7\\u00e3o levianamente.&quot;},{&quot;id&quot;:2976,&quot;link&quot;:&quot;https:\\\/\\\/zeroaesquerda.com.br\\\/index.php\\\/2024\\\/01\\\/23\\\/lacan-ate-que-ponto-e-hegeliano\\\/&quot;,&quot;name&quot;:&quot;lacan-ate-que-ponto-e-hegeliano&quot;,&quot;thumbnail&quot;:{&quot;url&quot;:&quot;https:\\\/\\\/zeroaesquerda.com.br\\\/wp-content\\\/uploads\\\/2024\\\/01\\\/wp11685898-jacques-lacan-wallpapers.jpg&quot;,&quot;alt&quot;:&quot;&quot;},&quot;title&quot;:&quot;Lacan: at\\u00e9 que ponto \\u00e9 hegeliano? - Slavoj \\u017di\\u017eek&quot;,&quot;postMeta&quot;:[],&quot;author&quot;:{&quot;name&quot;:&quot;Zero \\u00e0 Esquerda&quot;,&quot;link&quot;:&quot;https:\\\/\\\/zeroaesquerda.com.br\\\/index.php\\\/author\\\/revistazeroaesquerdagmail-com\\\/&quot;},&quot;date&quot;:&quot;jan 23, 2024&quot;,&quot;dateGMT&quot;:&quot;2024-01-23 17:25:21&quot;,&quot;modifiedDate&quot;:&quot;2024-10-28 20:05:07&quot;,&quot;modifiedDateGMT&quot;:&quot;2024-10-28 20:05:07&quot;,&quot;commentCount&quot;:&quot;0&quot;,&quot;commentStatus&quot;:&quot;open&quot;,&quot;categories&quot;:{&quot;coma&quot;:&quot;&lt;a href=\\&quot;https:\\\/\\\/zeroaesquerda.com.br\\\/index.php\\\/category\\\/autores\\\/slavoj-zizek\\\/\\&quot; rel=\\&quot;category tag\\&quot;&gt;Slavoj \\u017di\\u017eek&lt;\\\/a&gt;, &lt;a href=\\&quot;https:\\\/\\\/zeroaesquerda.com.br\\\/index.php\\\/category\\\/traducoes\\\/\\&quot; rel=\\&quot;category tag\\&quot;&gt;Tradu\\u00e7\\u00f5es&lt;\\\/a&gt;&quot;,&quot;space&quot;:&quot;&lt;a href=\\&quot;https:\\\/\\\/zeroaesquerda.com.br\\\/index.php\\\/category\\\/autores\\\/slavoj-zizek\\\/\\&quot; rel=\\&quot;category tag\\&quot;&gt;Slavoj \\u017di\\u017eek&lt;\\\/a&gt; &lt;a href=\\&quot;https:\\\/\\\/zeroaesquerda.com.br\\\/index.php\\\/category\\\/traducoes\\\/\\&quot; rel=\\&quot;category tag\\&quot;&gt;Tradu\\u00e7\\u00f5es&lt;\\\/a&gt;&quot;},&quot;taxonomies&quot;:{&quot;post_tag&quot;:&quot;&lt;a href=&#039;https:\\\/\\\/zeroaesquerda.com.br\\\/index.php\\\/tag\\\/filosofia\\\/&#039; rel=&#039;post_tag&#039;&gt;Filosofia&lt;\\\/a&gt;&lt;a href=&#039;https:\\\/\\\/zeroaesquerda.com.br\\\/index.php\\\/tag\\\/hegel\\\/&#039; rel=&#039;post_tag&#039;&gt;Hegel&lt;\\\/a&gt;&lt;a href=&#039;https:\\\/\\\/zeroaesquerda.com.br\\\/index.php\\\/tag\\\/jacques-lacan\\\/&#039; rel=&#039;post_tag&#039;&gt;Jacques Lacan&lt;\\\/a&gt;&lt;a href=&#039;https:\\\/\\\/zeroaesquerda.com.br\\\/index.php\\\/tag\\\/psicanalise\\\/&#039; rel=&#039;post_tag&#039;&gt;Psican\\u00e1lise&lt;\\\/a&gt;&lt;a href=&#039;https:\\\/\\\/zeroaesquerda.com.br\\\/index.php\\\/tag\\\/psicanalise-lacaniana\\\/&#039; rel=&#039;post_tag&#039;&gt;Psican\\u00e1lise lacaniana&lt;\\\/a&gt;&lt;a href=&#039;https:\\\/\\\/zeroaesquerda.com.br\\\/index.php\\\/tag\\\/sigmund-freud\\\/&#039; rel=&#039;post_tag&#039;&gt;Sigmund Freud&lt;\\\/a&gt;&lt;a href=&#039;https:\\\/\\\/zeroaesquerda.com.br\\\/index.php\\\/tag\\\/slavoj-zizek\\\/&#039; rel=&#039;post_tag&#039;&gt;Slavoj Zizek&lt;\\\/a&gt;&quot;},&quot;readTime&quot;:{&quot;min&quot;:17,&quot;sec&quot;:0},&quot;status&quot;:&quot;publish&quot;,&quot;excerpt&quot;:&quot;O fil\\u00f3sofo \\u017di\\u017eek tece neste texto algumas reflex\\u00f5es para ponderarmos sobre at\\u00e9 que ponto o psicanalista Lacan \\u00e9 ou n\\u00e3o hegeliano.&quot;},{&quot;id&quot;:2943,&quot;link&quot;:&quot;https:\\\/\\\/zeroaesquerda.com.br\\\/index.php\\\/2024\\\/01\\\/19\\\/juventude-contra-a-ditadura-israelense\\\/&quot;,&quot;name&quot;:&quot;juventude-contra-a-ditadura-israelense&quot;,&quot;thumbnail&quot;:{&quot;url&quot;:&quot;https:\\\/\\\/zeroaesquerda.com.br\\\/wp-content\\\/uploads\\\/2024\\\/01\\\/mov.jpg&quot;,&quot;alt&quot;:&quot;&quot;},&quot;title&quot;:&quot;Juventude contra a ditadura israelense&quot;,&quot;postMeta&quot;:[],&quot;author&quot;:{&quot;name&quot;:&quot;Zero \\u00e0 Esquerda&quot;,&quot;link&quot;:&quot;https:\\\/\\\/zeroaesquerda.com.br\\\/index.php\\\/author\\\/revistazeroaesquerdagmail-com\\\/&quot;},&quot;date&quot;:&quot;jan 19, 2024&quot;,&quot;dateGMT&quot;:&quot;2024-01-19 00:37:18&quot;,&quot;modifiedDate&quot;:&quot;2024-01-19 01:06:04&quot;,&quot;modifiedDateGMT&quot;:&quot;2024-01-19 01:06:04&quot;,&quot;commentCount&quot;:&quot;0&quot;,&quot;commentStatus&quot;:&quot;open&quot;,&quot;categories&quot;:{&quot;coma&quot;:&quot;&lt;a href=\\&quot;https:\\\/\\\/zeroaesquerda.com.br\\\/index.php\\\/category\\\/traducoes\\\/\\&quot; rel=\\&quot;category tag\\&quot;&gt;Tradu\\u00e7\\u00f5es&lt;\\\/a&gt;&quot;,&quot;space&quot;:&quot;&lt;a href=\\&quot;https:\\\/\\\/zeroaesquerda.com.br\\\/index.php\\\/category\\\/traducoes\\\/\\&quot; rel=\\&quot;category tag\\&quot;&gt;Tradu\\u00e7\\u00f5es&lt;\\\/a&gt;&quot;},&quot;taxonomies&quot;:{&quot;post_tag&quot;:&quot;&lt;a href=&#039;https:\\\/\\\/zeroaesquerda.com.br\\\/index.php\\\/tag\\\/230-jovens-israelenses\\\/&#039; rel=&#039;post_tag&#039;&gt;230 jovens israelenses&lt;\\\/a&gt;&lt;a href=&#039;https:\\\/\\\/zeroaesquerda.com.br\\\/index.php\\\/tag\\\/contra-a-ditadura-israelense\\\/&#039; rel=&#039;post_tag&#039;&gt;contra a ditadura israelense&lt;\\\/a&gt;&lt;a href=&#039;https:\\\/\\\/zeroaesquerda.com.br\\\/index.php\\\/tag\\\/contra-o-recrutamento\\\/&#039; rel=&#039;post_tag&#039;&gt;contra o recrutamento&lt;\\\/a&gt;&lt;a href=&#039;https:\\\/\\\/zeroaesquerda.com.br\\\/index.php\\\/tag\\\/exercito\\\/&#039; rel=&#039;post_tag&#039;&gt;Ex\\u00e9rcito&lt;\\\/a&gt;&lt;a href=&#039;https:\\\/\\\/zeroaesquerda.com.br\\\/index.php\\\/tag\\\/israel\\\/&#039; rel=&#039;post_tag&#039;&gt;Israel&lt;\\\/a&gt;&lt;a href=&#039;https:\\\/\\\/zeroaesquerda.com.br\\\/index.php\\\/tag\\\/juventude-contra-a-ditadura\\\/&#039; rel=&#039;post_tag&#039;&gt;Juventude contra a ditadura&lt;\\\/a&gt;&quot;},&quot;readTime&quot;:{&quot;min&quot;:1,&quot;sec&quot;:20},&quot;status&quot;:&quot;publish&quot;,&quot;excerpt&quot;:&quot;&quot;},{&quot;id&quot;:2917,&quot;link&quot;:&quot;https:\\\/\\\/zeroaesquerda.com.br\\\/index.php\\\/2023\\\/12\\\/01\\\/cafe-com-mark-fisher\\\/&quot;,&quot;name&quot;:&quot;cafe-com-mark-fisher&quot;,&quot;thumbnail&quot;:{&quot;url&quot;:&quot;https:\\\/\\\/zeroaesquerda.com.br\\\/wp-content\\\/uploads\\\/2023\\\/12\\\/Mark-fisher.webp&quot;,&quot;alt&quot;:&quot;&quot;},&quot;title&quot;:&quot;Caf\\u00e9 com Mark Fisher&quot;,&quot;postMeta&quot;:[],&quot;author&quot;:{&quot;name&quot;:&quot;Zero \\u00e0 Esquerda&quot;,&quot;link&quot;:&quot;https:\\\/\\\/zeroaesquerda.com.br\\\/index.php\\\/author\\\/revistazeroaesquerdagmail-com\\\/&quot;},&quot;date&quot;:&quot;dez 1, 2023&quot;,&quot;dateGMT&quot;:&quot;2023-12-01 03:22:24&quot;,&quot;modifiedDate&quot;:&quot;2025-01-14 16:59:16&quot;,&quot;modifiedDateGMT&quot;:&quot;2025-01-14 16:59:16&quot;,&quot;commentCount&quot;:&quot;0&quot;,&quot;commentStatus&quot;:&quot;open&quot;,&quot;categories&quot;:{&quot;coma&quot;:&quot;&lt;a href=\\&quot;https:\\\/\\\/zeroaesquerda.com.br\\\/index.php\\\/category\\\/mark-fisher\\\/\\&quot; rel=\\&quot;category tag\\&quot;&gt;Mark Fisher&lt;\\\/a&gt;, &lt;a href=\\&quot;https:\\\/\\\/zeroaesquerda.com.br\\\/index.php\\\/category\\\/traducoes\\\/\\&quot; rel=\\&quot;category tag\\&quot;&gt;Tradu\\u00e7\\u00f5es&lt;\\\/a&gt;&quot;,&quot;space&quot;:&quot;&lt;a href=\\&quot;https:\\\/\\\/zeroaesquerda.com.br\\\/index.php\\\/category\\\/mark-fisher\\\/\\&quot; rel=\\&quot;category tag\\&quot;&gt;Mark Fisher&lt;\\\/a&gt; &lt;a href=\\&quot;https:\\\/\\\/zeroaesquerda.com.br\\\/index.php\\\/category\\\/traducoes\\\/\\&quot; rel=\\&quot;category tag\\&quot;&gt;Tradu\\u00e7\\u00f5es&lt;\\\/a&gt;&quot;},&quot;taxonomies&quot;:{&quot;post_tag&quot;:&quot;&lt;a href=&#039;https:\\\/\\\/zeroaesquerda.com.br\\\/index.php\\\/tag\\\/cafe-com-mark-fisher\\\/&#039; rel=&#039;post_tag&#039;&gt;Caf\\u00e9 com Mark Fisher&lt;\\\/a&gt;&lt;a href=&#039;https:\\\/\\\/zeroaesquerda.com.br\\\/index.php\\\/tag\\\/cultura-das-celebridades\\\/&#039; rel=&#039;post_tag&#039;&gt;Cultura das celebridades&lt;\\\/a&gt;&lt;a href=&#039;https:\\\/\\\/zeroaesquerda.com.br\\\/index.php\\\/tag\\\/futuro\\\/&#039; rel=&#039;post_tag&#039;&gt;Futuro&lt;\\\/a&gt;&lt;a href=&#039;https:\\\/\\\/zeroaesquerda.com.br\\\/index.php\\\/tag\\\/mark-fisher\\\/&#039; rel=&#039;post_tag&#039;&gt;Mark Fisher&lt;\\\/a&gt;&lt;a href=&#039;https:\\\/\\\/zeroaesquerda.com.br\\\/index.php\\\/tag\\\/sam-berkson\\\/&#039; rel=&#039;post_tag&#039;&gt;Sam Berkson&lt;\\\/a&gt;&lt;a href=&#039;https:\\\/\\\/zeroaesquerda.com.br\\\/index.php\\\/tag\\\/tedio\\\/&#039; rel=&#039;post_tag&#039;&gt;t\\u00e9dio&lt;\\\/a&gt;&lt;a href=&#039;https:\\\/\\\/zeroaesquerda.com.br\\\/index.php\\\/tag\\\/tim-burrows\\\/&#039; rel=&#039;post_tag&#039;&gt;Tim Burrows&lt;\\\/a&gt;&quot;},&quot;readTime&quot;:{&quot;min&quot;:19,&quot;sec&quot;:46},&quot;status&quot;:&quot;publish&quot;,&quot;excerpt&quot;:&quot;&quot;},{&quot;id&quot;:2824,&quot;link&quot;:&quot;https:\\\/\\\/zeroaesquerda.com.br\\\/index.php\\\/2023\\\/11\\\/04\\\/o-silencio-de-gaza\\\/&quot;,&quot;name&quot;:&quot;o-silencio-de-gaza&quot;,&quot;thumbnail&quot;:{&quot;url&quot;:&quot;https:\\\/\\\/zeroaesquerda.com.br\\\/wp-content\\\/uploads\\\/2023\\\/11\\\/gaza.jpg&quot;,&quot;alt&quot;:&quot;&quot;},&quot;title&quot;:&quot;O sil\\u00eancio de Gaza&quot;,&quot;postMeta&quot;:[],&quot;author&quot;:{&quot;name&quot;:&quot;Zero \\u00e0 Esquerda&quot;,&quot;link&quot;:&quot;https:\\\/\\\/zeroaesquerda.com.br\\\/index.php\\\/author\\\/revistazeroaesquerdagmail-com\\\/&quot;},&quot;date&quot;:&quot;nov 4, 2023&quot;,&quot;dateGMT&quot;:&quot;2023-11-04 22:37:37&quot;,&quot;modifiedDate&quot;:&quot;2024-02-19 19:03:57&quot;,&quot;modifiedDateGMT&quot;:&quot;2024-02-19 19:03:57&quot;,&quot;commentCount&quot;:&quot;0&quot;,&quot;commentStatus&quot;:&quot;open&quot;,&quot;categories&quot;:{&quot;coma&quot;:&quot;&lt;a href=\\&quot;https:\\\/\\\/zeroaesquerda.com.br\\\/index.php\\\/category\\\/traducoes\\\/\\&quot; rel=\\&quot;category tag\\&quot;&gt;Tradu\\u00e7\\u00f5es&lt;\\\/a&gt;&quot;,&quot;space&quot;:&quot;&lt;a href=\\&quot;https:\\\/\\\/zeroaesquerda.com.br\\\/index.php\\\/category\\\/traducoes\\\/\\&quot; rel=\\&quot;category tag\\&quot;&gt;Tradu\\u00e7\\u00f5es&lt;\\\/a&gt;&quot;},&quot;taxonomies&quot;:{&quot;post_tag&quot;:&quot;&lt;a href=&#039;https:\\\/\\\/zeroaesquerda.com.br\\\/index.php\\\/tag\\\/em-gaza-nao-ha-microfones\\\/&#039; rel=&#039;post_tag&#039;&gt;Em Gaza n\\u00e3o h\\u00e1 microfones&lt;\\\/a&gt;&lt;a href=&#039;https:\\\/\\\/zeroaesquerda.com.br\\\/index.php\\\/tag\\\/genocidio\\\/&#039; rel=&#039;post_tag&#039;&gt;Genoc\\u00eddio&lt;\\\/a&gt;&lt;a href=&#039;https:\\\/\\\/zeroaesquerda.com.br\\\/index.php\\\/tag\\\/giorgio-agamben\\\/&#039; rel=&#039;post_tag&#039;&gt;Giorgio Agamben&lt;\\\/a&gt;&lt;a href=&#039;https:\\\/\\\/zeroaesquerda.com.br\\\/index.php\\\/tag\\\/guerra\\\/&#039; rel=&#039;post_tag&#039;&gt;Guerra&lt;\\\/a&gt;&lt;a href=&#039;https:\\\/\\\/zeroaesquerda.com.br\\\/index.php\\\/tag\\\/israel\\\/&#039; rel=&#039;post_tag&#039;&gt;Israel&lt;\\\/a&gt;&lt;a href=&#039;https:\\\/\\\/zeroaesquerda.com.br\\\/index.php\\\/tag\\\/o-silencio-de-gaza\\\/&#039; rel=&#039;post_tag&#039;&gt;O sil\\u00eancio de Gaza&lt;\\\/a&gt;&lt;a href=&#039;https:\\\/\\\/zeroaesquerda.com.br\\\/index.php\\\/tag\\\/palestina\\\/&#039; rel=&#039;post_tag&#039;&gt;Palestina&lt;\\\/a&gt;&quot;},&quot;readTime&quot;:{&quot;min&quot;:0,&quot;sec&quot;:25},&quot;status&quot;:&quot;publish&quot;,&quot;excerpt&quot;:&quot;&quot;},{&quot;id&quot;:2794,&quot;link&quot;:&quot;https:\\\/\\\/zeroaesquerda.com.br\\\/index.php\\\/2023\\\/10\\\/10\\\/agressividade-nas-sociedades-industriais-avancadas-herbert-marcuse\\\/&quot;,&quot;name&quot;:&quot;agressividade-nas-sociedades-industriais-avancadas-herbert-marcuse&quot;,&quot;thumbnail&quot;:{&quot;url&quot;:false,&quot;alt&quot;:false},&quot;title&quot;:&quot;Agressividade nas sociedades industriais avan\\u00e7adas \\u2013 Herbert Marcuse&quot;,&quot;postMeta&quot;:[],&quot;author&quot;:{&quot;name&quot;:&quot;Zero \\u00e0 Esquerda&quot;,&quot;link&quot;:&quot;https:\\\/\\\/zeroaesquerda.com.br\\\/index.php\\\/author\\\/revistazeroaesquerdagmail-com\\\/&quot;},&quot;date&quot;:&quot;out 10, 2023&quot;,&quot;dateGMT&quot;:&quot;2023-10-10 21:24:41&quot;,&quot;modifiedDate&quot;:&quot;2023-10-10 21:24:44&quot;,&quot;modifiedDateGMT&quot;:&quot;2023-10-10 21:24:44&quot;,&quot;commentCount&quot;:&quot;0&quot;,&quot;commentStatus&quot;:&quot;open&quot;,&quot;categories&quot;:{&quot;coma&quot;:&quot;&lt;a href=\\&quot;https:\\\/\\\/zeroaesquerda.com.br\\\/index.php\\\/category\\\/autores\\\/herbert-marcuse\\\/\\&quot; rel=\\&quot;category tag\\&quot;&gt;Herbert Marcuse&lt;\\\/a&gt;, &lt;a href=\\&quot;https:\\\/\\\/zeroaesquerda.com.br\\\/index.php\\\/category\\\/traducoes\\\/\\&quot; rel=\\&quot;category tag\\&quot;&gt;Tradu\\u00e7\\u00f5es&lt;\\\/a&gt;&quot;,&quot;space&quot;:&quot;&lt;a href=\\&quot;https:\\\/\\\/zeroaesquerda.com.br\\\/index.php\\\/category\\\/autores\\\/herbert-marcuse\\\/\\&quot; rel=\\&quot;category tag\\&quot;&gt;Herbert Marcuse&lt;\\\/a&gt; &lt;a href=\\&quot;https:\\\/\\\/zeroaesquerda.com.br\\\/index.php\\\/category\\\/traducoes\\\/\\&quot; rel=\\&quot;category tag\\&quot;&gt;Tradu\\u00e7\\u00f5es&lt;\\\/a&gt;&quot;},&quot;taxonomies&quot;:{&quot;post_tag&quot;:&quot;&lt;a href=&#039;https:\\\/\\\/zeroaesquerda.com.br\\\/index.php\\\/tag\\\/filosofia\\\/&#039; rel=&#039;post_tag&#039;&gt;Filosofia&lt;\\\/a&gt;&lt;a href=&#039;https:\\\/\\\/zeroaesquerda.com.br\\\/index.php\\\/tag\\\/politica\\\/&#039; rel=&#039;post_tag&#039;&gt;Pol\\u00edtica&lt;\\\/a&gt;&lt;a href=&#039;https:\\\/\\\/zeroaesquerda.com.br\\\/index.php\\\/tag\\\/revolucao\\\/&#039; rel=&#039;post_tag&#039;&gt;Revolu\\u00e7\\u00e3o&lt;\\\/a&gt;&lt;a href=&#039;https:\\\/\\\/zeroaesquerda.com.br\\\/index.php\\\/tag\\\/sociologia\\\/&#039; rel=&#039;post_tag&#039;&gt;Sociologia&lt;\\\/a&gt;&quot;},&quot;readTime&quot;:{&quot;min&quot;:31,&quot;sec&quot;:46},&quot;status&quot;:&quot;publish&quot;,&quot;excerpt&quot;:&quot;&quot;},{&quot;id&quot;:2711,&quot;link&quot;:&quot;https:\\\/\\\/zeroaesquerda.com.br\\\/index.php\\\/2023\\\/07\\\/27\\\/usa-questoes-sobre-a-organizacao-e-o-sujeito-revolucionario-uma-conversa-com-hans-magnus-enzensberger\\\/&quot;,&quot;name&quot;:&quot;usa-questoes-sobre-a-organizacao-e-o-sujeito-revolucionario-uma-conversa-com-hans-magnus-enzensberger&quot;,&quot;thumbnail&quot;:{&quot;url&quot;:&quot;https:\\\/\\\/zeroaesquerda.com.br\\\/wp-content\\\/uploads\\\/2023\\\/07\\\/Gerhard-Richter-Uncle-Rudi-thumb-570x350-1.jpg&quot;,&quot;alt&quot;:&quot;&quot;},&quot;title&quot;:&quot;USA: quest\\u00f5es sobre a organiza\\u00e7\\u00e3o e o sujeito revolucion\\u00e1rio \\u2013 Uma conversa entre Herbert Marcuse e Hans Magnus Enzensberger&quot;,&quot;postMeta&quot;:[],&quot;author&quot;:{&quot;name&quot;:&quot;Zero \\u00e0 Esquerda&quot;,&quot;link&quot;:&quot;https:\\\/\\\/zeroaesquerda.com.br\\\/index.php\\\/author\\\/revistazeroaesquerdagmail-com\\\/&quot;},&quot;date&quot;:&quot;jul 27, 2023&quot;,&quot;dateGMT&quot;:&quot;2023-07-27 21:14:47&quot;,&quot;modifiedDate&quot;:&quot;2023-07-31 23:21:15&quot;,&quot;modifiedDateGMT&quot;:&quot;2023-07-31 23:21:15&quot;,&quot;commentCount&quot;:&quot;0&quot;,&quot;commentStatus&quot;:&quot;open&quot;,&quot;categories&quot;:{&quot;coma&quot;:&quot;&lt;a href=\\&quot;https:\\\/\\\/zeroaesquerda.com.br\\\/index.php\\\/category\\\/producoes\\\/entrevistas\\\/\\&quot; rel=\\&quot;category tag\\&quot;&gt;Entrevistas&lt;\\\/a&gt;, &lt;a href=\\&quot;https:\\\/\\\/zeroaesquerda.com.br\\\/index.php\\\/category\\\/traducoes\\\/\\&quot; rel=\\&quot;category tag\\&quot;&gt;Tradu\\u00e7\\u00f5es&lt;\\\/a&gt;&quot;,&quot;space&quot;:&quot;&lt;a href=\\&quot;https:\\\/\\\/zeroaesquerda.com.br\\\/index.php\\\/category\\\/producoes\\\/entrevistas\\\/\\&quot; rel=\\&quot;category tag\\&quot;&gt;Entrevistas&lt;\\\/a&gt; &lt;a href=\\&quot;https:\\\/\\\/zeroaesquerda.com.br\\\/index.php\\\/category\\\/traducoes\\\/\\&quot; rel=\\&quot;category tag\\&quot;&gt;Tradu\\u00e7\\u00f5es&lt;\\\/a&gt;&quot;},&quot;taxonomies&quot;:{&quot;post_tag&quot;:&quot;&quot;},&quot;readTime&quot;:{&quot;min&quot;:9,&quot;sec&quot;:41},&quot;status&quot;:&quot;publish&quot;,&quot;excerpt&quot;:&quot;&quot;},{&quot;id&quot;:2611,&quot;link&quot;:&quot;https:\\\/\\\/zeroaesquerda.com.br\\\/index.php\\\/2023\\\/05\\\/01\\\/o-politico-como-um-procedimento-da-verdade\\\/&quot;,&quot;name&quot;:&quot;o-politico-como-um-procedimento-da-verdade&quot;,&quot;thumbnail&quot;:{&quot;url&quot;:&quot;https:\\\/\\\/zeroaesquerda.com.br\\\/wp-content\\\/uploads\\\/2023\\\/05\\\/imagem_2023-05-01_132208019.png&quot;,&quot;alt&quot;:&quot;&quot;},&quot;title&quot;:&quot;O POL\\u00cdTICO COMO UM PROCEDIMENTO DA VERDADE&quot;,&quot;postMeta&quot;:[],&quot;author&quot;:{&quot;name&quot;:&quot;Zero \\u00e0 Esquerda&quot;,&quot;link&quot;:&quot;https:\\\/\\\/zeroaesquerda.com.br\\\/index.php\\\/author\\\/revistazeroaesquerdagmail-com\\\/&quot;},&quot;date&quot;:&quot;maio 1, 2023&quot;,&quot;dateGMT&quot;:&quot;2023-05-01 16:27:17&quot;,&quot;modifiedDate&quot;:&quot;2024-01-22 23:53:23&quot;,&quot;modifiedDateGMT&quot;:&quot;2024-01-22 23:53:23&quot;,&quot;commentCount&quot;:&quot;0&quot;,&quot;commentStatus&quot;:&quot;open&quot;,&quot;categories&quot;:{&quot;coma&quot;:&quot;&lt;a href=\\&quot;https:\\\/\\\/zeroaesquerda.com.br\\\/index.php\\\/category\\\/autores\\\/alain-badiou\\\/\\&quot; rel=\\&quot;category tag\\&quot;&gt;Alain Badiou&lt;\\\/a&gt;, &lt;a href=\\&quot;https:\\\/\\\/zeroaesquerda.com.br\\\/index.php\\\/category\\\/traducoes\\\/\\&quot; rel=\\&quot;category tag\\&quot;&gt;Tradu\\u00e7\\u00f5es&lt;\\\/a&gt;&quot;,&quot;space&quot;:&quot;&lt;a href=\\&quot;https:\\\/\\\/zeroaesquerda.com.br\\\/index.php\\\/category\\\/autores\\\/alain-badiou\\\/\\&quot; rel=\\&quot;category tag\\&quot;&gt;Alain Badiou&lt;\\\/a&gt; &lt;a href=\\&quot;https:\\\/\\\/zeroaesquerda.com.br\\\/index.php\\\/category\\\/traducoes\\\/\\&quot; rel=\\&quot;category tag\\&quot;&gt;Tradu\\u00e7\\u00f5es&lt;\\\/a&gt;&quot;},&quot;taxonomies&quot;:{&quot;post_tag&quot;:&quot;&lt;a href=&#039;https:\\\/\\\/zeroaesquerda.com.br\\\/index.php\\\/tag\\\/alain-badiou\\\/&#039; rel=&#039;post_tag&#039;&gt;Alain Badiou&lt;\\\/a&gt;&lt;a href=&#039;https:\\\/\\\/zeroaesquerda.com.br\\\/index.php\\\/tag\\\/filosofia\\\/&#039; rel=&#039;post_tag&#039;&gt;Filosofia&lt;\\\/a&gt;&lt;a href=&#039;https:\\\/\\\/zeroaesquerda.com.br\\\/index.php\\\/tag\\\/politica\\\/&#039; rel=&#039;post_tag&#039;&gt;Pol\\u00edtica&lt;\\\/a&gt;&lt;a href=&#039;https:\\\/\\\/zeroaesquerda.com.br\\\/index.php\\\/tag\\\/traducao\\\/&#039; rel=&#039;post_tag&#039;&gt;Tradu\\u00e7\\u00e3o&lt;\\\/a&gt;&quot;},&quot;readTime&quot;:{&quot;min&quot;:16,&quot;sec&quot;:35},&quot;status&quot;:&quot;publish&quot;,&quot;excerpt&quot;:&quot;&quot;},{&quot;id&quot;:2555,&quot;link&quot;:&quot;https:\\\/\\\/zeroaesquerda.com.br\\\/index.php\\\/2023\\\/02\\\/03\\\/bertold-brecht-o-compromisso-em-literatura-e-arte-ricardo-piglia\\\/&quot;,&quot;name&quot;:&quot;bertold-brecht-o-compromisso-em-literatura-e-arte-ricardo-piglia&quot;,&quot;thumbnail&quot;:{&quot;url&quot;:&quot;https:\\\/\\\/zeroaesquerda.com.br\\\/wp-content\\\/uploads\\\/2023\\\/02\\\/Design-sem-nome.png&quot;,&quot;alt&quot;:&quot;&quot;},&quot;title&quot;:&quot;Bertold Brecht: o compromisso em literatura e arte - Ricardo Piglia&quot;,&quot;postMeta&quot;:[],&quot;author&quot;:{&quot;name&quot;:&quot;Zero \\u00e0 Esquerda&quot;,&quot;link&quot;:&quot;https:\\\/\\\/zeroaesquerda.com.br\\\/index.php\\\/author\\\/revistazeroaesquerdagmail-com\\\/&quot;},&quot;date&quot;:&quot;fev 3, 2023&quot;,&quot;dateGMT&quot;:&quot;2023-02-03 20:46:02&quot;,&quot;modifiedDate&quot;:&quot;2023-02-03 20:56:32&quot;,&quot;modifiedDateGMT&quot;:&quot;2023-02-03 20:56:32&quot;,&quot;commentCount&quot;:&quot;0&quot;,&quot;commentStatus&quot;:&quot;open&quot;,&quot;categories&quot;:{&quot;coma&quot;:&quot;&lt;a href=\\&quot;https:\\\/\\\/zeroaesquerda.com.br\\\/index.php\\\/category\\\/ricardo-piglia\\\/\\&quot; rel=\\&quot;category tag\\&quot;&gt;Ricardo Piglia&lt;\\\/a&gt;, &lt;a href=\\&quot;https:\\\/\\\/zeroaesquerda.com.br\\\/index.php\\\/category\\\/traducoes\\\/\\&quot; rel=\\&quot;category tag\\&quot;&gt;Tradu\\u00e7\\u00f5es&lt;\\\/a&gt;&quot;,&quot;space&quot;:&quot;&lt;a href=\\&quot;https:\\\/\\\/zeroaesquerda.com.br\\\/index.php\\\/category\\\/ricardo-piglia\\\/\\&quot; rel=\\&quot;category tag\\&quot;&gt;Ricardo Piglia&lt;\\\/a&gt; &lt;a href=\\&quot;https:\\\/\\\/zeroaesquerda.com.br\\\/index.php\\\/category\\\/traducoes\\\/\\&quot; rel=\\&quot;category tag\\&quot;&gt;Tradu\\u00e7\\u00f5es&lt;\\\/a&gt;&quot;},&quot;taxonomies&quot;:{&quot;post_tag&quot;:&quot;&lt;a href=&#039;https:\\\/\\\/zeroaesquerda.com.br\\\/index.php\\\/tag\\\/bertold-brecht\\\/&#039; rel=&#039;post_tag&#039;&gt;Bertold Brecht&lt;\\\/a&gt;&lt;a href=&#039;https:\\\/\\\/zeroaesquerda.com.br\\\/index.php\\\/tag\\\/estetica\\\/&#039; rel=&#039;post_tag&#039;&gt;Est\\u00e9tica&lt;\\\/a&gt;&lt;a href=&#039;https:\\\/\\\/zeroaesquerda.com.br\\\/index.php\\\/tag\\\/literatura\\\/&#039; rel=&#039;post_tag&#039;&gt;Literatura&lt;\\\/a&gt;&lt;a href=&#039;https:\\\/\\\/zeroaesquerda.com.br\\\/index.php\\\/tag\\\/ricardo-piglia\\\/&#039; rel=&#039;post_tag&#039;&gt;Ricardo Piglia&lt;\\\/a&gt;&quot;},&quot;readTime&quot;:{&quot;min&quot;:21,&quot;sec&quot;:47},&quot;status&quot;:&quot;publish&quot;,&quot;excerpt&quot;:&quot;&quot;},{&quot;id&quot;:2460,&quot;link&quot;:&quot;https:\\\/\\\/zeroaesquerda.com.br\\\/index.php\\\/2022\\\/09\\\/22\\\/voce-e-a-bomba-atomica-george-orwell\\\/&quot;,&quot;name&quot;:&quot;voce-e-a-bomba-atomica-george-orwell&quot;,&quot;thumbnail&quot;:{&quot;url&quot;:&quot;https:\\\/\\\/zeroaesquerda.com.br\\\/wp-content\\\/uploads\\\/2022\\\/09\\\/photo1663600390.jpeg&quot;,&quot;alt&quot;:&quot;&quot;},&quot;title&quot;:&quot;Voc\\u00ea e a bomba at\\u00f4mica - George Orwell&quot;,&quot;postMeta&quot;:[],&quot;author&quot;:{&quot;name&quot;:&quot;Zero \\u00e0 Esquerda&quot;,&quot;link&quot;:&quot;https:\\\/\\\/zeroaesquerda.com.br\\\/index.php\\\/author\\\/revistazeroaesquerdagmail-com\\\/&quot;},&quot;date&quot;:&quot;set 22, 2022&quot;,&quot;dateGMT&quot;:&quot;2022-09-22 17:02:40&quot;,&quot;modifiedDate&quot;:&quot;2023-08-06 14:27:18&quot;,&quot;modifiedDateGMT&quot;:&quot;2023-08-06 14:27:18&quot;,&quot;commentCount&quot;:&quot;0&quot;,&quot;commentStatus&quot;:&quot;open&quot;,&quot;categories&quot;:{&quot;coma&quot;:&quot;&lt;a href=\\&quot;https:\\\/\\\/zeroaesquerda.com.br\\\/index.php\\\/category\\\/traducoes\\\/\\&quot; rel=\\&quot;category tag\\&quot;&gt;Tradu\\u00e7\\u00f5es&lt;\\\/a&gt;&quot;,&quot;space&quot;:&quot;&lt;a href=\\&quot;https:\\\/\\\/zeroaesquerda.com.br\\\/index.php\\\/category\\\/traducoes\\\/\\&quot; rel=\\&quot;category tag\\&quot;&gt;Tradu\\u00e7\\u00f5es&lt;\\\/a&gt;&quot;},&quot;taxonomies&quot;:{&quot;post_tag&quot;:&quot;&quot;},&quot;readTime&quot;:{&quot;min&quot;:7,&quot;sec&quot;:27},&quot;status&quot;:&quot;publish&quot;,&quot;excerpt&quot;:&quot;&quot;},{&quot;id&quot;:2388,&quot;link&quot;:&quot;https:\\\/\\\/zeroaesquerda.com.br\\\/index.php\\\/2022\\\/07\\\/07\\\/sobre-a-dialetica-da-forma-de-valor-hans-georg-backhaus\\\/&quot;,&quot;name&quot;:&quot;sobre-a-dialetica-da-forma-de-valor-hans-georg-backhaus&quot;,&quot;thumbnail&quot;:{&quot;url&quot;:&quot;https:\\\/\\\/zeroaesquerda.com.br\\\/wp-content\\\/uploads\\\/2022\\\/07\\\/Design-sem-nome-5.jpg&quot;,&quot;alt&quot;:&quot;&quot;},&quot;title&quot;:&quot;Sobre a Dial\\u00e9tica da Forma de Valor \\u2013 Hans-Georg Backhaus&quot;,&quot;postMeta&quot;:[],&quot;author&quot;:{&quot;name&quot;:&quot;Zero \\u00e0 Esquerda&quot;,&quot;link&quot;:&quot;https:\\\/\\\/zeroaesquerda.com.br\\\/index.php\\\/author\\\/revistazeroaesquerdagmail-com\\\/&quot;},&quot;date&quot;:&quot;jul 7, 2022&quot;,&quot;dateGMT&quot;:&quot;2022-07-07 20:34:39&quot;,&quot;modifiedDate&quot;:&quot;2022-07-07 21:49:28&quot;,&quot;modifiedDateGMT&quot;:&quot;2022-07-07 21:49:28&quot;,&quot;commentCount&quot;:&quot;0&quot;,&quot;commentStatus&quot;:&quot;open&quot;,&quot;categories&quot;:{&quot;coma&quot;:&quot;&lt;a href=\\&quot;https:\\\/\\\/zeroaesquerda.com.br\\\/index.php\\\/category\\\/autores\\\/georg-hans-backhaus\\\/\\&quot; rel=\\&quot;category tag\\&quot;&gt;Georg- Hans Backhaus&lt;\\\/a&gt;, &lt;a href=\\&quot;https:\\\/\\\/zeroaesquerda.com.br\\\/index.php\\\/category\\\/traducoes\\\/\\&quot; rel=\\&quot;category tag\\&quot;&gt;Tradu\\u00e7\\u00f5es&lt;\\\/a&gt;&quot;,&quot;space&quot;:&quot;&lt;a href=\\&quot;https:\\\/\\\/zeroaesquerda.com.br\\\/index.php\\\/category\\\/autores\\\/georg-hans-backhaus\\\/\\&quot; rel=\\&quot;category tag\\&quot;&gt;Georg- Hans Backhaus&lt;\\\/a&gt; &lt;a href=\\&quot;https:\\\/\\\/zeroaesquerda.com.br\\\/index.php\\\/category\\\/traducoes\\\/\\&quot; rel=\\&quot;category tag\\&quot;&gt;Tradu\\u00e7\\u00f5es&lt;\\\/a&gt;&quot;},&quot;taxonomies&quot;:{&quot;post_tag&quot;:&quot;&quot;},&quot;readTime&quot;:{&quot;min&quot;:48,&quot;sec&quot;:39},&quot;status&quot;:&quot;publish&quot;,&quot;excerpt&quot;:&quot;&quot;},{&quot;id&quot;:2372,&quot;link&quot;:&quot;https:\\\/\\\/zeroaesquerda.com.br\\\/index.php\\\/2022\\\/06\\\/22\\\/theodor-w-adorno-a-escola-de-frankfurt-e-a-ideologia-jean-marie-vincent\\\/&quot;,&quot;name&quot;:&quot;theodor-w-adorno-a-escola-de-frankfurt-e-a-ideologia-jean-marie-vincent&quot;,&quot;thumbnail&quot;:{&quot;url&quot;:&quot;https:\\\/\\\/zeroaesquerda.com.br\\\/wp-content\\\/uploads\\\/2022\\\/06\\\/WhatsApp-Image-2022-06-22-at-15.50.06.jpeg&quot;,&quot;alt&quot;:&quot;&quot;},&quot;title&quot;:&quot;Theodor W. Adorno: A Escola de Frankfurt e a Ideologia \\u2014 Jean-Marie Vincent&quot;,&quot;postMeta&quot;:[],&quot;author&quot;:{&quot;name&quot;:&quot;Zero \\u00e0 Esquerda&quot;,&quot;link&quot;:&quot;https:\\\/\\\/zeroaesquerda.com.br\\\/index.php\\\/author\\\/revistazeroaesquerdagmail-com\\\/&quot;},&quot;date&quot;:&quot;jun 22, 2022&quot;,&quot;dateGMT&quot;:&quot;2022-06-22 21:16:41&quot;,&quot;modifiedDate&quot;:&quot;2022-06-23 02:03:22&quot;,&quot;modifiedDateGMT&quot;:&quot;2022-06-23 02:03:22&quot;,&quot;commentCount&quot;:&quot;0&quot;,&quot;commentStatus&quot;:&quot;open&quot;,&quot;categories&quot;:{&quot;coma&quot;:&quot;&lt;a href=\\&quot;https:\\\/\\\/zeroaesquerda.com.br\\\/index.php\\\/category\\\/autores\\\/jean-marie-vincent\\\/\\&quot; rel=\\&quot;category tag\\&quot;&gt;Jean-Marie Vincent&lt;\\\/a&gt;, &lt;a href=\\&quot;https:\\\/\\\/zeroaesquerda.com.br\\\/index.php\\\/category\\\/traducoes\\\/\\&quot; rel=\\&quot;category tag\\&quot;&gt;Tradu\\u00e7\\u00f5es&lt;\\\/a&gt;&quot;,&quot;space&quot;:&quot;&lt;a href=\\&quot;https:\\\/\\\/zeroaesquerda.com.br\\\/index.php\\\/category\\\/autores\\\/jean-marie-vincent\\\/\\&quot; rel=\\&quot;category tag\\&quot;&gt;Jean-Marie Vincent&lt;\\\/a&gt; &lt;a href=\\&quot;https:\\\/\\\/zeroaesquerda.com.br\\\/index.php\\\/category\\\/traducoes\\\/\\&quot; rel=\\&quot;category tag\\&quot;&gt;Tradu\\u00e7\\u00f5es&lt;\\\/a&gt;&quot;},&quot;taxonomies&quot;:{&quot;post_tag&quot;:&quot;&quot;},&quot;readTime&quot;:{&quot;min&quot;:12,&quot;sec&quot;:18},&quot;status&quot;:&quot;publish&quot;,&quot;excerpt&quot;:&quot;&quot;},{&quot;id&quot;:2258,&quot;link&quot;:&quot;https:\\\/\\\/zeroaesquerda.com.br\\\/index.php\\\/2022\\\/02\\\/01\\\/o-poder-economico-do-capital-sobre-valor-e-classe-soren-mau\\\/&quot;,&quot;name&quot;:&quot;o-poder-economico-do-capital-sobre-valor-e-classe-soren-mau&quot;,&quot;thumbnail&quot;:{&quot;url&quot;:&quot;https:\\\/\\\/zeroaesquerda.com.br\\\/wp-content\\\/uploads\\\/2022\\\/01\\\/sorenmau2.jpg&quot;,&quot;alt&quot;:&quot;&quot;},&quot;title&quot;:&quot;O poder econ\\u00f4mico do Capital: sobre valor e classe \\u2014 S\\u00f8ren Mau&quot;,&quot;postMeta&quot;:[],&quot;author&quot;:{&quot;name&quot;:&quot;Zero \\u00e0 Esquerda&quot;,&quot;link&quot;:&quot;https:\\\/\\\/zeroaesquerda.com.br\\\/index.php\\\/author\\\/revistazeroaesquerdagmail-com\\\/&quot;},&quot;date&quot;:&quot;fev 1, 2022&quot;,&quot;dateGMT&quot;:&quot;2022-02-01 20:08:11&quot;,&quot;modifiedDate&quot;:&quot;2022-03-04 01:50:33&quot;,&quot;modifiedDateGMT&quot;:&quot;2022-03-04 01:50:33&quot;,&quot;commentCount&quot;:&quot;0&quot;,&quot;commentStatus&quot;:&quot;open&quot;,&quot;categories&quot;:{&quot;coma&quot;:&quot;&lt;a href=\\&quot;https:\\\/\\\/zeroaesquerda.com.br\\\/index.php\\\/category\\\/autores\\\/soren-mau\\\/\\&quot; rel=\\&quot;category tag\\&quot;&gt;Soren Mau&lt;\\\/a&gt;, &lt;a href=\\&quot;https:\\\/\\\/zeroaesquerda.com.br\\\/index.php\\\/category\\\/traducoes\\\/\\&quot; rel=\\&quot;category tag\\&quot;&gt;Tradu\\u00e7\\u00f5es&lt;\\\/a&gt;&quot;,&quot;space&quot;:&quot;&lt;a href=\\&quot;https:\\\/\\\/zeroaesquerda.com.br\\\/index.php\\\/category\\\/autores\\\/soren-mau\\\/\\&quot; rel=\\&quot;category tag\\&quot;&gt;Soren Mau&lt;\\\/a&gt; &lt;a href=\\&quot;https:\\\/\\\/zeroaesquerda.com.br\\\/index.php\\\/category\\\/traducoes\\\/\\&quot; rel=\\&quot;category tag\\&quot;&gt;Tradu\\u00e7\\u00f5es&lt;\\\/a&gt;&quot;},&quot;taxonomies&quot;:{&quot;post_tag&quot;:&quot;&quot;},&quot;readTime&quot;:{&quot;min&quot;:41,&quot;sec&quot;:57},&quot;status&quot;:&quot;publish&quot;,&quot;excerpt&quot;:&quot;&quot;},{&quot;id&quot;:2202,&quot;link&quot;:&quot;https:\\\/\\\/zeroaesquerda.com.br\\\/index.php\\\/2021\\\/12\\\/28\\\/comunizacao-e-teoria-da-forma-valor-endnotes-n-2-abril-2010\\\/&quot;,&quot;name&quot;:&quot;comunizacao-e-teoria-da-forma-valor-endnotes-n-2-abril-2010&quot;,&quot;thumbnail&quot;:{&quot;url&quot;:&quot;https:\\\/\\\/zeroaesquerda.com.br\\\/wp-content\\\/uploads\\\/2021\\\/12\\\/maio-68-crs-ss-ii-1968.jpgLarge.jpg&quot;,&quot;alt&quot;:&quot;&quot;},&quot;title&quot;:&quot;Comuniza\\u00e7\\u00e3o e teoria da forma-valor \\u2014 Endnotes n. 2 (Abril, 2010)&quot;,&quot;postMeta&quot;:[],&quot;author&quot;:{&quot;name&quot;:&quot;Zero \\u00e0 Esquerda&quot;,&quot;link&quot;:&quot;https:\\\/\\\/zeroaesquerda.com.br\\\/index.php\\\/author\\\/revistazeroaesquerdagmail-com\\\/&quot;},&quot;date&quot;:&quot;dez 28, 2021&quot;,&quot;dateGMT&quot;:&quot;2021-12-28 19:07:57&quot;,&quot;modifiedDate&quot;:&quot;2022-02-11 20:20:01&quot;,&quot;modifiedDateGMT&quot;:&quot;2022-02-11 20:20:01&quot;,&quot;commentCount&quot;:&quot;0&quot;,&quot;commentStatus&quot;:&quot;open&quot;,&quot;categories&quot;:{&quot;coma&quot;:&quot;&lt;a href=\\&quot;https:\\\/\\\/zeroaesquerda.com.br\\\/index.php\\\/category\\\/autores\\\/endnotes\\\/\\&quot; rel=\\&quot;category tag\\&quot;&gt;Endnotes&lt;\\\/a&gt;, &lt;a href=\\&quot;https:\\\/\\\/zeroaesquerda.com.br\\\/index.php\\\/category\\\/traducoes\\\/\\&quot; rel=\\&quot;category tag\\&quot;&gt;Tradu\\u00e7\\u00f5es&lt;\\\/a&gt;&quot;,&quot;space&quot;:&quot;&lt;a href=\\&quot;https:\\\/\\\/zeroaesquerda.com.br\\\/index.php\\\/category\\\/autores\\\/endnotes\\\/\\&quot; rel=\\&quot;category tag\\&quot;&gt;Endnotes&lt;\\\/a&gt; &lt;a href=\\&quot;https:\\\/\\\/zeroaesquerda.com.br\\\/index.php\\\/category\\\/traducoes\\\/\\&quot; rel=\\&quot;category tag\\&quot;&gt;Tradu\\u00e7\\u00f5es&lt;\\\/a&gt;&quot;},&quot;taxonomies&quot;:{&quot;post_tag&quot;:&quot;&lt;a href=&#039;https:\\\/\\\/zeroaesquerda.com.br\\\/index.php\\\/tag\\\/comunizacao\\\/&#039; rel=&#039;post_tag&#039;&gt;Comuniza\\u00e7\\u00e3o&lt;\\\/a&gt;&lt;a href=&#039;https:\\\/\\\/zeroaesquerda.com.br\\\/index.php\\\/tag\\\/endnotes\\\/&#039; rel=&#039;post_tag&#039;&gt;Endnotes&lt;\\\/a&gt;&lt;a href=&#039;https:\\\/\\\/zeroaesquerda.com.br\\\/index.php\\\/tag\\\/teoria-da-forma-valor\\\/&#039; rel=&#039;post_tag&#039;&gt;Teoria da forma-valor&lt;\\\/a&gt;&quot;},&quot;readTime&quot;:{&quot;min&quot;:71,&quot;sec&quot;:59},&quot;status&quot;:&quot;publish&quot;,&quot;excerpt&quot;:&quot;&quot;},{&quot;id&quot;:2039,&quot;link&quot;:&quot;https:\\\/\\\/zeroaesquerda.com.br\\\/index.php\\\/2021\\\/12\\\/02\\\/michael-heinrich-individuo-personificacao-e-dominacao-impessoal-na-critica-da-economia-politica-de-marx\\\/&quot;,&quot;name&quot;:&quot;michael-heinrich-individuo-personificacao-e-dominacao-impessoal-na-critica-da-economia-politica-de-marx&quot;,&quot;thumbnail&quot;:{&quot;url&quot;:&quot;https:\\\/\\\/zeroaesquerda.com.br\\\/wp-content\\\/uploads\\\/2021\\\/12\\\/MichaelHeinrich3.png&quot;,&quot;alt&quot;:&quot;&quot;},&quot;title&quot;:&quot;Michael Heinrich - Indiv\\u00edduo, personifica\\u00e7\\u00e3o e domina\\u00e7\\u00e3o impessoal na cr\\u00edtica da economia pol\\u00edtica de Marx&quot;,&quot;postMeta&quot;:[],&quot;author&quot;:{&quot;name&quot;:&quot;Zero \\u00e0 Esquerda&quot;,&quot;link&quot;:&quot;https:\\\/\\\/zeroaesquerda.com.br\\\/index.php\\\/author\\\/revistazeroaesquerdagmail-com\\\/&quot;},&quot;date&quot;:&quot;dez 2, 2021&quot;,&quot;dateGMT&quot;:&quot;2021-12-02 14:31:31&quot;,&quot;modifiedDate&quot;:&quot;2023-02-03 20:46:20&quot;,&quot;modifiedDateGMT&quot;:&quot;2023-02-03 20:46:20&quot;,&quot;commentCount&quot;:&quot;0&quot;,&quot;commentStatus&quot;:&quot;open&quot;,&quot;categories&quot;:{&quot;coma&quot;:&quot;&lt;a href=\\&quot;https:\\\/\\\/zeroaesquerda.com.br\\\/index.php\\\/category\\\/michael-heinrich\\\/\\&quot; rel=\\&quot;category tag\\&quot;&gt;Michael Heinrich&lt;\\\/a&gt;, &lt;a href=\\&quot;https:\\\/\\\/zeroaesquerda.com.br\\\/index.php\\\/category\\\/traducoes\\\/\\&quot; rel=\\&quot;category tag\\&quot;&gt;Tradu\\u00e7\\u00f5es&lt;\\\/a&gt;&quot;,&quot;space&quot;:&quot;&lt;a href=\\&quot;https:\\\/\\\/zeroaesquerda.com.br\\\/index.php\\\/category\\\/michael-heinrich\\\/\\&quot; rel=\\&quot;category tag\\&quot;&gt;Michael Heinrich&lt;\\\/a&gt; &lt;a href=\\&quot;https:\\\/\\\/zeroaesquerda.com.br\\\/index.php\\\/category\\\/traducoes\\\/\\&quot; rel=\\&quot;category tag\\&quot;&gt;Tradu\\u00e7\\u00f5es&lt;\\\/a&gt;&quot;},&quot;taxonomies&quot;:{&quot;post_tag&quot;:&quot;&lt;a href=&#039;https:\\\/\\\/zeroaesquerda.com.br\\\/index.php\\\/tag\\\/critica-da-economia-politica\\\/&#039; rel=&#039;post_tag&#039;&gt;Cr\\u00edtica da Economia Pol\\u00edtica&lt;\\\/a&gt;&lt;a href=&#039;https:\\\/\\\/zeroaesquerda.com.br\\\/index.php\\\/tag\\\/dominacao-impessoal\\\/&#039; rel=&#039;post_tag&#039;&gt;Domina\\u00e7\\u00e3o Impessoal&lt;\\\/a&gt;&lt;a href=&#039;https:\\\/\\\/zeroaesquerda.com.br\\\/index.php\\\/tag\\\/marx\\\/&#039; rel=&#039;post_tag&#039;&gt;Marx&lt;\\\/a&gt;&lt;a href=&#039;https:\\\/\\\/zeroaesquerda.com.br\\\/index.php\\\/tag\\\/michael-he\\\/&#039; rel=&#039;post_tag&#039;&gt;Michael He&lt;\\\/a&gt;&quot;},&quot;readTime&quot;:{&quot;min&quot;:50,&quot;sec&quot;:34},&quot;status&quot;:&quot;publish&quot;,&quot;excerpt&quot;:&quot;&quot;},{&quot;id&quot;:1980,&quot;link&quot;:&quot;https:\\\/\\\/zeroaesquerda.com.br\\\/index.php\\\/2021\\\/11\\\/22\\\/luta-e-greve-na-espanha\\\/&quot;,&quot;name&quot;:&quot;luta-e-greve-na-espanha&quot;,&quot;thumbnail&quot;:{&quot;url&quot;:&quot;https:\\\/\\\/zeroaesquerda.com.br\\\/wp-content\\\/uploads\\\/2021\\\/11\\\/WhatsApp-Image-2021-11-18-at-20.58.20.jpeg&quot;,&quot;alt&quot;:&quot;&quot;},&quot;title&quot;:&quot;Luta e greve na Espanha&quot;,&quot;postMeta&quot;:[],&quot;author&quot;:{&quot;name&quot;:&quot;Zero \\u00e0 Esquerda&quot;,&quot;link&quot;:&quot;https:\\\/\\\/zeroaesquerda.com.br\\\/index.php\\\/author\\\/revistazeroaesquerdagmail-com\\\/&quot;},&quot;date&quot;:&quot;nov 22, 2021&quot;,&quot;dateGMT&quot;:&quot;2021-11-22 19:53:25&quot;,&quot;modifiedDate&quot;:&quot;2024-10-28 20:06:04&quot;,&quot;modifiedDateGMT&quot;:&quot;2024-10-28 20:06:04&quot;,&quot;commentCount&quot;:&quot;0&quot;,&quot;commentStatus&quot;:&quot;open&quot;,&quot;categories&quot;:{&quot;coma&quot;:&quot;&lt;a href=\\&quot;https:\\\/\\\/zeroaesquerda.com.br\\\/index.php\\\/category\\\/traducoes\\\/\\&quot; rel=\\&quot;category tag\\&quot;&gt;Tradu\\u00e7\\u00f5es&lt;\\\/a&gt;&quot;,&quot;space&quot;:&quot;&lt;a href=\\&quot;https:\\\/\\\/zeroaesquerda.com.br\\\/index.php\\\/category\\\/traducoes\\\/\\&quot; rel=\\&quot;category tag\\&quot;&gt;Tradu\\u00e7\\u00f5es&lt;\\\/a&gt;&quot;},&quot;taxonomies&quot;:{&quot;post_tag&quot;:&quot;&lt;a href=&#039;https:\\\/\\\/zeroaesquerda.com.br\\\/index.php\\\/tag\\\/eric-g-gauna\\\/&#039; rel=&#039;post_tag&#039;&gt;\\u00c9ric G. Ga\\u00fana&lt;\\\/a&gt;&lt;a href=&#039;https:\\\/\\\/zeroaesquerda.com.br\\\/index.php\\\/tag\\\/europa\\\/&#039; rel=&#039;post_tag&#039;&gt;Europa&lt;\\\/a&gt;&lt;a href=&#039;https:\\\/\\\/zeroaesquerda.com.br\\\/index.php\\\/tag\\\/greve\\\/&#039; rel=&#039;post_tag&#039;&gt;Greve&lt;\\\/a&gt;&lt;a href=&#039;https:\\\/\\\/zeroaesquerda.com.br\\\/index.php\\\/tag\\\/greve-na-espanha\\\/&#039; rel=&#039;post_tag&#039;&gt;Greve na Espanha&lt;\\\/a&gt;&lt;a href=&#039;https:\\\/\\\/zeroaesquerda.com.br\\\/index.php\\\/tag\\\/luta\\\/&#039; rel=&#039;post_tag&#039;&gt;Luta&lt;\\\/a&gt;&quot;},&quot;readTime&quot;:{&quot;min&quot;:4,&quot;sec&quot;:13},&quot;status&quot;:&quot;publish&quot;,&quot;excerpt&quot;:&quot;&quot;}]\t<\/pre>\n\n\t\t\t\t<div class='apbLoadingPlaceholder' id='apbLoadingPlaceholder-5'>\n\t\t\t\t\t\t\t\t\t\t<div class='apbGridPosts columns-3 columns-tablet-2 columns-mobile-1'>\n\t\t\t\t\t\t\t<article class='apbPost'>\n\t\t\t<span class='apbLoadingItem apbThumb'><\/span>\n\t\t\t\n\t\t\t<div class='apbText'>\n\t\t\t\t<div class='apbTitle'>\n\t\t\t\t\t<span class='apbLoadingItem'><\/span>\n\t\t\t\t\t<span class='apbLoadingItem'><\/span>\n\t\t\t\t<\/div>\n\t\t\t\t<div class='apbMeta'>\n\t\t\t\t\t<span class='apbLoadingItem'><\/span>\n\t\t\t\t<\/div>\n\t\t\t\t<div class='apbExcerpt'>\n\t\t\t\t\t<span class='apbLoadingItem'><\/span>\n\t\t\t\t\t<span class='apbLoadingItem'><\/span>\n\t\t\t\t\t<span class='apbLoadingItem'><\/span>\n\t\t\t\t\t<span class='apbLoadingItem'><\/span>\n\t\t\t\t<\/div>\n\t\t\t\t<div class='apbReadMore'>\n\t\t\t\t\t<span class='apbLoadingItem'><\/span>\n\t\t\t\t<\/div>\n\t\t\t<\/div>\n\t\t<\/article><article class='apbPost'>\n\t\t\t<span class='apbLoadingItem apbThumb'><\/span>\n\t\t\t\n\t\t\t<div class='apbText'>\n\t\t\t\t<div class='apbTitle'>\n\t\t\t\t\t<span class='apbLoadingItem'><\/span>\n\t\t\t\t\t<span class='apbLoadingItem'><\/span>\n\t\t\t\t<\/div>\n\t\t\t\t<div class='apbMeta'>\n\t\t\t\t\t<span class='apbLoadingItem'><\/span>\n\t\t\t\t<\/div>\n\t\t\t\t<div class='apbExcerpt'>\n\t\t\t\t\t<span class='apbLoadingItem'><\/span>\n\t\t\t\t\t<span class='apbLoadingItem'><\/span>\n\t\t\t\t\t<span class='apbLoadingItem'><\/span>\n\t\t\t\t\t<span class='apbLoadingItem'><\/span>\n\t\t\t\t<\/div>\n\t\t\t\t<div class='apbReadMore'>\n\t\t\t\t\t<span class='apbLoadingItem'><\/span>\n\t\t\t\t<\/div>\n\t\t\t<\/div>\n\t\t<\/article><article class='apbPost'>\n\t\t\t<span class='apbLoadingItem apbThumb'><\/span>\n\t\t\t\n\t\t\t<div class='apbText'>\n\t\t\t\t<div class='apbTitle'>\n\t\t\t\t\t<span class='apbLoadingItem'><\/span>\n\t\t\t\t\t<span class='apbLoadingItem'><\/span>\n\t\t\t\t<\/div>\n\t\t\t\t<div class='apbMeta'>\n\t\t\t\t\t<span class='apbLoadingItem'><\/span>\n\t\t\t\t<\/div>\n\t\t\t\t<div class='apbExcerpt'>\n\t\t\t\t\t<span class='apbLoadingItem'><\/span>\n\t\t\t\t\t<span class='apbLoadingItem'><\/span>\n\t\t\t\t\t<span class='apbLoadingItem'><\/span>\n\t\t\t\t\t<span class='apbLoadingItem'><\/span>\n\t\t\t\t<\/div>\n\t\t\t\t<div class='apbReadMore'>\n\t\t\t\t\t<span class='apbLoadingItem'><\/span>\n\t\t\t\t<\/div>\n\t\t\t<\/div>\n\t\t<\/article><article class='apbPost'>\n\t\t\t<span class='apbLoadingItem apbThumb'><\/span>\n\t\t\t\n\t\t\t<div class='apbText'>\n\t\t\t\t<div class='apbTitle'>\n\t\t\t\t\t<span class='apbLoadingItem'><\/span>\n\t\t\t\t\t<span class='apbLoadingItem'><\/span>\n\t\t\t\t<\/div>\n\t\t\t\t<div class='apbMeta'>\n\t\t\t\t\t<span class='apbLoadingItem'><\/span>\n\t\t\t\t<\/div>\n\t\t\t\t<div class='apbExcerpt'>\n\t\t\t\t\t<span class='apbLoadingItem'><\/span>\n\t\t\t\t\t<span class='apbLoadingItem'><\/span>\n\t\t\t\t\t<span class='apbLoadingItem'><\/span>\n\t\t\t\t\t<span class='apbLoadingItem'><\/span>\n\t\t\t\t<\/div>\n\t\t\t\t<div class='apbReadMore'>\n\t\t\t\t\t<span class='apbLoadingItem'><\/span>\n\t\t\t\t<\/div>\n\t\t\t<\/div>\n\t\t<\/article><article class='apbPost'>\n\t\t\t<span class='apbLoadingItem apbThumb'><\/span>\n\t\t\t\n\t\t\t<div class='apbText'>\n\t\t\t\t<div class='apbTitle'>\n\t\t\t\t\t<span class='apbLoadingItem'><\/span>\n\t\t\t\t\t<span class='apbLoadingItem'><\/span>\n\t\t\t\t<\/div>\n\t\t\t\t<div class='apbMeta'>\n\t\t\t\t\t<span class='apbLoadingItem'><\/span>\n\t\t\t\t<\/div>\n\t\t\t\t<div class='apbExcerpt'>\n\t\t\t\t\t<span class='apbLoadingItem'><\/span>\n\t\t\t\t\t<span class='apbLoadingItem'><\/span>\n\t\t\t\t\t<span class='apbLoadingItem'><\/span>\n\t\t\t\t\t<span class='apbLoadingItem'><\/span>\n\t\t\t\t<\/div>\n\t\t\t\t<div class='apbReadMore'>\n\t\t\t\t\t<span class='apbLoadingItem'><\/span>\n\t\t\t\t<\/div>\n\t\t\t<\/div>\n\t\t<\/article><article class='apbPost'>\n\t\t\t<span class='apbLoadingItem apbThumb'><\/span>\n\t\t\t\n\t\t\t<div class='apbText'>\n\t\t\t\t<div class='apbTitle'>\n\t\t\t\t\t<span class='apbLoadingItem'><\/span>\n\t\t\t\t\t<span class='apbLoadingItem'><\/span>\n\t\t\t\t<\/div>\n\t\t\t\t<div class='apbMeta'>\n\t\t\t\t\t<span class='apbLoadingItem'><\/span>\n\t\t\t\t<\/div>\n\t\t\t\t<div class='apbExcerpt'>\n\t\t\t\t\t<span class='apbLoadingItem'><\/span>\n\t\t\t\t\t<span class='apbLoadingItem'><\/span>\n\t\t\t\t\t<span class='apbLoadingItem'><\/span>\n\t\t\t\t\t<span class='apbLoadingItem'><\/span>\n\t\t\t\t<\/div>\n\t\t\t\t<div class='apbReadMore'>\n\t\t\t\t\t<span class='apbLoadingItem'><\/span>\n\t\t\t\t<\/div>\n\t\t\t<\/div>\n\t\t<\/article><article class='apbPost'>\n\t\t\t<span class='apbLoadingItem apbThumb'><\/span>\n\t\t\t\n\t\t\t<div class='apbText'>\n\t\t\t\t<div class='apbTitle'>\n\t\t\t\t\t<span class='apbLoadingItem'><\/span>\n\t\t\t\t\t<span class='apbLoadingItem'><\/span>\n\t\t\t\t<\/div>\n\t\t\t\t<div class='apbMeta'>\n\t\t\t\t\t<span class='apbLoadingItem'><\/span>\n\t\t\t\t<\/div>\n\t\t\t\t<div class='apbExcerpt'>\n\t\t\t\t\t<span class='apbLoadingItem'><\/span>\n\t\t\t\t\t<span class='apbLoadingItem'><\/span>\n\t\t\t\t\t<span class='apbLoadingItem'><\/span>\n\t\t\t\t\t<span class='apbLoadingItem'><\/span>\n\t\t\t\t<\/div>\n\t\t\t\t<div class='apbReadMore'>\n\t\t\t\t\t<span class='apbLoadingItem'><\/span>\n\t\t\t\t<\/div>\n\t\t\t<\/div>\n\t\t<\/article><article class='apbPost'>\n\t\t\t<span class='apbLoadingItem apbThumb'><\/span>\n\t\t\t\n\t\t\t<div class='apbText'>\n\t\t\t\t<div class='apbTitle'>\n\t\t\t\t\t<span class='apbLoadingItem'><\/span>\n\t\t\t\t\t<span class='apbLoadingItem'><\/span>\n\t\t\t\t<\/div>\n\t\t\t\t<div class='apbMeta'>\n\t\t\t\t\t<span class='apbLoadingItem'><\/span>\n\t\t\t\t<\/div>\n\t\t\t\t<div class='apbExcerpt'>\n\t\t\t\t\t<span class='apbLoadingItem'><\/span>\n\t\t\t\t\t<span class='apbLoadingItem'><\/span>\n\t\t\t\t\t<span class='apbLoadingItem'><\/span>\n\t\t\t\t\t<span class='apbLoadingItem'><\/span>\n\t\t\t\t<\/div>\n\t\t\t\t<div class='apbReadMore'>\n\t\t\t\t\t<span class='apbLoadingItem'><\/span>\n\t\t\t\t<\/div>\n\t\t\t<\/div>\n\t\t<\/article><article class='apbPost'>\n\t\t\t<span class='apbLoadingItem apbThumb'><\/span>\n\t\t\t\n\t\t\t<div class='apbText'>\n\t\t\t\t<div class='apbTitle'>\n\t\t\t\t\t<span class='apbLoadingItem'><\/span>\n\t\t\t\t\t<span class='apbLoadingItem'><\/span>\n\t\t\t\t<\/div>\n\t\t\t\t<div class='apbMeta'>\n\t\t\t\t\t<span class='apbLoadingItem'><\/span>\n\t\t\t\t<\/div>\n\t\t\t\t<div class='apbExcerpt'>\n\t\t\t\t\t<span class='apbLoadingItem'><\/span>\n\t\t\t\t\t<span class='apbLoadingItem'><\/span>\n\t\t\t\t\t<span class='apbLoadingItem'><\/span>\n\t\t\t\t\t<span class='apbLoadingItem'><\/span>\n\t\t\t\t<\/div>\n\t\t\t\t<div class='apbReadMore'>\n\t\t\t\t\t<span class='apbLoadingItem'><\/span>\n\t\t\t\t<\/div>\n\t\t\t<\/div>\n\t\t<\/article><article class='apbPost'>\n\t\t\t<span class='apbLoadingItem apbThumb'><\/span>\n\t\t\t\n\t\t\t<div class='apbText'>\n\t\t\t\t<div class='apbTitle'>\n\t\t\t\t\t<span class='apbLoadingItem'><\/span>\n\t\t\t\t\t<span class='apbLoadingItem'><\/span>\n\t\t\t\t<\/div>\n\t\t\t\t<div class='apbMeta'>\n\t\t\t\t\t<span class='apbLoadingItem'><\/span>\n\t\t\t\t<\/div>\n\t\t\t\t<div class='apbExcerpt'>\n\t\t\t\t\t<span class='apbLoadingItem'><\/span>\n\t\t\t\t\t<span class='apbLoadingItem'><\/span>\n\t\t\t\t\t<span class='apbLoadingItem'><\/span>\n\t\t\t\t\t<span class='apbLoadingItem'><\/span>\n\t\t\t\t<\/div>\n\t\t\t\t<div class='apbReadMore'>\n\t\t\t\t\t<span class='apbLoadingItem'><\/span>\n\t\t\t\t<\/div>\n\t\t\t<\/div>\n\t\t<\/article><article class='apbPost'>\n\t\t\t<span class='apbLoadingItem apbThumb'><\/span>\n\t\t\t\n\t\t\t<div class='apbText'>\n\t\t\t\t<div class='apbTitle'>\n\t\t\t\t\t<span class='apbLoadingItem'><\/span>\n\t\t\t\t\t<span class='apbLoadingItem'><\/span>\n\t\t\t\t<\/div>\n\t\t\t\t<div class='apbMeta'>\n\t\t\t\t\t<span class='apbLoadingItem'><\/span>\n\t\t\t\t<\/div>\n\t\t\t\t<div class='apbExcerpt'>\n\t\t\t\t\t<span class='apbLoadingItem'><\/span>\n\t\t\t\t\t<span class='apbLoadingItem'><\/span>\n\t\t\t\t\t<span class='apbLoadingItem'><\/span>\n\t\t\t\t\t<span class='apbLoadingItem'><\/span>\n\t\t\t\t<\/div>\n\t\t\t\t<div class='apbReadMore'>\n\t\t\t\t\t<span class='apbLoadingItem'><\/span>\n\t\t\t\t<\/div>\n\t\t\t<\/div>\n\t\t<\/article><article class='apbPost'>\n\t\t\t<span class='apbLoadingItem apbThumb'><\/span>\n\t\t\t\n\t\t\t<div class='apbText'>\n\t\t\t\t<div class='apbTitle'>\n\t\t\t\t\t<span class='apbLoadingItem'><\/span>\n\t\t\t\t\t<span class='apbLoadingItem'><\/span>\n\t\t\t\t<\/div>\n\t\t\t\t<div class='apbMeta'>\n\t\t\t\t\t<span class='apbLoadingItem'><\/span>\n\t\t\t\t<\/div>\n\t\t\t\t<div class='apbExcerpt'>\n\t\t\t\t\t<span class='apbLoadingItem'><\/span>\n\t\t\t\t\t<span class='apbLoadingItem'><\/span>\n\t\t\t\t\t<span class='apbLoadingItem'><\/span>\n\t\t\t\t\t<span class='apbLoadingItem'><\/span>\n\t\t\t\t<\/div>\n\t\t\t\t<div class='apbReadMore'>\n\t\t\t\t\t<span class='apbLoadingItem'><\/span>\n\t\t\t\t<\/div>\n\t\t\t<\/div>\n\t\t<\/article><article class='apbPost'>\n\t\t\t<span class='apbLoadingItem apbThumb'><\/span>\n\t\t\t\n\t\t\t<div class='apbText'>\n\t\t\t\t<div class='apbTitle'>\n\t\t\t\t\t<span class='apbLoadingItem'><\/span>\n\t\t\t\t\t<span class='apbLoadingItem'><\/span>\n\t\t\t\t<\/div>\n\t\t\t\t<div class='apbMeta'>\n\t\t\t\t\t<span class='apbLoadingItem'><\/span>\n\t\t\t\t<\/div>\n\t\t\t\t<div class='apbExcerpt'>\n\t\t\t\t\t<span class='apbLoadingItem'><\/span>\n\t\t\t\t\t<span class='apbLoadingItem'><\/span>\n\t\t\t\t\t<span class='apbLoadingItem'><\/span>\n\t\t\t\t\t<span class='apbLoadingItem'><\/span>\n\t\t\t\t<\/div>\n\t\t\t\t<div class='apbReadMore'>\n\t\t\t\t\t<span class='apbLoadingItem'><\/span>\n\t\t\t\t<\/div>\n\t\t\t<\/div>\n\t\t<\/article><article class='apbPost'>\n\t\t\t<span class='apbLoadingItem apbThumb'><\/span>\n\t\t\t\n\t\t\t<div class='apbText'>\n\t\t\t\t<div class='apbTitle'>\n\t\t\t\t\t<span class='apbLoadingItem'><\/span>\n\t\t\t\t\t<span class='apbLoadingItem'><\/span>\n\t\t\t\t<\/div>\n\t\t\t\t<div class='apbMeta'>\n\t\t\t\t\t<span class='apbLoadingItem'><\/span>\n\t\t\t\t<\/div>\n\t\t\t\t<div class='apbExcerpt'>\n\t\t\t\t\t<span class='apbLoadingItem'><\/span>\n\t\t\t\t\t<span class='apbLoadingItem'><\/span>\n\t\t\t\t\t<span class='apbLoadingItem'><\/span>\n\t\t\t\t\t<span class='apbLoadingItem'><\/span>\n\t\t\t\t<\/div>\n\t\t\t\t<div class='apbReadMore'>\n\t\t\t\t\t<span class='apbLoadingItem'><\/span>\n\t\t\t\t<\/div>\n\t\t\t<\/div>\n\t\t<\/article><article class='apbPost'>\n\t\t\t<span class='apbLoadingItem apbThumb'><\/span>\n\t\t\t\n\t\t\t<div class='apbText'>\n\t\t\t\t<div class='apbTitle'>\n\t\t\t\t\t<span class='apbLoadingItem'><\/span>\n\t\t\t\t\t<span class='apbLoadingItem'><\/span>\n\t\t\t\t<\/div>\n\t\t\t\t<div class='apbMeta'>\n\t\t\t\t\t<span class='apbLoadingItem'><\/span>\n\t\t\t\t<\/div>\n\t\t\t\t<div class='apbExcerpt'>\n\t\t\t\t\t<span class='apbLoadingItem'><\/span>\n\t\t\t\t\t<span class='apbLoadingItem'><\/span>\n\t\t\t\t\t<span class='apbLoadingItem'><\/span>\n\t\t\t\t\t<span class='apbLoadingItem'><\/span>\n\t\t\t\t<\/div>\n\t\t\t\t<div class='apbReadMore'>\n\t\t\t\t\t<span class='apbLoadingItem'><\/span>\n\t\t\t\t<\/div>\n\t\t\t<\/div>\n\t\t<\/article><article class='apbPost'>\n\t\t\t<span class='apbLoadingItem apbThumb'><\/span>\n\t\t\t\n\t\t\t<div class='apbText'>\n\t\t\t\t<div class='apbTitle'>\n\t\t\t\t\t<span class='apbLoadingItem'><\/span>\n\t\t\t\t\t<span class='apbLoadingItem'><\/span>\n\t\t\t\t<\/div>\n\t\t\t\t<div class='apbMeta'>\n\t\t\t\t\t<span class='apbLoadingItem'><\/span>\n\t\t\t\t<\/div>\n\t\t\t\t<div class='apbExcerpt'>\n\t\t\t\t\t<span class='apbLoadingItem'><\/span>\n\t\t\t\t\t<span class='apbLoadingItem'><\/span>\n\t\t\t\t\t<span class='apbLoadingItem'><\/span>\n\t\t\t\t\t<span class='apbLoadingItem'><\/span>\n\t\t\t\t<\/div>\n\t\t\t\t<div class='apbReadMore'>\n\t\t\t\t\t<span class='apbLoadingItem'><\/span>\n\t\t\t\t<\/div>\n\t\t\t<\/div>\n\t\t<\/article><article class='apbPost'>\n\t\t\t<span class='apbLoadingItem apbThumb'><\/span>\n\t\t\t\n\t\t\t<div class='apbText'>\n\t\t\t\t<div class='apbTitle'>\n\t\t\t\t\t<span class='apbLoadingItem'><\/span>\n\t\t\t\t\t<span class='apbLoadingItem'><\/span>\n\t\t\t\t<\/div>\n\t\t\t\t<div class='apbMeta'>\n\t\t\t\t\t<span class='apbLoadingItem'><\/span>\n\t\t\t\t<\/div>\n\t\t\t\t<div class='apbExcerpt'>\n\t\t\t\t\t<span class='apbLoadingItem'><\/span>\n\t\t\t\t\t<span class='apbLoadingItem'><\/span>\n\t\t\t\t\t<span class='apbLoadingItem'><\/span>\n\t\t\t\t\t<span class='apbLoadingItem'><\/span>\n\t\t\t\t<\/div>\n\t\t\t\t<div class='apbReadMore'>\n\t\t\t\t\t<span class='apbLoadingItem'><\/span>\n\t\t\t\t<\/div>\n\t\t\t<\/div>\n\t\t<\/article><article class='apbPost'>\n\t\t\t<span class='apbLoadingItem apbThumb'><\/span>\n\t\t\t\n\t\t\t<div class='apbText'>\n\t\t\t\t<div class='apbTitle'>\n\t\t\t\t\t<span class='apbLoadingItem'><\/span>\n\t\t\t\t\t<span class='apbLoadingItem'><\/span>\n\t\t\t\t<\/div>\n\t\t\t\t<div class='apbMeta'>\n\t\t\t\t\t<span class='apbLoadingItem'><\/span>\n\t\t\t\t<\/div>\n\t\t\t\t<div class='apbExcerpt'>\n\t\t\t\t\t<span class='apbLoadingItem'><\/span>\n\t\t\t\t\t<span class='apbLoadingItem'><\/span>\n\t\t\t\t\t<span class='apbLoadingItem'><\/span>\n\t\t\t\t\t<span class='apbLoadingItem'><\/span>\n\t\t\t\t<\/div>\n\t\t\t\t<div class='apbReadMore'>\n\t\t\t\t\t<span class='apbLoadingItem'><\/span>\n\t\t\t\t<\/div>\n\t\t\t<\/div>\n\t\t<\/article><article class='apbPost'>\n\t\t\t<span class='apbLoadingItem apbThumb'><\/span>\n\t\t\t\n\t\t\t<div class='apbText'>\n\t\t\t\t<div class='apbTitle'>\n\t\t\t\t\t<span class='apbLoadingItem'><\/span>\n\t\t\t\t\t<span class='apbLoadingItem'><\/span>\n\t\t\t\t<\/div>\n\t\t\t\t<div class='apbMeta'>\n\t\t\t\t\t<span class='apbLoadingItem'><\/span>\n\t\t\t\t<\/div>\n\t\t\t\t<div class='apbExcerpt'>\n\t\t\t\t\t<span class='apbLoadingItem'><\/span>\n\t\t\t\t\t<span class='apbLoadingItem'><\/span>\n\t\t\t\t\t<span class='apbLoadingItem'><\/span>\n\t\t\t\t\t<span class='apbLoadingItem'><\/span>\n\t\t\t\t<\/div>\n\t\t\t\t<div class='apbReadMore'>\n\t\t\t\t\t<span class='apbLoadingItem'><\/span>\n\t\t\t\t<\/div>\n\t\t\t<\/div>\n\t\t<\/article><article class='apbPost'>\n\t\t\t<span class='apbLoadingItem apbThumb'><\/span>\n\t\t\t\n\t\t\t<div class='apbText'>\n\t\t\t\t<div class='apbTitle'>\n\t\t\t\t\t<span class='apbLoadingItem'><\/span>\n\t\t\t\t\t<span class='apbLoadingItem'><\/span>\n\t\t\t\t<\/div>\n\t\t\t\t<div class='apbMeta'>\n\t\t\t\t\t<span class='apbLoadingItem'><\/span>\n\t\t\t\t<\/div>\n\t\t\t\t<div class='apbExcerpt'>\n\t\t\t\t\t<span class='apbLoadingItem'><\/span>\n\t\t\t\t\t<span class='apbLoadingItem'><\/span>\n\t\t\t\t\t<span class='apbLoadingItem'><\/span>\n\t\t\t\t\t<span class='apbLoadingItem'><\/span>\n\t\t\t\t<\/div>\n\t\t\t\t<div class='apbReadMore'>\n\t\t\t\t\t<span class='apbLoadingItem'><\/span>\n\t\t\t\t<\/div>\n\t\t\t<\/div>\n\t\t<\/article><article class='apbPost'>\n\t\t\t<span class='apbLoadingItem apbThumb'><\/span>\n\t\t\t\n\t\t\t<div class='apbText'>\n\t\t\t\t<div class='apbTitle'>\n\t\t\t\t\t<span class='apbLoadingItem'><\/span>\n\t\t\t\t\t<span class='apbLoadingItem'><\/span>\n\t\t\t\t<\/div>\n\t\t\t\t<div class='apbMeta'>\n\t\t\t\t\t<span class='apbLoadingItem'><\/span>\n\t\t\t\t<\/div>\n\t\t\t\t<div class='apbExcerpt'>\n\t\t\t\t\t<span class='apbLoadingItem'><\/span>\n\t\t\t\t\t<span class='apbLoadingItem'><\/span>\n\t\t\t\t\t<span class='apbLoadingItem'><\/span>\n\t\t\t\t\t<span class='apbLoadingItem'><\/span>\n\t\t\t\t<\/div>\n\t\t\t\t<div class='apbReadMore'>\n\t\t\t\t\t<span class='apbLoadingItem'><\/span>\n\t\t\t\t<\/div>\n\t\t\t<\/div>\n\t\t<\/article><article class='apbPost'>\n\t\t\t<span class='apbLoadingItem apbThumb'><\/span>\n\t\t\t\n\t\t\t<div class='apbText'>\n\t\t\t\t<div class='apbTitle'>\n\t\t\t\t\t<span class='apbLoadingItem'><\/span>\n\t\t\t\t\t<span class='apbLoadingItem'><\/span>\n\t\t\t\t<\/div>\n\t\t\t\t<div class='apbMeta'>\n\t\t\t\t\t<span class='apbLoadingItem'><\/span>\n\t\t\t\t<\/div>\n\t\t\t\t<div class='apbExcerpt'>\n\t\t\t\t\t<span class='apbLoadingItem'><\/span>\n\t\t\t\t\t<span class='apbLoadingItem'><\/span>\n\t\t\t\t\t<span class='apbLoadingItem'><\/span>\n\t\t\t\t\t<span class='apbLoadingItem'><\/span>\n\t\t\t\t<\/div>\n\t\t\t\t<div class='apbReadMore'>\n\t\t\t\t\t<span class='apbLoadingItem'><\/span>\n\t\t\t\t<\/div>\n\t\t\t<\/div>\n\t\t<\/article><article class='apbPost'>\n\t\t\t<span class='apbLoadingItem apbThumb'><\/span>\n\t\t\t\n\t\t\t<div class='apbText'>\n\t\t\t\t<div class='apbTitle'>\n\t\t\t\t\t<span class='apbLoadingItem'><\/span>\n\t\t\t\t\t<span class='apbLoadingItem'><\/span>\n\t\t\t\t<\/div>\n\t\t\t\t<div class='apbMeta'>\n\t\t\t\t\t<span class='apbLoadingItem'><\/span>\n\t\t\t\t<\/div>\n\t\t\t\t<div class='apbExcerpt'>\n\t\t\t\t\t<span class='apbLoadingItem'><\/span>\n\t\t\t\t\t<span class='apbLoadingItem'><\/span>\n\t\t\t\t\t<span class='apbLoadingItem'><\/span>\n\t\t\t\t\t<span class='apbLoadingItem'><\/span>\n\t\t\t\t<\/div>\n\t\t\t\t<div class='apbReadMore'>\n\t\t\t\t\t<span class='apbLoadingItem'><\/span>\n\t\t\t\t<\/div>\n\t\t\t<\/div>\n\t\t<\/article><article class='apbPost'>\n\t\t\t<span class='apbLoadingItem apbThumb'><\/span>\n\t\t\t\n\t\t\t<div class='apbText'>\n\t\t\t\t<div class='apbTitle'>\n\t\t\t\t\t<span class='apbLoadingItem'><\/span>\n\t\t\t\t\t<span class='apbLoadingItem'><\/span>\n\t\t\t\t<\/div>\n\t\t\t\t<div class='apbMeta'>\n\t\t\t\t\t<span class='apbLoadingItem'><\/span>\n\t\t\t\t<\/div>\n\t\t\t\t<div class='apbExcerpt'>\n\t\t\t\t\t<span class='apbLoadingItem'><\/span>\n\t\t\t\t\t<span class='apbLoadingItem'><\/span>\n\t\t\t\t\t<span class='apbLoadingItem'><\/span>\n\t\t\t\t\t<span class='apbLoadingItem'><\/span>\n\t\t\t\t<\/div>\n\t\t\t\t<div class='apbReadMore'>\n\t\t\t\t\t<span class='apbLoadingItem'><\/span>\n\t\t\t\t<\/div>\n\t\t\t<\/div>\n\t\t<\/article><article class='apbPost'>\n\t\t\t<span class='apbLoadingItem apbThumb'><\/span>\n\t\t\t\n\t\t\t<div class='apbText'>\n\t\t\t\t<div class='apbTitle'>\n\t\t\t\t\t<span class='apbLoadingItem'><\/span>\n\t\t\t\t\t<span class='apbLoadingItem'><\/span>\n\t\t\t\t<\/div>\n\t\t\t\t<div class='apbMeta'>\n\t\t\t\t\t<span class='apbLoadingItem'><\/span>\n\t\t\t\t<\/div>\n\t\t\t\t<div class='apbExcerpt'>\n\t\t\t\t\t<span class='apbLoadingItem'><\/span>\n\t\t\t\t\t<span class='apbLoadingItem'><\/span>\n\t\t\t\t\t<span class='apbLoadingItem'><\/span>\n\t\t\t\t\t<span class='apbLoadingItem'><\/span>\n\t\t\t\t<\/div>\n\t\t\t\t<div class='apbReadMore'>\n\t\t\t\t\t<span class='apbLoadingItem'><\/span>\n\t\t\t\t<\/div>\n\t\t\t<\/div>\n\t\t<\/article><article class='apbPost'>\n\t\t\t<span class='apbLoadingItem apbThumb'><\/span>\n\t\t\t\n\t\t\t<div class='apbText'>\n\t\t\t\t<div class='apbTitle'>\n\t\t\t\t\t<span class='apbLoadingItem'><\/span>\n\t\t\t\t\t<span class='apbLoadingItem'><\/span>\n\t\t\t\t<\/div>\n\t\t\t\t<div class='apbMeta'>\n\t\t\t\t\t<span class='apbLoadingItem'><\/span>\n\t\t\t\t<\/div>\n\t\t\t\t<div class='apbExcerpt'>\n\t\t\t\t\t<span class='apbLoadingItem'><\/span>\n\t\t\t\t\t<span class='apbLoadingItem'><\/span>\n\t\t\t\t\t<span class='apbLoadingItem'><\/span>\n\t\t\t\t\t<span class='apbLoadingItem'><\/span>\n\t\t\t\t<\/div>\n\t\t\t\t<div class='apbReadMore'>\n\t\t\t\t\t<span class='apbLoadingItem'><\/span>\n\t\t\t\t<\/div>\n\t\t\t<\/div>\n\t\t<\/article><article class='apbPost'>\n\t\t\t<span class='apbLoadingItem apbThumb'><\/span>\n\t\t\t\n\t\t\t<div class='apbText'>\n\t\t\t\t<div class='apbTitle'>\n\t\t\t\t\t<span class='apbLoadingItem'><\/span>\n\t\t\t\t\t<span class='apbLoadingItem'><\/span>\n\t\t\t\t<\/div>\n\t\t\t\t<div class='apbMeta'>\n\t\t\t\t\t<span class='apbLoadingItem'><\/span>\n\t\t\t\t<\/div>\n\t\t\t\t<div class='apbExcerpt'>\n\t\t\t\t\t<span class='apbLoadingItem'><\/span>\n\t\t\t\t\t<span class='apbLoadingItem'><\/span>\n\t\t\t\t\t<span class='apbLoadingItem'><\/span>\n\t\t\t\t\t<span class='apbLoadingItem'><\/span>\n\t\t\t\t<\/div>\n\t\t\t\t<div class='apbReadMore'>\n\t\t\t\t\t<span class='apbLoadingItem'><\/span>\n\t\t\t\t<\/div>\n\t\t\t<\/div>\n\t\t<\/article><article class='apbPost'>\n\t\t\t<span class='apbLoadingItem apbThumb'><\/span>\n\t\t\t\n\t\t\t<div class='apbText'>\n\t\t\t\t<div class='apbTitle'>\n\t\t\t\t\t<span class='apbLoadingItem'><\/span>\n\t\t\t\t\t<span class='apbLoadingItem'><\/span>\n\t\t\t\t<\/div>\n\t\t\t\t<div class='apbMeta'>\n\t\t\t\t\t<span class='apbLoadingItem'><\/span>\n\t\t\t\t<\/div>\n\t\t\t\t<div class='apbExcerpt'>\n\t\t\t\t\t<span class='apbLoadingItem'><\/span>\n\t\t\t\t\t<span class='apbLoadingItem'><\/span>\n\t\t\t\t\t<span class='apbLoadingItem'><\/span>\n\t\t\t\t\t<span class='apbLoadingItem'><\/span>\n\t\t\t\t<\/div>\n\t\t\t\t<div class='apbReadMore'>\n\t\t\t\t\t<span class='apbLoadingItem'><\/span>\n\t\t\t\t<\/div>\n\t\t\t<\/div>\n\t\t<\/article><article class='apbPost'>\n\t\t\t<span class='apbLoadingItem apbThumb'><\/span>\n\t\t\t\n\t\t\t<div class='apbText'>\n\t\t\t\t<div class='apbTitle'>\n\t\t\t\t\t<span class='apbLoadingItem'><\/span>\n\t\t\t\t\t<span class='apbLoadingItem'><\/span>\n\t\t\t\t<\/div>\n\t\t\t\t<div class='apbMeta'>\n\t\t\t\t\t<span class='apbLoadingItem'><\/span>\n\t\t\t\t<\/div>\n\t\t\t\t<div class='apbExcerpt'>\n\t\t\t\t\t<span class='apbLoadingItem'><\/span>\n\t\t\t\t\t<span class='apbLoadingItem'><\/span>\n\t\t\t\t\t<span class='apbLoadingItem'><\/span>\n\t\t\t\t\t<span class='apbLoadingItem'><\/span>\n\t\t\t\t<\/div>\n\t\t\t\t<div class='apbReadMore'>\n\t\t\t\t\t<span class='apbLoadingItem'><\/span>\n\t\t\t\t<\/div>\n\t\t\t<\/div>\n\t\t<\/article><article class='apbPost'>\n\t\t\t<span class='apbLoadingItem apbThumb'><\/span>\n\t\t\t\n\t\t\t<div class='apbText'>\n\t\t\t\t<div class='apbTitle'>\n\t\t\t\t\t<span class='apbLoadingItem'><\/span>\n\t\t\t\t\t<span class='apbLoadingItem'><\/span>\n\t\t\t\t<\/div>\n\t\t\t\t<div class='apbMeta'>\n\t\t\t\t\t<span class='apbLoadingItem'><\/span>\n\t\t\t\t<\/div>\n\t\t\t\t<div class='apbExcerpt'>\n\t\t\t\t\t<span class='apbLoadingItem'><\/span>\n\t\t\t\t\t<span class='apbLoadingItem'><\/span>\n\t\t\t\t\t<span class='apbLoadingItem'><\/span>\n\t\t\t\t\t<span class='apbLoadingItem'><\/span>\n\t\t\t\t<\/div>\n\t\t\t\t<div class='apbReadMore'>\n\t\t\t\t\t<span class='apbLoadingItem'><\/span>\n\t\t\t\t<\/div>\n\t\t\t<\/div>\n\t\t<\/article><article class='apbPost'>\n\t\t\t<span class='apbLoadingItem apbThumb'><\/span>\n\t\t\t\n\t\t\t<div class='apbText'>\n\t\t\t\t<div class='apbTitle'>\n\t\t\t\t\t<span class='apbLoadingItem'><\/span>\n\t\t\t\t\t<span class='apbLoadingItem'><\/span>\n\t\t\t\t<\/div>\n\t\t\t\t<div class='apbMeta'>\n\t\t\t\t\t<span class='apbLoadingItem'><\/span>\n\t\t\t\t<\/div>\n\t\t\t\t<div class='apbExcerpt'>\n\t\t\t\t\t<span class='apbLoadingItem'><\/span>\n\t\t\t\t\t<span class='apbLoadingItem'><\/span>\n\t\t\t\t\t<span class='apbLoadingItem'><\/span>\n\t\t\t\t\t<span class='apbLoadingItem'><\/span>\n\t\t\t\t<\/div>\n\t\t\t\t<div class='apbReadMore'>\n\t\t\t\t\t<span class='apbLoadingItem'><\/span>\n\t\t\t\t<\/div>\n\t\t\t<\/div>\n\t\t<\/article><article class='apbPost'>\n\t\t\t<span class='apbLoadingItem apbThumb'><\/span>\n\t\t\t\n\t\t\t<div class='apbText'>\n\t\t\t\t<div class='apbTitle'>\n\t\t\t\t\t<span class='apbLoadingItem'><\/span>\n\t\t\t\t\t<span class='apbLoadingItem'><\/span>\n\t\t\t\t<\/div>\n\t\t\t\t<div class='apbMeta'>\n\t\t\t\t\t<span class='apbLoadingItem'><\/span>\n\t\t\t\t<\/div>\n\t\t\t\t<div class='apbExcerpt'>\n\t\t\t\t\t<span class='apbLoadingItem'><\/span>\n\t\t\t\t\t<span class='apbLoadingItem'><\/span>\n\t\t\t\t\t<span class='apbLoadingItem'><\/span>\n\t\t\t\t\t<span class='apbLoadingItem'><\/span>\n\t\t\t\t<\/div>\n\t\t\t\t<div class='apbReadMore'>\n\t\t\t\t\t<span class='apbLoadingItem'><\/span>\n\t\t\t\t<\/div>\n\t\t\t<\/div>\n\t\t<\/article><article class='apbPost'>\n\t\t\t<span class='apbLoadingItem apbThumb'><\/span>\n\t\t\t\n\t\t\t<div class='apbText'>\n\t\t\t\t<div class='apbTitle'>\n\t\t\t\t\t<span class='apbLoadingItem'><\/span>\n\t\t\t\t\t<span class='apbLoadingItem'><\/span>\n\t\t\t\t<\/div>\n\t\t\t\t<div class='apbMeta'>\n\t\t\t\t\t<span class='apbLoadingItem'><\/span>\n\t\t\t\t<\/div>\n\t\t\t\t<div class='apbExcerpt'>\n\t\t\t\t\t<span class='apbLoadingItem'><\/span>\n\t\t\t\t\t<span class='apbLoadingItem'><\/span>\n\t\t\t\t\t<span class='apbLoadingItem'><\/span>\n\t\t\t\t\t<span class='apbLoadingItem'><\/span>\n\t\t\t\t<\/div>\n\t\t\t\t<div class='apbReadMore'>\n\t\t\t\t\t<span class='apbLoadingItem'><\/span>\n\t\t\t\t<\/div>\n\t\t\t<\/div>\n\t\t<\/article><article class='apbPost'>\n\t\t\t<span class='apbLoadingItem apbThumb'><\/span>\n\t\t\t\n\t\t\t<div class='apbText'>\n\t\t\t\t<div class='apbTitle'>\n\t\t\t\t\t<span class='apbLoadingItem'><\/span>\n\t\t\t\t\t<span class='apbLoadingItem'><\/span>\n\t\t\t\t<\/div>\n\t\t\t\t<div class='apbMeta'>\n\t\t\t\t\t<span class='apbLoadingItem'><\/span>\n\t\t\t\t<\/div>\n\t\t\t\t<div class='apbExcerpt'>\n\t\t\t\t\t<span class='apbLoadingItem'><\/span>\n\t\t\t\t\t<span class='apbLoadingItem'><\/span>\n\t\t\t\t\t<span class='apbLoadingItem'><\/span>\n\t\t\t\t\t<span class='apbLoadingItem'><\/span>\n\t\t\t\t<\/div>\n\t\t\t\t<div class='apbReadMore'>\n\t\t\t\t\t<span class='apbLoadingItem'><\/span>\n\t\t\t\t<\/div>\n\t\t\t<\/div>\n\t\t<\/article><article class='apbPost'>\n\t\t\t<span class='apbLoadingItem apbThumb'><\/span>\n\t\t\t\n\t\t\t<div class='apbText'>\n\t\t\t\t<div class='apbTitle'>\n\t\t\t\t\t<span class='apbLoadingItem'><\/span>\n\t\t\t\t\t<span class='apbLoadingItem'><\/span>\n\t\t\t\t<\/div>\n\t\t\t\t<div class='apbMeta'>\n\t\t\t\t\t<span class='apbLoadingItem'><\/span>\n\t\t\t\t<\/div>\n\t\t\t\t<div class='apbExcerpt'>\n\t\t\t\t\t<span class='apbLoadingItem'><\/span>\n\t\t\t\t\t<span class='apbLoadingItem'><\/span>\n\t\t\t\t\t<span class='apbLoadingItem'><\/span>\n\t\t\t\t\t<span class='apbLoadingItem'><\/span>\n\t\t\t\t<\/div>\n\t\t\t\t<div class='apbReadMore'>\n\t\t\t\t\t<span class='apbLoadingItem'><\/span>\n\t\t\t\t<\/div>\n\t\t\t<\/div>\n\t\t<\/article><article class='apbPost'>\n\t\t\t<span class='apbLoadingItem apbThumb'><\/span>\n\t\t\t\n\t\t\t<div class='apbText'>\n\t\t\t\t<div class='apbTitle'>\n\t\t\t\t\t<span class='apbLoadingItem'><\/span>\n\t\t\t\t\t<span class='apbLoadingItem'><\/span>\n\t\t\t\t<\/div>\n\t\t\t\t<div class='apbMeta'>\n\t\t\t\t\t<span class='apbLoadingItem'><\/span>\n\t\t\t\t<\/div>\n\t\t\t\t<div class='apbExcerpt'>\n\t\t\t\t\t<span class='apbLoadingItem'><\/span>\n\t\t\t\t\t<span class='apbLoadingItem'><\/span>\n\t\t\t\t\t<span class='apbLoadingItem'><\/span>\n\t\t\t\t\t<span class='apbLoadingItem'><\/span>\n\t\t\t\t<\/div>\n\t\t\t\t<div class='apbReadMore'>\n\t\t\t\t\t<span class='apbLoadingItem'><\/span>\n\t\t\t\t<\/div>\n\t\t\t<\/div>\n\t\t<\/article>\t\t\t\t\t\t<\/div>\n\t\t\t\t\t\t\t\t<\/div>\n\t\t<\/div>\n\n\n<p><\/p>\n","protected":false},"excerpt":{"rendered":"<p>Tradu\u00e7\u00f5es<\/p>\n","protected":false},"author":1,"featured_media":0,"parent":0,"menu_order":0,"comment_status":"closed","ping_status":"closed","template":"","meta":{"_coblocks_attr":"","_coblocks_dimensions":"","_coblocks_responsive_height":"","_coblocks_accordion_ie_support":"","om_disable_all_campaigns":false,"_monsterinsights_skip_tracking":false,"_monsterinsights_sitenote_active":false,"_monsterinsights_sitenote_note":"","_monsterinsights_sitenote_category":0,"_uf_show_specific_survey":0,"_uf_disable_surveys":false,"_kadence_starter_templates_imported_post":false,"_kad_post_transparent":"","_kad_post_title":"","_kad_post_layout":"default","_kad_post_sidebar_id":"","_kad_post_content_style":"boxed","_kad_post_vertical_padding":"","_kad_post_feature":"","_kad_post_feature_position":"","_kad_post_header":false,"_kad_post_footer":false,"_kad_post_classname":"","footnotes":""},"class_list":["post-1268","page","type-page","status-publish","hentry"],"yoast_head":"<!-- This site is optimized with the Yoast SEO plugin v27.4 - https:\/\/yoast.com\/product\/yoast-seo-wordpress\/ -->\n<title>Tradu\u00e7\u00f5es - Zero \u00e0 Esquerda<\/title>\n<meta name=\"robots\" content=\"index, follow, max-snippet:-1, max-image-preview:large, max-video-preview:-1\" \/>\n<link rel=\"canonical\" href=\"https:\/\/zeroaesquerda.com.br\/index.php\/traducoes\/\" \/>\n<meta property=\"og:locale\" content=\"pt_BR\" \/>\n<meta property=\"og:type\" content=\"article\" \/>\n<meta property=\"og:title\" content=\"Tradu\u00e7\u00f5es - Zero \u00e0 Esquerda\" \/>\n<meta property=\"og:description\" content=\"Tradu\u00e7\u00f5es\" \/>\n<meta property=\"og:url\" content=\"https:\/\/zeroaesquerda.com.br\/index.php\/traducoes\/\" \/>\n<meta property=\"og:site_name\" content=\"Zero \u00e0 Esquerda\" \/>\n<meta property=\"article:publisher\" content=\"https:\/\/www.facebook.com\/revistazeroaesquerda\" \/>\n<meta property=\"article:modified_time\" content=\"2021-11-03T15:29:59+00:00\" \/>\n<meta name=\"twitter:card\" content=\"summary_large_image\" \/>\n<meta name=\"twitter:site\" content=\"@z3roaesquerda\" \/>\n<meta name=\"twitter:label1\" content=\"Est. tempo de leitura\" \/>\n\t<meta name=\"twitter:data1\" content=\"1 minuto\" \/>\n<script type=\"application\/ld+json\" class=\"yoast-schema-graph\">{\"@context\":\"https:\\\/\\\/schema.org\",\"@graph\":[{\"@type\":\"WebPage\",\"@id\":\"https:\\\/\\\/zeroaesquerda.com.br\\\/index.php\\\/traducoes\\\/\",\"url\":\"https:\\\/\\\/zeroaesquerda.com.br\\\/index.php\\\/traducoes\\\/\",\"name\":\"Tradu\u00e7\u00f5es - Zero \u00e0 Esquerda\",\"isPartOf\":{\"@id\":\"https:\\\/\\\/zeroaesquerda.com.br\\\/#website\"},\"datePublished\":\"2021-02-02T03:55:06+00:00\",\"dateModified\":\"2021-11-03T15:29:59+00:00\",\"breadcrumb\":{\"@id\":\"https:\\\/\\\/zeroaesquerda.com.br\\\/index.php\\\/traducoes\\\/#breadcrumb\"},\"inLanguage\":\"pt-BR\",\"potentialAction\":[{\"@type\":\"ReadAction\",\"target\":[\"https:\\\/\\\/zeroaesquerda.com.br\\\/index.php\\\/traducoes\\\/\"]}]},{\"@type\":\"BreadcrumbList\",\"@id\":\"https:\\\/\\\/zeroaesquerda.com.br\\\/index.php\\\/traducoes\\\/#breadcrumb\",\"itemListElement\":[{\"@type\":\"ListItem\",\"position\":1,\"name\":\"In\u00edcio\",\"item\":\"https:\\\/\\\/zeroaesquerda.com.br\\\/\"},{\"@type\":\"ListItem\",\"position\":2,\"name\":\"Tradu\u00e7\u00f5es\"}]},{\"@type\":\"WebSite\",\"@id\":\"https:\\\/\\\/zeroaesquerda.com.br\\\/#website\",\"url\":\"https:\\\/\\\/zeroaesquerda.com.br\\\/\",\"name\":\"Zero \u00e0 Esquerda\",\"description\":\"Tra\u00e7ando tend\u00eancias para al\u00e9m do capitalismo.\",\"publisher\":{\"@id\":\"https:\\\/\\\/zeroaesquerda.com.br\\\/#organization\"},\"potentialAction\":[{\"@type\":\"SearchAction\",\"target\":{\"@type\":\"EntryPoint\",\"urlTemplate\":\"https:\\\/\\\/zeroaesquerda.com.br\\\/?s={search_term_string}\"},\"query-input\":{\"@type\":\"PropertyValueSpecification\",\"valueRequired\":true,\"valueName\":\"search_term_string\"}}],\"inLanguage\":\"pt-BR\"},{\"@type\":\"Organization\",\"@id\":\"https:\\\/\\\/zeroaesquerda.com.br\\\/#organization\",\"name\":\"Zero \u00e0 Esquerda\",\"url\":\"https:\\\/\\\/zeroaesquerda.com.br\\\/\",\"logo\":{\"@type\":\"ImageObject\",\"inLanguage\":\"pt-BR\",\"@id\":\"https:\\\/\\\/zeroaesquerda.com.br\\\/#\\\/schema\\\/logo\\\/image\\\/\",\"url\":\"https:\\\/\\\/zeroaesquerda.com.br\\\/wp-content\\\/uploads\\\/2021\\\/01\\\/4-simbolo-zero-a-esquerda-favicon-alt.png\",\"contentUrl\":\"https:\\\/\\\/zeroaesquerda.com.br\\\/wp-content\\\/uploads\\\/2021\\\/01\\\/4-simbolo-zero-a-esquerda-favicon-alt.png\",\"width\":1271,\"height\":1069,\"caption\":\"Zero \u00e0 Esquerda\"},\"image\":{\"@id\":\"https:\\\/\\\/zeroaesquerda.com.br\\\/#\\\/schema\\\/logo\\\/image\\\/\"},\"sameAs\":[\"https:\\\/\\\/www.facebook.com\\\/revistazeroaesquerda\",\"https:\\\/\\\/x.com\\\/z3roaesquerda\",\"https:\\\/\\\/www.instagram.com\\\/revistazeroaesquerda\\\/\",\"https:\\\/\\\/www.youtube.com\\\/channel\\\/UCIaGx271Qw6D1QwqYBojrLw\"]}]}<\/script>\n<!-- \/ Yoast SEO plugin. -->","yoast_head_json":{"title":"Tradu\u00e7\u00f5es - Zero \u00e0 Esquerda","robots":{"index":"index","follow":"follow","max-snippet":"max-snippet:-1","max-image-preview":"max-image-preview:large","max-video-preview":"max-video-preview:-1"},"canonical":"https:\/\/zeroaesquerda.com.br\/index.php\/traducoes\/","og_locale":"pt_BR","og_type":"article","og_title":"Tradu\u00e7\u00f5es - Zero \u00e0 Esquerda","og_description":"Tradu\u00e7\u00f5es","og_url":"https:\/\/zeroaesquerda.com.br\/index.php\/traducoes\/","og_site_name":"Zero \u00e0 Esquerda","article_publisher":"https:\/\/www.facebook.com\/revistazeroaesquerda","article_modified_time":"2021-11-03T15:29:59+00:00","twitter_card":"summary_large_image","twitter_site":"@z3roaesquerda","twitter_misc":{"Est. tempo de leitura":"1 minuto"},"schema":{"@context":"https:\/\/schema.org","@graph":[{"@type":"WebPage","@id":"https:\/\/zeroaesquerda.com.br\/index.php\/traducoes\/","url":"https:\/\/zeroaesquerda.com.br\/index.php\/traducoes\/","name":"Tradu\u00e7\u00f5es - Zero \u00e0 Esquerda","isPartOf":{"@id":"https:\/\/zeroaesquerda.com.br\/#website"},"datePublished":"2021-02-02T03:55:06+00:00","dateModified":"2021-11-03T15:29:59+00:00","breadcrumb":{"@id":"https:\/\/zeroaesquerda.com.br\/index.php\/traducoes\/#breadcrumb"},"inLanguage":"pt-BR","potentialAction":[{"@type":"ReadAction","target":["https:\/\/zeroaesquerda.com.br\/index.php\/traducoes\/"]}]},{"@type":"BreadcrumbList","@id":"https:\/\/zeroaesquerda.com.br\/index.php\/traducoes\/#breadcrumb","itemListElement":[{"@type":"ListItem","position":1,"name":"In\u00edcio","item":"https:\/\/zeroaesquerda.com.br\/"},{"@type":"ListItem","position":2,"name":"Tradu\u00e7\u00f5es"}]},{"@type":"WebSite","@id":"https:\/\/zeroaesquerda.com.br\/#website","url":"https:\/\/zeroaesquerda.com.br\/","name":"Zero \u00e0 Esquerda","description":"Tra\u00e7ando tend\u00eancias para al\u00e9m do capitalismo.","publisher":{"@id":"https:\/\/zeroaesquerda.com.br\/#organization"},"potentialAction":[{"@type":"SearchAction","target":{"@type":"EntryPoint","urlTemplate":"https:\/\/zeroaesquerda.com.br\/?s={search_term_string}"},"query-input":{"@type":"PropertyValueSpecification","valueRequired":true,"valueName":"search_term_string"}}],"inLanguage":"pt-BR"},{"@type":"Organization","@id":"https:\/\/zeroaesquerda.com.br\/#organization","name":"Zero \u00e0 Esquerda","url":"https:\/\/zeroaesquerda.com.br\/","logo":{"@type":"ImageObject","inLanguage":"pt-BR","@id":"https:\/\/zeroaesquerda.com.br\/#\/schema\/logo\/image\/","url":"https:\/\/zeroaesquerda.com.br\/wp-content\/uploads\/2021\/01\/4-simbolo-zero-a-esquerda-favicon-alt.png","contentUrl":"https:\/\/zeroaesquerda.com.br\/wp-content\/uploads\/2021\/01\/4-simbolo-zero-a-esquerda-favicon-alt.png","width":1271,"height":1069,"caption":"Zero \u00e0 Esquerda"},"image":{"@id":"https:\/\/zeroaesquerda.com.br\/#\/schema\/logo\/image\/"},"sameAs":["https:\/\/www.facebook.com\/revistazeroaesquerda","https:\/\/x.com\/z3roaesquerda","https:\/\/www.instagram.com\/revistazeroaesquerda\/","https:\/\/www.youtube.com\/channel\/UCIaGx271Qw6D1QwqYBojrLw"]}]}},"_links":{"self":[{"href":"https:\/\/zeroaesquerda.com.br\/index.php\/wp-json\/wp\/v2\/pages\/1268","targetHints":{"allow":["GET"]}}],"collection":[{"href":"https:\/\/zeroaesquerda.com.br\/index.php\/wp-json\/wp\/v2\/pages"}],"about":[{"href":"https:\/\/zeroaesquerda.com.br\/index.php\/wp-json\/wp\/v2\/types\/page"}],"author":[{"embeddable":true,"href":"https:\/\/zeroaesquerda.com.br\/index.php\/wp-json\/wp\/v2\/users\/1"}],"replies":[{"embeddable":true,"href":"https:\/\/zeroaesquerda.com.br\/index.php\/wp-json\/wp\/v2\/comments?post=1268"}],"version-history":[{"count":7,"href":"https:\/\/zeroaesquerda.com.br\/index.php\/wp-json\/wp\/v2\/pages\/1268\/revisions"}],"predecessor-version":[{"id":1974,"href":"https:\/\/zeroaesquerda.com.br\/index.php\/wp-json\/wp\/v2\/pages\/1268\/revisions\/1974"}],"wp:attachment":[{"href":"https:\/\/zeroaesquerda.com.br\/index.php\/wp-json\/wp\/v2\/media?parent=1268"}],"curies":[{"name":"wp","href":"https:\/\/api.w.org\/{rel}","templated":true}]}}